{"id":6303,"date":"2022-02-15T15:33:45","date_gmt":"2022-02-15T18:33:45","guid":{"rendered":"https:\/\/www.biologix.com.br\/?page_id=6303"},"modified":"2022-02-21T09:33:04","modified_gmt":"2022-02-21T12:33:04","slug":"conteudo","status":"publish","type":"page","link":"https:\/\/www.biologix.com.br\/en\/conteudo\/","title":{"rendered":"Content"},"content":{"rendered":"\t\t<div data-elementor-type=\"wp-page\" data-elementor-id=\"6303\" class=\"elementor elementor-6303\" data-elementor-post-type=\"page\">\n\t\t\t\t\t\t<section class=\"elementor-section elementor-top-section elementor-element elementor-element-ac65d1c elementor-section-stretched elementor-section-full_width elementor-section-height-default elementor-section-height-default\" data-id=\"ac65d1c\" data-element_type=\"section\" data-e-type=\"section\" data-settings=\"{&quot;stretch_section&quot;:&quot;section-stretched&quot;}\">\n\t\t\t\t\t\t<div class=\"elementor-container elementor-column-gap-no\">\n\t\t\t\t\t<div class=\"elementor-column elementor-col-100 elementor-top-column elementor-element elementor-element-87f78aa\" data-id=\"87f78aa\" data-element_type=\"column\" data-e-type=\"column\">\n\t\t\t<div class=\"elementor-widget-wrap elementor-element-populated\">\n\t\t\t\t\t\t<div class=\"elementor-element elementor-element-3b3b902 elementor--h-position-center elementor--v-position-middle elementor-arrows-position-inside elementor-pagination-position-inside elementor-widget elementor-widget-slides\" data-id=\"3b3b902\" data-element_type=\"widget\" data-e-type=\"widget\" data-settings=\"{&quot;navigation&quot;:&quot;both&quot;,&quot;autoplay&quot;:&quot;yes&quot;,&quot;pause_on_hover&quot;:&quot;yes&quot;,&quot;pause_on_interaction&quot;:&quot;yes&quot;,&quot;autoplay_speed&quot;:5000,&quot;infinite&quot;:&quot;yes&quot;,&quot;transition&quot;:&quot;slide&quot;,&quot;transition_speed&quot;:500}\" data-widget_type=\"slides.default\">\n\t\t\t\t<div class=\"elementor-widget-container\">\n\t\t\t\t\t\t\t\t\t<div class=\"elementor-swiper\">\n\t\t\t\t\t<div class=\"elementor-slides-wrapper elementor-main-swiper swiper\" role=\"region\" aria-roledescription=\"carousel\" aria-label=\"Slides\" dir=\"ltr\" data-animation=\"fadeInUp\">\n\t\t\t\t<div class=\"swiper-wrapper elementor-slides\">\n\t\t\t\t\t\t\t\t\t\t<div class=\"elementor-repeater-item-c13cf7e swiper-slide\" role=\"group\" aria-roledescription=\"slide\"><div class=\"swiper-slide-bg\" role=\"img\" aria-label=\"conteudo\"><\/div><div class=\"elementor-background-overlay\"><\/div><div class=\"swiper-slide-inner\" ><div class=\"swiper-slide-contents\"><div class=\"elementor-slide-heading\">Conte\u00fado<\/div><\/div><\/div><\/div>\t\t\t\t<\/div>\n\t\t\t\t\t\t\t<\/div>\n\t\t\t\t<\/div>\n\t\t\t\t\t\t\t\t<\/div>\n\t\t\t\t<\/div>\n\t\t\t\t\t<\/div>\n\t\t<\/div>\n\t\t\t\t\t<\/div>\n\t\t<\/section>\n\t\t\t\t<section class=\"elementor-section elementor-top-section elementor-element elementor-element-164d8bb elementor-section-boxed elementor-section-height-default elementor-section-height-default\" data-id=\"164d8bb\" data-element_type=\"section\" data-e-type=\"section\">\n\t\t\t\t\t\t<div class=\"elementor-container elementor-column-gap-default\">\n\t\t\t\t\t<div class=\"elementor-column elementor-col-100 elementor-top-column elementor-element elementor-element-33af8c5\" data-id=\"33af8c5\" data-element_type=\"column\" data-e-type=\"column\">\n\t\t\t<div class=\"elementor-widget-wrap elementor-element-populated\">\n\t\t\t\t\t\t<div class=\"elementor-element elementor-element-28a5d01 elementor-widget elementor-widget-spacer\" data-id=\"28a5d01\" data-element_type=\"widget\" data-e-type=\"widget\" data-widget_type=\"spacer.default\">\n\t\t\t\t<div class=\"elementor-widget-container\">\n\t\t\t\t\t\t\t<div class=\"elementor-spacer\">\n\t\t\t<div class=\"elementor-spacer-inner\"><\/div>\n\t\t<\/div>\n\t\t\t\t\t\t<\/div>\n\t\t\t\t<\/div>\n\t\t\t\t<div class=\"elementor-element elementor-element-2cddbbd elementor-widget elementor-widget-text-editor\" data-id=\"2cddbbd\" data-element_type=\"widget\" data-e-type=\"widget\" data-widget_type=\"text-editor.default\">\n\t\t\t\t<div class=\"elementor-widget-container\">\n\t\t\t\t\t\t\t\t\t<p><a href=\"#blog\">Blog<\/a> | <a href=\"#videos\">V\u00eddeos<\/a> | <a href=\"#ebooks\">Ebooks<\/a> | <a href=\"#materiais\">Materiais<\/a><\/p>\t\t\t\t\t\t\t\t<\/div>\n\t\t\t\t<\/div>\n\t\t\t\t\t<\/div>\n\t\t<\/div>\n\t\t\t\t\t<\/div>\n\t\t<\/section>\n\t\t\t\t<section class=\"elementor-section elementor-top-section elementor-element elementor-element-b69f0a9 elementor-section-boxed elementor-section-height-default elementor-section-height-default\" data-id=\"b69f0a9\" data-element_type=\"section\" data-e-type=\"section\">\n\t\t\t\t\t\t<div class=\"elementor-container elementor-column-gap-no\">\n\t\t\t\t\t<div class=\"elementor-column elementor-col-100 elementor-top-column elementor-element elementor-element-5d7b347\" data-id=\"5d7b347\" data-element_type=\"column\" data-e-type=\"column\">\n\t\t\t<div class=\"elementor-widget-wrap elementor-element-populated\">\n\t\t\t\t\t\t<div class=\"elementor-element elementor-element-fc42e06 elementor-widget elementor-widget-menu-anchor\" data-id=\"fc42e06\" data-element_type=\"widget\" data-e-type=\"widget\" data-widget_type=\"menu-anchor.default\">\n\t\t\t\t<div class=\"elementor-widget-container\">\n\t\t\t\t\t\t\t<div class=\"elementor-menu-anchor\" id=\"blog\"><\/div>\n\t\t\t\t\t\t<\/div>\n\t\t\t\t<\/div>\n\t\t\t\t<div class=\"elementor-element elementor-element-f02e193 elementor-widget elementor-widget-text-editor\" data-id=\"f02e193\" data-element_type=\"widget\" data-e-type=\"widget\" data-widget_type=\"text-editor.default\">\n\t\t\t\t<div class=\"elementor-widget-container\">\n\t\t\t\t\t\t\t\t\t<h2>Blog<\/h2>\t\t\t\t\t\t\t\t<\/div>\n\t\t\t\t<\/div>\n\t\t\t\t<div class=\"elementor-element elementor-element-1153b14 elementor-widget elementor-widget-menu-anchor\" data-id=\"1153b14\" data-element_type=\"widget\" data-e-type=\"widget\" data-widget_type=\"menu-anchor.default\">\n\t\t\t\t<div class=\"elementor-widget-container\">\n\t\t\t\t\t\t\t<div class=\"elementor-menu-anchor\" id=\"blog\"><\/div>\n\t\t\t\t\t\t<\/div>\n\t\t\t\t<\/div>\n\t\t\t\t<section class=\"elementor-section elementor-inner-section elementor-element elementor-element-2fde166 elementor-section-boxed elementor-section-height-default elementor-section-height-default\" data-id=\"2fde166\" data-element_type=\"section\" data-e-type=\"section\">\n\t\t\t\t\t\t<div class=\"elementor-container elementor-column-gap-default\">\n\t\t\t\t\t<div class=\"elementor-column elementor-col-50 elementor-inner-column elementor-element elementor-element-e4579fa\" data-id=\"e4579fa\" data-element_type=\"column\" data-e-type=\"column\">\n\t\t\t<div class=\"elementor-widget-wrap elementor-element-populated\">\n\t\t\t\t\t\t<div class=\"elementor-element elementor-element-9ee16ea elementor-widget elementor-widget-wp-widget-categories\" data-id=\"9ee16ea\" data-element_type=\"widget\" data-e-type=\"widget\" data-widget_type=\"wp-widget-categories.default\">\n\t\t\t\t<div class=\"elementor-widget-container\">\n\t\t\t\t\t<h5>Categories<\/h5><form action=\"https:\/\/www.biologix.com.br\/en\" method=\"get\"><label class=\"screen-reader-text\" for=\"cat\">Categories<\/label><select  name='cat' id='cat' class='postform'>\n\t<option value='-1'>Select Category<\/option>\n\t<option class=\"level-0\" value=\"138\">Cardiologia<\/option>\n\t<option class=\"level-0\" value=\"151\">Cl\u00ednico Geral<\/option>\n\t<option class=\"level-0\" value=\"191\">Convidados<\/option>\n\t<option class=\"level-0\" value=\"162\">Endocrinologia<\/option>\n\t<option class=\"level-0\" value=\"15\">Fisioterapeuta<\/option>\n\t<option class=\"level-0\" value=\"129\">Fonoaudiologia<\/option>\n\t<option class=\"level-0\" value=\"135\">Medicina do Sono<\/option>\n\t<option class=\"level-0\" value=\"13\">Odontologia<\/option>\n\t<option class=\"level-0\" value=\"254\">Oncologia<\/option>\n\t<option class=\"level-0\" value=\"1\">Paciente<\/option>\n\t<option class=\"level-0\" value=\"150\">Pneumologia<\/option>\n\t<option class=\"level-0\" value=\"12\">Profissional de sa\u00fade<\/option>\n\t<option class=\"level-0\" value=\"203\">Psiquiatria<\/option>\n<\/select>\n<\/form><script type=\"text\/javascript\">\n\/* <![CDATA[ *\/\n\n(function() {\n\tvar dropdown = document.getElementById( \"cat\" );\n\tfunction onCatChange() {\n\t\tif ( dropdown.options[ dropdown.selectedIndex ].value > 0 ) {\n\t\t\tdropdown.parentNode.submit();\n\t\t}\n\t}\n\tdropdown.onchange = onCatChange;\n})();\n\n\/* ]]> *\/\n<\/script>\n\t\t\t\t<\/div>\n\t\t\t\t<\/div>\n\t\t\t\t\t<\/div>\n\t\t<\/div>\n\t\t\t\t<div class=\"elementor-column elementor-col-50 elementor-inner-column elementor-element elementor-element-5c69344\" data-id=\"5c69344\" data-element_type=\"column\" data-e-type=\"column\">\n\t\t\t<div class=\"elementor-widget-wrap elementor-element-populated\">\n\t\t\t\t\t\t<div class=\"elementor-element elementor-element-879cca8 elementor-search-form--skin-classic elementor-search-form--button-type-icon elementor-search-form--icon-search elementor-widget elementor-widget-search-form\" data-id=\"879cca8\" data-element_type=\"widget\" data-e-type=\"widget\" data-settings=\"{&quot;skin&quot;:&quot;classic&quot;}\" data-widget_type=\"search-form.default\">\n\t\t\t\t<div class=\"elementor-widget-container\">\n\t\t\t\t\t\t\t<search role=\"search\">\n\t\t\t<form class=\"elementor-search-form\" action=\"https:\/\/www.biologix.com.br\/en\" method=\"get\">\n\t\t\t\t\t\t\t\t\t\t\t\t<div class=\"elementor-search-form__container\">\n\t\t\t\t\t<label class=\"elementor-screen-only\" for=\"elementor-search-form-879cca8\">Search<\/label>\n\n\t\t\t\t\t\n\t\t\t\t\t<input id=\"elementor-search-form-879cca8\" placeholder=\"Buscar\" class=\"elementor-search-form__input\" type=\"search\" name=\"s\" value=\"\">\n\t\t\t\t\t\n\t\t\t\t\t\t\t\t\t\t\t<button class=\"elementor-search-form__submit\" type=\"submit\" aria-label=\"Search\">\n\t\t\t\t\t\t\t\t\t\t\t\t\t\t\t<div class=\"e-font-icon-svg-container\"><svg class=\"fa fa-search e-font-icon-svg e-fas-search\" viewBox=\"0 0 512 512\" xmlns=\"http:\/\/www.w3.org\/2000\/svg\"><path d=\"M505 442.7L405.3 343c-4.5-4.5-10.6-7-17-7H372c27.6-35.3 44-79.7 44-128C416 93.1 322.9 0 208 0S0 93.1 0 208s93.1 208 208 208c48.3 0 92.7-16.4 128-44v16.3c0 6.4 2.5 12.5 7 17l99.7 99.7c9.4 9.4 24.6 9.4 33.9 0l28.3-28.3c9.4-9.4 9.4-24.6.1-34zM208 336c-70.7 0-128-57.2-128-128 0-70.7 57.2-128 128-128 70.7 0 128 57.2 128 128 0 70.7-57.2 128-128 128z\"><\/path><\/svg><\/div>\t\t\t\t\t\t\t\t\t\t\t\t\t<\/button>\n\t\t\t\t\t\n\t\t\t\t\t\t\t\t\t<\/div>\n\t\t\t<\/form>\n\t\t<\/search>\n\t\t\t\t\t\t<\/div>\n\t\t\t\t<\/div>\n\t\t\t\t\t<\/div>\n\t\t<\/div>\n\t\t\t\t\t<\/div>\n\t\t<\/section>\n\t\t\t\t<div class=\"elementor-element elementor-element-41d3455 elementor-grid-4 elementor-posts--align-left elementor-grid-tablet-2 elementor-grid-mobile-1 elementor-posts--thumbnail-top elementor-widget elementor-widget-posts\" data-id=\"41d3455\" data-element_type=\"widget\" data-e-type=\"widget\" data-settings=\"{&quot;classic_columns&quot;:&quot;4&quot;,&quot;classic_row_gap&quot;:{&quot;unit&quot;:&quot;px&quot;,&quot;size&quot;:16,&quot;sizes&quot;:[]},&quot;pagination_type&quot;:&quot;load_more_infinite_scroll&quot;,&quot;classic_masonry&quot;:&quot;yes&quot;,&quot;classic_columns_tablet&quot;:&quot;2&quot;,&quot;classic_columns_mobile&quot;:&quot;1&quot;,&quot;classic_row_gap_tablet&quot;:{&quot;unit&quot;:&quot;px&quot;,&quot;size&quot;:&quot;&quot;,&quot;sizes&quot;:[]},&quot;classic_row_gap_mobile&quot;:{&quot;unit&quot;:&quot;px&quot;,&quot;size&quot;:&quot;&quot;,&quot;sizes&quot;:[]},&quot;load_more_spinner&quot;:{&quot;value&quot;:&quot;fas fa-spinner&quot;,&quot;library&quot;:&quot;fa-solid&quot;}}\" data-widget_type=\"posts.classic\">\n\t\t\t\t<div class=\"elementor-widget-container\">\n\t\t\t\t\t\t\t<div class=\"elementor-posts-container elementor-posts elementor-posts--skin-classic elementor-grid\" role=\"list\">\n\t\t\t\t<article class=\"elementor-post elementor-grid-item post-361 post type-post status-publish format-standard hentry category-paciente tag-apneia tag-comprometimento-da-memoria tag-disturbios-do-sono tag-memoria tag-perda-de-memoria tag-saude-mental tag-sono\" role=\"listitem\">\n\t\t\t\t<div class=\"elementor-post__text\">\n\t\t\t\t<h2 class=\"elementor-post__title\">\n\t\t\t<a href=\"https:\/\/www.biologix.com.br\/en\/2020\/02\/05\/comprometimento-da-memoria-falhas-na-memoria-exigem-investigacao\/\" target=&quot;_blank&quot;>\n\t\t\t\tComprometimento da mem\u00f3ria: um problema a ser combatido<br><span class='secondary-title'>Falhas na mem\u00f3ria exigem investiga\u00e7\u00e3o<\/span>\t\t\t<\/a>\n\t\t<\/h2>\n\t\t\t\t<div class=\"elementor-post__meta-data\">\n\t\t\t\t\t<span class=\"elementor-post-date\">\n\t\t\t5 de February de 2020\t\t<\/span>\n\t\t\t\t<\/div>\n\t\t\t\t<div class=\"elementor-post__excerpt\">\n\t\t\t<p>Voc\u00ea j\u00e1 se pegou dizendo: \u201cNossa, me deu um branco agora!&#8221;? Ou j\u00e1 deve ter ouvido: \u201cA Culpa \u00e9 da<\/p>\n\t\t<\/div>\n\t\t\n\t\t<a class=\"elementor-post__read-more\" href=\"https:\/\/www.biologix.com.br\/en\/2020\/02\/05\/comprometimento-da-memoria-falhas-na-memoria-exigem-investigacao\/\" aria-label=\"Read more about Comprometimento da mem\u00f3ria: um problema a ser combatido&lt;br&gt;&lt;span class=&#039;secondary-title&#039;&gt;Falhas na mem\u00f3ria exigem investiga\u00e7\u00e3o&lt;\/span&gt;\" tabindex=\"-1\" target=\"_blank\">\n\t\t\tver mais \u00bb\t\t<\/a>\n\n\t\t\t\t<\/div>\n\t\t\t\t<\/article>\n\t\t\t\t<article class=\"elementor-post elementor-grid-item post-366 post type-post status-publish format-standard has-post-thumbnail hentry category-paciente tag-apneia tag-apneia-obstrutiva-do-sono tag-disturbio-do-sono tag-disturbios-do-sono tag-insonia\" role=\"listitem\">\n\t\t\t\t<a class=\"elementor-post__thumbnail__link\" href=\"https:\/\/www.biologix.com.br\/en\/2020\/02\/05\/dificuldade-de-concentracao-o-que-pode-ser-e-o-que-fazer\/\" tabindex=\"-1\" target=&quot;_blank&quot;>\n\t\t\t<div class=\"elementor-post__thumbnail\"><img decoding=\"async\" width=\"300\" height=\"117\" src=\"https:\/\/www.biologix.com.br\/wp-content\/uploads\/2020\/02\/Dificuldade-de-concentra\u00e7\u00e3o-o-que-pode-ser-e-o-que-fazer.png\" class=\"attachment-medium size-medium wp-image-611\" alt=\"\" \/><\/div>\n\t\t<\/a>\n\t\t\t\t<div class=\"elementor-post__text\">\n\t\t\t\t<h2 class=\"elementor-post__title\">\n\t\t\t<a href=\"https:\/\/www.biologix.com.br\/en\/2020\/02\/05\/dificuldade-de-concentracao-o-que-pode-ser-e-o-que-fazer\/\" target=&quot;_blank&quot;>\n\t\t\t\tDificuldade de concentra\u00e7\u00e3o<br><span class='secondary-title'>O que pode ser e o que fazer para melhorar<\/span>\t\t\t<\/a>\n\t\t<\/h2>\n\t\t\t\t<div class=\"elementor-post__meta-data\">\n\t\t\t\t\t<span class=\"elementor-post-date\">\n\t\t\t5 de February de 2020\t\t<\/span>\n\t\t\t\t<\/div>\n\t\t\t\t<div class=\"elementor-post__excerpt\">\n\t\t\t<p>Voc\u00ea sente que tem dificuldade para se concentrar em uma tarefa do trabalho? Ou sente sua mem\u00f3ria falhando algumas vezes?<\/p>\n\t\t<\/div>\n\t\t\n\t\t<a class=\"elementor-post__read-more\" href=\"https:\/\/www.biologix.com.br\/en\/2020\/02\/05\/dificuldade-de-concentracao-o-que-pode-ser-e-o-que-fazer\/\" aria-label=\"Read more about Dificuldade de concentra\u00e7\u00e3o&lt;br&gt;&lt;span class=&#039;secondary-title&#039;&gt;O que pode ser e o que fazer para melhorar&lt;\/span&gt;\" tabindex=\"-1\" target=\"_blank\">\n\t\t\tver mais \u00bb\t\t<\/a>\n\n\t\t\t\t<\/div>\n\t\t\t\t<\/article>\n\t\t\t\t<article class=\"elementor-post elementor-grid-item post-379 post type-post status-publish format-standard has-post-thumbnail hentry category-paciente tag-apneia-do-sono tag-apneia-obstrutiva-do-sono tag-dificuldade-para-dormir tag-insonia tag-polissonografia tag-sono\" role=\"listitem\">\n\t\t\t\t<a class=\"elementor-post__thumbnail__link\" href=\"https:\/\/www.biologix.com.br\/en\/2020\/02\/05\/dificuldade-de-manter-o-sono-conheca-os-disturbios-do-sono-mais-comuns\/\" tabindex=\"-1\" target=&quot;_blank&quot;>\n\t\t\t<div class=\"elementor-post__thumbnail\"><img decoding=\"async\" width=\"300\" height=\"117\" src=\"https:\/\/www.biologix.com.br\/wp-content\/uploads\/2020\/02\/Dificuldade-de-manter-o-sono-conhe\u00e7a-os-dist\u00farbios-do-sono-mais-comuns.png\" class=\"attachment-medium size-medium wp-image-612\" alt=\"\" \/><\/div>\n\t\t<\/a>\n\t\t\t\t<div class=\"elementor-post__text\">\n\t\t\t\t<h2 class=\"elementor-post__title\">\n\t\t\t<a href=\"https:\/\/www.biologix.com.br\/en\/2020\/02\/05\/dificuldade-de-manter-o-sono-conheca-os-disturbios-do-sono-mais-comuns\/\" target=&quot;_blank&quot;>\n\t\t\t\tDificuldade para dormir e manter o sono<br><span class='secondary-title'>Conhe\u00e7a os dist\u00farbios do sono associados \u00e0 dificuldade para dormir<\/span>\t\t\t<\/a>\n\t\t<\/h2>\n\t\t\t\t<div class=\"elementor-post__meta-data\">\n\t\t\t\t\t<span class=\"elementor-post-date\">\n\t\t\t5 de February de 2020\t\t<\/span>\n\t\t\t\t<\/div>\n\t\t\t\t<div class=\"elementor-post__excerpt\">\n\t\t\t<p>Vamos falar um pouco sobre Dificuldade para dormir? Voc\u00ea ou algu\u00e9m pr\u00f3ximo tem esse problema? Voc\u00ea sabe que existem algumas<\/p>\n\t\t<\/div>\n\t\t\n\t\t<a class=\"elementor-post__read-more\" href=\"https:\/\/www.biologix.com.br\/en\/2020\/02\/05\/dificuldade-de-manter-o-sono-conheca-os-disturbios-do-sono-mais-comuns\/\" aria-label=\"Read more about Dificuldade para dormir e manter o sono&lt;br&gt;&lt;span class=&#039;secondary-title&#039;&gt;Conhe\u00e7a os dist\u00farbios do sono associados \u00e0 dificuldade para dormir&lt;\/span&gt;\" tabindex=\"-1\" target=\"_blank\">\n\t\t\tver mais \u00bb\t\t<\/a>\n\n\t\t\t\t<\/div>\n\t\t\t\t<\/article>\n\t\t\t\t<article class=\"elementor-post elementor-grid-item post-382 post type-post status-publish format-standard has-post-thumbnail hentry category-paciente tag-apneia tag-baixa-na-libido tag-dificuldades-sexuais tag-disfuncao-eretil tag-relacoes-sexuais tag-sexo tag-sexual\" role=\"listitem\">\n\t\t\t\t<a class=\"elementor-post__thumbnail__link\" href=\"https:\/\/www.biologix.com.br\/en\/2020\/02\/05\/diminuicao-da-libido-e-impotencia-sexual-sabia-que-falta-de-sono-pode-afetar-o-sexo\/\" tabindex=\"-1\" target=&quot;_blank&quot;>\n\t\t\t<div class=\"elementor-post__thumbnail\"><img decoding=\"async\" width=\"300\" height=\"117\" src=\"https:\/\/www.biologix.com.br\/wp-content\/uploads\/2020\/02\/Diminui\u00e7\u00e3o-da-libido-e-impot\u00eancia-sexual-sabia-que-falta-de-sono-pode-afetar-o-sexo.jpg\" class=\"attachment-medium size-medium wp-image-614\" alt=\"\" \/><\/div>\n\t\t<\/a>\n\t\t\t\t<div class=\"elementor-post__text\">\n\t\t\t\t<h2 class=\"elementor-post__title\">\n\t\t\t<a href=\"https:\/\/www.biologix.com.br\/en\/2020\/02\/05\/diminuicao-da-libido-e-impotencia-sexual-sabia-que-falta-de-sono-pode-afetar-o-sexo\/\" target=&quot;_blank&quot;>\n\t\t\t\tDiminui\u00e7\u00e3o da libido e impot\u00eancia sexual<br><span class='secondary-title'>Sabia que falta de sono pode afetar o sexo?<\/span>\t\t\t<\/a>\n\t\t<\/h2>\n\t\t\t\t<div class=\"elementor-post__meta-data\">\n\t\t\t\t\t<span class=\"elementor-post-date\">\n\t\t\t5 de February de 2020\t\t<\/span>\n\t\t\t\t<\/div>\n\t\t\t\t<div class=\"elementor-post__excerpt\">\n\t\t\t<p>Voc\u00ea se sente cansado demais para fazer sexo? Saiba que voc\u00ea n\u00e3o \u00e9 o \u00fanico! Sim, a vida sexual \u00e9<\/p>\n\t\t<\/div>\n\t\t\n\t\t<a class=\"elementor-post__read-more\" href=\"https:\/\/www.biologix.com.br\/en\/2020\/02\/05\/diminuicao-da-libido-e-impotencia-sexual-sabia-que-falta-de-sono-pode-afetar-o-sexo\/\" aria-label=\"Read more about Diminui\u00e7\u00e3o da libido e impot\u00eancia sexual&lt;br&gt;&lt;span class=&#039;secondary-title&#039;&gt;Sabia que falta de sono pode afetar o sexo?&lt;\/span&gt;\" tabindex=\"-1\" target=\"_blank\">\n\t\t\tver mais \u00bb\t\t<\/a>\n\n\t\t\t\t<\/div>\n\t\t\t\t<\/article>\n\t\t\t\t<article class=\"elementor-post elementor-grid-item post-385 post type-post status-publish format-standard has-post-thumbnail hentry category-paciente tag-apneia tag-produtividade\" role=\"listitem\">\n\t\t\t\t<a class=\"elementor-post__thumbnail__link\" href=\"https:\/\/www.biologix.com.br\/en\/2020\/02\/05\/perda-da-produtividade-o-impacto-do-sono-na-produtividade\/\" tabindex=\"-1\" target=&quot;_blank&quot;>\n\t\t\t<div class=\"elementor-post__thumbnail\"><img loading=\"lazy\" decoding=\"async\" width=\"300\" height=\"117\" src=\"https:\/\/www.biologix.com.br\/wp-content\/uploads\/2020\/02\/Perda-da-produtividade-o-impacto-do-sono-na-produtividade.jpg\" class=\"attachment-medium size-medium wp-image-615\" alt=\"\" \/><\/div>\n\t\t<\/a>\n\t\t\t\t<div class=\"elementor-post__text\">\n\t\t\t\t<h2 class=\"elementor-post__title\">\n\t\t\t<a href=\"https:\/\/www.biologix.com.br\/en\/2020\/02\/05\/perda-da-produtividade-o-impacto-do-sono-na-produtividade\/\" target=&quot;_blank&quot;>\n\t\t\t\tPerda da produtividade e sua rela\u00e7\u00e3o com a apneia do sono<br><span class='secondary-title'>Entenda o impacto do sono na produtividade<\/span>\t\t\t<\/a>\n\t\t<\/h2>\n\t\t\t\t<div class=\"elementor-post__meta-data\">\n\t\t\t\t\t<span class=\"elementor-post-date\">\n\t\t\t5 de February de 2020\t\t<\/span>\n\t\t\t\t<\/div>\n\t\t\t\t<div class=\"elementor-post__excerpt\">\n\t\t\t<p>Algu\u00e9m j\u00e1 te disse que voc\u00ea est\u00e1 com olheiras e apar\u00eancia de cansado? Voc\u00ea se sente cansado, mal humorado, com<\/p>\n\t\t<\/div>\n\t\t\n\t\t<a class=\"elementor-post__read-more\" href=\"https:\/\/www.biologix.com.br\/en\/2020\/02\/05\/perda-da-produtividade-o-impacto-do-sono-na-produtividade\/\" aria-label=\"Read more about Perda da produtividade e sua rela\u00e7\u00e3o com a apneia do sono&lt;br&gt;&lt;span class=&#039;secondary-title&#039;&gt;Entenda o impacto do sono na produtividade&lt;\/span&gt;\" tabindex=\"-1\" target=\"_blank\">\n\t\t\tver mais \u00bb\t\t<\/a>\n\n\t\t\t\t<\/div>\n\t\t\t\t<\/article>\n\t\t\t\t<article class=\"elementor-post elementor-grid-item post-388 post type-post status-publish format-standard has-post-thumbnail hentry category-paciente tag-acidentes tag-apneia tag-disturbios-do-sono tag-volante\" role=\"listitem\">\n\t\t\t\t<a class=\"elementor-post__thumbnail__link\" href=\"https:\/\/www.biologix.com.br\/en\/2020\/02\/05\/risco-aumentado-de-acidentes-com-veiculos-privacao-de-sono-aumenta-risco-de-acidentes-graves\/\" tabindex=\"-1\" target=&quot;_blank&quot;>\n\t\t\t<div class=\"elementor-post__thumbnail\"><img loading=\"lazy\" decoding=\"async\" width=\"300\" height=\"117\" src=\"https:\/\/www.biologix.com.br\/wp-content\/uploads\/2020\/02\/Risco-aumentado-de-acidentes-com-ve\u00edculos.jpg\" class=\"attachment-medium size-medium wp-image-616\" alt=\"\" \/><\/div>\n\t\t<\/a>\n\t\t\t\t<div class=\"elementor-post__text\">\n\t\t\t\t<h2 class=\"elementor-post__title\">\n\t\t\t<a href=\"https:\/\/www.biologix.com.br\/en\/2020\/02\/05\/risco-aumentado-de-acidentes-com-veiculos-privacao-de-sono-aumenta-risco-de-acidentes-graves\/\" target=&quot;_blank&quot;>\n\t\t\t\tDire\u00e7\u00e3o e sonol\u00eancia: risco aumentado de acidentes com ve\u00edculos<br><span class='secondary-title'>Priva\u00e7\u00e3o de sono aumenta o risco de acidentes graves<\/span>\t\t\t<\/a>\n\t\t<\/h2>\n\t\t\t\t<div class=\"elementor-post__meta-data\">\n\t\t\t\t\t<span class=\"elementor-post-date\">\n\t\t\t5 de February de 2020\t\t<\/span>\n\t\t\t\t<\/div>\n\t\t\t\t<div class=\"elementor-post__excerpt\">\n\t\t\t<p>Voc\u00ea j\u00e1 sentiu suas p\u00e1lpebras e cabe\u00e7a pesadas? Olhar fixo e bocejos cont\u00ednuos? N\u00e3o se engane, \u00e9 o sono chegando!<\/p>\n\t\t<\/div>\n\t\t\n\t\t<a class=\"elementor-post__read-more\" href=\"https:\/\/www.biologix.com.br\/en\/2020\/02\/05\/risco-aumentado-de-acidentes-com-veiculos-privacao-de-sono-aumenta-risco-de-acidentes-graves\/\" aria-label=\"Read more about Dire\u00e7\u00e3o e sonol\u00eancia: risco aumentado de acidentes com ve\u00edculos&lt;br&gt;&lt;span class=&#039;secondary-title&#039;&gt;Priva\u00e7\u00e3o de sono aumenta o risco de acidentes graves&lt;\/span&gt;\" tabindex=\"-1\" target=\"_blank\">\n\t\t\tver mais \u00bb\t\t<\/a>\n\n\t\t\t\t<\/div>\n\t\t\t\t<\/article>\n\t\t\t\t<article class=\"elementor-post elementor-grid-item post-391 post type-post status-publish format-standard has-post-thumbnail hentry category-paciente tag-apneia tag-evitar-o-ronco tag-ronco tag-ronco-alto tag-ronco-alto-e-frequente tag-tratamento-da-apneia\" role=\"listitem\">\n\t\t\t\t<a class=\"elementor-post__thumbnail__link\" href=\"https:\/\/www.biologix.com.br\/en\/2020\/02\/05\/ronco-alto-e-frequente-entenda-como-o-ronco-pode-afetar-a-sua-qualidade-de-vida\/\" tabindex=\"-1\" target=&quot;_blank&quot;>\n\t\t\t<div class=\"elementor-post__thumbnail\"><img loading=\"lazy\" decoding=\"async\" width=\"300\" height=\"117\" src=\"https:\/\/www.biologix.com.br\/wp-content\/uploads\/2020\/02\/ronco-alto-e-frequente-300x117.jpg\" class=\"attachment-medium size-medium wp-image-2331\" alt=\"ronco-alto-e-frequente-qualidade-de-vida\" srcset=\"https:\/\/www.biologix.com.br\/wp-content\/uploads\/2020\/02\/ronco-alto-e-frequente-300x117.jpg 300w, https:\/\/www.biologix.com.br\/wp-content\/uploads\/2020\/02\/ronco-alto-e-frequente-1024x400.jpg 1024w, https:\/\/www.biologix.com.br\/wp-content\/uploads\/2020\/02\/ronco-alto-e-frequente-768x300.jpg 768w, https:\/\/www.biologix.com.br\/wp-content\/uploads\/2020\/02\/ronco-alto-e-frequente.jpg 1280w\" sizes=\"(max-width: 300px) 100vw, 300px\" \/><\/div>\n\t\t<\/a>\n\t\t\t\t<div class=\"elementor-post__text\">\n\t\t\t\t<h2 class=\"elementor-post__title\">\n\t\t\t<a href=\"https:\/\/www.biologix.com.br\/en\/2020\/02\/05\/ronco-alto-e-frequente-entenda-como-o-ronco-pode-afetar-a-sua-qualidade-de-vida\/\" target=&quot;_blank&quot;>\n\t\t\t\tOs perigos do ronco alto e frequente<br><span class='secondary-title'>Entenda como o ronco pode afetar a sua qualidade de vida<\/span>\t\t\t<\/a>\n\t\t<\/h2>\n\t\t\t\t<div class=\"elementor-post__meta-data\">\n\t\t\t\t\t<span class=\"elementor-post-date\">\n\t\t\t5 de February de 2020\t\t<\/span>\n\t\t\t\t<\/div>\n\t\t\t\t<div class=\"elementor-post__excerpt\">\n\t\t\t<p>Ningu\u00e9m gosta de ouvir os outros roncando n\u00e3o \u00e9 mesmo? Mas o que realmente \u00e9 o ronco? O Ronco \u00e9<\/p>\n\t\t<\/div>\n\t\t\n\t\t<a class=\"elementor-post__read-more\" href=\"https:\/\/www.biologix.com.br\/en\/2020\/02\/05\/ronco-alto-e-frequente-entenda-como-o-ronco-pode-afetar-a-sua-qualidade-de-vida\/\" aria-label=\"Read more about Os perigos do ronco alto e frequente&lt;br&gt;&lt;span class=&#039;secondary-title&#039;&gt;Entenda como o ronco pode afetar a sua qualidade de vida&lt;\/span&gt;\" tabindex=\"-1\" target=\"_blank\">\n\t\t\tver mais \u00bb\t\t<\/a>\n\n\t\t\t\t<\/div>\n\t\t\t\t<\/article>\n\t\t\t\t<article class=\"elementor-post elementor-grid-item post-396 post type-post status-publish format-standard has-post-thumbnail hentry category-paciente tag-cansaco tag-cansaco-fisico\" role=\"listitem\">\n\t\t\t\t<a class=\"elementor-post__thumbnail__link\" href=\"https:\/\/www.biologix.com.br\/en\/2020\/02\/05\/sonolencia-e-cansaco-diurno-confira-algumas-doencas-que-causam-cansaco-em-excesso\/\" tabindex=\"-1\" target=&quot;_blank&quot;>\n\t\t\t<div class=\"elementor-post__thumbnail\"><img loading=\"lazy\" decoding=\"async\" width=\"300\" height=\"117\" src=\"https:\/\/www.biologix.com.br\/wp-content\/uploads\/2020\/02\/sonolencia-cansaco-diurno-300x117.jpg\" class=\"attachment-medium size-medium wp-image-2330\" alt=\"sonolencia-cansaco-diurno-doencas-que-causam-cansaco-em-excesso\" srcset=\"https:\/\/www.biologix.com.br\/wp-content\/uploads\/2020\/02\/sonolencia-cansaco-diurno-300x117.jpg 300w, https:\/\/www.biologix.com.br\/wp-content\/uploads\/2020\/02\/sonolencia-cansaco-diurno-1024x400.jpg 1024w, https:\/\/www.biologix.com.br\/wp-content\/uploads\/2020\/02\/sonolencia-cansaco-diurno-768x300.jpg 768w, https:\/\/www.biologix.com.br\/wp-content\/uploads\/2020\/02\/sonolencia-cansaco-diurno.jpg 1280w\" sizes=\"(max-width: 300px) 100vw, 300px\" \/><\/div>\n\t\t<\/a>\n\t\t\t\t<div class=\"elementor-post__text\">\n\t\t\t\t<h2 class=\"elementor-post__title\">\n\t\t\t<a href=\"https:\/\/www.biologix.com.br\/en\/2020\/02\/05\/sonolencia-e-cansaco-diurno-confira-algumas-doencas-que-causam-cansaco-em-excesso\/\" target=&quot;_blank&quot;>\n\t\t\t\tSonol\u00eancia e cansa\u00e7o diurno<br><span class='secondary-title'>Confira algumas doen\u00e7as que causam cansa\u00e7o em excesso<\/span>\t\t\t<\/a>\n\t\t<\/h2>\n\t\t\t\t<div class=\"elementor-post__meta-data\">\n\t\t\t\t\t<span class=\"elementor-post-date\">\n\t\t\t5 de February de 2020\t\t<\/span>\n\t\t\t\t<\/div>\n\t\t\t\t<div class=\"elementor-post__excerpt\">\n\t\t\t<p>Voc\u00ea em algum momento j\u00e1 se pegou extremamente indisposto, cansado e sem \u00e2nimo mesmo ap\u00f3s um boa noite de sono?<\/p>\n\t\t<\/div>\n\t\t\n\t\t<a class=\"elementor-post__read-more\" href=\"https:\/\/www.biologix.com.br\/en\/2020\/02\/05\/sonolencia-e-cansaco-diurno-confira-algumas-doencas-que-causam-cansaco-em-excesso\/\" aria-label=\"Read more about Sonol\u00eancia e cansa\u00e7o diurno&lt;br&gt;&lt;span class=&#039;secondary-title&#039;&gt;Confira algumas doen\u00e7as que causam cansa\u00e7o em excesso&lt;\/span&gt;\" tabindex=\"-1\" target=\"_blank\">\n\t\t\tver mais \u00bb\t\t<\/a>\n\n\t\t\t\t<\/div>\n\t\t\t\t<\/article>\n\t\t\t\t<article class=\"elementor-post elementor-grid-item post-942 post type-post status-publish format-standard has-post-thumbnail hentry category-paciente tag-apneia-do-sono tag-diabetes tag-polissonografia tag-sono\" role=\"listitem\">\n\t\t\t\t<a class=\"elementor-post__thumbnail__link\" href=\"https:\/\/www.biologix.com.br\/en\/2020\/03\/04\/apneia-do-sono-e-diabetes-qual-e-a-relacao\/\" tabindex=\"-1\" target=&quot;_blank&quot;>\n\t\t\t<div class=\"elementor-post__thumbnail\"><img loading=\"lazy\" decoding=\"async\" width=\"300\" height=\"117\" src=\"https:\/\/www.biologix.com.br\/wp-content\/uploads\/2020\/03\/apneia-do-sono-e-diabetes-qual-e-a-relacao-300x117.jpg\" class=\"attachment-medium size-medium wp-image-2326\" alt=\"apneia-do-sono-e-diabetes-qual-e-a-relacao-disturbios-do-sono\" srcset=\"https:\/\/www.biologix.com.br\/wp-content\/uploads\/2020\/03\/apneia-do-sono-e-diabetes-qual-e-a-relacao-300x117.jpg 300w, https:\/\/www.biologix.com.br\/wp-content\/uploads\/2020\/03\/apneia-do-sono-e-diabetes-qual-e-a-relacao-1024x400.jpg 1024w, https:\/\/www.biologix.com.br\/wp-content\/uploads\/2020\/03\/apneia-do-sono-e-diabetes-qual-e-a-relacao-768x300.jpg 768w, https:\/\/www.biologix.com.br\/wp-content\/uploads\/2020\/03\/apneia-do-sono-e-diabetes-qual-e-a-relacao.jpg 1280w\" sizes=\"(max-width: 300px) 100vw, 300px\" \/><\/div>\n\t\t<\/a>\n\t\t\t\t<div class=\"elementor-post__text\">\n\t\t\t\t<h2 class=\"elementor-post__title\">\n\t\t\t<a href=\"https:\/\/www.biologix.com.br\/en\/2020\/03\/04\/apneia-do-sono-e-diabetes-qual-e-a-relacao\/\" target=&quot;_blank&quot;>\n\t\t\t\tApneia do Sono e diabetes: qual \u00e9 a rela\u00e7\u00e3o?<br><span class='secondary-title'>Entenda a rela\u00e7\u00e3o entre apneia do sono e diabetes<\/span>\t\t\t<\/a>\n\t\t<\/h2>\n\t\t\t\t<div class=\"elementor-post__meta-data\">\n\t\t\t\t\t<span class=\"elementor-post-date\">\n\t\t\t4 de March de 2020\t\t<\/span>\n\t\t\t\t<\/div>\n\t\t\t\t<div class=\"elementor-post__excerpt\">\n\t\t\t<p>A hora do sono n\u00e3o deveria ser motivo de preocupa\u00e7\u00e3o, mas para muita gente os dist\u00farbios do sono s\u00e3o um<\/p>\n\t\t<\/div>\n\t\t\n\t\t<a class=\"elementor-post__read-more\" href=\"https:\/\/www.biologix.com.br\/en\/2020\/03\/04\/apneia-do-sono-e-diabetes-qual-e-a-relacao\/\" aria-label=\"Read more about Apneia do Sono e diabetes: qual \u00e9 a rela\u00e7\u00e3o?&lt;br&gt;&lt;span class=&#039;secondary-title&#039;&gt;Entenda a rela\u00e7\u00e3o entre apneia do sono e diabetes&lt;\/span&gt;\" tabindex=\"-1\" target=\"_blank\">\n\t\t\tver mais \u00bb\t\t<\/a>\n\n\t\t\t\t<\/div>\n\t\t\t\t<\/article>\n\t\t\t\t<article class=\"elementor-post elementor-grid-item post-939 post type-post status-publish format-standard has-post-thumbnail hentry category-paciente tag-apneia-do-sono tag-depressao tag-polissonografia tag-saude-mental\" role=\"listitem\">\n\t\t\t\t<a class=\"elementor-post__thumbnail__link\" href=\"https:\/\/www.biologix.com.br\/en\/2020\/03\/12\/apneia-do-sono-afeta-saude-mental-e-pode-causar-depressao\/\" tabindex=\"-1\" target=&quot;_blank&quot;>\n\t\t\t<div class=\"elementor-post__thumbnail\"><img loading=\"lazy\" decoding=\"async\" width=\"300\" height=\"117\" src=\"https:\/\/www.biologix.com.br\/wp-content\/uploads\/2020\/03\/apneia-do-sono-afeta-saude-mental-e-pode-causar-depressao-300x117.jpg\" class=\"attachment-medium size-medium wp-image-2325\" alt=\"apneia-do-sono-afeta-saude-mental-e-pode-causar-depressao-e-ainda-pode-afetar-a-memoria\" srcset=\"https:\/\/www.biologix.com.br\/wp-content\/uploads\/2020\/03\/apneia-do-sono-afeta-saude-mental-e-pode-causar-depressao-300x117.jpg 300w, https:\/\/www.biologix.com.br\/wp-content\/uploads\/2020\/03\/apneia-do-sono-afeta-saude-mental-e-pode-causar-depressao-1024x400.jpg 1024w, https:\/\/www.biologix.com.br\/wp-content\/uploads\/2020\/03\/apneia-do-sono-afeta-saude-mental-e-pode-causar-depressao-768x300.jpg 768w, https:\/\/www.biologix.com.br\/wp-content\/uploads\/2020\/03\/apneia-do-sono-afeta-saude-mental-e-pode-causar-depressao.jpg 1280w\" sizes=\"(max-width: 300px) 100vw, 300px\" \/><\/div>\n\t\t<\/a>\n\t\t\t\t<div class=\"elementor-post__text\">\n\t\t\t\t<h2 class=\"elementor-post__title\">\n\t\t\t<a href=\"https:\/\/www.biologix.com.br\/en\/2020\/03\/12\/apneia-do-sono-afeta-saude-mental-e-pode-causar-depressao\/\" target=&quot;_blank&quot;>\n\t\t\t\tApneia do Sono afeta sa\u00fade mental e pode causar depress\u00e3o<br><span class='secondary-title'>Apneia causa depress\u00e3o e ainda pode afetar a mem\u00f3ria<\/span>\t\t\t<\/a>\n\t\t<\/h2>\n\t\t\t\t<div class=\"elementor-post__meta-data\">\n\t\t\t\t\t<span class=\"elementor-post-date\">\n\t\t\t12 de March de 2020\t\t<\/span>\n\t\t\t\t<\/div>\n\t\t\t\t<div class=\"elementor-post__excerpt\">\n\t\t\t<p>Um boa noite de sono vai muito al\u00e9m do descanso f\u00edsico. Quando voc\u00ea dorme, seu c\u00e9rebro est\u00e1 ocupado armazenando e<\/p>\n\t\t<\/div>\n\t\t\n\t\t<a class=\"elementor-post__read-more\" href=\"https:\/\/www.biologix.com.br\/en\/2020\/03\/12\/apneia-do-sono-afeta-saude-mental-e-pode-causar-depressao\/\" aria-label=\"Read more about Apneia do Sono afeta sa\u00fade mental e pode causar depress\u00e3o&lt;br&gt;&lt;span class=&#039;secondary-title&#039;&gt;Apneia causa depress\u00e3o e ainda pode afetar a mem\u00f3ria&lt;\/span&gt;\" tabindex=\"-1\" target=\"_blank\">\n\t\t\tver mais \u00bb\t\t<\/a>\n\n\t\t\t\t<\/div>\n\t\t\t\t<\/article>\n\t\t\t\t<article class=\"elementor-post elementor-grid-item post-983 post type-post status-publish format-standard has-post-thumbnail hentry category-paciente tag-apneia tag-apneia-do-sono tag-azia tag-refluxo tag-tratamento\" role=\"listitem\">\n\t\t\t\t<a class=\"elementor-post__thumbnail__link\" href=\"https:\/\/www.biologix.com.br\/en\/2020\/03\/13\/relacao-entre-apneia-do-sono-e-refluxo\/\" tabindex=\"-1\" target=&quot;_blank&quot;>\n\t\t\t<div class=\"elementor-post__thumbnail\"><img loading=\"lazy\" decoding=\"async\" width=\"300\" height=\"117\" src=\"https:\/\/www.biologix.com.br\/wp-content\/uploads\/2020\/03\/relacao-entre-apneia-do-sono-e-refluxo-300x117.jpg\" class=\"attachment-medium size-medium wp-image-2324\" alt=\"relacao-entre-apneia-do-sono-e-refluxo-saiba-a-relacao\" srcset=\"https:\/\/www.biologix.com.br\/wp-content\/uploads\/2020\/03\/relacao-entre-apneia-do-sono-e-refluxo-300x117.jpg 300w, https:\/\/www.biologix.com.br\/wp-content\/uploads\/2020\/03\/relacao-entre-apneia-do-sono-e-refluxo-1024x400.jpg 1024w, https:\/\/www.biologix.com.br\/wp-content\/uploads\/2020\/03\/relacao-entre-apneia-do-sono-e-refluxo-768x300.jpg 768w, https:\/\/www.biologix.com.br\/wp-content\/uploads\/2020\/03\/relacao-entre-apneia-do-sono-e-refluxo.jpg 1280w\" sizes=\"(max-width: 300px) 100vw, 300px\" \/><\/div>\n\t\t<\/a>\n\t\t\t\t<div class=\"elementor-post__text\">\n\t\t\t\t<h2 class=\"elementor-post__title\">\n\t\t\t<a href=\"https:\/\/www.biologix.com.br\/en\/2020\/03\/13\/relacao-entre-apneia-do-sono-e-refluxo\/\" target=&quot;_blank&quot;>\n\t\t\t\tRela\u00e7\u00e3o entre apneia do sono e refluxo<br><span class='secondary-title'>Apneia do sono pode contribuir com refluxo?<\/span>\t\t\t<\/a>\n\t\t<\/h2>\n\t\t\t\t<div class=\"elementor-post__meta-data\">\n\t\t\t\t\t<span class=\"elementor-post-date\">\n\t\t\t13 de March de 2020\t\t<\/span>\n\t\t\t\t<\/div>\n\t\t\t\t<div class=\"elementor-post__excerpt\">\n\t\t\t<p>Voc\u00ea j\u00e1 ouviu falar em refluxo? \u00c9 prov\u00e1vel que sim. \u00c9 bastante associado a beb\u00eas, mas pode atingir adultos e<\/p>\n\t\t<\/div>\n\t\t\n\t\t<a class=\"elementor-post__read-more\" href=\"https:\/\/www.biologix.com.br\/en\/2020\/03\/13\/relacao-entre-apneia-do-sono-e-refluxo\/\" aria-label=\"Read more about Rela\u00e7\u00e3o entre apneia do sono e refluxo&lt;br&gt;&lt;span class=&#039;secondary-title&#039;&gt;Apneia do sono pode contribuir com refluxo?&lt;\/span&gt;\" tabindex=\"-1\" target=\"_blank\">\n\t\t\tver mais \u00bb\t\t<\/a>\n\n\t\t\t\t<\/div>\n\t\t\t\t<\/article>\n\t\t\t\t<article class=\"elementor-post elementor-grid-item post-915 post type-post status-publish format-standard has-post-thumbnail hentry category-paciente tag-aos tag-avc tag-apneia tag-apneiaobstrutivadosono tag-derrame\" role=\"listitem\">\n\t\t\t\t<a class=\"elementor-post__thumbnail__link\" href=\"https:\/\/www.biologix.com.br\/en\/2020\/03\/13\/apneia-obstrutiva-do-sono-e-avc\/\" tabindex=\"-1\" target=&quot;_blank&quot;>\n\t\t\t<div class=\"elementor-post__thumbnail\"><img loading=\"lazy\" decoding=\"async\" width=\"300\" height=\"117\" src=\"https:\/\/www.biologix.com.br\/wp-content\/uploads\/2020\/03\/apneia-obstrutiva-do-sono-e-avc-300x117.jpg\" class=\"attachment-medium size-medium wp-image-2323\" alt=\"apneia-obstrutiva-do-sono-e-avc-fator-de-risco-para-avc\" srcset=\"https:\/\/www.biologix.com.br\/wp-content\/uploads\/2020\/03\/apneia-obstrutiva-do-sono-e-avc-300x117.jpg 300w, https:\/\/www.biologix.com.br\/wp-content\/uploads\/2020\/03\/apneia-obstrutiva-do-sono-e-avc-1024x400.jpg 1024w, https:\/\/www.biologix.com.br\/wp-content\/uploads\/2020\/03\/apneia-obstrutiva-do-sono-e-avc-768x300.jpg 768w, https:\/\/www.biologix.com.br\/wp-content\/uploads\/2020\/03\/apneia-obstrutiva-do-sono-e-avc.jpg 1280w\" sizes=\"(max-width: 300px) 100vw, 300px\" \/><\/div>\n\t\t<\/a>\n\t\t\t\t<div class=\"elementor-post__text\">\n\t\t\t\t<h2 class=\"elementor-post__title\">\n\t\t\t<a href=\"https:\/\/www.biologix.com.br\/en\/2020\/03\/13\/apneia-obstrutiva-do-sono-e-avc\/\" target=&quot;_blank&quot;>\n\t\t\t\tApneia do Sono e AVC<br><span class='secondary-title'>Apneia do sono \u00e9 fator de risco para acidente vascular cerebral (AVC)<\/span>\t\t\t<\/a>\n\t\t<\/h2>\n\t\t\t\t<div class=\"elementor-post__meta-data\">\n\t\t\t\t\t<span class=\"elementor-post-date\">\n\t\t\t13 de March de 2020\t\t<\/span>\n\t\t\t\t<\/div>\n\t\t\t\t<div class=\"elementor-post__excerpt\">\n\t\t\t<p>J\u00e1 \u00e9 sabido o quanto os dist\u00farbios do sono interferem em nossa qualidade de vida e aumentam o risco de<\/p>\n\t\t<\/div>\n\t\t\n\t\t<a class=\"elementor-post__read-more\" href=\"https:\/\/www.biologix.com.br\/en\/2020\/03\/13\/apneia-obstrutiva-do-sono-e-avc\/\" aria-label=\"Read more about Apneia do Sono e AVC&lt;br&gt;&lt;span class=&#039;secondary-title&#039;&gt;Apneia do sono \u00e9 fator de risco para acidente vascular cerebral (AVC)&lt;\/span&gt;\" tabindex=\"-1\" target=\"_blank\">\n\t\t\tver mais \u00bb\t\t<\/a>\n\n\t\t\t\t<\/div>\n\t\t\t\t<\/article>\n\t\t\t\t<article class=\"elementor-post elementor-grid-item post-934 post type-post status-publish format-standard has-post-thumbnail hentry category-paciente tag-avc tag-apneia tag-apneia-do-sono tag-arritmia tag-fibrilacao-atrial tag-polissonografia\" role=\"listitem\">\n\t\t\t\t<a class=\"elementor-post__thumbnail__link\" href=\"https:\/\/www.biologix.com.br\/en\/2020\/03\/13\/disturbios-do-sono-causam-arritmia-cardiaca\/\" tabindex=\"-1\" target=&quot;_blank&quot;>\n\t\t\t<div class=\"elementor-post__thumbnail\"><img loading=\"lazy\" decoding=\"async\" width=\"300\" height=\"117\" src=\"https:\/\/www.biologix.com.br\/wp-content\/uploads\/2020\/03\/disturbios-do-sono-causam-arritmia-cardiaca-300x117.jpg\" class=\"attachment-medium size-medium wp-image-2322\" alt=\"disturbios-do-sono-causam-arritmia-cardiaca-entende-o-que-e-fibrilacao-artial\" srcset=\"https:\/\/www.biologix.com.br\/wp-content\/uploads\/2020\/03\/disturbios-do-sono-causam-arritmia-cardiaca-300x117.jpg 300w, https:\/\/www.biologix.com.br\/wp-content\/uploads\/2020\/03\/disturbios-do-sono-causam-arritmia-cardiaca-1024x401.jpg 1024w, https:\/\/www.biologix.com.br\/wp-content\/uploads\/2020\/03\/disturbios-do-sono-causam-arritmia-cardiaca-768x301.jpg 768w, https:\/\/www.biologix.com.br\/wp-content\/uploads\/2020\/03\/disturbios-do-sono-causam-arritmia-cardiaca.jpg 1280w\" sizes=\"(max-width: 300px) 100vw, 300px\" \/><\/div>\n\t\t<\/a>\n\t\t\t\t<div class=\"elementor-post__text\">\n\t\t\t\t<h2 class=\"elementor-post__title\">\n\t\t\t<a href=\"https:\/\/www.biologix.com.br\/en\/2020\/03\/13\/disturbios-do-sono-causam-arritmia-cardiaca\/\" target=&quot;_blank&quot;>\n\t\t\t\tFibrila\u00e7\u00e3o Atrial: um tipo de arritmia card\u00edaca que pode ser causada por dist\u00farbios do sono<br><span class='secondary-title'>Voc\u00ea sabe o que \u00e9 fibrila\u00e7\u00e3o atrial?<\/span>\t\t\t<\/a>\n\t\t<\/h2>\n\t\t\t\t<div class=\"elementor-post__meta-data\">\n\t\t\t\t\t<span class=\"elementor-post-date\">\n\t\t\t13 de March de 2020\t\t<\/span>\n\t\t\t\t<\/div>\n\t\t\t\t<div class=\"elementor-post__excerpt\">\n\t\t\t<p>Voc\u00ea j\u00e1 ouviu falar sobre Fibrila\u00e7\u00e3o Atrial, o nome \u00e9 meio complicado, mas \u00e9 f\u00e1cil de entender!<\/p>\n\t\t<\/div>\n\t\t\n\t\t<a class=\"elementor-post__read-more\" href=\"https:\/\/www.biologix.com.br\/en\/2020\/03\/13\/disturbios-do-sono-causam-arritmia-cardiaca\/\" aria-label=\"Read more about Fibrila\u00e7\u00e3o Atrial: um tipo de arritmia card\u00edaca que pode ser causada por dist\u00farbios do sono&lt;br&gt;&lt;span class=&#039;secondary-title&#039;&gt;Voc\u00ea sabe o que \u00e9 fibrila\u00e7\u00e3o atrial?&lt;\/span&gt;\" tabindex=\"-1\" target=\"_blank\">\n\t\t\tver mais \u00bb\t\t<\/a>\n\n\t\t\t\t<\/div>\n\t\t\t\t<\/article>\n\t\t\t\t<article class=\"elementor-post elementor-grid-item post-945 post type-post status-publish format-standard has-post-thumbnail hentry category-paciente tag-apneia tag-apneia-do-sono tag-apneia-obstrutiva-do-sono tag-doenca-arterial-coronariana tag-sistema-cardiovascular\" role=\"listitem\">\n\t\t\t\t<a class=\"elementor-post__thumbnail__link\" href=\"https:\/\/www.biologix.com.br\/en\/2020\/03\/13\/apneia-do-sono-e-doencas-cardiovasculares\/\" tabindex=\"-1\" target=&quot;_blank&quot;>\n\t\t\t<div class=\"elementor-post__thumbnail\"><img loading=\"lazy\" decoding=\"async\" width=\"300\" height=\"117\" src=\"https:\/\/www.biologix.com.br\/wp-content\/uploads\/2020\/03\/apneia-do-sono-e-doencas-cardiovasculares-300x117.jpg\" class=\"attachment-medium size-medium wp-image-2321\" alt=\"apneia-do-sono-e-doencas-cardiovasculares-doenca-arterial-coronariana\" srcset=\"https:\/\/www.biologix.com.br\/wp-content\/uploads\/2020\/03\/apneia-do-sono-e-doencas-cardiovasculares-300x117.jpg 300w, https:\/\/www.biologix.com.br\/wp-content\/uploads\/2020\/03\/apneia-do-sono-e-doencas-cardiovasculares-1024x400.jpg 1024w, https:\/\/www.biologix.com.br\/wp-content\/uploads\/2020\/03\/apneia-do-sono-e-doencas-cardiovasculares-768x300.jpg 768w, https:\/\/www.biologix.com.br\/wp-content\/uploads\/2020\/03\/apneia-do-sono-e-doencas-cardiovasculares.jpg 1280w\" sizes=\"(max-width: 300px) 100vw, 300px\" \/><\/div>\n\t\t<\/a>\n\t\t\t\t<div class=\"elementor-post__text\">\n\t\t\t\t<h2 class=\"elementor-post__title\">\n\t\t\t<a href=\"https:\/\/www.biologix.com.br\/en\/2020\/03\/13\/apneia-do-sono-e-doencas-cardiovasculares\/\" target=&quot;_blank&quot;>\n\t\t\t\tApneia do sono e doen\u00e7as cardiovasculares<br><span class='secondary-title'>Entenda a rela\u00e7\u00e3o entre apneia do sono e doen\u00e7a arterial coronariana<\/span>\t\t\t<\/a>\n\t\t<\/h2>\n\t\t\t\t<div class=\"elementor-post__meta-data\">\n\t\t\t\t\t<span class=\"elementor-post-date\">\n\t\t\t13 de March de 2020\t\t<\/span>\n\t\t\t\t<\/div>\n\t\t\t\t<div class=\"elementor-post__excerpt\">\n\t\t\t<p>A Apneia do Sono traz diversos impactos \u00e0 sa\u00fade, inclusive ao sistema cardiovascular. Quer saber mais detalhes? Continue lendo!<\/p>\n\t\t<\/div>\n\t\t\n\t\t<a class=\"elementor-post__read-more\" href=\"https:\/\/www.biologix.com.br\/en\/2020\/03\/13\/apneia-do-sono-e-doencas-cardiovasculares\/\" aria-label=\"Read more about Apneia do sono e doen\u00e7as cardiovasculares&lt;br&gt;&lt;span class=&#039;secondary-title&#039;&gt;Entenda a rela\u00e7\u00e3o entre apneia do sono e doen\u00e7a arterial coronariana&lt;\/span&gt;\" tabindex=\"-1\" target=\"_blank\">\n\t\t\tver mais \u00bb\t\t<\/a>\n\n\t\t\t\t<\/div>\n\t\t\t\t<\/article>\n\t\t\t\t<article class=\"elementor-post elementor-grid-item post-955 post type-post status-publish format-standard has-post-thumbnail hentry category-paciente tag-hipertensao tag-hipertensao-arterial tag-polissonografia tag-pressao-alta\" role=\"listitem\">\n\t\t\t\t<a class=\"elementor-post__thumbnail__link\" href=\"https:\/\/www.biologix.com.br\/en\/2020\/03\/13\/hipertensao-arterial-induzida-por-apneia-do-sono\/\" tabindex=\"-1\" target=&quot;_blank&quot;>\n\t\t\t<div class=\"elementor-post__thumbnail\"><img loading=\"lazy\" decoding=\"async\" width=\"300\" height=\"117\" src=\"https:\/\/www.biologix.com.br\/wp-content\/uploads\/2020\/03\/hipertensao-arterial-induzida-por-apneia-do-sono-300x117.jpg\" class=\"attachment-medium size-medium wp-image-2320\" alt=\"hipertensao-arterial-induzida-por-apneia-do-sono-tratamento-cura-sindrome-da-apneia-obstrutiva-do-sono\" srcset=\"https:\/\/www.biologix.com.br\/wp-content\/uploads\/2020\/03\/hipertensao-arterial-induzida-por-apneia-do-sono-300x117.jpg 300w, https:\/\/www.biologix.com.br\/wp-content\/uploads\/2020\/03\/hipertensao-arterial-induzida-por-apneia-do-sono-1024x400.jpg 1024w, https:\/\/www.biologix.com.br\/wp-content\/uploads\/2020\/03\/hipertensao-arterial-induzida-por-apneia-do-sono-768x300.jpg 768w, https:\/\/www.biologix.com.br\/wp-content\/uploads\/2020\/03\/hipertensao-arterial-induzida-por-apneia-do-sono.jpg 1280w\" sizes=\"(max-width: 300px) 100vw, 300px\" \/><\/div>\n\t\t<\/a>\n\t\t\t\t<div class=\"elementor-post__text\">\n\t\t\t\t<h2 class=\"elementor-post__title\">\n\t\t\t<a href=\"https:\/\/www.biologix.com.br\/en\/2020\/03\/13\/hipertensao-arterial-induzida-por-apneia-do-sono\/\" target=&quot;_blank&quot;>\n\t\t\t\tHipertens\u00e3o arterial induzida por apneia do sono<br><span class='secondary-title'>Saiba a rela\u00e7\u00e3o entre apneia do sono  e hipertens\u00e3o arterial<\/span>\t\t\t<\/a>\n\t\t<\/h2>\n\t\t\t\t<div class=\"elementor-post__meta-data\">\n\t\t\t\t\t<span class=\"elementor-post-date\">\n\t\t\t13 de March de 2020\t\t<\/span>\n\t\t\t\t<\/div>\n\t\t\t\t<div class=\"elementor-post__excerpt\">\n\t\t\t<p>Voc\u00ea sabe qual \u00e9 a rela\u00e7\u00e3o entre hipertens\u00e3o arterial e apneia do sono? Antes de explicar esta associa\u00e7\u00e3o, vamos falar<\/p>\n\t\t<\/div>\n\t\t\n\t\t<a class=\"elementor-post__read-more\" href=\"https:\/\/www.biologix.com.br\/en\/2020\/03\/13\/hipertensao-arterial-induzida-por-apneia-do-sono\/\" aria-label=\"Read more about Hipertens\u00e3o arterial induzida por apneia do sono&lt;br&gt;&lt;span class=&#039;secondary-title&#039;&gt;Saiba a rela\u00e7\u00e3o entre apneia do sono  e hipertens\u00e3o arterial&lt;\/span&gt;\" tabindex=\"-1\" target=\"_blank\">\n\t\t\tver mais \u00bb\t\t<\/a>\n\n\t\t\t\t<\/div>\n\t\t\t\t<\/article>\n\t\t\t\t<article class=\"elementor-post elementor-grid-item post-1758 post type-post status-publish format-standard has-post-thumbnail hentry category-paciente tag-biologix tag-coronavirus tag-covid-19 tag-ministeriodasaude tag-oms\" role=\"listitem\">\n\t\t\t\t<a class=\"elementor-post__thumbnail__link\" href=\"https:\/\/www.biologix.com.br\/en\/2020\/03\/16\/covid-19-o-novo-coronavirus\/\" tabindex=\"-1\" target=&quot;_blank&quot;>\n\t\t\t<div class=\"elementor-post__thumbnail\"><img loading=\"lazy\" decoding=\"async\" width=\"300\" height=\"117\" src=\"https:\/\/www.biologix.com.br\/wp-content\/uploads\/2020\/03\/covid-19-o-novo-coronavirus-300x117.jpg\" class=\"attachment-medium size-medium wp-image-2319\" alt=\"covid19-covid-19-coronavirus-corona-virus-o-no-corana-virus-2019\" srcset=\"https:\/\/www.biologix.com.br\/wp-content\/uploads\/2020\/03\/covid-19-o-novo-coronavirus-300x117.jpg 300w, https:\/\/www.biologix.com.br\/wp-content\/uploads\/2020\/03\/covid-19-o-novo-coronavirus-1024x400.jpg 1024w, https:\/\/www.biologix.com.br\/wp-content\/uploads\/2020\/03\/covid-19-o-novo-coronavirus-768x300.jpg 768w, https:\/\/www.biologix.com.br\/wp-content\/uploads\/2020\/03\/covid-19-o-novo-coronavirus.jpg 1280w\" sizes=\"(max-width: 300px) 100vw, 300px\" \/><\/div>\n\t\t<\/a>\n\t\t\t\t<div class=\"elementor-post__text\">\n\t\t\t\t<h2 class=\"elementor-post__title\">\n\t\t\t<a href=\"https:\/\/www.biologix.com.br\/en\/2020\/03\/16\/covid-19-o-novo-coronavirus\/\" target=&quot;_blank&quot;>\n\t\t\t\tCovid-19: o novo Coronav\u00edrus<br><span class='secondary-title'>Tire suas d\u00favidas sobre o novo coronav\u00edrus<\/span>\t\t\t<\/a>\n\t\t<\/h2>\n\t\t\t\t<div class=\"elementor-post__meta-data\">\n\t\t\t\t\t<span class=\"elementor-post-date\">\n\t\t\t16 de March de 2020\t\t<\/span>\n\t\t\t\t<\/div>\n\t\t\t\t<div class=\"elementor-post__excerpt\">\n\t\t\t<p>O novo Coronav\u00edrus avan\u00e7a pelo Brasil e tem deixado consequ\u00eancias. Diante de tantas not\u00edcias falsas que circulam nas redes, decidimos<\/p>\n\t\t<\/div>\n\t\t\n\t\t<a class=\"elementor-post__read-more\" href=\"https:\/\/www.biologix.com.br\/en\/2020\/03\/16\/covid-19-o-novo-coronavirus\/\" aria-label=\"Read more about Covid-19: o novo Coronav\u00edrus&lt;br&gt;&lt;span class=&#039;secondary-title&#039;&gt;Tire suas d\u00favidas sobre o novo coronav\u00edrus&lt;\/span&gt;\" tabindex=\"-1\" target=\"_blank\">\n\t\t\tver mais \u00bb\t\t<\/a>\n\n\t\t\t\t<\/div>\n\t\t\t\t<\/article>\n\t\t\t\t<article class=\"elementor-post elementor-grid-item post-1887 post type-post status-publish format-standard has-post-thumbnail hentry category-paciente tag-bebe tag-gestacao tag-gravidez tag-sono\" role=\"listitem\">\n\t\t\t\t<a class=\"elementor-post__thumbnail__link\" href=\"https:\/\/www.biologix.com.br\/en\/2020\/03\/18\/sono-na-gestacao\/\" tabindex=\"-1\" target=&quot;_blank&quot;>\n\t\t\t<div class=\"elementor-post__thumbnail\"><img loading=\"lazy\" decoding=\"async\" width=\"300\" height=\"117\" src=\"https:\/\/www.biologix.com.br\/wp-content\/uploads\/2020\/03\/apneia-do-sono-na-gestacao-como-a-gestacao-afeta-o-sono-300x117.jpg\" class=\"attachment-medium size-medium wp-image-2315\" alt=\"sono-na-gestacao\" srcset=\"https:\/\/www.biologix.com.br\/wp-content\/uploads\/2020\/03\/apneia-do-sono-na-gestacao-como-a-gestacao-afeta-o-sono-300x117.jpg 300w, https:\/\/www.biologix.com.br\/wp-content\/uploads\/2020\/03\/apneia-do-sono-na-gestacao-como-a-gestacao-afeta-o-sono-1024x400.jpg 1024w, https:\/\/www.biologix.com.br\/wp-content\/uploads\/2020\/03\/apneia-do-sono-na-gestacao-como-a-gestacao-afeta-o-sono-768x300.jpg 768w, https:\/\/www.biologix.com.br\/wp-content\/uploads\/2020\/03\/apneia-do-sono-na-gestacao-como-a-gestacao-afeta-o-sono.jpg 1280w\" sizes=\"(max-width: 300px) 100vw, 300px\" \/><\/div>\n\t\t<\/a>\n\t\t\t\t<div class=\"elementor-post__text\">\n\t\t\t\t<h2 class=\"elementor-post__title\">\n\t\t\t<a href=\"https:\/\/www.biologix.com.br\/en\/2020\/03\/18\/sono-na-gestacao\/\" target=&quot;_blank&quot;>\n\t\t\t\tSono na gesta\u00e7\u00e3o: alguns problemas comuns<br><span class='secondary-title'>Saiba como a gesta\u00e7\u00e3o pode afetar seu sono<\/span>\t\t\t<\/a>\n\t\t<\/h2>\n\t\t\t\t<div class=\"elementor-post__meta-data\">\n\t\t\t\t\t<span class=\"elementor-post-date\">\n\t\t\t18 de March de 2020\t\t<\/span>\n\t\t\t\t<\/div>\n\t\t\t\t<div class=\"elementor-post__excerpt\">\n\t\t\t<p>Voc\u00ea j\u00e1 deve ter ouvido a frase \u201caproveita para dormir agora, porque depois j\u00e1 era\u201d. Considere essa boa inten\u00e7\u00e3o por<\/p>\n\t\t<\/div>\n\t\t\n\t\t<a class=\"elementor-post__read-more\" href=\"https:\/\/www.biologix.com.br\/en\/2020\/03\/18\/sono-na-gestacao\/\" aria-label=\"Read more about Sono na gesta\u00e7\u00e3o: alguns problemas comuns&lt;br&gt;&lt;span class=&#039;secondary-title&#039;&gt;Saiba como a gesta\u00e7\u00e3o pode afetar seu sono&lt;\/span&gt;\" tabindex=\"-1\" target=\"_blank\">\n\t\t\tver mais \u00bb\t\t<\/a>\n\n\t\t\t\t<\/div>\n\t\t\t\t<\/article>\n\t\t\t\t<article class=\"elementor-post elementor-grid-item post-1977 post type-post status-publish format-standard has-post-thumbnail hentry category-paciente tag-apneia tag-apneia-do-sono tag-cansaco tag-diabetes-gestacional tag-gestacao tag-irritabilidade tag-parto-prematuro tag-ronco\" role=\"listitem\">\n\t\t\t\t<a class=\"elementor-post__thumbnail__link\" href=\"https:\/\/www.biologix.com.br\/en\/2020\/03\/27\/apneia-do-sono-na-gestacao-pode-prejudicar-a-mae-e-o-bebe\/\" tabindex=\"-1\" target=&quot;_blank&quot;>\n\t\t\t<div class=\"elementor-post__thumbnail\"><img loading=\"lazy\" decoding=\"async\" width=\"300\" height=\"117\" src=\"https:\/\/www.biologix.com.br\/wp-content\/uploads\/2020\/03\/apneia-do-sono-na-gestacao-pode-prejudicar-a-mae-e-o-bebe-300x117.jpg\" class=\"attachment-medium size-medium wp-image-2317\" alt=\"apneia-do-sono-na-gravidez\" srcset=\"https:\/\/www.biologix.com.br\/wp-content\/uploads\/2020\/03\/apneia-do-sono-na-gestacao-pode-prejudicar-a-mae-e-o-bebe-300x117.jpg 300w, https:\/\/www.biologix.com.br\/wp-content\/uploads\/2020\/03\/apneia-do-sono-na-gestacao-pode-prejudicar-a-mae-e-o-bebe-1024x400.jpg 1024w, https:\/\/www.biologix.com.br\/wp-content\/uploads\/2020\/03\/apneia-do-sono-na-gestacao-pode-prejudicar-a-mae-e-o-bebe-768x300.jpg 768w, https:\/\/www.biologix.com.br\/wp-content\/uploads\/2020\/03\/apneia-do-sono-na-gestacao-pode-prejudicar-a-mae-e-o-bebe.jpg 1280w\" sizes=\"(max-width: 300px) 100vw, 300px\" \/><\/div>\n\t\t<\/a>\n\t\t\t\t<div class=\"elementor-post__text\">\n\t\t\t\t<h2 class=\"elementor-post__title\">\n\t\t\t<a href=\"https:\/\/www.biologix.com.br\/en\/2020\/03\/27\/apneia-do-sono-na-gestacao-pode-prejudicar-a-mae-e-o-bebe\/\" target=&quot;_blank&quot;>\n\t\t\t\tApneia do sono na gesta\u00e7\u00e3o pode prejudicar a m\u00e3e e o beb\u00ea<br><span class='secondary-title'>Saiba como a apneia do sono pode prejudicar seu beb\u00ea<\/span>\t\t\t<\/a>\n\t\t<\/h2>\n\t\t\t\t<div class=\"elementor-post__meta-data\">\n\t\t\t\t\t<span class=\"elementor-post-date\">\n\t\t\t27 de March de 2020\t\t<\/span>\n\t\t\t\t<\/div>\n\t\t\t\t<div class=\"elementor-post__excerpt\">\n\t\t\t<p>Se voc\u00ea sente que seu sono est\u00e1 piorando \u00e0 medida que sua gravidez progride e anda acordando cansada, voc\u00ea pode<\/p>\n\t\t<\/div>\n\t\t\n\t\t<a class=\"elementor-post__read-more\" href=\"https:\/\/www.biologix.com.br\/en\/2020\/03\/27\/apneia-do-sono-na-gestacao-pode-prejudicar-a-mae-e-o-bebe\/\" aria-label=\"Read more about Apneia do sono na gesta\u00e7\u00e3o pode prejudicar a m\u00e3e e o beb\u00ea&lt;br&gt;&lt;span class=&#039;secondary-title&#039;&gt;Saiba como a apneia do sono pode prejudicar seu beb\u00ea&lt;\/span&gt;\" tabindex=\"-1\" target=\"_blank\">\n\t\t\tver mais \u00bb\t\t<\/a>\n\n\t\t\t\t<\/div>\n\t\t\t\t<\/article>\n\t\t\t\t<article class=\"elementor-post elementor-grid-item post-2290 post type-post status-publish format-standard has-post-thumbnail hentry category-paciente tag-biologix tag-coronavirus tag-covid-19 tag-oximetro tag-pneumonia\" role=\"listitem\">\n\t\t\t\t<a class=\"elementor-post__thumbnail__link\" href=\"https:\/\/www.biologix.com.br\/en\/2020\/04\/24\/artigo-do-new-york-times-reforca-a-importancia-do-oximetro-no-monitoramento-de-pacientes-com-covid-19\/\" tabindex=\"-1\" target=&quot;_blank&quot;>\n\t\t\t<div class=\"elementor-post__thumbnail\"><img loading=\"lazy\" decoding=\"async\" width=\"300\" height=\"117\" src=\"https:\/\/www.biologix.com.br\/wp-content\/uploads\/2020\/04\/artigo-do-new-york-times-reforca-a-importancia-do-oximetro-no-monitoramento-de-pacientes-com-covid-19-300x117.jpg\" class=\"attachment-medium size-medium wp-image-2318\" alt=\"importancia-de-monitoramento-de-pacientes-com-covid19-covid-19-epidemia-pandemia2020\" srcset=\"https:\/\/www.biologix.com.br\/wp-content\/uploads\/2020\/04\/artigo-do-new-york-times-reforca-a-importancia-do-oximetro-no-monitoramento-de-pacientes-com-covid-19-300x117.jpg 300w, https:\/\/www.biologix.com.br\/wp-content\/uploads\/2020\/04\/artigo-do-new-york-times-reforca-a-importancia-do-oximetro-no-monitoramento-de-pacientes-com-covid-19-1024x400.jpg 1024w, https:\/\/www.biologix.com.br\/wp-content\/uploads\/2020\/04\/artigo-do-new-york-times-reforca-a-importancia-do-oximetro-no-monitoramento-de-pacientes-com-covid-19-768x300.jpg 768w, https:\/\/www.biologix.com.br\/wp-content\/uploads\/2020\/04\/artigo-do-new-york-times-reforca-a-importancia-do-oximetro-no-monitoramento-de-pacientes-com-covid-19.jpg 1280w\" sizes=\"(max-width: 300px) 100vw, 300px\" \/><\/div>\n\t\t<\/a>\n\t\t\t\t<div class=\"elementor-post__text\">\n\t\t\t\t<h2 class=\"elementor-post__title\">\n\t\t\t<a href=\"https:\/\/www.biologix.com.br\/en\/2020\/04\/24\/artigo-do-new-york-times-reforca-a-importancia-do-oximetro-no-monitoramento-de-pacientes-com-covid-19\/\" target=&quot;_blank&quot;>\n\t\t\t\tA import\u00e2ncia do ox\u00edmetro para o monitoramento remoto da satura\u00e7\u00e3o do oxig\u00eanio<br><span class='secondary-title'>Artigo do New York Times refor\u00e7a a import\u00e2ncia do ox\u00edmetro no monitoramento de pacientes com Covid-19<\/span>\t\t\t<\/a>\n\t\t<\/h2>\n\t\t\t\t<div class=\"elementor-post__meta-data\">\n\t\t\t\t\t<span class=\"elementor-post-date\">\n\t\t\t24 de April de 2020\t\t<\/span>\n\t\t\t\t<\/div>\n\t\t\t\t<div class=\"elementor-post__excerpt\">\n\t\t\t<p>Um artigo do New York Times, escrito no dia 20 de abril de 2020 pelo Dr. Richard Levitan, m\u00e9dico especialista<\/p>\n\t\t<\/div>\n\t\t\n\t\t<a class=\"elementor-post__read-more\" href=\"https:\/\/www.biologix.com.br\/en\/2020\/04\/24\/artigo-do-new-york-times-reforca-a-importancia-do-oximetro-no-monitoramento-de-pacientes-com-covid-19\/\" aria-label=\"Read more about A import\u00e2ncia do ox\u00edmetro para o monitoramento remoto da satura\u00e7\u00e3o do oxig\u00eanio&lt;br&gt;&lt;span class=&#039;secondary-title&#039;&gt;Artigo do New York Times refor\u00e7a a import\u00e2ncia do ox\u00edmetro no monitoramento de pacientes com Covid-19&lt;\/span&gt;\" tabindex=\"-1\" target=\"_blank\">\n\t\t\tver mais \u00bb\t\t<\/a>\n\n\t\t\t\t<\/div>\n\t\t\t\t<\/article>\n\t\t\t\t<article class=\"elementor-post elementor-grid-item post-1999 post type-post status-publish format-standard has-post-thumbnail hentry category-paciente tag-apneia-central-do-sono tag-apneia-do-sono tag-apneia-mista-do-sono tag-apneia-obstrutiva-do-sono\" role=\"listitem\">\n\t\t\t\t<a class=\"elementor-post__thumbnail__link\" href=\"https:\/\/www.biologix.com.br\/en\/2020\/06\/15\/tipos-de-apneia-do-sono\/\" tabindex=\"-1\" target=&quot;_blank&quot;>\n\t\t\t<div class=\"elementor-post__thumbnail\"><img loading=\"lazy\" decoding=\"async\" width=\"300\" height=\"117\" src=\"https:\/\/www.biologix.com.br\/wp-content\/uploads\/2020\/04\/Layout-Imagem-Blog11-300x117.jpg\" class=\"attachment-medium size-medium wp-image-2008\" alt=\"\" srcset=\"https:\/\/www.biologix.com.br\/wp-content\/uploads\/2020\/04\/Layout-Imagem-Blog11-300x117.jpg 300w, https:\/\/www.biologix.com.br\/wp-content\/uploads\/2020\/04\/Layout-Imagem-Blog11-1024x400.jpg 1024w, https:\/\/www.biologix.com.br\/wp-content\/uploads\/2020\/04\/Layout-Imagem-Blog11-768x300.jpg 768w, https:\/\/www.biologix.com.br\/wp-content\/uploads\/2020\/04\/Layout-Imagem-Blog11.jpg 1280w\" sizes=\"(max-width: 300px) 100vw, 300px\" \/><\/div>\n\t\t<\/a>\n\t\t\t\t<div class=\"elementor-post__text\">\n\t\t\t\t<h2 class=\"elementor-post__title\">\n\t\t\t<a href=\"https:\/\/www.biologix.com.br\/en\/2020\/06\/15\/tipos-de-apneia-do-sono\/\" target=&quot;_blank&quot;>\n\t\t\t\tTipos de apneia do sono<br><span class='secondary-title'>Saiba quais s\u00e3o os tipos de apneia do sono<\/span>\t\t\t<\/a>\n\t\t<\/h2>\n\t\t\t\t<div class=\"elementor-post__meta-data\">\n\t\t\t\t\t<span class=\"elementor-post-date\">\n\t\t\t15 de June de 2020\t\t<\/span>\n\t\t\t\t<\/div>\n\t\t\t\t<div class=\"elementor-post__excerpt\">\n\t\t\t<p>Voc\u00ea j\u00e1 sabe que a apneia do sono \u00e9 um dist\u00farbio do sono potencialmente grave em que a pessoa para<\/p>\n\t\t<\/div>\n\t\t\n\t\t<a class=\"elementor-post__read-more\" href=\"https:\/\/www.biologix.com.br\/en\/2020\/06\/15\/tipos-de-apneia-do-sono\/\" aria-label=\"Read more about Tipos de apneia do sono&lt;br&gt;&lt;span class=&#039;secondary-title&#039;&gt;Saiba quais s\u00e3o os tipos de apneia do sono&lt;\/span&gt;\" tabindex=\"-1\" target=\"_blank\">\n\t\t\tver mais \u00bb\t\t<\/a>\n\n\t\t\t\t<\/div>\n\t\t\t\t<\/article>\n\t\t\t\t<article class=\"elementor-post elementor-grid-item post-2790 post type-post status-publish format-standard has-post-thumbnail hentry category-paciente tag-apneia tag-apneia-do-sono tag-cansaco tag-ronco tag-ronco-alto-e-frequente tag-sono tag-sonolencia\" role=\"listitem\">\n\t\t\t\t<a class=\"elementor-post__thumbnail__link\" href=\"https:\/\/www.biologix.com.br\/en\/2020\/07\/01\/sonolencia-excessiva-diurna\/\" tabindex=\"-1\" target=&quot;_blank&quot;>\n\t\t\t<div class=\"elementor-post__thumbnail\"><img loading=\"lazy\" decoding=\"async\" width=\"300\" height=\"117\" src=\"https:\/\/www.biologix.com.br\/wp-content\/uploads\/2020\/07\/sonolencia-excessiva-diurna-300x117.jpg\" class=\"attachment-medium size-medium wp-image-2847\" alt=\"sonolencia-excessiva-diurna-cansaco-hipersonia-incapacidade-da-pessoa-se-manter-acordada\" srcset=\"https:\/\/www.biologix.com.br\/wp-content\/uploads\/2020\/07\/sonolencia-excessiva-diurna-300x117.jpg 300w, https:\/\/www.biologix.com.br\/wp-content\/uploads\/2020\/07\/sonolencia-excessiva-diurna-1024x400.jpg 1024w, https:\/\/www.biologix.com.br\/wp-content\/uploads\/2020\/07\/sonolencia-excessiva-diurna-768x300.jpg 768w, https:\/\/www.biologix.com.br\/wp-content\/uploads\/2020\/07\/sonolencia-excessiva-diurna.jpg 1280w\" sizes=\"(max-width: 300px) 100vw, 300px\" \/><\/div>\n\t\t<\/a>\n\t\t\t\t<div class=\"elementor-post__text\">\n\t\t\t\t<h2 class=\"elementor-post__title\">\n\t\t\t<a href=\"https:\/\/www.biologix.com.br\/en\/2020\/07\/01\/sonolencia-excessiva-diurna\/\" target=&quot;_blank&quot;>\n\t\t\t\tSonol\u00eancia diurna excessiva<br><span class='secondary-title'>A import\u00e2ncia de diagnosticar a causa da sonol\u00eancia diurna<\/span>\t\t\t<\/a>\n\t\t<\/h2>\n\t\t\t\t<div class=\"elementor-post__meta-data\">\n\t\t\t\t\t<span class=\"elementor-post-date\">\n\t\t\t1 de July de 2020\t\t<\/span>\n\t\t\t\t<\/div>\n\t\t\t\t<div class=\"elementor-post__excerpt\">\n\t\t\t<p>A sonol\u00eancia diurna excessiva \u00e9 uma queixa recorrente e com grande impacto na qualidade de vida e na produtividade no<\/p>\n\t\t<\/div>\n\t\t\n\t\t<a class=\"elementor-post__read-more\" href=\"https:\/\/www.biologix.com.br\/en\/2020\/07\/01\/sonolencia-excessiva-diurna\/\" aria-label=\"Read more about Sonol\u00eancia diurna excessiva&lt;br&gt;&lt;span class=&#039;secondary-title&#039;&gt;A import\u00e2ncia de diagnosticar a causa da sonol\u00eancia diurna&lt;\/span&gt;\" tabindex=\"-1\" target=\"_blank\">\n\t\t\tver mais \u00bb\t\t<\/a>\n\n\t\t\t\t<\/div>\n\t\t\t\t<\/article>\n\t\t\t\t<article class=\"elementor-post elementor-grid-item post-2017 post type-post status-publish format-standard has-post-thumbnail hentry category-paciente tag-apneia-do-sono tag-bruxismo tag-bruxismo-do-sono tag-dentista tag-polissonografia\" role=\"listitem\">\n\t\t\t\t<a class=\"elementor-post__thumbnail__link\" href=\"https:\/\/www.biologix.com.br\/en\/2020\/07\/03\/bruxismo-do-sono\/\" tabindex=\"-1\" target=&quot;_blank&quot;>\n\t\t\t<div class=\"elementor-post__thumbnail\"><img loading=\"lazy\" decoding=\"async\" width=\"300\" height=\"117\" src=\"https:\/\/www.biologix.com.br\/wp-content\/uploads\/2020\/04\/Layout-Imagem-Blog-copiar005-300x117.jpg\" class=\"attachment-medium size-medium wp-image-2147\" alt=\"\" srcset=\"https:\/\/www.biologix.com.br\/wp-content\/uploads\/2020\/04\/Layout-Imagem-Blog-copiar005-300x117.jpg 300w, https:\/\/www.biologix.com.br\/wp-content\/uploads\/2020\/04\/Layout-Imagem-Blog-copiar005-1024x400.jpg 1024w, https:\/\/www.biologix.com.br\/wp-content\/uploads\/2020\/04\/Layout-Imagem-Blog-copiar005-768x300.jpg 768w, https:\/\/www.biologix.com.br\/wp-content\/uploads\/2020\/04\/Layout-Imagem-Blog-copiar005.jpg 1280w\" sizes=\"(max-width: 300px) 100vw, 300px\" \/><\/div>\n\t\t<\/a>\n\t\t\t\t<div class=\"elementor-post__text\">\n\t\t\t\t<h2 class=\"elementor-post__title\">\n\t\t\t<a href=\"https:\/\/www.biologix.com.br\/en\/2020\/07\/03\/bruxismo-do-sono\/\" target=&quot;_blank&quot;>\n\t\t\t\tBruxismo do Sono: tudo o que voc\u00ea precisa saber<br><span class='secondary-title'>Conhe\u00e7as as causas e os sintomas do bruxismo do sono<\/span>\t\t\t<\/a>\n\t\t<\/h2>\n\t\t\t\t<div class=\"elementor-post__meta-data\">\n\t\t\t\t\t<span class=\"elementor-post-date\">\n\t\t\t3 de July de 2020\t\t<\/span>\n\t\t\t\t<\/div>\n\t\t\t\t<div class=\"elementor-post__excerpt\">\n\t\t\t<p>Algu\u00e9m j\u00e1 reclamou que voc\u00ea faz ru\u00eddos enquanto dorme? Voc\u00ea pode ter bruxismo.<\/p>\n\t\t<\/div>\n\t\t\n\t\t<a class=\"elementor-post__read-more\" href=\"https:\/\/www.biologix.com.br\/en\/2020\/07\/03\/bruxismo-do-sono\/\" aria-label=\"Read more about Bruxismo do Sono: tudo o que voc\u00ea precisa saber&lt;br&gt;&lt;span class=&#039;secondary-title&#039;&gt;Conhe\u00e7as as causas e os sintomas do bruxismo do sono&lt;\/span&gt;\" tabindex=\"-1\" target=\"_blank\">\n\t\t\tver mais \u00bb\t\t<\/a>\n\n\t\t\t\t<\/div>\n\t\t\t\t<\/article>\n\t\t\t\t<article class=\"elementor-post elementor-grid-item post-2115 post type-post status-publish format-standard has-post-thumbnail hentry category-paciente tag-apneia-do-sono tag-dormir-melhor tag-estresse tag-polissonografia tag-rotina-do-sono\" role=\"listitem\">\n\t\t\t\t<a class=\"elementor-post__thumbnail__link\" href=\"https:\/\/www.biologix.com.br\/en\/2020\/07\/09\/dormir-separado-melhora-o-sono-do-casal-36-das-pessoas-fazem-isso\/\" tabindex=\"-1\" target=&quot;_blank&quot;>\n\t\t\t<div class=\"elementor-post__thumbnail\"><img loading=\"lazy\" decoding=\"async\" width=\"300\" height=\"117\" src=\"https:\/\/www.biologix.com.br\/wp-content\/uploads\/2020\/04\/Layout-Imagem-Blog-copiar007-300x117.jpg\" class=\"attachment-medium size-medium wp-image-2148\" alt=\"\" srcset=\"https:\/\/www.biologix.com.br\/wp-content\/uploads\/2020\/04\/Layout-Imagem-Blog-copiar007-300x117.jpg 300w, https:\/\/www.biologix.com.br\/wp-content\/uploads\/2020\/04\/Layout-Imagem-Blog-copiar007-1024x400.jpg 1024w, https:\/\/www.biologix.com.br\/wp-content\/uploads\/2020\/04\/Layout-Imagem-Blog-copiar007-768x300.jpg 768w, https:\/\/www.biologix.com.br\/wp-content\/uploads\/2020\/04\/Layout-Imagem-Blog-copiar007.jpg 1280w\" sizes=\"(max-width: 300px) 100vw, 300px\" \/><\/div>\n\t\t<\/a>\n\t\t\t\t<div class=\"elementor-post__text\">\n\t\t\t\t<h2 class=\"elementor-post__title\">\n\t\t\t<a href=\"https:\/\/www.biologix.com.br\/en\/2020\/07\/09\/dormir-separado-melhora-o-sono-do-casal-36-das-pessoas-fazem-isso\/\" target=&quot;_blank&quot;>\n\t\t\t\tDormir separado melhora a qualidade do sono do casal?<br><span class='secondary-title'>Pesquisa anual sobre o sono revela tend\u00eancia: 36% dos casais preferem dormir separados<\/span>\t\t\t<\/a>\n\t\t<\/h2>\n\t\t\t\t<div class=\"elementor-post__meta-data\">\n\t\t\t\t\t<span class=\"elementor-post-date\">\n\t\t\t9 de July de 2020\t\t<\/span>\n\t\t\t\t<\/div>\n\t\t\t\t<div class=\"elementor-post__excerpt\">\n\t\t\t<p>Est\u00e1 cada vez mais comum casais dormirem separados, de acordo com a 5\u00aa Pesquisa Anual sobre o sono publicada no<\/p>\n\t\t<\/div>\n\t\t\n\t\t<a class=\"elementor-post__read-more\" href=\"https:\/\/www.biologix.com.br\/en\/2020\/07\/09\/dormir-separado-melhora-o-sono-do-casal-36-das-pessoas-fazem-isso\/\" aria-label=\"Read more about Dormir separado melhora a qualidade do sono do casal?&lt;br&gt;&lt;span class=&#039;secondary-title&#039;&gt;Pesquisa anual sobre o sono revela tend\u00eancia: 36% dos casais preferem dormir separados&lt;\/span&gt;\" tabindex=\"-1\" target=\"_blank\">\n\t\t\tver mais \u00bb\t\t<\/a>\n\n\t\t\t\t<\/div>\n\t\t\t\t<\/article>\n\t\t\t\t<article class=\"elementor-post elementor-grid-item post-3042 post type-post status-publish format-standard has-post-thumbnail hentry category-paciente tag-apneia-obstrutiva-do-sono tag-dificuldade-para-dormir tag-dormir-melhor tag-insonia tag-saude tag-sono\" role=\"listitem\">\n\t\t\t\t<a class=\"elementor-post__thumbnail__link\" href=\"https:\/\/www.biologix.com.br\/en\/2020\/07\/13\/impacto-dos-disturbios-do-sono-sobre-a-qualidade-de-vida\/\" tabindex=\"-1\" target=&quot;_blank&quot;>\n\t\t\t<div class=\"elementor-post__thumbnail\"><img loading=\"lazy\" decoding=\"async\" width=\"300\" height=\"117\" src=\"https:\/\/www.biologix.com.br\/wp-content\/uploads\/2020\/07\/impacto-dos-disturbios-do-sono-sobre-a-qualidade-de-vida-300x117.jpg\" class=\"attachment-medium size-medium wp-image-3047\" alt=\"\" srcset=\"https:\/\/www.biologix.com.br\/wp-content\/uploads\/2020\/07\/impacto-dos-disturbios-do-sono-sobre-a-qualidade-de-vida-300x117.jpg 300w, https:\/\/www.biologix.com.br\/wp-content\/uploads\/2020\/07\/impacto-dos-disturbios-do-sono-sobre-a-qualidade-de-vida-1024x400.jpg 1024w, https:\/\/www.biologix.com.br\/wp-content\/uploads\/2020\/07\/impacto-dos-disturbios-do-sono-sobre-a-qualidade-de-vida-768x300.jpg 768w, https:\/\/www.biologix.com.br\/wp-content\/uploads\/2020\/07\/impacto-dos-disturbios-do-sono-sobre-a-qualidade-de-vida.jpg 1280w\" sizes=\"(max-width: 300px) 100vw, 300px\" \/><\/div>\n\t\t<\/a>\n\t\t\t\t<div class=\"elementor-post__text\">\n\t\t\t\t<h2 class=\"elementor-post__title\">\n\t\t\t<a href=\"https:\/\/www.biologix.com.br\/en\/2020\/07\/13\/impacto-dos-disturbios-do-sono-sobre-a-qualidade-de-vida\/\" target=&quot;_blank&quot;>\n\t\t\t\tImpacto dos dist\u00farbios do sono na qualidade de vida<br><span class='secondary-title'>Saiba mais sobre as varia\u00e7\u00f5es do sono no decorrer da vida e qual o impacto disso<\/span>\t\t\t<\/a>\n\t\t<\/h2>\n\t\t\t\t<div class=\"elementor-post__meta-data\">\n\t\t\t\t\t<span class=\"elementor-post-date\">\n\t\t\t13 de July de 2020\t\t<\/span>\n\t\t\t\t<\/div>\n\t\t\t\t<div class=\"elementor-post__excerpt\">\n\t\t\t<p>Os dist\u00farbios do sono provocam diversas consequ\u00eancias na vida das pessoas por diminuir sua produtividade di\u00e1ria, aumentar os riscos a<\/p>\n\t\t<\/div>\n\t\t\n\t\t<a class=\"elementor-post__read-more\" href=\"https:\/\/www.biologix.com.br\/en\/2020\/07\/13\/impacto-dos-disturbios-do-sono-sobre-a-qualidade-de-vida\/\" aria-label=\"Read more about Impacto dos dist\u00farbios do sono na qualidade de vida&lt;br&gt;&lt;span class=&#039;secondary-title&#039;&gt;Saiba mais sobre as varia\u00e7\u00f5es do sono no decorrer da vida e qual o impacto disso&lt;\/span&gt;\" tabindex=\"-1\" target=\"_blank\">\n\t\t\tver mais \u00bb\t\t<\/a>\n\n\t\t\t\t<\/div>\n\t\t\t\t<\/article>\n\t\t\t\t<article class=\"elementor-post elementor-grid-item post-2004 post type-post status-publish format-standard has-post-thumbnail hentry category-paciente tag-apneia-do-sono tag-atestado-medico tag-cansaco tag-enxaqueca tag-produtividade tag-sono tag-sonolencia\" role=\"listitem\">\n\t\t\t\t<a class=\"elementor-post__thumbnail__link\" href=\"https:\/\/www.biologix.com.br\/en\/2020\/07\/17\/a-influencia-do-sono-sobre-seu-desempenho-no-trabalho\/\" tabindex=\"-1\" target=&quot;_blank&quot;>\n\t\t\t<div class=\"elementor-post__thumbnail\"><img loading=\"lazy\" decoding=\"async\" width=\"300\" height=\"117\" src=\"https:\/\/www.biologix.com.br\/wp-content\/uploads\/2020\/04\/Layout-Imagem-Blog10-300x117.jpg\" class=\"attachment-medium size-medium wp-image-2007\" alt=\"\" srcset=\"https:\/\/www.biologix.com.br\/wp-content\/uploads\/2020\/04\/Layout-Imagem-Blog10-300x117.jpg 300w, https:\/\/www.biologix.com.br\/wp-content\/uploads\/2020\/04\/Layout-Imagem-Blog10-1024x400.jpg 1024w, https:\/\/www.biologix.com.br\/wp-content\/uploads\/2020\/04\/Layout-Imagem-Blog10-768x300.jpg 768w, https:\/\/www.biologix.com.br\/wp-content\/uploads\/2020\/04\/Layout-Imagem-Blog10.jpg 1280w\" sizes=\"(max-width: 300px) 100vw, 300px\" \/><\/div>\n\t\t<\/a>\n\t\t\t\t<div class=\"elementor-post__text\">\n\t\t\t\t<h2 class=\"elementor-post__title\">\n\t\t\t<a href=\"https:\/\/www.biologix.com.br\/en\/2020\/07\/17\/a-influencia-do-sono-sobre-seu-desempenho-no-trabalho\/\" target=&quot;_blank&quot;>\n\t\t\t\tA influ\u00eancia do sono sobre seu desempenho no trabalho<br><span class='secondary-title'>Confira a import\u00e2ncia do sono e as consequ\u00eancias de noites mal dormidas<\/span>\t\t\t<\/a>\n\t\t<\/h2>\n\t\t\t\t<div class=\"elementor-post__meta-data\">\n\t\t\t\t\t<span class=\"elementor-post-date\">\n\t\t\t17 de July de 2020\t\t<\/span>\n\t\t\t\t<\/div>\n\t\t\t\t<div class=\"elementor-post__excerpt\">\n\t\t\t<p>Quando nos sentimos improdutivos e cansados, fica dif\u00edcil realizar as tarefas com efici\u00eancia. Quem nunca sentiu os efeitos de uma<\/p>\n\t\t<\/div>\n\t\t\n\t\t<a class=\"elementor-post__read-more\" href=\"https:\/\/www.biologix.com.br\/en\/2020\/07\/17\/a-influencia-do-sono-sobre-seu-desempenho-no-trabalho\/\" aria-label=\"Read more about A influ\u00eancia do sono sobre seu desempenho no trabalho&lt;br&gt;&lt;span class=&#039;secondary-title&#039;&gt;Confira a import\u00e2ncia do sono e as consequ\u00eancias de noites mal dormidas&lt;\/span&gt;\" tabindex=\"-1\" target=\"_blank\">\n\t\t\tver mais \u00bb\t\t<\/a>\n\n\t\t\t\t<\/div>\n\t\t\t\t<\/article>\n\t\t\t\t<article class=\"elementor-post elementor-grid-item post-3056 post type-post status-publish format-standard has-post-thumbnail hentry category-paciente tag-apneia tag-apneia-do-sono tag-apneia-obstrutiva-do-sono tag-envelhecimento\" role=\"listitem\">\n\t\t\t\t<a class=\"elementor-post__thumbnail__link\" href=\"https:\/\/www.biologix.com.br\/en\/2020\/07\/22\/apneia-do-sono-em-idosos\/\" tabindex=\"-1\" target=&quot;_blank&quot;>\n\t\t\t<div class=\"elementor-post__thumbnail\"><img loading=\"lazy\" decoding=\"async\" width=\"300\" height=\"117\" src=\"https:\/\/www.biologix.com.br\/wp-content\/uploads\/2020\/07\/apneia-do-sono-em-idosos-300x117.jpg\" class=\"attachment-medium size-medium wp-image-3061\" alt=\"\" srcset=\"https:\/\/www.biologix.com.br\/wp-content\/uploads\/2020\/07\/apneia-do-sono-em-idosos-300x117.jpg 300w, https:\/\/www.biologix.com.br\/wp-content\/uploads\/2020\/07\/apneia-do-sono-em-idosos-1024x400.jpg 1024w, https:\/\/www.biologix.com.br\/wp-content\/uploads\/2020\/07\/apneia-do-sono-em-idosos-768x300.jpg 768w, https:\/\/www.biologix.com.br\/wp-content\/uploads\/2020\/07\/apneia-do-sono-em-idosos.jpg 1280w\" sizes=\"(max-width: 300px) 100vw, 300px\" \/><\/div>\n\t\t<\/a>\n\t\t\t\t<div class=\"elementor-post__text\">\n\t\t\t\t<h2 class=\"elementor-post__title\">\n\t\t\t<a href=\"https:\/\/www.biologix.com.br\/en\/2020\/07\/22\/apneia-do-sono-em-idosos\/\" target=&quot;_blank&quot;>\n\t\t\t\tApneia do sono em idosos<br><span class='secondary-title'>Mudan\u00e7as que o envelhecimento traz e a rela\u00e7\u00e3o com a apneia do sono.<\/span>\t\t\t<\/a>\n\t\t<\/h2>\n\t\t\t\t<div class=\"elementor-post__meta-data\">\n\t\t\t\t\t<span class=\"elementor-post-date\">\n\t\t\t22 de July de 2020\t\t<\/span>\n\t\t\t\t<\/div>\n\t\t\t\t<div class=\"elementor-post__excerpt\">\n\t\t\t<p>Ao longo do processo de envelhecimento, ocorrem mudan\u00e7as psicol\u00f3gicas, sociais e f\u00edsicas. Nas mudan\u00e7as f\u00edsicas destaca-se o padr\u00e3o de sono,<\/p>\n\t\t<\/div>\n\t\t\n\t\t<a class=\"elementor-post__read-more\" href=\"https:\/\/www.biologix.com.br\/en\/2020\/07\/22\/apneia-do-sono-em-idosos\/\" aria-label=\"Read more about Apneia do sono em idosos&lt;br&gt;&lt;span class=&#039;secondary-title&#039;&gt;Mudan\u00e7as que o envelhecimento traz e a rela\u00e7\u00e3o com a apneia do sono.&lt;\/span&gt;\" tabindex=\"-1\" target=\"_blank\">\n\t\t\tver mais \u00bb\t\t<\/a>\n\n\t\t\t\t<\/div>\n\t\t\t\t<\/article>\n\t\t\t\t<article class=\"elementor-post elementor-grid-item post-3066 post type-post status-publish format-standard has-post-thumbnail hentry category-paciente tag-coronavirus tag-covid-19 tag-kickante tag-monitoramento-remoto tag-oximetro-2\" role=\"listitem\">\n\t\t\t\t<a class=\"elementor-post__thumbnail__link\" href=\"https:\/\/www.biologix.com.br\/en\/2020\/07\/24\/trabalho-conjunto-entre-biologix-e-einstein-leva-mais-cuidados-a-pacientes-com-a-covid-19-em-paraisopolis\/\" tabindex=\"-1\" target=&quot;_blank&quot;>\n\t\t\t<div class=\"elementor-post__thumbnail\"><img loading=\"lazy\" decoding=\"async\" width=\"300\" height=\"117\" src=\"https:\/\/www.biologix.com.br\/wp-content\/uploads\/2020\/07\/paraisopolis-acao-biologix-300x117.jpg\" class=\"attachment-medium size-medium wp-image-3069\" alt=\"\" srcset=\"https:\/\/www.biologix.com.br\/wp-content\/uploads\/2020\/07\/paraisopolis-acao-biologix-300x117.jpg 300w, https:\/\/www.biologix.com.br\/wp-content\/uploads\/2020\/07\/paraisopolis-acao-biologix-768x300.jpg 768w, https:\/\/www.biologix.com.br\/wp-content\/uploads\/2020\/07\/paraisopolis-acao-biologix.jpg 800w\" sizes=\"(max-width: 300px) 100vw, 300px\" \/><\/div>\n\t\t<\/a>\n\t\t\t\t<div class=\"elementor-post__text\">\n\t\t\t\t<h2 class=\"elementor-post__title\">\n\t\t\t<a href=\"https:\/\/www.biologix.com.br\/en\/2020\/07\/24\/trabalho-conjunto-entre-biologix-e-einstein-leva-mais-cuidados-a-pacientes-com-a-covid-19-em-paraisopolis\/\" target=&quot;_blank&quot;>\n\t\t\t\tTrabalho conjunto entre Biologix e Einstein leva mais cuidados a pacientes com Covid-19 em Parais\u00f3polis<br><span class='secondary-title'>Isolados para evitar dissemina\u00e7\u00e3o da doen\u00e7a, pacientes s\u00e3o monitorados por sistema de acompanhamento m\u00e9dico remoto<\/span>\t\t\t<\/a>\n\t\t<\/h2>\n\t\t\t\t<div class=\"elementor-post__meta-data\">\n\t\t\t\t\t<span class=\"elementor-post-date\">\n\t\t\t24 de July de 2020\t\t<\/span>\n\t\t\t\t<\/div>\n\t\t\t\t<div class=\"elementor-post__excerpt\">\n\t\t\t<p>Moradores da comunidade de Parais\u00f3polis, na capital paulista, infectados pela Covid-19 est\u00e3o recebendo uma aten\u00e7\u00e3o especial para monitorar seu quadro<\/p>\n\t\t<\/div>\n\t\t\n\t\t<a class=\"elementor-post__read-more\" href=\"https:\/\/www.biologix.com.br\/en\/2020\/07\/24\/trabalho-conjunto-entre-biologix-e-einstein-leva-mais-cuidados-a-pacientes-com-a-covid-19-em-paraisopolis\/\" aria-label=\"Read more about Trabalho conjunto entre Biologix e Einstein leva mais cuidados a pacientes com Covid-19 em Parais\u00f3polis&lt;br&gt;&lt;span class=&#039;secondary-title&#039;&gt;Isolados para evitar dissemina\u00e7\u00e3o da doen\u00e7a, pacientes s\u00e3o monitorados por sistema de acompanhamento m\u00e9dico remoto&lt;\/span&gt;\" tabindex=\"-1\" target=\"_blank\">\n\t\t\tver mais \u00bb\t\t<\/a>\n\n\t\t\t\t<\/div>\n\t\t\t\t<\/article>\n\t\t\t\t<article class=\"elementor-post elementor-grid-item post-3113 post type-post status-publish format-standard has-post-thumbnail hentry category-paciente tag-apneia-do-sono tag-apneiaobstrutivadosono tag-autismo tag-disturbios-do-sono-2 tag-ronco tag-sono tag-tea\" role=\"listitem\">\n\t\t\t\t<a class=\"elementor-post__thumbnail__link\" href=\"https:\/\/www.biologix.com.br\/en\/2020\/07\/28\/disturbios-do-sono-e-transtorno-do-espectro-autista\/\" tabindex=\"-1\" target=&quot;_blank&quot;>\n\t\t\t<div class=\"elementor-post__thumbnail\"><img loading=\"lazy\" decoding=\"async\" width=\"300\" height=\"117\" src=\"https:\/\/www.biologix.com.br\/wp-content\/uploads\/2020\/07\/disturbios-do-sono-e-transtorno-do-espectro-autista-300x117.jpg\" class=\"attachment-medium size-medium wp-image-3114\" alt=\"\" srcset=\"https:\/\/www.biologix.com.br\/wp-content\/uploads\/2020\/07\/disturbios-do-sono-e-transtorno-do-espectro-autista-300x117.jpg 300w, https:\/\/www.biologix.com.br\/wp-content\/uploads\/2020\/07\/disturbios-do-sono-e-transtorno-do-espectro-autista-1024x400.jpg 1024w, https:\/\/www.biologix.com.br\/wp-content\/uploads\/2020\/07\/disturbios-do-sono-e-transtorno-do-espectro-autista-768x300.jpg 768w, https:\/\/www.biologix.com.br\/wp-content\/uploads\/2020\/07\/disturbios-do-sono-e-transtorno-do-espectro-autista.jpg 1280w\" sizes=\"(max-width: 300px) 100vw, 300px\" \/><\/div>\n\t\t<\/a>\n\t\t\t\t<div class=\"elementor-post__text\">\n\t\t\t\t<h2 class=\"elementor-post__title\">\n\t\t\t<a href=\"https:\/\/www.biologix.com.br\/en\/2020\/07\/28\/disturbios-do-sono-e-transtorno-do-espectro-autista\/\" target=&quot;_blank&quot;>\n\t\t\t\tDist\u00farbios do sono e transtorno do espectro autista<br><span class='secondary-title'>Entenda a rela\u00e7\u00e3o entre autismo e dist\u00farbios do sono<\/span>\t\t\t<\/a>\n\t\t<\/h2>\n\t\t\t\t<div class=\"elementor-post__meta-data\">\n\t\t\t\t\t<span class=\"elementor-post-date\">\n\t\t\t28 de July de 2020\t\t<\/span>\n\t\t\t\t<\/div>\n\t\t\t\t<div class=\"elementor-post__excerpt\">\n\t\t\t<p>Segundo a Scientific American, \u201cpelo menos metade das crian\u00e7as com autismo luta para adormecer ou continuar a dormir, e pesquisas<\/p>\n\t\t<\/div>\n\t\t\n\t\t<a class=\"elementor-post__read-more\" href=\"https:\/\/www.biologix.com.br\/en\/2020\/07\/28\/disturbios-do-sono-e-transtorno-do-espectro-autista\/\" aria-label=\"Read more about Dist\u00farbios do sono e transtorno do espectro autista&lt;br&gt;&lt;span class=&#039;secondary-title&#039;&gt;Entenda a rela\u00e7\u00e3o entre autismo e dist\u00farbios do sono&lt;\/span&gt;\" tabindex=\"-1\" target=\"_blank\">\n\t\t\tver mais \u00bb\t\t<\/a>\n\n\t\t\t\t<\/div>\n\t\t\t\t<\/article>\n\t\t\t\t<article class=\"elementor-post elementor-grid-item post-3074 post type-post status-publish format-standard has-post-thumbnail hentry category-fisio category-profissional-de-saude tag-cpap tag-fisioterapia tag-fisioterapia-respiratoria tag-pap tag-sono\" role=\"listitem\">\n\t\t\t\t<a class=\"elementor-post__thumbnail__link\" href=\"https:\/\/www.biologix.com.br\/en\/2020\/07\/28\/como-o-fisioterapeuta-atua-no-sono\/\" tabindex=\"-1\" target=&quot;_blank&quot;>\n\t\t\t<div class=\"elementor-post__thumbnail\"><img loading=\"lazy\" decoding=\"async\" width=\"300\" height=\"117\" src=\"https:\/\/www.biologix.com.br\/wp-content\/uploads\/2021\/05\/capa-blog-como-o-fisioterapeuta-atua-no-sono-300x117.jpg\" class=\"attachment-medium size-medium wp-image-11543\" alt=\"\" srcset=\"https:\/\/www.biologix.com.br\/wp-content\/uploads\/2021\/05\/capa-blog-como-o-fisioterapeuta-atua-no-sono-300x117.jpg 300w, https:\/\/www.biologix.com.br\/wp-content\/uploads\/2021\/05\/capa-blog-como-o-fisioterapeuta-atua-no-sono-1024x400.jpg 1024w, https:\/\/www.biologix.com.br\/wp-content\/uploads\/2021\/05\/capa-blog-como-o-fisioterapeuta-atua-no-sono-768x300.jpg 768w, https:\/\/www.biologix.com.br\/wp-content\/uploads\/2021\/05\/capa-blog-como-o-fisioterapeuta-atua-no-sono-18x7.jpg 18w, https:\/\/www.biologix.com.br\/wp-content\/uploads\/2021\/05\/capa-blog-como-o-fisioterapeuta-atua-no-sono.jpg 1280w\" sizes=\"(max-width: 300px) 100vw, 300px\" \/><\/div>\n\t\t<\/a>\n\t\t\t\t<div class=\"elementor-post__text\">\n\t\t\t\t<h2 class=\"elementor-post__title\">\n\t\t\t<a href=\"https:\/\/www.biologix.com.br\/en\/2020\/07\/28\/como-o-fisioterapeuta-atua-no-sono\/\" target=&quot;_blank&quot;>\n\t\t\t\tComo o fisioterapeuta atua no sono?<br><span class='secondary-title'>Saiba como o fisioterapeuta pode ajudar no tratamento da apneia do sono<\/span>\t\t\t<\/a>\n\t\t<\/h2>\n\t\t\t\t<div class=\"elementor-post__meta-data\">\n\t\t\t\t\t<span class=\"elementor-post-date\">\n\t\t\t28 de July de 2020\t\t<\/span>\n\t\t\t\t<\/div>\n\t\t\t\t<div class=\"elementor-post__excerpt\">\n\t\t\t<p>Atualmente o fisioterapeuta tem atuado de diversas maneiras na \u00e1rea do sono, tanto na pr\u00e1tica cl\u00ednica quanto na pesquisa. De<\/p>\n\t\t<\/div>\n\t\t\n\t\t<a class=\"elementor-post__read-more\" href=\"https:\/\/www.biologix.com.br\/en\/2020\/07\/28\/como-o-fisioterapeuta-atua-no-sono\/\" aria-label=\"Read more about Como o fisioterapeuta atua no sono?&lt;br&gt;&lt;span class=&#039;secondary-title&#039;&gt;Saiba como o fisioterapeuta pode ajudar no tratamento da apneia do sono&lt;\/span&gt;\" tabindex=\"-1\" target=\"_blank\">\n\t\t\tver mais \u00bb\t\t<\/a>\n\n\t\t\t\t<\/div>\n\t\t\t\t<\/article>\n\t\t\t\t<article class=\"elementor-post elementor-grid-item post-3080 post type-post status-publish format-standard has-post-thumbnail hentry category-fonoaudiologia category-profissional-de-saude tag-apneia tag-apneia-do-sono tag-apneia-obstrutiva-do-sono tag-fonoaudiologia tag-ronco tag-sono\" role=\"listitem\">\n\t\t\t\t<a class=\"elementor-post__thumbnail__link\" href=\"https:\/\/www.biologix.com.br\/en\/2020\/07\/28\/fonoaudiologia-ronco-e-apneia-obstrutiva-do-sono\/\" tabindex=\"-1\" target=&quot;_blank&quot;>\n\t\t\t<div class=\"elementor-post__thumbnail\"><img loading=\"lazy\" decoding=\"async\" width=\"300\" height=\"117\" src=\"https:\/\/www.biologix.com.br\/wp-content\/uploads\/2020\/07\/capa-blog-fonoaudiologia-ronco-e-apneia-obstrutiva-do-sono-300x117.jpg\" class=\"attachment-medium size-medium wp-image-11535\" alt=\"\" srcset=\"https:\/\/www.biologix.com.br\/wp-content\/uploads\/2020\/07\/capa-blog-fonoaudiologia-ronco-e-apneia-obstrutiva-do-sono-300x117.jpg 300w, https:\/\/www.biologix.com.br\/wp-content\/uploads\/2020\/07\/capa-blog-fonoaudiologia-ronco-e-apneia-obstrutiva-do-sono-1024x400.jpg 1024w, https:\/\/www.biologix.com.br\/wp-content\/uploads\/2020\/07\/capa-blog-fonoaudiologia-ronco-e-apneia-obstrutiva-do-sono-768x300.jpg 768w, https:\/\/www.biologix.com.br\/wp-content\/uploads\/2020\/07\/capa-blog-fonoaudiologia-ronco-e-apneia-obstrutiva-do-sono-18x7.jpg 18w, https:\/\/www.biologix.com.br\/wp-content\/uploads\/2020\/07\/capa-blog-fonoaudiologia-ronco-e-apneia-obstrutiva-do-sono.jpg 1280w\" sizes=\"(max-width: 300px) 100vw, 300px\" \/><\/div>\n\t\t<\/a>\n\t\t\t\t<div class=\"elementor-post__text\">\n\t\t\t\t<h2 class=\"elementor-post__title\">\n\t\t\t<a href=\"https:\/\/www.biologix.com.br\/en\/2020\/07\/28\/fonoaudiologia-ronco-e-apneia-obstrutiva-do-sono\/\" target=&quot;_blank&quot;>\n\t\t\t\tFonoaudiologia, ronco e apneia obstrutiva do sono<br><span class='secondary-title'>Entenda o papel do fonoaudi\u00f3logo no tratamento da apneia do sono<\/span>\t\t\t<\/a>\n\t\t<\/h2>\n\t\t\t\t<div class=\"elementor-post__meta-data\">\n\t\t\t\t\t<span class=\"elementor-post-date\">\n\t\t\t28 de July de 2020\t\t<\/span>\n\t\t\t\t<\/div>\n\t\t\t\t<div class=\"elementor-post__excerpt\">\n\t\t\t<p>A fonoaudiologia e o sono possuem uma rela\u00e7\u00e3o mais antiga do que se conhece. Desde o final da d\u00e9cada de<\/p>\n\t\t<\/div>\n\t\t\n\t\t<a class=\"elementor-post__read-more\" href=\"https:\/\/www.biologix.com.br\/en\/2020\/07\/28\/fonoaudiologia-ronco-e-apneia-obstrutiva-do-sono\/\" aria-label=\"Read more about Fonoaudiologia, ronco e apneia obstrutiva do sono&lt;br&gt;&lt;span class=&#039;secondary-title&#039;&gt;Entenda o papel do fonoaudi\u00f3logo no tratamento da apneia do sono&lt;\/span&gt;\" tabindex=\"-1\" target=\"_blank\">\n\t\t\tver mais \u00bb\t\t<\/a>\n\n\t\t\t\t<\/div>\n\t\t\t\t<\/article>\n\t\t\t\t<article class=\"elementor-post elementor-grid-item post-3138 post type-post status-publish format-standard has-post-thumbnail hentry category-odontologia category-profissional-de-saude tag-apneia-do-sono tag-dentista tag-polissonografia tag-sono\" role=\"listitem\">\n\t\t\t\t<a class=\"elementor-post__thumbnail__link\" href=\"https:\/\/www.biologix.com.br\/en\/2020\/07\/30\/cresce-entre-dentistas-uso-de-equipamento-para-monitorar-disturbio-do-sono-dos-pacientes-durante-a-pandemia\/\" tabindex=\"-1\" target=&quot;_blank&quot;>\n\t\t\t<div class=\"elementor-post__thumbnail\"><img loading=\"lazy\" decoding=\"async\" width=\"300\" height=\"117\" src=\"https:\/\/www.biologix.com.br\/wp-content\/uploads\/2022\/12\/capa-blog-odontologia-cresce-entre-dentistas-uso-de-equipamento-para-monitorar-disturbio-do-sono-dos-pacientes-durante-a-pandemia-300x117.jpg\" class=\"attachment-medium size-medium wp-image-11612\" alt=\"\" srcset=\"https:\/\/www.biologix.com.br\/wp-content\/uploads\/2022\/12\/capa-blog-odontologia-cresce-entre-dentistas-uso-de-equipamento-para-monitorar-disturbio-do-sono-dos-pacientes-durante-a-pandemia-300x117.jpg 300w, https:\/\/www.biologix.com.br\/wp-content\/uploads\/2022\/12\/capa-blog-odontologia-cresce-entre-dentistas-uso-de-equipamento-para-monitorar-disturbio-do-sono-dos-pacientes-durante-a-pandemia-1024x400.jpg 1024w, https:\/\/www.biologix.com.br\/wp-content\/uploads\/2022\/12\/capa-blog-odontologia-cresce-entre-dentistas-uso-de-equipamento-para-monitorar-disturbio-do-sono-dos-pacientes-durante-a-pandemia-768x300.jpg 768w, https:\/\/www.biologix.com.br\/wp-content\/uploads\/2022\/12\/capa-blog-odontologia-cresce-entre-dentistas-uso-de-equipamento-para-monitorar-disturbio-do-sono-dos-pacientes-durante-a-pandemia-18x7.jpg 18w, https:\/\/www.biologix.com.br\/wp-content\/uploads\/2022\/12\/capa-blog-odontologia-cresce-entre-dentistas-uso-de-equipamento-para-monitorar-disturbio-do-sono-dos-pacientes-durante-a-pandemia.jpg 1280w\" sizes=\"(max-width: 300px) 100vw, 300px\" \/><\/div>\n\t\t<\/a>\n\t\t\t\t<div class=\"elementor-post__text\">\n\t\t\t\t<h2 class=\"elementor-post__title\">\n\t\t\t<a href=\"https:\/\/www.biologix.com.br\/en\/2020\/07\/30\/cresce-entre-dentistas-uso-de-equipamento-para-monitorar-disturbio-do-sono-dos-pacientes-durante-a-pandemia\/\" target=&quot;_blank&quot;>\n\t\t\t\tCresce entre dentistas uso de equipamento para monitorar dist\u00farbios do sono em pacientes durante a pandemia<br><span class='secondary-title'>Dentistas usam a solu\u00e7\u00e3o Biologix para medir a satura\u00e7\u00e3o do oxig\u00eanio em pacientes que sofrem com ronco e apneia<\/span>\t\t\t<\/a>\n\t\t<\/h2>\n\t\t\t\t<div class=\"elementor-post__meta-data\">\n\t\t\t\t\t<span class=\"elementor-post-date\">\n\t\t\t30 de July de 2020\t\t<\/span>\n\t\t\t\t<\/div>\n\t\t\t\t<div class=\"elementor-post__excerpt\">\n\t\t\t<p>Desde o in\u00edcio da quarentena imposta pela pandemia de Covid-19, t\u00eam crescido no Brasil os relatos de quadros de ansiedade<\/p>\n\t\t<\/div>\n\t\t\n\t\t<a class=\"elementor-post__read-more\" href=\"https:\/\/www.biologix.com.br\/en\/2020\/07\/30\/cresce-entre-dentistas-uso-de-equipamento-para-monitorar-disturbio-do-sono-dos-pacientes-durante-a-pandemia\/\" aria-label=\"Read more about Cresce entre dentistas uso de equipamento para monitorar dist\u00farbios do sono em pacientes durante a pandemia&lt;br&gt;&lt;span class=&#039;secondary-title&#039;&gt;Dentistas usam a solu\u00e7\u00e3o Biologix para medir a satura\u00e7\u00e3o do oxig\u00eanio em pacientes que sofrem com ronco e apneia&lt;\/span&gt;\" tabindex=\"-1\" target=\"_blank\">\n\t\t\tver mais \u00bb\t\t<\/a>\n\n\t\t\t\t<\/div>\n\t\t\t\t<\/article>\n\t\t\t\t<article class=\"elementor-post elementor-grid-item post-3132 post type-post status-publish format-standard has-post-thumbnail hentry category-odontologia category-profissional-de-saude tag-aos-2 tag-apneia tag-apneia-obstrutiva-do-sono tag-dentista tag-odontologia\" role=\"listitem\">\n\t\t\t\t<a class=\"elementor-post__thumbnail__link\" href=\"https:\/\/www.biologix.com.br\/en\/2020\/08\/01\/a-importancia-da-odontologia-na-triagem-e-tratamento-da-apneia-obstrutiva-do-sono\/\" tabindex=\"-1\" target=&quot;_blank&quot;>\n\t\t\t<div class=\"elementor-post__thumbnail\"><img loading=\"lazy\" decoding=\"async\" width=\"300\" height=\"117\" src=\"https:\/\/www.biologix.com.br\/wp-content\/uploads\/2022\/12\/capa-blog-odontologia-a-importancia-da-odontologia-na-triagem-e-tratamento-da-apneia-obstrutiva-do-sono-300x117.jpg\" class=\"attachment-medium size-medium wp-image-11607\" alt=\"\" srcset=\"https:\/\/www.biologix.com.br\/wp-content\/uploads\/2022\/12\/capa-blog-odontologia-a-importancia-da-odontologia-na-triagem-e-tratamento-da-apneia-obstrutiva-do-sono-300x117.jpg 300w, https:\/\/www.biologix.com.br\/wp-content\/uploads\/2022\/12\/capa-blog-odontologia-a-importancia-da-odontologia-na-triagem-e-tratamento-da-apneia-obstrutiva-do-sono-1024x400.jpg 1024w, https:\/\/www.biologix.com.br\/wp-content\/uploads\/2022\/12\/capa-blog-odontologia-a-importancia-da-odontologia-na-triagem-e-tratamento-da-apneia-obstrutiva-do-sono-768x300.jpg 768w, https:\/\/www.biologix.com.br\/wp-content\/uploads\/2022\/12\/capa-blog-odontologia-a-importancia-da-odontologia-na-triagem-e-tratamento-da-apneia-obstrutiva-do-sono-18x7.jpg 18w, https:\/\/www.biologix.com.br\/wp-content\/uploads\/2022\/12\/capa-blog-odontologia-a-importancia-da-odontologia-na-triagem-e-tratamento-da-apneia-obstrutiva-do-sono.jpg 1280w\" sizes=\"(max-width: 300px) 100vw, 300px\" \/><\/div>\n\t\t<\/a>\n\t\t\t\t<div class=\"elementor-post__text\">\n\t\t\t\t<h2 class=\"elementor-post__title\">\n\t\t\t<a href=\"https:\/\/www.biologix.com.br\/en\/2020\/08\/01\/a-importancia-da-odontologia-na-triagem-e-tratamento-da-apneia-obstrutiva-do-sono\/\" target=&quot;_blank&quot;>\n\t\t\t\tA import\u00e2ncia da odontologia na triagem e tratamento da apneia obstrutiva do sono<br><span class='secondary-title'>Saiba como a odontologia atua no tratamento da apneia do sono<\/span>\t\t\t<\/a>\n\t\t<\/h2>\n\t\t\t\t<div class=\"elementor-post__meta-data\">\n\t\t\t\t\t<span class=\"elementor-post-date\">\n\t\t\t1 de August de 2020\t\t<\/span>\n\t\t\t\t<\/div>\n\t\t\t\t<div class=\"elementor-post__excerpt\">\n\t\t\t<p>O sono reparador \u00e9 essencial ao bem-estar. Muitas doen\u00e7as podem ter sua origem ou agravamento devido aos diversos dist\u00farbios do<\/p>\n\t\t<\/div>\n\t\t\n\t\t<a class=\"elementor-post__read-more\" href=\"https:\/\/www.biologix.com.br\/en\/2020\/08\/01\/a-importancia-da-odontologia-na-triagem-e-tratamento-da-apneia-obstrutiva-do-sono\/\" aria-label=\"Read more about A import\u00e2ncia da odontologia na triagem e tratamento da apneia obstrutiva do sono&lt;br&gt;&lt;span class=&#039;secondary-title&#039;&gt;Saiba como a odontologia atua no tratamento da apneia do sono&lt;\/span&gt;\" tabindex=\"-1\" target=\"_blank\">\n\t\t\tver mais \u00bb\t\t<\/a>\n\n\t\t\t\t<\/div>\n\t\t\t\t<\/article>\n\t\t\t\t<article class=\"elementor-post elementor-grid-item post-2109 post type-post status-publish format-standard has-post-thumbnail hentry category-paciente tag-apneia tag-apneia-do-sono tag-parassonia tag-pernas-inquietas tag-polissonografia tag-terror-noturno\" role=\"listitem\">\n\t\t\t\t<a class=\"elementor-post__thumbnail__link\" href=\"https:\/\/www.biologix.com.br\/en\/2020\/08\/04\/disturbio-do-sono-infantil\/\" tabindex=\"-1\" target=&quot;_blank&quot;>\n\t\t\t<div class=\"elementor-post__thumbnail\"><img loading=\"lazy\" decoding=\"async\" width=\"300\" height=\"117\" src=\"https:\/\/www.biologix.com.br\/wp-content\/uploads\/2020\/04\/Layout-Imagem-Blog005-300x117.jpg\" class=\"attachment-medium size-medium wp-image-2149\" alt=\"\" srcset=\"https:\/\/www.biologix.com.br\/wp-content\/uploads\/2020\/04\/Layout-Imagem-Blog005-300x117.jpg 300w, https:\/\/www.biologix.com.br\/wp-content\/uploads\/2020\/04\/Layout-Imagem-Blog005-1024x400.jpg 1024w, https:\/\/www.biologix.com.br\/wp-content\/uploads\/2020\/04\/Layout-Imagem-Blog005-768x300.jpg 768w, https:\/\/www.biologix.com.br\/wp-content\/uploads\/2020\/04\/Layout-Imagem-Blog005.jpg 1280w\" sizes=\"(max-width: 300px) 100vw, 300px\" \/><\/div>\n\t\t<\/a>\n\t\t\t\t<div class=\"elementor-post__text\">\n\t\t\t\t<h2 class=\"elementor-post__title\">\n\t\t\t<a href=\"https:\/\/www.biologix.com.br\/en\/2020\/08\/04\/disturbio-do-sono-infantil\/\" target=&quot;_blank&quot;>\n\t\t\t\tDist\u00farbio do sono infantil<br><span class='secondary-title'>Conhe\u00e7a os dist\u00farbios do sono mais comuns em crian\u00e7as<\/span>\t\t\t<\/a>\n\t\t<\/h2>\n\t\t\t\t<div class=\"elementor-post__meta-data\">\n\t\t\t\t\t<span class=\"elementor-post-date\">\n\t\t\t4 de August de 2020\t\t<\/span>\n\t\t\t\t<\/div>\n\t\t\t\t<div class=\"elementor-post__excerpt\">\n\t\t\t<p>O sono em crian\u00e7as e adolescentes \u00e9 uma preocupa\u00e7\u00e3o constante para pais e m\u00e9dicos, uma vez que h\u00e1bitos que combinam<\/p>\n\t\t<\/div>\n\t\t\n\t\t<a class=\"elementor-post__read-more\" href=\"https:\/\/www.biologix.com.br\/en\/2020\/08\/04\/disturbio-do-sono-infantil\/\" aria-label=\"Read more about Dist\u00farbio do sono infantil&lt;br&gt;&lt;span class=&#039;secondary-title&#039;&gt;Conhe\u00e7a os dist\u00farbios do sono mais comuns em crian\u00e7as&lt;\/span&gt;\" tabindex=\"-1\" target=\"_blank\">\n\t\t\tver mais \u00bb\t\t<\/a>\n\n\t\t\t\t<\/div>\n\t\t\t\t<\/article>\n\t\t\t\t<article class=\"elementor-post elementor-grid-item post-3167 post type-post status-publish format-standard has-post-thumbnail hentry category-medicina-do-sono-profissional-de-saude category-profissional-de-saude tag-apneia-do-sono tag-dormir tag-medico-do-sono tag-parassonia tag-sono\" role=\"listitem\">\n\t\t\t\t<a class=\"elementor-post__thumbnail__link\" href=\"https:\/\/www.biologix.com.br\/en\/2020\/08\/10\/ser-medico-do-sono\/\" tabindex=\"-1\" target=&quot;_blank&quot;>\n\t\t\t<div class=\"elementor-post__thumbnail\"><img loading=\"lazy\" decoding=\"async\" width=\"300\" height=\"117\" src=\"https:\/\/www.biologix.com.br\/wp-content\/uploads\/2020\/08\/capa-blog-ser-medico-do-sono-300x117.jpg\" class=\"attachment-medium size-medium wp-image-11536\" alt=\"\" srcset=\"https:\/\/www.biologix.com.br\/wp-content\/uploads\/2020\/08\/capa-blog-ser-medico-do-sono-300x117.jpg 300w, https:\/\/www.biologix.com.br\/wp-content\/uploads\/2020\/08\/capa-blog-ser-medico-do-sono-1024x400.jpg 1024w, https:\/\/www.biologix.com.br\/wp-content\/uploads\/2020\/08\/capa-blog-ser-medico-do-sono-768x300.jpg 768w, https:\/\/www.biologix.com.br\/wp-content\/uploads\/2020\/08\/capa-blog-ser-medico-do-sono-18x7.jpg 18w, https:\/\/www.biologix.com.br\/wp-content\/uploads\/2020\/08\/capa-blog-ser-medico-do-sono.jpg 1280w\" sizes=\"(max-width: 300px) 100vw, 300px\" \/><\/div>\n\t\t<\/a>\n\t\t\t\t<div class=\"elementor-post__text\">\n\t\t\t\t<h2 class=\"elementor-post__title\">\n\t\t\t<a href=\"https:\/\/www.biologix.com.br\/en\/2020\/08\/10\/ser-medico-do-sono\/\" target=&quot;_blank&quot;>\n\t\t\t\tSer M\u00e9dico do Sono<br><span class='secondary-title'>Saiba mais sobre a atua\u00e7\u00e3o do M\u00e9dico do Sono<\/span>\t\t\t<\/a>\n\t\t<\/h2>\n\t\t\t\t<div class=\"elementor-post__meta-data\">\n\t\t\t\t\t<span class=\"elementor-post-date\">\n\t\t\t10 de August de 2020\t\t<\/span>\n\t\t\t\t<\/div>\n\t\t\t\t<div class=\"elementor-post__excerpt\">\n\t\t\t<p>A atua\u00e7\u00e3o do M\u00e9dico do Sono \u00e9 uma oportunidade de praticar a arte da Medicina em sua plenitude, somos t\u00e9cnicos,<\/p>\n\t\t<\/div>\n\t\t\n\t\t<a class=\"elementor-post__read-more\" href=\"https:\/\/www.biologix.com.br\/en\/2020\/08\/10\/ser-medico-do-sono\/\" aria-label=\"Read more about Ser M\u00e9dico do Sono&lt;br&gt;&lt;span class=&#039;secondary-title&#039;&gt;Saiba mais sobre a atua\u00e7\u00e3o do M\u00e9dico do Sono&lt;\/span&gt;\" tabindex=\"-1\" target=\"_blank\">\n\t\t\tver mais \u00bb\t\t<\/a>\n\n\t\t\t\t<\/div>\n\t\t\t\t<\/article>\n\t\t\t\t<article class=\"elementor-post elementor-grid-item post-3218 post type-post status-publish format-standard has-post-thumbnail hentry category-paciente tag-covid tag-investimento tag-medicina tag-modernizacao tag-saude tag-tecnologia tag-telemedicina\" role=\"listitem\">\n\t\t\t\t<a class=\"elementor-post__thumbnail__link\" href=\"https:\/\/www.biologix.com.br\/en\/2020\/08\/10\/artigo-ats-journals\/\" tabindex=\"-1\" target=&quot;_blank&quot;>\n\t\t\t<div class=\"elementor-post__thumbnail\"><img loading=\"lazy\" decoding=\"async\" width=\"300\" height=\"117\" src=\"https:\/\/www.biologix.com.br\/wp-content\/uploads\/2020\/08\/reportagem-300x117.jpg\" class=\"attachment-medium size-medium wp-image-3221\" alt=\"\" srcset=\"https:\/\/www.biologix.com.br\/wp-content\/uploads\/2020\/08\/reportagem-300x117.jpg 300w, https:\/\/www.biologix.com.br\/wp-content\/uploads\/2020\/08\/reportagem-1024x400.jpg 1024w, https:\/\/www.biologix.com.br\/wp-content\/uploads\/2020\/08\/reportagem-768x300.jpg 768w, https:\/\/www.biologix.com.br\/wp-content\/uploads\/2020\/08\/reportagem.jpg 1280w\" sizes=\"(max-width: 300px) 100vw, 300px\" \/><\/div>\n\t\t<\/a>\n\t\t\t\t<div class=\"elementor-post__text\">\n\t\t\t\t<h2 class=\"elementor-post__title\">\n\t\t\t<a href=\"https:\/\/www.biologix.com.br\/en\/2020\/08\/10\/artigo-ats-journals\/\" target=&quot;_blank&quot;>\n\t\t\t\tAvan\u00e7o na sa\u00fade: Telemedicina e polissonografia domiciliar<br><span class='secondary-title'>Artigo do ATS Journals aborda a libera\u00e7\u00e3o da telemedicina e as mudan\u00e7as no cen\u00e1rio tecnol\u00f3gico<\/span>\t\t\t<\/a>\n\t\t<\/h2>\n\t\t\t\t<div class=\"elementor-post__meta-data\">\n\t\t\t\t\t<span class=\"elementor-post-date\">\n\t\t\t10 de August de 2020\t\t<\/span>\n\t\t\t\t<\/div>\n\t\t\t\t<div class=\"elementor-post__excerpt\">\n\t\t\t<p>Com o avan\u00e7o da pandemia do novo Coronav\u00edrus, a \u00e1rea que mais demanda avan\u00e7os, adapta\u00e7\u00f5es, moderniza\u00e7\u00e3o e investimentos \u00e9 a<\/p>\n\t\t<\/div>\n\t\t\n\t\t<a class=\"elementor-post__read-more\" href=\"https:\/\/www.biologix.com.br\/en\/2020\/08\/10\/artigo-ats-journals\/\" aria-label=\"Read more about Avan\u00e7o na sa\u00fade: Telemedicina e polissonografia domiciliar&lt;br&gt;&lt;span class=&#039;secondary-title&#039;&gt;Artigo do ATS Journals aborda a libera\u00e7\u00e3o da telemedicina e as mudan\u00e7as no cen\u00e1rio tecnol\u00f3gico&lt;\/span&gt;\" tabindex=\"-1\" target=\"_blank\">\n\t\t\tver mais \u00bb\t\t<\/a>\n\n\t\t\t\t<\/div>\n\t\t\t\t<\/article>\n\t\t\t\t<article class=\"elementor-post elementor-grid-item post-3181 post type-post status-publish format-standard has-post-thumbnail hentry category-cardiologia category-profissional-de-saude tag-aos-2 tag-apneia-do-sono tag-cardiologia tag-polissonografia\" role=\"listitem\">\n\t\t\t\t<a class=\"elementor-post__thumbnail__link\" href=\"https:\/\/www.biologix.com.br\/en\/2020\/08\/19\/a-importancia-da-investigacao-de-apneia-do-sono-para-o-cardiologista\/\" tabindex=\"-1\" target=&quot;_blank&quot;>\n\t\t\t<div class=\"elementor-post__thumbnail\"><img loading=\"lazy\" decoding=\"async\" width=\"300\" height=\"117\" src=\"https:\/\/www.biologix.com.br\/wp-content\/uploads\/2020\/02\/clinica-geral-a-importancia-da-investigacao-de-apneia-do-sono-para-o-cardiologista-300x117.png\" class=\"attachment-medium size-medium wp-image-11526\" alt=\"\" srcset=\"https:\/\/www.biologix.com.br\/wp-content\/uploads\/2020\/02\/clinica-geral-a-importancia-da-investigacao-de-apneia-do-sono-para-o-cardiologista-300x117.png 300w, https:\/\/www.biologix.com.br\/wp-content\/uploads\/2020\/02\/clinica-geral-a-importancia-da-investigacao-de-apneia-do-sono-para-o-cardiologista-1024x400.png 1024w, https:\/\/www.biologix.com.br\/wp-content\/uploads\/2020\/02\/clinica-geral-a-importancia-da-investigacao-de-apneia-do-sono-para-o-cardiologista-768x300.png 768w, https:\/\/www.biologix.com.br\/wp-content\/uploads\/2020\/02\/clinica-geral-a-importancia-da-investigacao-de-apneia-do-sono-para-o-cardiologista-18x7.png 18w, https:\/\/www.biologix.com.br\/wp-content\/uploads\/2020\/02\/clinica-geral-a-importancia-da-investigacao-de-apneia-do-sono-para-o-cardiologista.png 1280w\" sizes=\"(max-width: 300px) 100vw, 300px\" \/><\/div>\n\t\t<\/a>\n\t\t\t\t<div class=\"elementor-post__text\">\n\t\t\t\t<h2 class=\"elementor-post__title\">\n\t\t\t<a href=\"https:\/\/www.biologix.com.br\/en\/2020\/08\/19\/a-importancia-da-investigacao-de-apneia-do-sono-para-o-cardiologista\/\" target=&quot;_blank&quot;>\n\t\t\t\tA import\u00e2ncia da investiga\u00e7\u00e3o de apneia do sono para o cardiologista<br><span class='secondary-title'>Saiba a import\u00e2ncia do diagn\u00f3stico da AOS para o cardiologista<\/span>\t\t\t<\/a>\n\t\t<\/h2>\n\t\t\t\t<div class=\"elementor-post__meta-data\">\n\t\t\t\t\t<span class=\"elementor-post-date\">\n\t\t\t19 de August de 2020\t\t<\/span>\n\t\t\t\t<\/div>\n\t\t\t\t<div class=\"elementor-post__excerpt\">\n\t\t\t<p>Por Dr. Bruno Caramelli Os dist\u00farbios de sono compreendem condi\u00e7\u00f5es cl\u00ednicas capazes de interferir negativamente de forma sist\u00eamica sobre o<\/p>\n\t\t<\/div>\n\t\t\n\t\t<a class=\"elementor-post__read-more\" href=\"https:\/\/www.biologix.com.br\/en\/2020\/08\/19\/a-importancia-da-investigacao-de-apneia-do-sono-para-o-cardiologista\/\" aria-label=\"Read more about A import\u00e2ncia da investiga\u00e7\u00e3o de apneia do sono para o cardiologista&lt;br&gt;&lt;span class=&#039;secondary-title&#039;&gt;Saiba a import\u00e2ncia do diagn\u00f3stico da AOS para o cardiologista&lt;\/span&gt;\" tabindex=\"-1\" target=\"_blank\">\n\t\t\tver mais \u00bb\t\t<\/a>\n\n\t\t\t\t<\/div>\n\t\t\t\t<\/article>\n\t\t\t\t<article class=\"elementor-post elementor-grid-item post-3517 post type-post status-publish format-standard has-post-thumbnail hentry category-pneumologia category-profissional-de-saude tag-aos-2 tag-apneia tag-apneia-do-sono tag-cpap tag-dpoc tag-oximetria tag-oximetria-noturna tag-oximetro-2 tag-pneumologista\" role=\"listitem\">\n\t\t\t\t<a class=\"elementor-post__thumbnail__link\" href=\"https:\/\/www.biologix.com.br\/en\/2020\/08\/22\/pneumologia-e-monitoramento-de-oximetria\/\" tabindex=\"-1\" target=&quot;_blank&quot;>\n\t\t\t<div class=\"elementor-post__thumbnail\"><img loading=\"lazy\" decoding=\"async\" width=\"300\" height=\"117\" src=\"https:\/\/www.biologix.com.br\/wp-content\/uploads\/2020\/08\/capa-blog-pneumologia-e-monitoramento-de-oximetria-300x117.png\" class=\"attachment-medium size-medium wp-image-11538\" alt=\"\" srcset=\"https:\/\/www.biologix.com.br\/wp-content\/uploads\/2020\/08\/capa-blog-pneumologia-e-monitoramento-de-oximetria-300x117.png 300w, https:\/\/www.biologix.com.br\/wp-content\/uploads\/2020\/08\/capa-blog-pneumologia-e-monitoramento-de-oximetria-1024x400.png 1024w, https:\/\/www.biologix.com.br\/wp-content\/uploads\/2020\/08\/capa-blog-pneumologia-e-monitoramento-de-oximetria-768x300.png 768w, https:\/\/www.biologix.com.br\/wp-content\/uploads\/2020\/08\/capa-blog-pneumologia-e-monitoramento-de-oximetria-18x7.png 18w, https:\/\/www.biologix.com.br\/wp-content\/uploads\/2020\/08\/capa-blog-pneumologia-e-monitoramento-de-oximetria.png 1280w\" sizes=\"(max-width: 300px) 100vw, 300px\" \/><\/div>\n\t\t<\/a>\n\t\t\t\t<div class=\"elementor-post__text\">\n\t\t\t\t<h2 class=\"elementor-post__title\">\n\t\t\t<a href=\"https:\/\/www.biologix.com.br\/en\/2020\/08\/22\/pneumologia-e-monitoramento-de-oximetria\/\" target=&quot;_blank&quot;>\n\t\t\t\tPneumologia e monitoramento de oximetria<br><span class='secondary-title'>Entenda a import\u00e2ncia da oximetria noturna para diagn\u00f3stico de apneia do sono<\/span>\t\t\t<\/a>\n\t\t<\/h2>\n\t\t\t\t<div class=\"elementor-post__meta-data\">\n\t\t\t\t\t<span class=\"elementor-post-date\">\n\t\t\t22 de August de 2020\t\t<\/span>\n\t\t\t\t<\/div>\n\t\t\t\t<div class=\"elementor-post__excerpt\">\n\t\t\t<p>A apneia obstrutiva do sono (AOS) \u00e9 extremamente comum. Em um estudo feito na cidade de S\u00e3o Paulo, com mais<\/p>\n\t\t<\/div>\n\t\t\n\t\t<a class=\"elementor-post__read-more\" href=\"https:\/\/www.biologix.com.br\/en\/2020\/08\/22\/pneumologia-e-monitoramento-de-oximetria\/\" aria-label=\"Read more about Pneumologia e monitoramento de oximetria&lt;br&gt;&lt;span class=&#039;secondary-title&#039;&gt;Entenda a import\u00e2ncia da oximetria noturna para diagn\u00f3stico de apneia do sono&lt;\/span&gt;\" tabindex=\"-1\" target=\"_blank\">\n\t\t\tver mais \u00bb\t\t<\/a>\n\n\t\t\t\t<\/div>\n\t\t\t\t<\/article>\n\t\t\t\t<article class=\"elementor-post elementor-grid-item post-3176 post type-post status-publish format-standard has-post-thumbnail hentry category-paciente tag-apneia-do-sono tag-apneia-obstrutiva-do-sono tag-covid-19 tag-dificuldade-para-dormir tag-domir tag-piora-na-produtividade tag-sono\" role=\"listitem\">\n\t\t\t\t<a class=\"elementor-post__thumbnail__link\" href=\"https:\/\/www.biologix.com.br\/en\/2020\/08\/24\/pandemia-requer-atencao-com-o-sono\/\" tabindex=\"-1\" target=&quot;_blank&quot;>\n\t\t\t<div class=\"elementor-post__thumbnail\"><img loading=\"lazy\" decoding=\"async\" width=\"300\" height=\"117\" src=\"https:\/\/www.biologix.com.br\/wp-content\/uploads\/2020\/08\/pandemia-requer-atencao-com-sono-300x117.jpg\" class=\"attachment-medium size-medium wp-image-3179\" alt=\"\" srcset=\"https:\/\/www.biologix.com.br\/wp-content\/uploads\/2020\/08\/pandemia-requer-atencao-com-sono-300x117.jpg 300w, https:\/\/www.biologix.com.br\/wp-content\/uploads\/2020\/08\/pandemia-requer-atencao-com-sono-1024x400.jpg 1024w, https:\/\/www.biologix.com.br\/wp-content\/uploads\/2020\/08\/pandemia-requer-atencao-com-sono-768x300.jpg 768w, https:\/\/www.biologix.com.br\/wp-content\/uploads\/2020\/08\/pandemia-requer-atencao-com-sono.jpg 1280w\" sizes=\"(max-width: 300px) 100vw, 300px\" \/><\/div>\n\t\t<\/a>\n\t\t\t\t<div class=\"elementor-post__text\">\n\t\t\t\t<h2 class=\"elementor-post__title\">\n\t\t\t<a href=\"https:\/\/www.biologix.com.br\/en\/2020\/08\/24\/pandemia-requer-atencao-com-o-sono\/\" target=&quot;_blank&quot;>\n\t\t\t\tPandemia requer aten\u00e7\u00e3o com o sono<br><span class='secondary-title'>Entenda as dificuldades com o sono nos momentos atuais.<\/span>\t\t\t<\/a>\n\t\t<\/h2>\n\t\t\t\t<div class=\"elementor-post__meta-data\">\n\t\t\t\t\t<span class=\"elementor-post-date\">\n\t\t\t24 de August de 2020\t\t<\/span>\n\t\t\t\t<\/div>\n\t\t\t\t<div class=\"elementor-post__excerpt\">\n\t\t\t<p>O estado emocional provocado pelas circunst\u00e2ncias envolvendo a pandemia da Covid-19 est\u00e1 aumentando os casos de dist\u00farbios do sono, o<\/p>\n\t\t<\/div>\n\t\t\n\t\t<a class=\"elementor-post__read-more\" href=\"https:\/\/www.biologix.com.br\/en\/2020\/08\/24\/pandemia-requer-atencao-com-o-sono\/\" aria-label=\"Read more about Pandemia requer aten\u00e7\u00e3o com o sono&lt;br&gt;&lt;span class=&#039;secondary-title&#039;&gt;Entenda as dificuldades com o sono nos momentos atuais.&lt;\/span&gt;\" tabindex=\"-1\" target=\"_blank\">\n\t\t\tver mais \u00bb\t\t<\/a>\n\n\t\t\t\t<\/div>\n\t\t\t\t<\/article>\n\t\t\t\t<article class=\"elementor-post elementor-grid-item post-3583 post type-post status-publish format-standard has-post-thumbnail hentry category-paciente tag-apneia tag-apneia-do-sono tag-criancas tag-dificuldade-para-dormir tag-problemas-respiratorios tag-qualidade-de-vida tag-sono tag-sonolencia\" role=\"listitem\">\n\t\t\t\t<a class=\"elementor-post__thumbnail__link\" href=\"https:\/\/www.biologix.com.br\/en\/2020\/08\/24\/apneia-do-sono-em-criancas\/\" tabindex=\"-1\" target=&quot;_blank&quot;>\n\t\t\t<div class=\"elementor-post__thumbnail\"><img loading=\"lazy\" decoding=\"async\" width=\"300\" height=\"117\" src=\"https:\/\/www.biologix.com.br\/wp-content\/uploads\/2020\/08\/crianca-apneia-300x117.jpg\" class=\"attachment-medium size-medium wp-image-3585\" alt=\"\" srcset=\"https:\/\/www.biologix.com.br\/wp-content\/uploads\/2020\/08\/crianca-apneia-300x117.jpg 300w, https:\/\/www.biologix.com.br\/wp-content\/uploads\/2020\/08\/crianca-apneia-1024x400.jpg 1024w, https:\/\/www.biologix.com.br\/wp-content\/uploads\/2020\/08\/crianca-apneia-768x300.jpg 768w, https:\/\/www.biologix.com.br\/wp-content\/uploads\/2020\/08\/crianca-apneia.jpg 1280w\" sizes=\"(max-width: 300px) 100vw, 300px\" \/><\/div>\n\t\t<\/a>\n\t\t\t\t<div class=\"elementor-post__text\">\n\t\t\t\t<h2 class=\"elementor-post__title\">\n\t\t\t<a href=\"https:\/\/www.biologix.com.br\/en\/2020\/08\/24\/apneia-do-sono-em-criancas\/\" target=&quot;_blank&quot;>\n\t\t\t\tApneia do sono em crian\u00e7as<br><span class='secondary-title'>Entenda o impacto que a apneia do sono tem nas crian\u00e7as<\/span>\t\t\t<\/a>\n\t\t<\/h2>\n\t\t\t\t<div class=\"elementor-post__meta-data\">\n\t\t\t\t\t<span class=\"elementor-post-date\">\n\t\t\t24 de August de 2020\t\t<\/span>\n\t\t\t\t<\/div>\n\t\t\t\t<div class=\"elementor-post__excerpt\">\n\t\t\t<p>Apneia obstrutiva do sono (AOS) \u00e9 um problema que afeta a respira\u00e7\u00e3o de algumas crian\u00e7as durante o sono. Obstru\u00e7\u00e3o \u00e9<\/p>\n\t\t<\/div>\n\t\t\n\t\t<a class=\"elementor-post__read-more\" href=\"https:\/\/www.biologix.com.br\/en\/2020\/08\/24\/apneia-do-sono-em-criancas\/\" aria-label=\"Read more about Apneia do sono em crian\u00e7as&lt;br&gt;&lt;span class=&#039;secondary-title&#039;&gt;Entenda o impacto que a apneia do sono tem nas crian\u00e7as&lt;\/span&gt;\" tabindex=\"-1\" target=\"_blank\">\n\t\t\tver mais \u00bb\t\t<\/a>\n\n\t\t\t\t<\/div>\n\t\t\t\t<\/article>\n\t\t\t\t<article class=\"elementor-post elementor-grid-item post-3529 post type-post status-publish format-standard has-post-thumbnail hentry category-clinico-geral category-profissional-de-saude tag-aos-2 tag-apneia-do-sono tag-apneia-obstrutiva-do-sono tag-cpap tag-medicina-do-sono tag-oximetria tag-oximetria-noturna tag-polissonografia\" role=\"listitem\">\n\t\t\t\t<a class=\"elementor-post__thumbnail__link\" href=\"https:\/\/www.biologix.com.br\/en\/2020\/08\/26\/todos-os-medicos-agora-podem-detectar-apneia-do-sono-em-seus-pacientes\/\" tabindex=\"-1\" target=&quot;_blank&quot;>\n\t\t\t<div class=\"elementor-post__thumbnail\"><img loading=\"lazy\" decoding=\"async\" width=\"300\" height=\"117\" src=\"https:\/\/www.biologix.com.br\/wp-content\/uploads\/2020\/08\/capa-blog-todos-os-medicos-agora-podem-detectar-apneia-do-sono-em-seus-pacientes-300x117.jpg\" class=\"attachment-medium size-medium wp-image-11534\" alt=\"\" srcset=\"https:\/\/www.biologix.com.br\/wp-content\/uploads\/2020\/08\/capa-blog-todos-os-medicos-agora-podem-detectar-apneia-do-sono-em-seus-pacientes-300x117.jpg 300w, https:\/\/www.biologix.com.br\/wp-content\/uploads\/2020\/08\/capa-blog-todos-os-medicos-agora-podem-detectar-apneia-do-sono-em-seus-pacientes-1024x400.jpg 1024w, https:\/\/www.biologix.com.br\/wp-content\/uploads\/2020\/08\/capa-blog-todos-os-medicos-agora-podem-detectar-apneia-do-sono-em-seus-pacientes-768x300.jpg 768w, https:\/\/www.biologix.com.br\/wp-content\/uploads\/2020\/08\/capa-blog-todos-os-medicos-agora-podem-detectar-apneia-do-sono-em-seus-pacientes-18x7.jpg 18w, https:\/\/www.biologix.com.br\/wp-content\/uploads\/2020\/08\/capa-blog-todos-os-medicos-agora-podem-detectar-apneia-do-sono-em-seus-pacientes.jpg 1280w\" sizes=\"(max-width: 300px) 100vw, 300px\" \/><\/div>\n\t\t<\/a>\n\t\t\t\t<div class=\"elementor-post__text\">\n\t\t\t\t<h2 class=\"elementor-post__title\">\n\t\t\t<a href=\"https:\/\/www.biologix.com.br\/en\/2020\/08\/26\/todos-os-medicos-agora-podem-detectar-apneia-do-sono-em-seus-pacientes\/\" target=&quot;_blank&quot;>\n\t\t\t\tTodos os m\u00e9dicos agora podem detectar apneia do sono em seus pacientes<br><span class='secondary-title'>Oximetria noturna ajuda na detec\u00e7\u00e3o e acompanhamento da Apneia do Sono<\/span>\t\t\t<\/a>\n\t\t<\/h2>\n\t\t\t\t<div class=\"elementor-post__meta-data\">\n\t\t\t\t\t<span class=\"elementor-post-date\">\n\t\t\t26 de August de 2020\t\t<\/span>\n\t\t\t\t<\/div>\n\t\t\t\t<div class=\"elementor-post__excerpt\">\n\t\t\t<p>Por Dr. Geraldo Lorenzi Filho A Medicina do Sono \u00e9 uma \u00e1rea de atua\u00e7\u00e3o de v\u00e1rias especialidades, incluindo neurologia, otorrinolaringologia,<\/p>\n\t\t<\/div>\n\t\t\n\t\t<a class=\"elementor-post__read-more\" href=\"https:\/\/www.biologix.com.br\/en\/2020\/08\/26\/todos-os-medicos-agora-podem-detectar-apneia-do-sono-em-seus-pacientes\/\" aria-label=\"Read more about Todos os m\u00e9dicos agora podem detectar apneia do sono em seus pacientes&lt;br&gt;&lt;span class=&#039;secondary-title&#039;&gt;Oximetria noturna ajuda na detec\u00e7\u00e3o e acompanhamento da Apneia do Sono&lt;\/span&gt;\" tabindex=\"-1\" target=\"_blank\">\n\t\t\tver mais \u00bb\t\t<\/a>\n\n\t\t\t\t<\/div>\n\t\t\t\t<\/article>\n\t\t\t\t<article class=\"elementor-post elementor-grid-item post-2012 post type-post status-publish format-standard has-post-thumbnail hentry category-paciente tag-apneia-do-sono tag-dentista tag-dormir tag-neurologista tag-otorrinolaringologista tag-pneumologista tag-psiquiatra\" role=\"listitem\">\n\t\t\t\t<a class=\"elementor-post__thumbnail__link\" href=\"https:\/\/www.biologix.com.br\/en\/2020\/08\/29\/quais-sao-os-profissionais-da-medicina-do-sono\/\" tabindex=\"-1\" target=&quot;_blank&quot;>\n\t\t\t<div class=\"elementor-post__thumbnail\"><img loading=\"lazy\" decoding=\"async\" width=\"300\" height=\"117\" src=\"https:\/\/www.biologix.com.br\/wp-content\/uploads\/2020\/04\/Layout-Imagem-Blog006-300x117.jpg\" class=\"attachment-medium size-medium wp-image-2150\" alt=\"\" srcset=\"https:\/\/www.biologix.com.br\/wp-content\/uploads\/2020\/04\/Layout-Imagem-Blog006-300x117.jpg 300w, https:\/\/www.biologix.com.br\/wp-content\/uploads\/2020\/04\/Layout-Imagem-Blog006-1024x400.jpg 1024w, https:\/\/www.biologix.com.br\/wp-content\/uploads\/2020\/04\/Layout-Imagem-Blog006-768x300.jpg 768w, https:\/\/www.biologix.com.br\/wp-content\/uploads\/2020\/04\/Layout-Imagem-Blog006.jpg 1280w\" sizes=\"(max-width: 300px) 100vw, 300px\" \/><\/div>\n\t\t<\/a>\n\t\t\t\t<div class=\"elementor-post__text\">\n\t\t\t\t<h2 class=\"elementor-post__title\">\n\t\t\t<a href=\"https:\/\/www.biologix.com.br\/en\/2020\/08\/29\/quais-sao-os-profissionais-da-medicina-do-sono\/\" target=&quot;_blank&quot;>\n\t\t\t\tQuais s\u00e3o os profissionais da medicina do sono?<br><span class='secondary-title'>Saiba quais profissionais da sa\u00fade procurar<\/span>\t\t\t<\/a>\n\t\t<\/h2>\n\t\t\t\t<div class=\"elementor-post__meta-data\">\n\t\t\t\t\t<span class=\"elementor-post-date\">\n\t\t\t29 de August de 2020\t\t<\/span>\n\t\t\t\t<\/div>\n\t\t\t\t<div class=\"elementor-post__excerpt\">\n\t\t\t<p>Dormir n\u00e3o \u00e9 um luxo, \u00e9 antes uma necessidade fisiol\u00f3gica essencial \u00e0 nossa sa\u00fade e \u00e0 nossa sobreviv\u00eancia.&nbsp; O sono,<\/p>\n\t\t<\/div>\n\t\t\n\t\t<a class=\"elementor-post__read-more\" href=\"https:\/\/www.biologix.com.br\/en\/2020\/08\/29\/quais-sao-os-profissionais-da-medicina-do-sono\/\" aria-label=\"Read more about Quais s\u00e3o os profissionais da medicina do sono?&lt;br&gt;&lt;span class=&#039;secondary-title&#039;&gt;Saiba quais profissionais da sa\u00fade procurar&lt;\/span&gt;\" tabindex=\"-1\" target=\"_blank\">\n\t\t\tver mais \u00bb\t\t<\/a>\n\n\t\t\t\t<\/div>\n\t\t\t\t<\/article>\n\t\t\t\t<article class=\"elementor-post elementor-grid-item post-3652 post type-post status-publish format-standard has-post-thumbnail hentry category-profissional-de-saude tag-apneia tag-apneia-do-sono tag-biologix tag-exame-do-sono\" role=\"listitem\">\n\t\t\t\t<a class=\"elementor-post__thumbnail__link\" href=\"https:\/\/www.biologix.com.br\/en\/2020\/09\/10\/em-ano-de-pandemia-exames-do-sono-biologix-crescem-236\/\" tabindex=\"-1\" target=&quot;_blank&quot;>\n\t\t\t<div class=\"elementor-post__thumbnail\"><img loading=\"lazy\" decoding=\"async\" width=\"300\" height=\"117\" src=\"https:\/\/www.biologix.com.br\/wp-content\/uploads\/2020\/09\/exames-do-sono-biologix-crescem-236-300x117.jpg\" class=\"attachment-medium size-medium wp-image-3657\" alt=\"\" srcset=\"https:\/\/www.biologix.com.br\/wp-content\/uploads\/2020\/09\/exames-do-sono-biologix-crescem-236-300x117.jpg 300w, https:\/\/www.biologix.com.br\/wp-content\/uploads\/2020\/09\/exames-do-sono-biologix-crescem-236-1024x400.jpg 1024w, https:\/\/www.biologix.com.br\/wp-content\/uploads\/2020\/09\/exames-do-sono-biologix-crescem-236-768x300.jpg 768w, https:\/\/www.biologix.com.br\/wp-content\/uploads\/2020\/09\/exames-do-sono-biologix-crescem-236.jpg 1280w\" sizes=\"(max-width: 300px) 100vw, 300px\" \/><\/div>\n\t\t<\/a>\n\t\t\t\t<div class=\"elementor-post__text\">\n\t\t\t\t<h2 class=\"elementor-post__title\">\n\t\t\t<a href=\"https:\/\/www.biologix.com.br\/en\/2020\/09\/10\/em-ano-de-pandemia-exames-do-sono-biologix-crescem-236\/\" target=&quot;_blank&quot;>\n\t\t\t\tEm ano de pandemia, exames do sono Biologix crescem 236%<br><span class='secondary-title'>O n\u00famero de exames de janeiro a julho de 2019 foram 2.063; este ano, no mesmo per\u00edodo, saltou para 6.932<\/span>\t\t\t<\/a>\n\t\t<\/h2>\n\t\t\t\t<div class=\"elementor-post__meta-data\">\n\t\t\t\t\t<span class=\"elementor-post-date\">\n\t\t\t10 de September de 2020\t\t<\/span>\n\t\t\t\t<\/div>\n\t\t\t\t<div class=\"elementor-post__excerpt\">\n\t\t\t<p>A pandemia da Covid-19 trouxe um relato muito comum nas conversas do dia a dia: dificuldades para dormir. Esses dist\u00farbios<\/p>\n\t\t<\/div>\n\t\t\n\t\t<a class=\"elementor-post__read-more\" href=\"https:\/\/www.biologix.com.br\/en\/2020\/09\/10\/em-ano-de-pandemia-exames-do-sono-biologix-crescem-236\/\" aria-label=\"Read more about Em ano de pandemia, exames do sono Biologix crescem 236%&lt;br&gt;&lt;span class=&#039;secondary-title&#039;&gt;O n\u00famero de exames de janeiro a julho de 2019 foram 2.063; este ano, no mesmo per\u00edodo, saltou para 6.932&lt;\/span&gt;\" tabindex=\"-1\" target=\"_blank\">\n\t\t\tver mais \u00bb\t\t<\/a>\n\n\t\t\t\t<\/div>\n\t\t\t\t<\/article>\n\t\t\t\t<article class=\"elementor-post elementor-grid-item post-3641 post type-post status-publish format-standard has-post-thumbnail hentry category-endocrinologia-profissional-de-saude category-profissional-de-saude tag-apneia tag-apneia-do-sono tag-diagnostico tag-endocrinologia tag-obesidade tag-saos\" role=\"listitem\">\n\t\t\t\t<a class=\"elementor-post__thumbnail__link\" href=\"https:\/\/www.biologix.com.br\/en\/2020\/09\/16\/apneia-do-sono-e-obesidade\/\" tabindex=\"-1\" target=&quot;_blank&quot;>\n\t\t\t<div class=\"elementor-post__thumbnail\"><img loading=\"lazy\" decoding=\"async\" width=\"300\" height=\"117\" src=\"https:\/\/www.biologix.com.br\/wp-content\/uploads\/2022\/06\/capa-blog-apneia-do-sono-e-obesidade-300x117.jpg\" class=\"attachment-medium size-medium wp-image-11548\" alt=\"\" srcset=\"https:\/\/www.biologix.com.br\/wp-content\/uploads\/2022\/06\/capa-blog-apneia-do-sono-e-obesidade-300x117.jpg 300w, https:\/\/www.biologix.com.br\/wp-content\/uploads\/2022\/06\/capa-blog-apneia-do-sono-e-obesidade-1024x400.jpg 1024w, https:\/\/www.biologix.com.br\/wp-content\/uploads\/2022\/06\/capa-blog-apneia-do-sono-e-obesidade-768x300.jpg 768w, https:\/\/www.biologix.com.br\/wp-content\/uploads\/2022\/06\/capa-blog-apneia-do-sono-e-obesidade-18x7.jpg 18w, https:\/\/www.biologix.com.br\/wp-content\/uploads\/2022\/06\/capa-blog-apneia-do-sono-e-obesidade.jpg 1280w\" sizes=\"(max-width: 300px) 100vw, 300px\" \/><\/div>\n\t\t<\/a>\n\t\t\t\t<div class=\"elementor-post__text\">\n\t\t\t\t<h2 class=\"elementor-post__title\">\n\t\t\t<a href=\"https:\/\/www.biologix.com.br\/en\/2020\/09\/16\/apneia-do-sono-e-obesidade\/\" target=&quot;_blank&quot;>\n\t\t\t\tApneia do sono e obesidade<br><span class='secondary-title'>Entenda a rela\u00e7\u00e3o entre a apneia do sono e a obesidade<\/span>\t\t\t<\/a>\n\t\t<\/h2>\n\t\t\t\t<div class=\"elementor-post__meta-data\">\n\t\t\t\t\t<span class=\"elementor-post-date\">\n\t\t\t16 de September de 2020\t\t<\/span>\n\t\t\t\t<\/div>\n\t\t\t\t<div class=\"elementor-post__excerpt\">\n\t\t\t<p>A OMS (Organiza\u00e7\u00e3o Mundial de Sa\u00fade) afirma: a obesidade \u00e9 um dos mais graves problemas de sa\u00fade que temos para<\/p>\n\t\t<\/div>\n\t\t\n\t\t<a class=\"elementor-post__read-more\" href=\"https:\/\/www.biologix.com.br\/en\/2020\/09\/16\/apneia-do-sono-e-obesidade\/\" aria-label=\"Read more about Apneia do sono e obesidade&lt;br&gt;&lt;span class=&#039;secondary-title&#039;&gt;Entenda a rela\u00e7\u00e3o entre a apneia do sono e a obesidade&lt;\/span&gt;\" tabindex=\"-1\" target=\"_blank\">\n\t\t\tver mais \u00bb\t\t<\/a>\n\n\t\t\t\t<\/div>\n\t\t\t\t<\/article>\n\t\t\t\t<article class=\"elementor-post elementor-grid-item post-3632 post type-post status-publish format-standard has-post-thumbnail hentry category-odontologia category-profissional-de-saude tag-apneia-do-sono tag-disturbios-respiratorios-do-sono tag-drs tag-miofuncional tag-odontologia\" role=\"listitem\">\n\t\t\t\t<a class=\"elementor-post__thumbnail__link\" href=\"https:\/\/www.biologix.com.br\/en\/2020\/09\/17\/a-atuacao-da-odontologia-miofuncional-nos-disturbios-respiratorios-do-sono-drs\/\" tabindex=\"-1\" target=&quot;_blank&quot;>\n\t\t\t<div class=\"elementor-post__thumbnail\"><img loading=\"lazy\" decoding=\"async\" width=\"300\" height=\"117\" src=\"https:\/\/www.biologix.com.br\/wp-content\/uploads\/2022\/12\/capa-blog-odontologia-a-atuacao-da-odontologia-miofuncional-nos-disturbios-respiratorios-do-sono-drs-300x117.jpg\" class=\"attachment-medium size-medium wp-image-11606\" alt=\"\" srcset=\"https:\/\/www.biologix.com.br\/wp-content\/uploads\/2022\/12\/capa-blog-odontologia-a-atuacao-da-odontologia-miofuncional-nos-disturbios-respiratorios-do-sono-drs-300x117.jpg 300w, https:\/\/www.biologix.com.br\/wp-content\/uploads\/2022\/12\/capa-blog-odontologia-a-atuacao-da-odontologia-miofuncional-nos-disturbios-respiratorios-do-sono-drs-1024x400.jpg 1024w, https:\/\/www.biologix.com.br\/wp-content\/uploads\/2022\/12\/capa-blog-odontologia-a-atuacao-da-odontologia-miofuncional-nos-disturbios-respiratorios-do-sono-drs-768x300.jpg 768w, https:\/\/www.biologix.com.br\/wp-content\/uploads\/2022\/12\/capa-blog-odontologia-a-atuacao-da-odontologia-miofuncional-nos-disturbios-respiratorios-do-sono-drs-18x7.jpg 18w, https:\/\/www.biologix.com.br\/wp-content\/uploads\/2022\/12\/capa-blog-odontologia-a-atuacao-da-odontologia-miofuncional-nos-disturbios-respiratorios-do-sono-drs.jpg 1280w\" sizes=\"(max-width: 300px) 100vw, 300px\" \/><\/div>\n\t\t<\/a>\n\t\t\t\t<div class=\"elementor-post__text\">\n\t\t\t\t<h2 class=\"elementor-post__title\">\n\t\t\t<a href=\"https:\/\/www.biologix.com.br\/en\/2020\/09\/17\/a-atuacao-da-odontologia-miofuncional-nos-disturbios-respiratorios-do-sono-drs\/\" target=&quot;_blank&quot;>\n\t\t\t\tA atua\u00e7\u00e3o da odontologia miofuncional nos dist\u00farbios respirat\u00f3rios do sono (DRS)<br><span class='secondary-title'>Entenda como a Odontologia Miofuncional atua na preven\u00e7\u00e3o e tratamento dos DRS<\/span>\t\t\t<\/a>\n\t\t<\/h2>\n\t\t\t\t<div class=\"elementor-post__meta-data\">\n\t\t\t\t\t<span class=\"elementor-post-date\">\n\t\t\t17 de September de 2020\t\t<\/span>\n\t\t\t\t<\/div>\n\t\t\t\t<div class=\"elementor-post__excerpt\">\n\t\t\t<p>H\u00e1 muitas causas subjacentes aos dist\u00farbios respirat\u00f3rios do sono (DRS). As mais comuns s\u00e3o respira\u00e7\u00e3o bucal cr\u00f4nica, t\u00f4nus inadequado da<\/p>\n\t\t<\/div>\n\t\t\n\t\t<a class=\"elementor-post__read-more\" href=\"https:\/\/www.biologix.com.br\/en\/2020\/09\/17\/a-atuacao-da-odontologia-miofuncional-nos-disturbios-respiratorios-do-sono-drs\/\" aria-label=\"Read more about A atua\u00e7\u00e3o da odontologia miofuncional nos dist\u00farbios respirat\u00f3rios do sono (DRS)&lt;br&gt;&lt;span class=&#039;secondary-title&#039;&gt;Entenda como a Odontologia Miofuncional atua na preven\u00e7\u00e3o e tratamento dos DRS&lt;\/span&gt;\" tabindex=\"-1\" target=\"_blank\">\n\t\t\tver mais \u00bb\t\t<\/a>\n\n\t\t\t\t<\/div>\n\t\t\t\t<\/article>\n\t\t\t\t<article class=\"elementor-post elementor-grid-item post-3883 post type-post status-publish format-standard has-post-thumbnail hentry category-paciente tag-apneia tag-apneia-do-sono tag-disturbios-do-sono-2 tag-geraldo-lorenzi tag-ronco tag-ronco-alto-e-frequente\" role=\"listitem\">\n\t\t\t\t<a class=\"elementor-post__thumbnail__link\" href=\"https:\/\/www.biologix.com.br\/en\/2020\/09\/28\/seis-meses-de-pandemia-ronco-apneia-e-disturbios-do-sono-mais-evidentes\/\" tabindex=\"-1\" target=&quot;_blank&quot;>\n\t\t\t<div class=\"elementor-post__thumbnail\"><img loading=\"lazy\" decoding=\"async\" width=\"300\" height=\"117\" src=\"https:\/\/www.biologix.com.br\/wp-content\/uploads\/2020\/09\/quarentena-familia-covid-300x117.jpg\" class=\"attachment-medium size-medium wp-image-3917\" alt=\"\" srcset=\"https:\/\/www.biologix.com.br\/wp-content\/uploads\/2020\/09\/quarentena-familia-covid-300x117.jpg 300w, https:\/\/www.biologix.com.br\/wp-content\/uploads\/2020\/09\/quarentena-familia-covid-1024x400.jpg 1024w, https:\/\/www.biologix.com.br\/wp-content\/uploads\/2020\/09\/quarentena-familia-covid-768x300.jpg 768w, https:\/\/www.biologix.com.br\/wp-content\/uploads\/2020\/09\/quarentena-familia-covid.jpg 1280w\" sizes=\"(max-width: 300px) 100vw, 300px\" \/><\/div>\n\t\t<\/a>\n\t\t\t\t<div class=\"elementor-post__text\">\n\t\t\t\t<h2 class=\"elementor-post__title\">\n\t\t\t<a href=\"https:\/\/www.biologix.com.br\/en\/2020\/09\/28\/seis-meses-de-pandemia-ronco-apneia-e-disturbios-do-sono-mais-evidentes\/\" target=&quot;_blank&quot;>\n\t\t\t\tSeis meses de pandemia: ronco, apneia e dist\u00farbios do sono mais evidentes<br><span class='secondary-title'>Convivendo mais tempo juntas na quarentena, fam\u00edlias est\u00e3o percebendo mais problemas ligados \u00e0 qualidade do sono<\/span>\t\t\t<\/a>\n\t\t<\/h2>\n\t\t\t\t<div class=\"elementor-post__meta-data\">\n\t\t\t\t\t<span class=\"elementor-post-date\">\n\t\t\t28 de September de 2020\t\t<\/span>\n\t\t\t\t<\/div>\n\t\t\t\t<div class=\"elementor-post__excerpt\">\n\t\t\t<p>E l\u00e1 se v\u00e3o seis meses desde que a pandemia de Covid-19 chegou ao Brasil. Nesse per\u00edodo de quarentena, muitas<\/p>\n\t\t<\/div>\n\t\t\n\t\t<a class=\"elementor-post__read-more\" href=\"https:\/\/www.biologix.com.br\/en\/2020\/09\/28\/seis-meses-de-pandemia-ronco-apneia-e-disturbios-do-sono-mais-evidentes\/\" aria-label=\"Read more about Seis meses de pandemia: ronco, apneia e dist\u00farbios do sono mais evidentes&lt;br&gt;&lt;span class=&#039;secondary-title&#039;&gt;Convivendo mais tempo juntas na quarentena, fam\u00edlias est\u00e3o percebendo mais problemas ligados \u00e0 qualidade do sono&lt;\/span&gt;\" tabindex=\"-1\" target=\"_blank\">\n\t\t\tver mais \u00bb\t\t<\/a>\n\n\t\t\t\t<\/div>\n\t\t\t\t<\/article>\n\t\t\t\t<article class=\"elementor-post elementor-grid-item post-2034 post type-post status-publish format-standard has-post-thumbnail hentry category-paciente tag-apneia-do-sono tag-atividade-fisica tag-caminhada tag-corrida tag-disturbios-do-sono tag-exame-do-sono tag-exercicios\" role=\"listitem\">\n\t\t\t\t<a class=\"elementor-post__thumbnail__link\" href=\"https:\/\/www.biologix.com.br\/en\/2020\/10\/01\/atividade-fisica-e-sono-qual-a-relacao\/\" tabindex=\"-1\" target=&quot;_blank&quot;>\n\t\t\t<div class=\"elementor-post__thumbnail\"><img loading=\"lazy\" decoding=\"async\" width=\"300\" height=\"117\" src=\"https:\/\/www.biologix.com.br\/wp-content\/uploads\/2020\/08\/atividade-fisica-300x117.jpg\" class=\"attachment-medium size-medium wp-image-3972\" alt=\"\" srcset=\"https:\/\/www.biologix.com.br\/wp-content\/uploads\/2020\/08\/atividade-fisica-300x117.jpg 300w, https:\/\/www.biologix.com.br\/wp-content\/uploads\/2020\/08\/atividade-fisica-1024x400.jpg 1024w, https:\/\/www.biologix.com.br\/wp-content\/uploads\/2020\/08\/atividade-fisica-768x300.jpg 768w, https:\/\/www.biologix.com.br\/wp-content\/uploads\/2020\/08\/atividade-fisica.jpg 1280w\" sizes=\"(max-width: 300px) 100vw, 300px\" \/><\/div>\n\t\t<\/a>\n\t\t\t\t<div class=\"elementor-post__text\">\n\t\t\t\t<h2 class=\"elementor-post__title\">\n\t\t\t<a href=\"https:\/\/www.biologix.com.br\/en\/2020\/10\/01\/atividade-fisica-e-sono-qual-a-relacao\/\" target=&quot;_blank&quot;>\n\t\t\t\tAtividade f\u00edsica e sono: qual a rela\u00e7\u00e3o<br><span class='secondary-title'>Atividades f\u00edsicas regulares podem ajudar a combater dist\u00farbios do sono<\/span>\t\t\t<\/a>\n\t\t<\/h2>\n\t\t\t\t<div class=\"elementor-post__meta-data\">\n\t\t\t\t\t<span class=\"elementor-post-date\">\n\t\t\t1 de October de 2020\t\t<\/span>\n\t\t\t\t<\/div>\n\t\t\t\t<div class=\"elementor-post__excerpt\">\n\t\t\t<p>Os dist\u00farbios do sono afetam cerca de 45% da popula\u00e7\u00e3o mundial. Noites mal dormidas reduzem a concentra\u00e7\u00e3o, diminuem a produtividade<\/p>\n\t\t<\/div>\n\t\t\n\t\t<a class=\"elementor-post__read-more\" href=\"https:\/\/www.biologix.com.br\/en\/2020\/10\/01\/atividade-fisica-e-sono-qual-a-relacao\/\" aria-label=\"Read more about Atividade f\u00edsica e sono: qual a rela\u00e7\u00e3o&lt;br&gt;&lt;span class=&#039;secondary-title&#039;&gt;Atividades f\u00edsicas regulares podem ajudar a combater dist\u00farbios do sono&lt;\/span&gt;\" tabindex=\"-1\" target=\"_blank\">\n\t\t\tver mais \u00bb\t\t<\/a>\n\n\t\t\t\t<\/div>\n\t\t\t\t<\/article>\n\t\t\t\t<article class=\"elementor-post elementor-grid-item post-3952 post type-post status-publish format-standard has-post-thumbnail hentry category-endocrinologia-profissional-de-saude category-profissional-de-saude tag-apneia tag-apneia-do-sono tag-apneia-obstrutiva-do-sono tag-oximetria-noturna tag-privacao-do-sono tag-sarcopenia\" role=\"listitem\">\n\t\t\t\t<a class=\"elementor-post__thumbnail__link\" href=\"https:\/\/www.biologix.com.br\/en\/2020\/10\/03\/sarcopenia-e-apneia-do-sono\/\" tabindex=\"-1\" target=&quot;_blank&quot;>\n\t\t\t<div class=\"elementor-post__thumbnail\"><img loading=\"lazy\" decoding=\"async\" width=\"300\" height=\"117\" src=\"https:\/\/www.biologix.com.br\/wp-content\/uploads\/2022\/06\/capa-blog-sarcopenia-e-apneia-entenda-a-relacao-300x117.jpg\" class=\"attachment-medium size-medium wp-image-11556\" alt=\"\" srcset=\"https:\/\/www.biologix.com.br\/wp-content\/uploads\/2022\/06\/capa-blog-sarcopenia-e-apneia-entenda-a-relacao-300x117.jpg 300w, https:\/\/www.biologix.com.br\/wp-content\/uploads\/2022\/06\/capa-blog-sarcopenia-e-apneia-entenda-a-relacao-1024x400.jpg 1024w, https:\/\/www.biologix.com.br\/wp-content\/uploads\/2022\/06\/capa-blog-sarcopenia-e-apneia-entenda-a-relacao-768x300.jpg 768w, https:\/\/www.biologix.com.br\/wp-content\/uploads\/2022\/06\/capa-blog-sarcopenia-e-apneia-entenda-a-relacao-18x7.jpg 18w, https:\/\/www.biologix.com.br\/wp-content\/uploads\/2022\/06\/capa-blog-sarcopenia-e-apneia-entenda-a-relacao.jpg 1280w\" sizes=\"(max-width: 300px) 100vw, 300px\" \/><\/div>\n\t\t<\/a>\n\t\t\t\t<div class=\"elementor-post__text\">\n\t\t\t\t<h2 class=\"elementor-post__title\">\n\t\t\t<a href=\"https:\/\/www.biologix.com.br\/en\/2020\/10\/03\/sarcopenia-e-apneia-do-sono\/\" target=&quot;_blank&quot;>\n\t\t\t\tSarcopenia e apneia do sono<br><span class='secondary-title'>Entenda a rela\u00e7\u00e3o entre sarcopenia e apneia do sono<\/span>\t\t\t<\/a>\n\t\t<\/h2>\n\t\t\t\t<div class=\"elementor-post__meta-data\">\n\t\t\t\t\t<span class=\"elementor-post-date\">\n\t\t\t3 de October de 2020\t\t<\/span>\n\t\t\t\t<\/div>\n\t\t\t\t<div class=\"elementor-post__excerpt\">\n\t\t\t<p>A apneia do sono e sarcopenia s\u00e3o comuns entre adultos mais velhos, principalmente ap\u00f3s os 50 anos, per\u00edodo em que<\/p>\n\t\t<\/div>\n\t\t\n\t\t<a class=\"elementor-post__read-more\" href=\"https:\/\/www.biologix.com.br\/en\/2020\/10\/03\/sarcopenia-e-apneia-do-sono\/\" aria-label=\"Read more about Sarcopenia e apneia do sono&lt;br&gt;&lt;span class=&#039;secondary-title&#039;&gt;Entenda a rela\u00e7\u00e3o entre sarcopenia e apneia do sono&lt;\/span&gt;\" tabindex=\"-1\" target=\"_blank\">\n\t\t\tver mais \u00bb\t\t<\/a>\n\n\t\t\t\t<\/div>\n\t\t\t\t<\/article>\n\t\t\t\t<article class=\"elementor-post elementor-grid-item post-3732 post type-post status-publish format-standard has-post-thumbnail hentry category-endocrinologia-profissional-de-saude category-profissional-de-saude tag-apneia-do-sono tag-diabetes tag-glicose tag-obesidade-2 tag-oximetria-noturna\" role=\"listitem\">\n\t\t\t\t<a class=\"elementor-post__thumbnail__link\" href=\"https:\/\/www.biologix.com.br\/en\/2020\/10\/05\/diabetes-mellitus-e-apneia-obstrutiva-do-sono\/\" tabindex=\"-1\" target=&quot;_blank&quot;>\n\t\t\t<div class=\"elementor-post__thumbnail\"><img loading=\"lazy\" decoding=\"async\" width=\"300\" height=\"117\" src=\"https:\/\/www.biologix.com.br\/wp-content\/uploads\/2022\/06\/capa-blog-diabetes-mellitus-e-apneia-obstrutiva-do-sono-300x117.jpg\" class=\"attachment-medium size-medium wp-image-11549\" alt=\"\" srcset=\"https:\/\/www.biologix.com.br\/wp-content\/uploads\/2022\/06\/capa-blog-diabetes-mellitus-e-apneia-obstrutiva-do-sono-300x117.jpg 300w, https:\/\/www.biologix.com.br\/wp-content\/uploads\/2022\/06\/capa-blog-diabetes-mellitus-e-apneia-obstrutiva-do-sono-1024x400.jpg 1024w, https:\/\/www.biologix.com.br\/wp-content\/uploads\/2022\/06\/capa-blog-diabetes-mellitus-e-apneia-obstrutiva-do-sono-768x300.jpg 768w, https:\/\/www.biologix.com.br\/wp-content\/uploads\/2022\/06\/capa-blog-diabetes-mellitus-e-apneia-obstrutiva-do-sono-18x7.jpg 18w, https:\/\/www.biologix.com.br\/wp-content\/uploads\/2022\/06\/capa-blog-diabetes-mellitus-e-apneia-obstrutiva-do-sono.jpg 1280w\" sizes=\"(max-width: 300px) 100vw, 300px\" \/><\/div>\n\t\t<\/a>\n\t\t\t\t<div class=\"elementor-post__text\">\n\t\t\t\t<h2 class=\"elementor-post__title\">\n\t\t\t<a href=\"https:\/\/www.biologix.com.br\/en\/2020\/10\/05\/diabetes-mellitus-e-apneia-obstrutiva-do-sono\/\" target=&quot;_blank&quot;>\n\t\t\t\tDiabetes mellitus e apneia obstrutiva do sono<br><span class='secondary-title'>Saiba as consequ\u00eancias da apneia do sono no metabolismo<\/span>\t\t\t<\/a>\n\t\t<\/h2>\n\t\t\t\t<div class=\"elementor-post__meta-data\">\n\t\t\t\t\t<span class=\"elementor-post-date\">\n\t\t\t5 de October de 2020\t\t<\/span>\n\t\t\t\t<\/div>\n\t\t\t\t<div class=\"elementor-post__excerpt\">\n\t\t\t<p>A rela\u00e7\u00e3o entre diabetes mellitus e dist\u00farbios do sono j\u00e1 est\u00e1 bem estabelecida, como \u00e9 o caso da apneia obstrutiva<\/p>\n\t\t<\/div>\n\t\t\n\t\t<a class=\"elementor-post__read-more\" href=\"https:\/\/www.biologix.com.br\/en\/2020\/10\/05\/diabetes-mellitus-e-apneia-obstrutiva-do-sono\/\" aria-label=\"Read more about Diabetes mellitus e apneia obstrutiva do sono&lt;br&gt;&lt;span class=&#039;secondary-title&#039;&gt;Saiba as consequ\u00eancias da apneia do sono no metabolismo&lt;\/span&gt;\" tabindex=\"-1\" target=\"_blank\">\n\t\t\tver mais \u00bb\t\t<\/a>\n\n\t\t\t\t<\/div>\n\t\t\t\t<\/article>\n\t\t\t\t<article class=\"elementor-post elementor-grid-item post-2030 post type-post status-publish format-standard has-post-thumbnail hentry category-paciente tag-apneia-do-sono tag-cpap tag-polissonografia tag-tratamento\" role=\"listitem\">\n\t\t\t\t<a class=\"elementor-post__thumbnail__link\" href=\"https:\/\/www.biologix.com.br\/en\/2020\/10\/10\/cpap-quando-devo-usar\/\" tabindex=\"-1\" target=&quot;_blank&quot;>\n\t\t\t<div class=\"elementor-post__thumbnail\"><img loading=\"lazy\" decoding=\"async\" width=\"300\" height=\"117\" src=\"https:\/\/www.biologix.com.br\/wp-content\/uploads\/2020\/10\/cpap-paciente-usando-300x117.jpg\" class=\"attachment-medium size-medium wp-image-4213\" alt=\"\" srcset=\"https:\/\/www.biologix.com.br\/wp-content\/uploads\/2020\/10\/cpap-paciente-usando-300x117.jpg 300w, https:\/\/www.biologix.com.br\/wp-content\/uploads\/2020\/10\/cpap-paciente-usando-1024x400.jpg 1024w, https:\/\/www.biologix.com.br\/wp-content\/uploads\/2020\/10\/cpap-paciente-usando-768x300.jpg 768w, https:\/\/www.biologix.com.br\/wp-content\/uploads\/2020\/10\/cpap-paciente-usando.jpg 1280w\" sizes=\"(max-width: 300px) 100vw, 300px\" \/><\/div>\n\t\t<\/a>\n\t\t\t\t<div class=\"elementor-post__text\">\n\t\t\t\t<h2 class=\"elementor-post__title\">\n\t\t\t<a href=\"https:\/\/www.biologix.com.br\/en\/2020\/10\/10\/cpap-quando-devo-usar\/\" target=&quot;_blank&quot;>\n\t\t\t\tCPAP: Quando devo usar?<br><span class='secondary-title'>Saiba mais sobre o tratamento com CPAP<\/span>\t\t\t<\/a>\n\t\t<\/h2>\n\t\t\t\t<div class=\"elementor-post__meta-data\">\n\t\t\t\t\t<span class=\"elementor-post-date\">\n\t\t\t10 de October de 2020\t\t<\/span>\n\t\t\t\t<\/div>\n\t\t\t\t<div class=\"elementor-post__excerpt\">\n\t\t\t<p>O CPAP, uma sigla em ingl\u00eas para \u201cContinuous Positive Airway Pressure\u201d que traduzindo significa Press\u00e3o Positiva Cont\u00ednua nas Vias A\u00e9reas,<\/p>\n\t\t<\/div>\n\t\t\n\t\t<a class=\"elementor-post__read-more\" href=\"https:\/\/www.biologix.com.br\/en\/2020\/10\/10\/cpap-quando-devo-usar\/\" aria-label=\"Read more about CPAP: Quando devo usar?&lt;br&gt;&lt;span class=&#039;secondary-title&#039;&gt;Saiba mais sobre o tratamento com CPAP&lt;\/span&gt;\" tabindex=\"-1\" target=\"_blank\">\n\t\t\tver mais \u00bb\t\t<\/a>\n\n\t\t\t\t<\/div>\n\t\t\t\t<\/article>\n\t\t\t\t<article class=\"elementor-post elementor-grid-item post-2009 post type-post status-publish format-standard has-post-thumbnail hentry category-paciente tag-apneia-do-sono tag-dentista tag-exame-do-sono tag-medico-do-sono tag-polissonografia\" role=\"listitem\">\n\t\t\t\t<a class=\"elementor-post__thumbnail__link\" href=\"https:\/\/www.biologix.com.br\/en\/2020\/10\/13\/polissonografia-o-que-e\/\" tabindex=\"-1\" target=&quot;_blank&quot;>\n\t\t\t<div class=\"elementor-post__thumbnail\"><img loading=\"lazy\" decoding=\"async\" width=\"300\" height=\"117\" src=\"https:\/\/www.biologix.com.br\/wp-content\/uploads\/2020\/10\/polisonografia-entenda-o-que-e-300x117.jpg\" class=\"attachment-medium size-medium wp-image-4214\" alt=\"\" srcset=\"https:\/\/www.biologix.com.br\/wp-content\/uploads\/2020\/10\/polisonografia-entenda-o-que-e-300x117.jpg 300w, https:\/\/www.biologix.com.br\/wp-content\/uploads\/2020\/10\/polisonografia-entenda-o-que-e-1024x400.jpg 1024w, https:\/\/www.biologix.com.br\/wp-content\/uploads\/2020\/10\/polisonografia-entenda-o-que-e-768x300.jpg 768w, https:\/\/www.biologix.com.br\/wp-content\/uploads\/2020\/10\/polisonografia-entenda-o-que-e.jpg 1280w\" sizes=\"(max-width: 300px) 100vw, 300px\" \/><\/div>\n\t\t<\/a>\n\t\t\t\t<div class=\"elementor-post__text\">\n\t\t\t\t<h2 class=\"elementor-post__title\">\n\t\t\t<a href=\"https:\/\/www.biologix.com.br\/en\/2020\/10\/13\/polissonografia-o-que-e\/\" target=&quot;_blank&quot;>\n\t\t\t\tPolissonografia: O que \u00e9?<br><span class='secondary-title'>Saiba mais sobre o exame do sono<\/span>\t\t\t<\/a>\n\t\t<\/h2>\n\t\t\t\t<div class=\"elementor-post__meta-data\">\n\t\t\t\t\t<span class=\"elementor-post-date\">\n\t\t\t13 de October de 2020\t\t<\/span>\n\t\t\t\t<\/div>\n\t\t\t\t<div class=\"elementor-post__excerpt\">\n\t\t\t<p>Voc\u00ea sabe o que polissonografia? Continue lendo que vamos te explicar tudo!<\/p>\n\t\t<\/div>\n\t\t\n\t\t<a class=\"elementor-post__read-more\" href=\"https:\/\/www.biologix.com.br\/en\/2020\/10\/13\/polissonografia-o-que-e\/\" aria-label=\"Read more about Polissonografia: O que \u00e9?&lt;br&gt;&lt;span class=&#039;secondary-title&#039;&gt;Saiba mais sobre o exame do sono&lt;\/span&gt;\" tabindex=\"-1\" target=\"_blank\">\n\t\t\tver mais \u00bb\t\t<\/a>\n\n\t\t\t\t<\/div>\n\t\t\t\t<\/article>\n\t\t\t\t<article class=\"elementor-post elementor-grid-item post-3989 post type-post status-publish format-standard has-post-thumbnail hentry category-medicina-do-sono-profissional-de-saude category-profissional-de-saude tag-apneia-do-sono tag-cpap tag-disturbios-do-sono-2 tag-medicina-do-sono tag-otorrino tag-otorrinolaringologista\" role=\"listitem\">\n\t\t\t\t<a class=\"elementor-post__thumbnail__link\" href=\"https:\/\/www.biologix.com.br\/en\/2020\/10\/14\/otorrinolaringologia-e-a-medicina-do-sono-qual-a-relacao\/\" tabindex=\"-1\" target=&quot;_blank&quot;>\n\t\t\t<div class=\"elementor-post__thumbnail\"><img loading=\"lazy\" decoding=\"async\" width=\"300\" height=\"117\" src=\"https:\/\/www.biologix.com.br\/wp-content\/uploads\/2020\/08\/capa-blog-otorrinolaringologia-e-a-medicina-do-sono-300x117.jpg\" class=\"attachment-medium size-medium wp-image-11537\" alt=\"\" srcset=\"https:\/\/www.biologix.com.br\/wp-content\/uploads\/2020\/08\/capa-blog-otorrinolaringologia-e-a-medicina-do-sono-300x117.jpg 300w, https:\/\/www.biologix.com.br\/wp-content\/uploads\/2020\/08\/capa-blog-otorrinolaringologia-e-a-medicina-do-sono-1024x400.jpg 1024w, https:\/\/www.biologix.com.br\/wp-content\/uploads\/2020\/08\/capa-blog-otorrinolaringologia-e-a-medicina-do-sono-768x300.jpg 768w, https:\/\/www.biologix.com.br\/wp-content\/uploads\/2020\/08\/capa-blog-otorrinolaringologia-e-a-medicina-do-sono-18x7.jpg 18w, https:\/\/www.biologix.com.br\/wp-content\/uploads\/2020\/08\/capa-blog-otorrinolaringologia-e-a-medicina-do-sono.jpg 1280w\" sizes=\"(max-width: 300px) 100vw, 300px\" \/><\/div>\n\t\t<\/a>\n\t\t\t\t<div class=\"elementor-post__text\">\n\t\t\t\t<h2 class=\"elementor-post__title\">\n\t\t\t<a href=\"https:\/\/www.biologix.com.br\/en\/2020\/10\/14\/otorrinolaringologia-e-a-medicina-do-sono-qual-a-relacao\/\" target=&quot;_blank&quot;>\n\t\t\t\tOtorrinolaringologia e a medicina do sono, qual a rela\u00e7\u00e3o?<br><span class='secondary-title'>Saiba como o otorrino pode diagnosticar a apneia do sono<\/span>\t\t\t<\/a>\n\t\t<\/h2>\n\t\t\t\t<div class=\"elementor-post__meta-data\">\n\t\t\t\t\t<span class=\"elementor-post-date\">\n\t\t\t14 de October de 2020\t\t<\/span>\n\t\t\t\t<\/div>\n\t\t\t\t<div class=\"elementor-post__excerpt\">\n\t\t\t<p>A medicina do sono \u00e9 uma das \u00e1reas que tem evolu\u00eddo muito em pesquisa e em interesse pela classe m\u00e9dica.<\/p>\n\t\t<\/div>\n\t\t\n\t\t<a class=\"elementor-post__read-more\" href=\"https:\/\/www.biologix.com.br\/en\/2020\/10\/14\/otorrinolaringologia-e-a-medicina-do-sono-qual-a-relacao\/\" aria-label=\"Read more about Otorrinolaringologia e a medicina do sono, qual a rela\u00e7\u00e3o?&lt;br&gt;&lt;span class=&#039;secondary-title&#039;&gt;Saiba como o otorrino pode diagnosticar a apneia do sono&lt;\/span&gt;\" tabindex=\"-1\" target=\"_blank\">\n\t\t\tver mais \u00bb\t\t<\/a>\n\n\t\t\t\t<\/div>\n\t\t\t\t<\/article>\n\t\t\t\t<article class=\"elementor-post elementor-grid-item post-2521 post type-post status-publish format-standard has-post-thumbnail hentry category-paciente tag-apneia-do-sono tag-insonia tag-jet-lag tag-polissonografia\" role=\"listitem\">\n\t\t\t\t<a class=\"elementor-post__thumbnail__link\" href=\"https:\/\/www.biologix.com.br\/en\/2020\/10\/19\/jet-lag-disturbio-temporario-do-sono\/\" tabindex=\"-1\" target=&quot;_blank&quot;>\n\t\t\t<div class=\"elementor-post__thumbnail\"><img loading=\"lazy\" decoding=\"async\" width=\"300\" height=\"117\" src=\"https:\/\/www.biologix.com.br\/wp-content\/uploads\/2020\/08\/jet-lag-disturbios-do-sono-300x117.jpg\" class=\"attachment-medium size-medium wp-image-4281\" alt=\"\" srcset=\"https:\/\/www.biologix.com.br\/wp-content\/uploads\/2020\/08\/jet-lag-disturbios-do-sono-300x117.jpg 300w, https:\/\/www.biologix.com.br\/wp-content\/uploads\/2020\/08\/jet-lag-disturbios-do-sono-1024x400.jpg 1024w, https:\/\/www.biologix.com.br\/wp-content\/uploads\/2020\/08\/jet-lag-disturbios-do-sono-768x300.jpg 768w, https:\/\/www.biologix.com.br\/wp-content\/uploads\/2020\/08\/jet-lag-disturbios-do-sono.jpg 1280w\" sizes=\"(max-width: 300px) 100vw, 300px\" \/><\/div>\n\t\t<\/a>\n\t\t\t\t<div class=\"elementor-post__text\">\n\t\t\t\t<h2 class=\"elementor-post__title\">\n\t\t\t<a href=\"https:\/\/www.biologix.com.br\/en\/2020\/10\/19\/jet-lag-disturbio-temporario-do-sono\/\" target=&quot;_blank&quot;>\n\t\t\t\tJet Lag: dist\u00farbio tempor\u00e1rio do sono<br><span class='secondary-title'>Saiba o que \u00e9 Jet Lag e como minimizar esse desconforto<\/span>\t\t\t<\/a>\n\t\t<\/h2>\n\t\t\t\t<div class=\"elementor-post__meta-data\">\n\t\t\t\t\t<span class=\"elementor-post-date\">\n\t\t\t19 de October de 2020\t\t<\/span>\n\t\t\t\t<\/div>\n\t\t\t\t<div class=\"elementor-post__excerpt\">\n\t\t\t<p>Voc\u00ea j\u00e1 fez uma viagem internacional e sofreu com o fuso hor\u00e1rio? Demorou para se adaptar \u00e0 nova rotina? Se<\/p>\n\t\t<\/div>\n\t\t\n\t\t<a class=\"elementor-post__read-more\" href=\"https:\/\/www.biologix.com.br\/en\/2020\/10\/19\/jet-lag-disturbio-temporario-do-sono\/\" aria-label=\"Read more about Jet Lag: dist\u00farbio tempor\u00e1rio do sono&lt;br&gt;&lt;span class=&#039;secondary-title&#039;&gt;Saiba o que \u00e9 Jet Lag e como minimizar esse desconforto&lt;\/span&gt;\" tabindex=\"-1\" target=\"_blank\">\n\t\t\tver mais \u00bb\t\t<\/a>\n\n\t\t\t\t<\/div>\n\t\t\t\t<\/article>\n\t\t\t\t<article class=\"elementor-post elementor-grid-item post-4351 post type-post status-publish format-standard has-post-thumbnail hentry category-paciente tag-apneia tag-apneia-do-sono tag-apneia-obstrutiva-do-sono tag-cpap tag-direcao tag-oximetria-noturna tag-ronco tag-transito\" role=\"listitem\">\n\t\t\t\t<a class=\"elementor-post__thumbnail__link\" href=\"https:\/\/www.biologix.com.br\/en\/2020\/10\/30\/sono-e-direcao\/\" tabindex=\"-1\" target=&quot;_blank&quot;>\n\t\t\t<div class=\"elementor-post__thumbnail\"><img loading=\"lazy\" decoding=\"async\" width=\"300\" height=\"117\" src=\"https:\/\/www.biologix.com.br\/wp-content\/uploads\/2020\/10\/sono-e-direcao-300x117.jpg\" class=\"attachment-medium size-medium wp-image-4404\" alt=\"\" srcset=\"https:\/\/www.biologix.com.br\/wp-content\/uploads\/2020\/10\/sono-e-direcao-300x117.jpg 300w, https:\/\/www.biologix.com.br\/wp-content\/uploads\/2020\/10\/sono-e-direcao-1024x400.jpg 1024w, https:\/\/www.biologix.com.br\/wp-content\/uploads\/2020\/10\/sono-e-direcao-768x300.jpg 768w, https:\/\/www.biologix.com.br\/wp-content\/uploads\/2020\/10\/sono-e-direcao.jpg 1280w\" sizes=\"(max-width: 300px) 100vw, 300px\" \/><\/div>\n\t\t<\/a>\n\t\t\t\t<div class=\"elementor-post__text\">\n\t\t\t\t<h2 class=\"elementor-post__title\">\n\t\t\t<a href=\"https:\/\/www.biologix.com.br\/en\/2020\/10\/30\/sono-e-direcao\/\" target=&quot;_blank&quot;>\n\t\t\t\tSono e dire\u00e7\u00e3o: a raz\u00e3o de muitos acidentes no tr\u00e2nsito<br><span class='secondary-title'>Dire\u00e7\u00e3o e sono n\u00e3o combinam!<\/span>\t\t\t<\/a>\n\t\t<\/h2>\n\t\t\t\t<div class=\"elementor-post__meta-data\">\n\t\t\t\t\t<span class=\"elementor-post-date\">\n\t\t\t30 de October de 2020\t\t<\/span>\n\t\t\t\t<\/div>\n\t\t\t\t<div class=\"elementor-post__excerpt\">\n\t\t\t<p>A frase \u201csono pode matar\u201d, pode ser familiar para algumas pessoas. O cansa\u00e7o \u00e9 inimigo invis\u00edvel dos motoristas brasileiros, causando<\/p>\n\t\t<\/div>\n\t\t\n\t\t<a class=\"elementor-post__read-more\" href=\"https:\/\/www.biologix.com.br\/en\/2020\/10\/30\/sono-e-direcao\/\" aria-label=\"Read more about Sono e dire\u00e7\u00e3o: a raz\u00e3o de muitos acidentes no tr\u00e2nsito&lt;br&gt;&lt;span class=&#039;secondary-title&#039;&gt;Dire\u00e7\u00e3o e sono n\u00e3o combinam!&lt;\/span&gt;\" tabindex=\"-1\" target=\"_blank\">\n\t\t\tver mais \u00bb\t\t<\/a>\n\n\t\t\t\t<\/div>\n\t\t\t\t<\/article>\n\t\t\t\t<article class=\"elementor-post elementor-grid-item post-4377 post type-post status-publish format-standard has-post-thumbnail hentry category-fisio category-profissional-de-saude tag-cefaleia tag-dor-orofacial tag-dtm tag-fisioterapia tag-sono\" role=\"listitem\">\n\t\t\t\t<a class=\"elementor-post__thumbnail__link\" href=\"https:\/\/www.biologix.com.br\/en\/2020\/10\/30\/contribuicoes-da-fisioterapia-em-dtm-e-dor-orofacial-e-sua-relacao-com-o-sono-%e2%a0%80%e2%a0%80\/\" tabindex=\"-1\" target=&quot;_blank&quot;>\n\t\t\t<div class=\"elementor-post__thumbnail\"><img loading=\"lazy\" decoding=\"async\" width=\"300\" height=\"117\" src=\"https:\/\/www.biologix.com.br\/wp-content\/uploads\/2021\/05\/capa-blog-contribuicoes-da-fisioterapia-em-dtm-e-dor-orofacial-e-sua-relacao-com-o-sono-300x117.jpg\" class=\"attachment-medium size-medium wp-image-11544\" alt=\"\" srcset=\"https:\/\/www.biologix.com.br\/wp-content\/uploads\/2021\/05\/capa-blog-contribuicoes-da-fisioterapia-em-dtm-e-dor-orofacial-e-sua-relacao-com-o-sono-300x117.jpg 300w, https:\/\/www.biologix.com.br\/wp-content\/uploads\/2021\/05\/capa-blog-contribuicoes-da-fisioterapia-em-dtm-e-dor-orofacial-e-sua-relacao-com-o-sono-1024x400.jpg 1024w, https:\/\/www.biologix.com.br\/wp-content\/uploads\/2021\/05\/capa-blog-contribuicoes-da-fisioterapia-em-dtm-e-dor-orofacial-e-sua-relacao-com-o-sono-768x300.jpg 768w, https:\/\/www.biologix.com.br\/wp-content\/uploads\/2021\/05\/capa-blog-contribuicoes-da-fisioterapia-em-dtm-e-dor-orofacial-e-sua-relacao-com-o-sono-18x7.jpg 18w, https:\/\/www.biologix.com.br\/wp-content\/uploads\/2021\/05\/capa-blog-contribuicoes-da-fisioterapia-em-dtm-e-dor-orofacial-e-sua-relacao-com-o-sono.jpg 1280w\" sizes=\"(max-width: 300px) 100vw, 300px\" \/><\/div>\n\t\t<\/a>\n\t\t\t\t<div class=\"elementor-post__text\">\n\t\t\t\t<h2 class=\"elementor-post__title\">\n\t\t\t<a href=\"https:\/\/www.biologix.com.br\/en\/2020\/10\/30\/contribuicoes-da-fisioterapia-em-dtm-e-dor-orofacial-e-sua-relacao-com-o-sono-%e2%a0%80%e2%a0%80\/\" target=&quot;_blank&quot;>\n\t\t\t\tContribui\u00e7\u00f5es da fisioterapia em DTM e dor orofacial e sua rela\u00e7\u00e3o com o sono \u2800\u2800<br><span class='secondary-title'>Entenda o que \u00e9 DTM e sua rela\u00e7\u00e3o com o sono<\/span>\t\t\t<\/a>\n\t\t<\/h2>\n\t\t\t\t<div class=\"elementor-post__meta-data\">\n\t\t\t\t\t<span class=\"elementor-post-date\">\n\t\t\t30 de October de 2020\t\t<\/span>\n\t\t\t\t<\/div>\n\t\t\t\t<div class=\"elementor-post__excerpt\">\n\t\t\t<p>Queixas como cefaleia matinal, dor na regi\u00e3o das t\u00eamporas e cervical s\u00e3o comuns associadas a dores na regi\u00e3o da articula\u00e7\u00e3o<\/p>\n\t\t<\/div>\n\t\t\n\t\t<a class=\"elementor-post__read-more\" href=\"https:\/\/www.biologix.com.br\/en\/2020\/10\/30\/contribuicoes-da-fisioterapia-em-dtm-e-dor-orofacial-e-sua-relacao-com-o-sono-%e2%a0%80%e2%a0%80\/\" aria-label=\"Read more about Contribui\u00e7\u00f5es da fisioterapia em DTM e dor orofacial e sua rela\u00e7\u00e3o com o sono \u2800\u2800&lt;br&gt;&lt;span class=&#039;secondary-title&#039;&gt;Entenda o que \u00e9 DTM e sua rela\u00e7\u00e3o com o sono&lt;\/span&gt;\" tabindex=\"-1\" target=\"_blank\">\n\t\t\tver mais \u00bb\t\t<\/a>\n\n\t\t\t\t<\/div>\n\t\t\t\t<\/article>\n\t\t\t\t<article class=\"elementor-post elementor-grid-item post-4407 post type-post status-publish format-standard has-post-thumbnail hentry category-endocrinologia-profissional-de-saude category-profissional-de-saude tag-apneia-do-sono tag-hipogonadismo tag-oximetria tag-oximetria-noturna tag-sono tag-testosterona\" role=\"listitem\">\n\t\t\t\t<a class=\"elementor-post__thumbnail__link\" href=\"https:\/\/www.biologix.com.br\/en\/2020\/11\/11\/hipogonadismo-masculino-e-apneia-do-sono\/\" tabindex=\"-1\" target=&quot;_blank&quot;>\n\t\t\t<div class=\"elementor-post__thumbnail\"><img loading=\"lazy\" decoding=\"async\" width=\"300\" height=\"117\" src=\"https:\/\/www.biologix.com.br\/wp-content\/uploads\/2022\/06\/capa-blog-hipogonadismo-masculino-e-apneia-do-sono-300x117.jpg\" class=\"attachment-medium size-medium wp-image-11554\" alt=\"\" srcset=\"https:\/\/www.biologix.com.br\/wp-content\/uploads\/2022\/06\/capa-blog-hipogonadismo-masculino-e-apneia-do-sono-300x117.jpg 300w, https:\/\/www.biologix.com.br\/wp-content\/uploads\/2022\/06\/capa-blog-hipogonadismo-masculino-e-apneia-do-sono-1024x400.jpg 1024w, https:\/\/www.biologix.com.br\/wp-content\/uploads\/2022\/06\/capa-blog-hipogonadismo-masculino-e-apneia-do-sono-768x300.jpg 768w, https:\/\/www.biologix.com.br\/wp-content\/uploads\/2022\/06\/capa-blog-hipogonadismo-masculino-e-apneia-do-sono-18x7.jpg 18w, https:\/\/www.biologix.com.br\/wp-content\/uploads\/2022\/06\/capa-blog-hipogonadismo-masculino-e-apneia-do-sono.jpg 1280w\" sizes=\"(max-width: 300px) 100vw, 300px\" \/><\/div>\n\t\t<\/a>\n\t\t\t\t<div class=\"elementor-post__text\">\n\t\t\t\t<h2 class=\"elementor-post__title\">\n\t\t\t<a href=\"https:\/\/www.biologix.com.br\/en\/2020\/11\/11\/hipogonadismo-masculino-e-apneia-do-sono\/\" target=&quot;_blank&quot;>\n\t\t\t\tHipogonadismo masculino e apneia do sono<br><span class='secondary-title'>Entenda qual a conex\u00e3o da apneia do sono e o Hipogonadismo<\/span>\t\t\t<\/a>\n\t\t<\/h2>\n\t\t\t\t<div class=\"elementor-post__meta-data\">\n\t\t\t\t\t<span class=\"elementor-post-date\">\n\t\t\t11 de November de 2020\t\t<\/span>\n\t\t\t\t<\/div>\n\t\t\t\t<div class=\"elementor-post__excerpt\">\n\t\t\t<p>O hipogonadismo&nbsp;ocorre quando o homem produz pouca testosterona, o principal horm\u00f4nio masculino. A redu\u00e7\u00e3o deste horm\u00f4nio pode estar associada ao<\/p>\n\t\t<\/div>\n\t\t\n\t\t<a class=\"elementor-post__read-more\" href=\"https:\/\/www.biologix.com.br\/en\/2020\/11\/11\/hipogonadismo-masculino-e-apneia-do-sono\/\" aria-label=\"Read more about Hipogonadismo masculino e apneia do sono&lt;br&gt;&lt;span class=&#039;secondary-title&#039;&gt;Entenda qual a conex\u00e3o da apneia do sono e o Hipogonadismo&lt;\/span&gt;\" tabindex=\"-1\" target=\"_blank\">\n\t\t\tver mais \u00bb\t\t<\/a>\n\n\t\t\t\t<\/div>\n\t\t\t\t<\/article>\n\t\t\t\t<article class=\"elementor-post elementor-grid-item post-4411 post type-post status-publish format-standard has-post-thumbnail hentry category-endocrinologia-profissional-de-saude category-profissional-de-saude tag-climaterio tag-hormonios tag-menopausa tag-oximetria tag-oximetria-noturna tag-sono-na-mulher\" role=\"listitem\">\n\t\t\t\t<a class=\"elementor-post__thumbnail__link\" href=\"https:\/\/www.biologix.com.br\/en\/2020\/11\/16\/menopausa-e-sindrome-da-apneia-obstrutiva-do-sono\/\" tabindex=\"-1\" target=&quot;_blank&quot;>\n\t\t\t<div class=\"elementor-post__thumbnail\"><img loading=\"lazy\" decoding=\"async\" width=\"300\" height=\"117\" src=\"https:\/\/www.biologix.com.br\/wp-content\/uploads\/2022\/06\/capa-blog-menopausa-e-sindrome-da-apneia-obstrutiva-do-sono-300x117.jpg\" class=\"attachment-medium size-medium wp-image-11555\" alt=\"\" srcset=\"https:\/\/www.biologix.com.br\/wp-content\/uploads\/2022\/06\/capa-blog-menopausa-e-sindrome-da-apneia-obstrutiva-do-sono-300x117.jpg 300w, https:\/\/www.biologix.com.br\/wp-content\/uploads\/2022\/06\/capa-blog-menopausa-e-sindrome-da-apneia-obstrutiva-do-sono-1024x400.jpg 1024w, https:\/\/www.biologix.com.br\/wp-content\/uploads\/2022\/06\/capa-blog-menopausa-e-sindrome-da-apneia-obstrutiva-do-sono-768x300.jpg 768w, https:\/\/www.biologix.com.br\/wp-content\/uploads\/2022\/06\/capa-blog-menopausa-e-sindrome-da-apneia-obstrutiva-do-sono-18x7.jpg 18w, https:\/\/www.biologix.com.br\/wp-content\/uploads\/2022\/06\/capa-blog-menopausa-e-sindrome-da-apneia-obstrutiva-do-sono.jpg 1280w\" sizes=\"(max-width: 300px) 100vw, 300px\" \/><\/div>\n\t\t<\/a>\n\t\t\t\t<div class=\"elementor-post__text\">\n\t\t\t\t<h2 class=\"elementor-post__title\">\n\t\t\t<a href=\"https:\/\/www.biologix.com.br\/en\/2020\/11\/16\/menopausa-e-sindrome-da-apneia-obstrutiva-do-sono\/\" target=&quot;_blank&quot;>\n\t\t\t\tMenopausa e s\u00edndrome da apneia obstrutiva do sono<br><span class='secondary-title'>Entenda como o sono da mulher \u00e9 afetado na menopausa<\/span>\t\t\t<\/a>\n\t\t<\/h2>\n\t\t\t\t<div class=\"elementor-post__meta-data\">\n\t\t\t\t\t<span class=\"elementor-post-date\">\n\t\t\t16 de November de 2020\t\t<\/span>\n\t\t\t\t<\/div>\n\t\t\t\t<div class=\"elementor-post__excerpt\">\n\t\t\t<p>A ins\u00f4nia \u00e9 o dist\u00farbio de sono mais frequente na p\u00f3s-menopausa, em decorr\u00eancia de altera\u00e7\u00f5es hormonais, estados depressivos relacionados a<\/p>\n\t\t<\/div>\n\t\t\n\t\t<a class=\"elementor-post__read-more\" href=\"https:\/\/www.biologix.com.br\/en\/2020\/11\/16\/menopausa-e-sindrome-da-apneia-obstrutiva-do-sono\/\" aria-label=\"Read more about Menopausa e s\u00edndrome da apneia obstrutiva do sono&lt;br&gt;&lt;span class=&#039;secondary-title&#039;&gt;Entenda como o sono da mulher \u00e9 afetado na menopausa&lt;\/span&gt;\" tabindex=\"-1\" target=\"_blank\">\n\t\t\tver mais \u00bb\t\t<\/a>\n\n\t\t\t\t<\/div>\n\t\t\t\t<\/article>\n\t\t\t\t<article class=\"elementor-post elementor-grid-item post-4458 post type-post status-publish format-standard has-post-thumbnail hentry category-paciente tag-apneia-do-sono tag-depressao tag-exame-do-sono tag-sono\" role=\"listitem\">\n\t\t\t\t<a class=\"elementor-post__thumbnail__link\" href=\"https:\/\/www.biologix.com.br\/en\/2020\/11\/19\/apneia-do-sono-nao-tratada-pode-causar-depressao\/\" tabindex=\"-1\" target=&quot;_blank&quot;>\n\t\t\t<div class=\"elementor-post__thumbnail\"><img loading=\"lazy\" decoding=\"async\" width=\"300\" height=\"117\" src=\"https:\/\/www.biologix.com.br\/wp-content\/uploads\/2020\/11\/apneia-do-sono-nao-tratada-pode-causar-depressao-300x117.jpg\" class=\"attachment-medium size-medium wp-image-4479\" alt=\"\" srcset=\"https:\/\/www.biologix.com.br\/wp-content\/uploads\/2020\/11\/apneia-do-sono-nao-tratada-pode-causar-depressao-300x117.jpg 300w, https:\/\/www.biologix.com.br\/wp-content\/uploads\/2020\/11\/apneia-do-sono-nao-tratada-pode-causar-depressao-1024x400.jpg 1024w, https:\/\/www.biologix.com.br\/wp-content\/uploads\/2020\/11\/apneia-do-sono-nao-tratada-pode-causar-depressao-768x300.jpg 768w, https:\/\/www.biologix.com.br\/wp-content\/uploads\/2020\/11\/apneia-do-sono-nao-tratada-pode-causar-depressao.jpg 1280w\" sizes=\"(max-width: 300px) 100vw, 300px\" \/><\/div>\n\t\t<\/a>\n\t\t\t\t<div class=\"elementor-post__text\">\n\t\t\t\t<h2 class=\"elementor-post__title\">\n\t\t\t<a href=\"https:\/\/www.biologix.com.br\/en\/2020\/11\/19\/apneia-do-sono-nao-tratada-pode-causar-depressao\/\" target=&quot;_blank&quot;>\n\t\t\t\tApneia do sono n\u00e3o tratada pode causar depress\u00e3o<br><span class='secondary-title'>Entenda a conex\u00e3o entre apneia do sono e depress\u00e3o<\/span>\t\t\t<\/a>\n\t\t<\/h2>\n\t\t\t\t<div class=\"elementor-post__meta-data\">\n\t\t\t\t\t<span class=\"elementor-post-date\">\n\t\t\t19 de November de 2020\t\t<\/span>\n\t\t\t\t<\/div>\n\t\t\t\t<div class=\"elementor-post__excerpt\">\n\t\t\t<p>O sono \u00e9 um dos momentos mais importantes do dia. Ele funciona como um alimento. Rep\u00f5e as energias, revigora o<\/p>\n\t\t<\/div>\n\t\t\n\t\t<a class=\"elementor-post__read-more\" href=\"https:\/\/www.biologix.com.br\/en\/2020\/11\/19\/apneia-do-sono-nao-tratada-pode-causar-depressao\/\" aria-label=\"Read more about Apneia do sono n\u00e3o tratada pode causar depress\u00e3o&lt;br&gt;&lt;span class=&#039;secondary-title&#039;&gt;Entenda a conex\u00e3o entre apneia do sono e depress\u00e3o&lt;\/span&gt;\" tabindex=\"-1\" target=\"_blank\">\n\t\t\tver mais \u00bb\t\t<\/a>\n\n\t\t\t\t<\/div>\n\t\t\t\t<\/article>\n\t\t\t\t<article class=\"elementor-post elementor-grid-item post-4482 post type-post status-publish format-standard has-post-thumbnail hentry category-endocrinologia-profissional-de-saude category-profissional-de-saude tag-apneia-do-sono tag-fraturas tag-osteopenia tag-osteoporose tag-qualidade-de-vida tag-sono\" role=\"listitem\">\n\t\t\t\t<a class=\"elementor-post__thumbnail__link\" href=\"https:\/\/www.biologix.com.br\/en\/2020\/11\/23\/osteoporose-e-apneia-obstrutiva-do-sono\/\" tabindex=\"-1\" target=&quot;_blank&quot;>\n\t\t\t<div class=\"elementor-post__thumbnail\"><img loading=\"lazy\" decoding=\"async\" width=\"300\" height=\"117\" src=\"https:\/\/www.biologix.com.br\/wp-content\/uploads\/2022\/06\/capa-blog-osteoporose-e-apneia-obstrutiva-do-sono-300x117.jpg\" class=\"attachment-medium size-medium wp-image-11550\" alt=\"\" srcset=\"https:\/\/www.biologix.com.br\/wp-content\/uploads\/2022\/06\/capa-blog-osteoporose-e-apneia-obstrutiva-do-sono-300x117.jpg 300w, https:\/\/www.biologix.com.br\/wp-content\/uploads\/2022\/06\/capa-blog-osteoporose-e-apneia-obstrutiva-do-sono-1024x400.jpg 1024w, https:\/\/www.biologix.com.br\/wp-content\/uploads\/2022\/06\/capa-blog-osteoporose-e-apneia-obstrutiva-do-sono-768x300.jpg 768w, https:\/\/www.biologix.com.br\/wp-content\/uploads\/2022\/06\/capa-blog-osteoporose-e-apneia-obstrutiva-do-sono-18x7.jpg 18w, https:\/\/www.biologix.com.br\/wp-content\/uploads\/2022\/06\/capa-blog-osteoporose-e-apneia-obstrutiva-do-sono.jpg 1280w\" sizes=\"(max-width: 300px) 100vw, 300px\" \/><\/div>\n\t\t<\/a>\n\t\t\t\t<div class=\"elementor-post__text\">\n\t\t\t\t<h2 class=\"elementor-post__title\">\n\t\t\t<a href=\"https:\/\/www.biologix.com.br\/en\/2020\/11\/23\/osteoporose-e-apneia-obstrutiva-do-sono\/\" target=&quot;_blank&quot;>\n\t\t\t\tOsteoporose e apneia obstrutiva do sono<br><span class='secondary-title'>Entenda melhor sobre a osteoporose e sua rela\u00e7\u00e3o com a apneia do sono<\/span>\t\t\t<\/a>\n\t\t<\/h2>\n\t\t\t\t<div class=\"elementor-post__meta-data\">\n\t\t\t\t\t<span class=\"elementor-post-date\">\n\t\t\t23 de November de 2020\t\t<\/span>\n\t\t\t\t<\/div>\n\t\t\t\t<div class=\"elementor-post__excerpt\">\n\t\t\t<p>A Organiza\u00e7\u00e3o Mundial de Sa\u00fade (OMS) considera a osteoporose o segundo maior problema de assist\u00eancia sanit\u00e1ria no mundo, depois das<\/p>\n\t\t<\/div>\n\t\t\n\t\t<a class=\"elementor-post__read-more\" href=\"https:\/\/www.biologix.com.br\/en\/2020\/11\/23\/osteoporose-e-apneia-obstrutiva-do-sono\/\" aria-label=\"Read more about Osteoporose e apneia obstrutiva do sono&lt;br&gt;&lt;span class=&#039;secondary-title&#039;&gt;Entenda melhor sobre a osteoporose e sua rela\u00e7\u00e3o com a apneia do sono&lt;\/span&gt;\" tabindex=\"-1\" target=\"_blank\">\n\t\t\tver mais \u00bb\t\t<\/a>\n\n\t\t\t\t<\/div>\n\t\t\t\t<\/article>\n\t\t\t\t<article class=\"elementor-post elementor-grid-item post-4707 post type-post status-publish format-standard has-post-thumbnail hentry category-odontologia category-profissional-de-saude tag-aos-2 tag-apneia-do-sono tag-diagnostico tag-sono\" role=\"listitem\">\n\t\t\t\t<a class=\"elementor-post__thumbnail__link\" href=\"https:\/\/www.biologix.com.br\/en\/2020\/12\/05\/porque-devo-ter-olhos-atentos-para-a-apneia-obstrutiva-do-sono-aos\/\" tabindex=\"-1\" target=&quot;_blank&quot;>\n\t\t\t<div class=\"elementor-post__thumbnail\"><img loading=\"lazy\" decoding=\"async\" width=\"300\" height=\"117\" src=\"https:\/\/www.biologix.com.br\/wp-content\/uploads\/2022\/12\/capa-blog-odontologia-porque-devo-ter-olhos-atentos-para-a-apneia-obstrutiva-do-sono-aos-300x117.jpg\" class=\"attachment-medium size-medium wp-image-11614\" alt=\"\" srcset=\"https:\/\/www.biologix.com.br\/wp-content\/uploads\/2022\/12\/capa-blog-odontologia-porque-devo-ter-olhos-atentos-para-a-apneia-obstrutiva-do-sono-aos-300x117.jpg 300w, https:\/\/www.biologix.com.br\/wp-content\/uploads\/2022\/12\/capa-blog-odontologia-porque-devo-ter-olhos-atentos-para-a-apneia-obstrutiva-do-sono-aos-1024x400.jpg 1024w, https:\/\/www.biologix.com.br\/wp-content\/uploads\/2022\/12\/capa-blog-odontologia-porque-devo-ter-olhos-atentos-para-a-apneia-obstrutiva-do-sono-aos-768x300.jpg 768w, https:\/\/www.biologix.com.br\/wp-content\/uploads\/2022\/12\/capa-blog-odontologia-porque-devo-ter-olhos-atentos-para-a-apneia-obstrutiva-do-sono-aos-18x7.jpg 18w, https:\/\/www.biologix.com.br\/wp-content\/uploads\/2022\/12\/capa-blog-odontologia-porque-devo-ter-olhos-atentos-para-a-apneia-obstrutiva-do-sono-aos.jpg 1280w\" sizes=\"(max-width: 300px) 100vw, 300px\" \/><\/div>\n\t\t<\/a>\n\t\t\t\t<div class=\"elementor-post__text\">\n\t\t\t\t<h2 class=\"elementor-post__title\">\n\t\t\t<a href=\"https:\/\/www.biologix.com.br\/en\/2020\/12\/05\/porque-devo-ter-olhos-atentos-para-a-apneia-obstrutiva-do-sono-aos\/\" target=&quot;_blank&quot;>\n\t\t\t\tPor que devo ter olhos atentos para a apneia obstrutiva do sono (AOS)?<br><span class='secondary-title'>A import\u00e2ncia do acompanhamento da AOS realizado por um dentista<\/span>\t\t\t<\/a>\n\t\t<\/h2>\n\t\t\t\t<div class=\"elementor-post__meta-data\">\n\t\t\t\t\t<span class=\"elementor-post-date\">\n\t\t\t5 de December de 2020\t\t<\/span>\n\t\t\t\t<\/div>\n\t\t\t\t<div class=\"elementor-post__excerpt\">\n\t\t\t<p>A Medicina do Sono tem experimentado um enorme crescimento. Junto dela, todas as outras \u00e1reas afins tamb\u00e9m evoluem a passos<\/p>\n\t\t<\/div>\n\t\t\n\t\t<a class=\"elementor-post__read-more\" href=\"https:\/\/www.biologix.com.br\/en\/2020\/12\/05\/porque-devo-ter-olhos-atentos-para-a-apneia-obstrutiva-do-sono-aos\/\" aria-label=\"Read more about Por que devo ter olhos atentos para a apneia obstrutiva do sono (AOS)?&lt;br&gt;&lt;span class=&#039;secondary-title&#039;&gt;A import\u00e2ncia do acompanhamento da AOS realizado por um dentista&lt;\/span&gt;\" tabindex=\"-1\" target=\"_blank\">\n\t\t\tver mais \u00bb\t\t<\/a>\n\n\t\t\t\t<\/div>\n\t\t\t\t<\/article>\n\t\t\t\t<article class=\"elementor-post elementor-grid-item post-4464 post type-post status-publish format-standard has-post-thumbnail hentry category-paciente tag-apneia-do-sono tag-cpap tag-exame-do-sono tag-fisioterapia tag-fisioterapia-respiratoria tag-higiene-do-sono tag-oximetria tag-oximetria-noturna\" role=\"listitem\">\n\t\t\t\t<a class=\"elementor-post__thumbnail__link\" href=\"https:\/\/www.biologix.com.br\/en\/2020\/12\/12\/a-importancia-do-profissional-de-saude-no-acompanhamento-do-paciente-usuario-de-cpap\/\" tabindex=\"-1\" target=&quot;_blank&quot;>\n\t\t\t<div class=\"elementor-post__thumbnail\"><img loading=\"lazy\" decoding=\"async\" width=\"300\" height=\"117\" src=\"https:\/\/www.biologix.com.br\/wp-content\/uploads\/2020\/12\/importancia-do-profissional-para-acompanhamento-de-cpap-300x117.jpg\" class=\"attachment-medium size-medium wp-image-4715\" alt=\"\" srcset=\"https:\/\/www.biologix.com.br\/wp-content\/uploads\/2020\/12\/importancia-do-profissional-para-acompanhamento-de-cpap-300x117.jpg 300w, https:\/\/www.biologix.com.br\/wp-content\/uploads\/2020\/12\/importancia-do-profissional-para-acompanhamento-de-cpap-1024x400.jpg 1024w, https:\/\/www.biologix.com.br\/wp-content\/uploads\/2020\/12\/importancia-do-profissional-para-acompanhamento-de-cpap-768x300.jpg 768w, https:\/\/www.biologix.com.br\/wp-content\/uploads\/2020\/12\/importancia-do-profissional-para-acompanhamento-de-cpap.jpg 1280w\" sizes=\"(max-width: 300px) 100vw, 300px\" \/><\/div>\n\t\t<\/a>\n\t\t\t\t<div class=\"elementor-post__text\">\n\t\t\t\t<h2 class=\"elementor-post__title\">\n\t\t\t<a href=\"https:\/\/www.biologix.com.br\/en\/2020\/12\/12\/a-importancia-do-profissional-de-saude-no-acompanhamento-do-paciente-usuario-de-cpap\/\" target=&quot;_blank&quot;>\n\t\t\t\tA import\u00e2ncia do profissional de sa\u00fade no acompanhamento do paciente usu\u00e1rio de CPAP<br><span class='secondary-title'>Entenda a relev\u00e2ncia do acompanhamento dos pacientes usu\u00e1rios de CPAP<\/span>\t\t\t<\/a>\n\t\t<\/h2>\n\t\t\t\t<div class=\"elementor-post__meta-data\">\n\t\t\t\t\t<span class=\"elementor-post-date\">\n\t\t\t12 de December de 2020\t\t<\/span>\n\t\t\t\t<\/div>\n\t\t\t\t<div class=\"elementor-post__excerpt\">\n\t\t\t<p>Na apneia do sono o tratamento considerado padr\u00e3o ouro, principalmente nos casos moderados e graves, \u00e9 o uso do CPAP<\/p>\n\t\t<\/div>\n\t\t\n\t\t<a class=\"elementor-post__read-more\" href=\"https:\/\/www.biologix.com.br\/en\/2020\/12\/12\/a-importancia-do-profissional-de-saude-no-acompanhamento-do-paciente-usuario-de-cpap\/\" aria-label=\"Read more about A import\u00e2ncia do profissional de sa\u00fade no acompanhamento do paciente usu\u00e1rio de CPAP&lt;br&gt;&lt;span class=&#039;secondary-title&#039;&gt;Entenda a relev\u00e2ncia do acompanhamento dos pacientes usu\u00e1rios de CPAP&lt;\/span&gt;\" tabindex=\"-1\" target=\"_blank\">\n\t\t\tver mais \u00bb\t\t<\/a>\n\n\t\t\t\t<\/div>\n\t\t\t\t<\/article>\n\t\t\t\t<article class=\"elementor-post elementor-grid-item post-4702 post type-post status-publish format-standard has-post-thumbnail hentry category-endocrinologia-profissional-de-saude category-profissional-de-saude tag-apneia-do-sono tag-hipotireoidismo tag-hipotiroidismo tag-oximetria tag-oximetria-noturna tag-ronco tag-tireoide\" role=\"listitem\">\n\t\t\t\t<a class=\"elementor-post__thumbnail__link\" href=\"https:\/\/www.biologix.com.br\/en\/2020\/12\/19\/apneia-do-sono-e-hipotireoidismo\/\" tabindex=\"-1\" target=&quot;_blank&quot;>\n\t\t\t<div class=\"elementor-post__thumbnail\"><img loading=\"lazy\" decoding=\"async\" width=\"300\" height=\"117\" src=\"https:\/\/www.biologix.com.br\/wp-content\/uploads\/2022\/06\/capa-blog-apneia-do-sono-e-hipotireoidismo-300x117.jpg\" class=\"attachment-medium size-medium wp-image-11551\" alt=\"\" srcset=\"https:\/\/www.biologix.com.br\/wp-content\/uploads\/2022\/06\/capa-blog-apneia-do-sono-e-hipotireoidismo-300x117.jpg 300w, https:\/\/www.biologix.com.br\/wp-content\/uploads\/2022\/06\/capa-blog-apneia-do-sono-e-hipotireoidismo-1024x400.jpg 1024w, https:\/\/www.biologix.com.br\/wp-content\/uploads\/2022\/06\/capa-blog-apneia-do-sono-e-hipotireoidismo-768x300.jpg 768w, https:\/\/www.biologix.com.br\/wp-content\/uploads\/2022\/06\/capa-blog-apneia-do-sono-e-hipotireoidismo-18x7.jpg 18w, https:\/\/www.biologix.com.br\/wp-content\/uploads\/2022\/06\/capa-blog-apneia-do-sono-e-hipotireoidismo.jpg 1280w\" sizes=\"(max-width: 300px) 100vw, 300px\" \/><\/div>\n\t\t<\/a>\n\t\t\t\t<div class=\"elementor-post__text\">\n\t\t\t\t<h2 class=\"elementor-post__title\">\n\t\t\t<a href=\"https:\/\/www.biologix.com.br\/en\/2020\/12\/19\/apneia-do-sono-e-hipotireoidismo\/\" target=&quot;_blank&quot;>\n\t\t\t\tApneia do sono e hipotireoidismo<br><span class='secondary-title'>Saiba qual a rela\u00e7\u00e3o entre apneia do sono e hipotireoidismo<\/span>\t\t\t<\/a>\n\t\t<\/h2>\n\t\t\t\t<div class=\"elementor-post__meta-data\">\n\t\t\t\t\t<span class=\"elementor-post-date\">\n\t\t\t19 de December de 2020\t\t<\/span>\n\t\t\t\t<\/div>\n\t\t\t\t<div class=\"elementor-post__excerpt\">\n\t\t\t<p>O hipotireoidismo \u00e9 a doen\u00e7a mais comum da tireoide e a associa\u00e7\u00e3o entre hipotireoidismo e a SAOS \u00e9 continuamente investigada,<\/p>\n\t\t<\/div>\n\t\t\n\t\t<a class=\"elementor-post__read-more\" href=\"https:\/\/www.biologix.com.br\/en\/2020\/12\/19\/apneia-do-sono-e-hipotireoidismo\/\" aria-label=\"Read more about Apneia do sono e hipotireoidismo&lt;br&gt;&lt;span class=&#039;secondary-title&#039;&gt;Saiba qual a rela\u00e7\u00e3o entre apneia do sono e hipotireoidismo&lt;\/span&gt;\" tabindex=\"-1\" target=\"_blank\">\n\t\t\tver mais \u00bb\t\t<\/a>\n\n\t\t\t\t<\/div>\n\t\t\t\t<\/article>\n\t\t\t\t<article class=\"elementor-post elementor-grid-item post-4844 post type-post status-publish format-standard has-post-thumbnail hentry category-convidados tag-bruxismo tag-odontologia tag-saude-bucal tag-sono\" role=\"listitem\">\n\t\t\t\t<a class=\"elementor-post__thumbnail__link\" href=\"https:\/\/www.biologix.com.br\/en\/2021\/01\/15\/a-importancia-do-sono-para-a-saude-bucal\/\" tabindex=\"-1\" target=&quot;_blank&quot;>\n\t\t\t<div class=\"elementor-post__thumbnail\"><img loading=\"lazy\" decoding=\"async\" width=\"300\" height=\"117\" src=\"https:\/\/www.biologix.com.br\/wp-content\/uploads\/2021\/01\/shutterstock_1727422900-300x117.jpg\" class=\"attachment-medium size-medium wp-image-4846\" alt=\"\" srcset=\"https:\/\/www.biologix.com.br\/wp-content\/uploads\/2021\/01\/shutterstock_1727422900-300x117.jpg 300w, https:\/\/www.biologix.com.br\/wp-content\/uploads\/2021\/01\/shutterstock_1727422900-1024x400.jpg 1024w, https:\/\/www.biologix.com.br\/wp-content\/uploads\/2021\/01\/shutterstock_1727422900-768x300.jpg 768w, https:\/\/www.biologix.com.br\/wp-content\/uploads\/2021\/01\/shutterstock_1727422900.jpg 1280w\" sizes=\"(max-width: 300px) 100vw, 300px\" \/><\/div>\n\t\t<\/a>\n\t\t\t\t<div class=\"elementor-post__text\">\n\t\t\t\t<h2 class=\"elementor-post__title\">\n\t\t\t<a href=\"https:\/\/www.biologix.com.br\/en\/2021\/01\/15\/a-importancia-do-sono-para-a-saude-bucal\/\" target=&quot;_blank&quot;>\n\t\t\t\tA import\u00e2ncia do sono para a sa\u00fade bucal<br><span class='secondary-title'>Entenda a rela\u00e7\u00e3o do sono com a sa\u00fade bucal<\/span>\t\t\t<\/a>\n\t\t<\/h2>\n\t\t\t\t<div class=\"elementor-post__meta-data\">\n\t\t\t\t\t<span class=\"elementor-post-date\">\n\t\t\t15 de January de 2021\t\t<\/span>\n\t\t\t\t<\/div>\n\t\t\t\t<div class=\"elementor-post__excerpt\">\n\t\t\t<p>O corpo humano \u00e9 uma m\u00e1quina viva e complexa, que funciona dia e noite. Como sabemos, ele precisa descansar em<\/p>\n\t\t<\/div>\n\t\t\n\t\t<a class=\"elementor-post__read-more\" href=\"https:\/\/www.biologix.com.br\/en\/2021\/01\/15\/a-importancia-do-sono-para-a-saude-bucal\/\" aria-label=\"Read more about A import\u00e2ncia do sono para a sa\u00fade bucal&lt;br&gt;&lt;span class=&#039;secondary-title&#039;&gt;Entenda a rela\u00e7\u00e3o do sono com a sa\u00fade bucal&lt;\/span&gt;\" tabindex=\"-1\" target=\"_blank\">\n\t\t\tver mais \u00bb\t\t<\/a>\n\n\t\t\t\t<\/div>\n\t\t\t\t<\/article>\n\t\t\t\t<article class=\"elementor-post elementor-grid-item post-4896 post type-post status-publish format-standard has-post-thumbnail hentry category-convidados tag-apneia-do-sono tag-bruxismo tag-bruxismo-do-sono tag-qualidade-do-sono tag-sono\" role=\"listitem\">\n\t\t\t\t<a class=\"elementor-post__thumbnail__link\" href=\"https:\/\/www.biologix.com.br\/en\/2021\/01\/27\/qual-o-impacto-do-bruxismo-no-sono\/\" tabindex=\"-1\" target=&quot;_blank&quot;>\n\t\t\t<div class=\"elementor-post__thumbnail\"><img loading=\"lazy\" decoding=\"async\" width=\"300\" height=\"117\" src=\"https:\/\/www.biologix.com.br\/wp-content\/uploads\/2021\/01\/img01-300x117.jpg\" class=\"attachment-medium size-medium wp-image-4898\" alt=\"\" srcset=\"https:\/\/www.biologix.com.br\/wp-content\/uploads\/2021\/01\/img01-300x117.jpg 300w, https:\/\/www.biologix.com.br\/wp-content\/uploads\/2021\/01\/img01-1024x400.jpg 1024w, https:\/\/www.biologix.com.br\/wp-content\/uploads\/2021\/01\/img01-768x300.jpg 768w, https:\/\/www.biologix.com.br\/wp-content\/uploads\/2021\/01\/img01.jpg 1280w\" sizes=\"(max-width: 300px) 100vw, 300px\" \/><\/div>\n\t\t<\/a>\n\t\t\t\t<div class=\"elementor-post__text\">\n\t\t\t\t<h2 class=\"elementor-post__title\">\n\t\t\t<a href=\"https:\/\/www.biologix.com.br\/en\/2021\/01\/27\/qual-o-impacto-do-bruxismo-no-sono\/\" target=&quot;_blank&quot;>\n\t\t\t\tQual o impacto do bruxismo no sono?<br><span class='secondary-title'>Entenda melhor sobre o bruxismo e seu impacto no sono<\/span>\t\t\t<\/a>\n\t\t<\/h2>\n\t\t\t\t<div class=\"elementor-post__meta-data\">\n\t\t\t\t\t<span class=\"elementor-post-date\">\n\t\t\t27 de January de 2021\t\t<\/span>\n\t\t\t\t<\/div>\n\t\t\t\t<div class=\"elementor-post__excerpt\">\n\t\t\t<p>O sono \u00e9 muito importante para a recomposi\u00e7\u00e3o das energias, entretanto, por conta do estresse e das tens\u00f5es cotidianas, al\u00e9m<\/p>\n\t\t<\/div>\n\t\t\n\t\t<a class=\"elementor-post__read-more\" href=\"https:\/\/www.biologix.com.br\/en\/2021\/01\/27\/qual-o-impacto-do-bruxismo-no-sono\/\" aria-label=\"Read more about Qual o impacto do bruxismo no sono?&lt;br&gt;&lt;span class=&#039;secondary-title&#039;&gt;Entenda melhor sobre o bruxismo e seu impacto no sono&lt;\/span&gt;\" tabindex=\"-1\" target=\"_blank\">\n\t\t\tver mais \u00bb\t\t<\/a>\n\n\t\t\t\t<\/div>\n\t\t\t\t<\/article>\n\t\t\t\t<article class=\"elementor-post elementor-grid-item post-4899 post type-post status-publish format-standard has-post-thumbnail hentry category-convidados tag-apneia-do-sono tag-higiene-do-sono tag-insonia-2 tag-odontologia tag-sono\" role=\"listitem\">\n\t\t\t\t<a class=\"elementor-post__thumbnail__link\" href=\"https:\/\/www.biologix.com.br\/en\/2021\/01\/27\/sono-de-ma-qualidade-entenda-como-esta-relacionado-aos-problemas-bucais\/\" tabindex=\"-1\" target=&quot;_blank&quot;>\n\t\t\t<div class=\"elementor-post__thumbnail\"><img loading=\"lazy\" decoding=\"async\" width=\"300\" height=\"117\" src=\"https:\/\/www.biologix.com.br\/wp-content\/uploads\/2021\/01\/img02-300x117.jpg\" class=\"attachment-medium size-medium wp-image-4900\" alt=\"\" srcset=\"https:\/\/www.biologix.com.br\/wp-content\/uploads\/2021\/01\/img02-300x117.jpg 300w, https:\/\/www.biologix.com.br\/wp-content\/uploads\/2021\/01\/img02-1024x400.jpg 1024w, https:\/\/www.biologix.com.br\/wp-content\/uploads\/2021\/01\/img02-768x300.jpg 768w, https:\/\/www.biologix.com.br\/wp-content\/uploads\/2021\/01\/img02.jpg 1280w\" sizes=\"(max-width: 300px) 100vw, 300px\" \/><\/div>\n\t\t<\/a>\n\t\t\t\t<div class=\"elementor-post__text\">\n\t\t\t\t<h2 class=\"elementor-post__title\">\n\t\t\t<a href=\"https:\/\/www.biologix.com.br\/en\/2021\/01\/27\/sono-de-ma-qualidade-entenda-como-esta-relacionado-aos-problemas-bucais\/\" target=&quot;_blank&quot;>\n\t\t\t\tSono de m\u00e1 qualidade e sua rela\u00e7\u00e3o com problemas bucais<br><span class='secondary-title'>Entenda a rela\u00e7\u00e3o do sono com a sa\u00fade bucal<\/span>\t\t\t<\/a>\n\t\t<\/h2>\n\t\t\t\t<div class=\"elementor-post__meta-data\">\n\t\t\t\t\t<span class=\"elementor-post-date\">\n\t\t\t27 de January de 2021\t\t<\/span>\n\t\t\t\t<\/div>\n\t\t\t\t<div class=\"elementor-post__excerpt\">\n\t\t\t<p>De modo geral, o ritmo agitado e o estresse do cotidiano levam as pessoas a um sono de m\u00e1 qualidade,<\/p>\n\t\t<\/div>\n\t\t\n\t\t<a class=\"elementor-post__read-more\" href=\"https:\/\/www.biologix.com.br\/en\/2021\/01\/27\/sono-de-ma-qualidade-entenda-como-esta-relacionado-aos-problemas-bucais\/\" aria-label=\"Read more about Sono de m\u00e1 qualidade e sua rela\u00e7\u00e3o com problemas bucais&lt;br&gt;&lt;span class=&#039;secondary-title&#039;&gt;Entenda a rela\u00e7\u00e3o do sono com a sa\u00fade bucal&lt;\/span&gt;\" tabindex=\"-1\" target=\"_blank\">\n\t\t\tver mais \u00bb\t\t<\/a>\n\n\t\t\t\t<\/div>\n\t\t\t\t<\/article>\n\t\t\t\t<article class=\"elementor-post elementor-grid-item post-4919 post type-post status-publish format-standard has-post-thumbnail hentry category-odontologia category-profissional-de-saude tag-aos-2 tag-apneia-do-sono tag-dentista tag-disturbios-do-sono tag-odontologia tag-oximetria-noturna tag-sono tag-triagem\" role=\"listitem\">\n\t\t\t\t<a class=\"elementor-post__thumbnail__link\" href=\"https:\/\/www.biologix.com.br\/en\/2021\/02\/06\/questoes-essenciais-em-odontologia-do-sono-triagem-e-identificacao\/\" tabindex=\"-1\" target=&quot;_blank&quot;>\n\t\t\t<div class=\"elementor-post__thumbnail\"><img loading=\"lazy\" decoding=\"async\" width=\"300\" height=\"117\" src=\"https:\/\/www.biologix.com.br\/wp-content\/uploads\/2022\/12\/capa-blog-odontologia-questoes-essenciais-em-odontologia-do-sono-triagem-e-identificacao-300x117.jpg\" class=\"attachment-medium size-medium wp-image-11617\" alt=\"\" srcset=\"https:\/\/www.biologix.com.br\/wp-content\/uploads\/2022\/12\/capa-blog-odontologia-questoes-essenciais-em-odontologia-do-sono-triagem-e-identificacao-300x117.jpg 300w, https:\/\/www.biologix.com.br\/wp-content\/uploads\/2022\/12\/capa-blog-odontologia-questoes-essenciais-em-odontologia-do-sono-triagem-e-identificacao-1024x400.jpg 1024w, https:\/\/www.biologix.com.br\/wp-content\/uploads\/2022\/12\/capa-blog-odontologia-questoes-essenciais-em-odontologia-do-sono-triagem-e-identificacao-768x300.jpg 768w, https:\/\/www.biologix.com.br\/wp-content\/uploads\/2022\/12\/capa-blog-odontologia-questoes-essenciais-em-odontologia-do-sono-triagem-e-identificacao-18x7.jpg 18w, https:\/\/www.biologix.com.br\/wp-content\/uploads\/2022\/12\/capa-blog-odontologia-questoes-essenciais-em-odontologia-do-sono-triagem-e-identificacao.jpg 1280w\" sizes=\"(max-width: 300px) 100vw, 300px\" \/><\/div>\n\t\t<\/a>\n\t\t\t\t<div class=\"elementor-post__text\">\n\t\t\t\t<h2 class=\"elementor-post__title\">\n\t\t\t<a href=\"https:\/\/www.biologix.com.br\/en\/2021\/02\/06\/questoes-essenciais-em-odontologia-do-sono-triagem-e-identificacao\/\" target=&quot;_blank&quot;>\n\t\t\t\tQuest\u00f5es essenciais em odontologia do sono: triagem e identifica\u00e7\u00e3o da SAOS<br><span class='secondary-title'>Como voc\u00ea discute a triagem para a S\u00edndrome da Apneia Obstrutiva do Sono (SAOS) com seus pacientes?<\/span>\t\t\t<\/a>\n\t\t<\/h2>\n\t\t\t\t<div class=\"elementor-post__meta-data\">\n\t\t\t\t\t<span class=\"elementor-post-date\">\n\t\t\t6 de February de 2021\t\t<\/span>\n\t\t\t\t<\/div>\n\t\t\t\t<div class=\"elementor-post__excerpt\">\n\t\t\t<p>O Journal of Dental Sleep Medicine (JDSM), revista oficial da American Academy of Dental Sleep Medicine (AADSM) fez 3 perguntas<\/p>\n\t\t<\/div>\n\t\t\n\t\t<a class=\"elementor-post__read-more\" href=\"https:\/\/www.biologix.com.br\/en\/2021\/02\/06\/questoes-essenciais-em-odontologia-do-sono-triagem-e-identificacao\/\" aria-label=\"Read more about Quest\u00f5es essenciais em odontologia do sono: triagem e identifica\u00e7\u00e3o da SAOS&lt;br&gt;&lt;span class=&#039;secondary-title&#039;&gt;Como voc\u00ea discute a triagem para a S\u00edndrome da Apneia Obstrutiva do Sono (SAOS) com seus pacientes?&lt;\/span&gt;\" tabindex=\"-1\" target=\"_blank\">\n\t\t\tver mais \u00bb\t\t<\/a>\n\n\t\t\t\t<\/div>\n\t\t\t\t<\/article>\n\t\t\t\t<article class=\"elementor-post elementor-grid-item post-4935 post type-post status-publish format-standard has-post-thumbnail hentry category-odontologia category-profissional-de-saude tag-aio tag-aos-2 tag-apneia tag-apneia-do-sono tag-dentista tag-oximetria-noturna tag-sono\" role=\"listitem\">\n\t\t\t\t<a class=\"elementor-post__thumbnail__link\" href=\"https:\/\/www.biologix.com.br\/en\/2021\/02\/12\/questoes-essenciais-em-odontologia-do-sono-o-valor-da-terapia\/\" tabindex=\"-1\" target=&quot;_blank&quot;>\n\t\t\t<div class=\"elementor-post__thumbnail\"><img loading=\"lazy\" decoding=\"async\" width=\"300\" height=\"117\" src=\"https:\/\/www.biologix.com.br\/wp-content\/uploads\/2022\/12\/capa-blog-odontologia-questoes-essenciais-em-odontologia-do-sono-o-valor-da-terapia-300x117.jpg\" class=\"attachment-medium size-medium wp-image-11616\" alt=\"\" srcset=\"https:\/\/www.biologix.com.br\/wp-content\/uploads\/2022\/12\/capa-blog-odontologia-questoes-essenciais-em-odontologia-do-sono-o-valor-da-terapia-300x117.jpg 300w, https:\/\/www.biologix.com.br\/wp-content\/uploads\/2022\/12\/capa-blog-odontologia-questoes-essenciais-em-odontologia-do-sono-o-valor-da-terapia-1024x400.jpg 1024w, https:\/\/www.biologix.com.br\/wp-content\/uploads\/2022\/12\/capa-blog-odontologia-questoes-essenciais-em-odontologia-do-sono-o-valor-da-terapia-768x300.jpg 768w, https:\/\/www.biologix.com.br\/wp-content\/uploads\/2022\/12\/capa-blog-odontologia-questoes-essenciais-em-odontologia-do-sono-o-valor-da-terapia-18x7.jpg 18w, https:\/\/www.biologix.com.br\/wp-content\/uploads\/2022\/12\/capa-blog-odontologia-questoes-essenciais-em-odontologia-do-sono-o-valor-da-terapia.jpg 1280w\" sizes=\"(max-width: 300px) 100vw, 300px\" \/><\/div>\n\t\t<\/a>\n\t\t\t\t<div class=\"elementor-post__text\">\n\t\t\t\t<h2 class=\"elementor-post__title\">\n\t\t\t<a href=\"https:\/\/www.biologix.com.br\/en\/2021\/02\/12\/questoes-essenciais-em-odontologia-do-sono-o-valor-da-terapia\/\" target=&quot;_blank&quot;>\n\t\t\t\tQuest\u00f5es essenciais em odontologia do sono: o valor da terapia<br><span class='secondary-title'>Como voc\u00ea aborda com o paciente o valor do tratamento com o Aparelho Intraoral (AIO)?<\/span>\t\t\t<\/a>\n\t\t<\/h2>\n\t\t\t\t<div class=\"elementor-post__meta-data\">\n\t\t\t\t\t<span class=\"elementor-post-date\">\n\t\t\t12 de February de 2021\t\t<\/span>\n\t\t\t\t<\/div>\n\t\t\t\t<div class=\"elementor-post__excerpt\">\n\t\t\t<p>Dando sequ\u00eancia \u00e0 s\u00e9rie de 3 quest\u00f5es elencadas pela American Academy of Dental Sleep Medicine (AADSM) e publicadas em artigo<\/p>\n\t\t<\/div>\n\t\t\n\t\t<a class=\"elementor-post__read-more\" href=\"https:\/\/www.biologix.com.br\/en\/2021\/02\/12\/questoes-essenciais-em-odontologia-do-sono-o-valor-da-terapia\/\" aria-label=\"Read more about Quest\u00f5es essenciais em odontologia do sono: o valor da terapia&lt;br&gt;&lt;span class=&#039;secondary-title&#039;&gt;Como voc\u00ea aborda com o paciente o valor do tratamento com o Aparelho Intraoral (AIO)?&lt;\/span&gt;\" tabindex=\"-1\" target=\"_blank\">\n\t\t\tver mais \u00bb\t\t<\/a>\n\n\t\t\t\t<\/div>\n\t\t\t\t<\/article>\n\t\t\t\t<article class=\"elementor-post elementor-grid-item post-4945 post type-post status-publish format-standard has-post-thumbnail hentry category-odontologia category-profissional-de-saude tag-apneia-do-sono tag-dentista tag-intraoral tag-odontologia tag-oximetria tag-oximetria-noturna tag-sono\" role=\"listitem\">\n\t\t\t\t<a class=\"elementor-post__thumbnail__link\" href=\"https:\/\/www.biologix.com.br\/en\/2021\/02\/19\/questoes-essenciais-em-odontologia-do-sono-topicos-discutidos-com-o-paciente\/\" tabindex=\"-1\" target=&quot;_blank&quot;>\n\t\t\t<div class=\"elementor-post__thumbnail\"><img loading=\"lazy\" decoding=\"async\" width=\"300\" height=\"117\" src=\"https:\/\/www.biologix.com.br\/wp-content\/uploads\/2022\/12\/capa-blog-odontologia-questoes-essenciais-em-odontologia-do-sono-300x117.jpg\" class=\"attachment-medium size-medium wp-image-11615\" alt=\"\" srcset=\"https:\/\/www.biologix.com.br\/wp-content\/uploads\/2022\/12\/capa-blog-odontologia-questoes-essenciais-em-odontologia-do-sono-300x117.jpg 300w, https:\/\/www.biologix.com.br\/wp-content\/uploads\/2022\/12\/capa-blog-odontologia-questoes-essenciais-em-odontologia-do-sono-1024x400.jpg 1024w, https:\/\/www.biologix.com.br\/wp-content\/uploads\/2022\/12\/capa-blog-odontologia-questoes-essenciais-em-odontologia-do-sono-768x300.jpg 768w, https:\/\/www.biologix.com.br\/wp-content\/uploads\/2022\/12\/capa-blog-odontologia-questoes-essenciais-em-odontologia-do-sono-18x7.jpg 18w, https:\/\/www.biologix.com.br\/wp-content\/uploads\/2022\/12\/capa-blog-odontologia-questoes-essenciais-em-odontologia-do-sono.jpg 1280w\" sizes=\"(max-width: 300px) 100vw, 300px\" \/><\/div>\n\t\t<\/a>\n\t\t\t\t<div class=\"elementor-post__text\">\n\t\t\t\t<h2 class=\"elementor-post__title\">\n\t\t\t<a href=\"https:\/\/www.biologix.com.br\/en\/2021\/02\/19\/questoes-essenciais-em-odontologia-do-sono-topicos-discutidos-com-o-paciente\/\" target=&quot;_blank&quot;>\n\t\t\t\tQuest\u00f5es essenciais em odontologia do sono: t\u00f3picos discutidos com o paciente<br><span class='secondary-title'>Quais as quest\u00f5es mais dif\u00edceis de se discutir com os pacientes?<\/span>\t\t\t<\/a>\n\t\t<\/h2>\n\t\t\t\t<div class=\"elementor-post__meta-data\">\n\t\t\t\t\t<span class=\"elementor-post-date\">\n\t\t\t19 de February de 2021\t\t<\/span>\n\t\t\t\t<\/div>\n\t\t\t\t<div class=\"elementor-post__excerpt\">\n\t\t\t<p>A terceira e \u00faltima pergunta elaborada pela American Academy of Dental Sleep Medicine e publicada em artigo especial do Journal<\/p>\n\t\t<\/div>\n\t\t\n\t\t<a class=\"elementor-post__read-more\" href=\"https:\/\/www.biologix.com.br\/en\/2021\/02\/19\/questoes-essenciais-em-odontologia-do-sono-topicos-discutidos-com-o-paciente\/\" aria-label=\"Read more about Quest\u00f5es essenciais em odontologia do sono: t\u00f3picos discutidos com o paciente&lt;br&gt;&lt;span class=&#039;secondary-title&#039;&gt;Quais as quest\u00f5es mais dif\u00edceis de se discutir com os pacientes?&lt;\/span&gt;\" tabindex=\"-1\" target=\"_blank\">\n\t\t\tver mais \u00bb\t\t<\/a>\n\n\t\t\t\t<\/div>\n\t\t\t\t<\/article>\n\t\t\t\t<article class=\"elementor-post elementor-grid-item post-4964 post type-post status-publish format-standard has-post-thumbnail hentry category-convidados tag-apneia-do-sono tag-higiene-do-sono tag-obesidade-2 tag-odontologia tag-sono\" role=\"listitem\">\n\t\t\t\t<a class=\"elementor-post__thumbnail__link\" href=\"https:\/\/www.biologix.com.br\/en\/2021\/02\/22\/5-dicas-para-uma-noite-de-sono-de-qualidade\/\" tabindex=\"-1\" target=&quot;_blank&quot;>\n\t\t\t<div class=\"elementor-post__thumbnail\"><img loading=\"lazy\" decoding=\"async\" width=\"300\" height=\"117\" src=\"https:\/\/www.biologix.com.br\/wp-content\/uploads\/2021\/02\/beautiful-young-woman-sleeping-bed-300x117.jpg\" class=\"attachment-medium size-medium wp-image-4968\" alt=\"\" srcset=\"https:\/\/www.biologix.com.br\/wp-content\/uploads\/2021\/02\/beautiful-young-woman-sleeping-bed-300x117.jpg 300w, https:\/\/www.biologix.com.br\/wp-content\/uploads\/2021\/02\/beautiful-young-woman-sleeping-bed-1024x400.jpg 1024w, https:\/\/www.biologix.com.br\/wp-content\/uploads\/2021\/02\/beautiful-young-woman-sleeping-bed-768x300.jpg 768w, https:\/\/www.biologix.com.br\/wp-content\/uploads\/2021\/02\/beautiful-young-woman-sleeping-bed.jpg 1280w\" sizes=\"(max-width: 300px) 100vw, 300px\" \/><\/div>\n\t\t<\/a>\n\t\t\t\t<div class=\"elementor-post__text\">\n\t\t\t\t<h2 class=\"elementor-post__title\">\n\t\t\t<a href=\"https:\/\/www.biologix.com.br\/en\/2021\/02\/22\/5-dicas-para-uma-noite-de-sono-de-qualidade\/\" target=&quot;_blank&quot;>\n\t\t\t\t5 dicas para uma noite de sono de qualidade<br><span class='secondary-title'>Dicas para melhorar a qualidade do sono<\/span>\t\t\t<\/a>\n\t\t<\/h2>\n\t\t\t\t<div class=\"elementor-post__meta-data\">\n\t\t\t\t\t<span class=\"elementor-post-date\">\n\t\t\t22 de February de 2021\t\t<\/span>\n\t\t\t\t<\/div>\n\t\t\t\t<div class=\"elementor-post__excerpt\">\n\t\t\t<p>A rotina das pessoas est\u00e3o cada vez mais agitadas e essa agita\u00e7\u00e3o reflete de forma direta no sono. Dormir menos<\/p>\n\t\t<\/div>\n\t\t\n\t\t<a class=\"elementor-post__read-more\" href=\"https:\/\/www.biologix.com.br\/en\/2021\/02\/22\/5-dicas-para-uma-noite-de-sono-de-qualidade\/\" aria-label=\"Read more about 5 dicas para uma noite de sono de qualidade&lt;br&gt;&lt;span class=&#039;secondary-title&#039;&gt;Dicas para melhorar a qualidade do sono&lt;\/span&gt;\" tabindex=\"-1\" target=\"_blank\">\n\t\t\tver mais \u00bb\t\t<\/a>\n\n\t\t\t\t<\/div>\n\t\t\t\t<\/article>\n\t\t\t\t<article class=\"elementor-post elementor-grid-item post-4950 post type-post status-publish format-standard has-post-thumbnail hentry category-fisio category-profissional-de-saude tag-apneia-do-sono tag-higiene-do-sono tag-produtividade tag-sono\" role=\"listitem\">\n\t\t\t\t<a class=\"elementor-post__thumbnail__link\" href=\"https:\/\/www.biologix.com.br\/en\/2021\/03\/05\/o-impacto-do-sono-na-aprendizagem\/\" tabindex=\"-1\" target=&quot;_blank&quot;>\n\t\t\t<div class=\"elementor-post__thumbnail\"><img loading=\"lazy\" decoding=\"async\" width=\"300\" height=\"117\" src=\"https:\/\/www.biologix.com.br\/wp-content\/uploads\/2021\/05\/capa-blog-o-impacto-do-sono-na-aprendizagem-300x117.jpg\" class=\"attachment-medium size-medium wp-image-11545\" alt=\"\" srcset=\"https:\/\/www.biologix.com.br\/wp-content\/uploads\/2021\/05\/capa-blog-o-impacto-do-sono-na-aprendizagem-300x117.jpg 300w, https:\/\/www.biologix.com.br\/wp-content\/uploads\/2021\/05\/capa-blog-o-impacto-do-sono-na-aprendizagem-1024x400.jpg 1024w, https:\/\/www.biologix.com.br\/wp-content\/uploads\/2021\/05\/capa-blog-o-impacto-do-sono-na-aprendizagem-768x300.jpg 768w, https:\/\/www.biologix.com.br\/wp-content\/uploads\/2021\/05\/capa-blog-o-impacto-do-sono-na-aprendizagem-18x7.jpg 18w, https:\/\/www.biologix.com.br\/wp-content\/uploads\/2021\/05\/capa-blog-o-impacto-do-sono-na-aprendizagem.jpg 1280w\" sizes=\"(max-width: 300px) 100vw, 300px\" \/><\/div>\n\t\t<\/a>\n\t\t\t\t<div class=\"elementor-post__text\">\n\t\t\t\t<h2 class=\"elementor-post__title\">\n\t\t\t<a href=\"https:\/\/www.biologix.com.br\/en\/2021\/03\/05\/o-impacto-do-sono-na-aprendizagem\/\" target=&quot;_blank&quot;>\n\t\t\t\tO impacto do sono na aprendizagem<br><span class='secondary-title'>A import\u00e2ncia de uma boa noite de sono para reter o aprendizado<\/span>\t\t\t<\/a>\n\t\t<\/h2>\n\t\t\t\t<div class=\"elementor-post__meta-data\">\n\t\t\t\t\t<span class=\"elementor-post-date\">\n\t\t\t5 de March de 2021\t\t<\/span>\n\t\t\t\t<\/div>\n\t\t\t\t<div class=\"elementor-post__excerpt\">\n\t\t\t<p>A presen\u00e7a devastadora dos televisores e celulares, bem como a alta velocidade com que a sociedade se movimenta, transformou o<\/p>\n\t\t<\/div>\n\t\t\n\t\t<a class=\"elementor-post__read-more\" href=\"https:\/\/www.biologix.com.br\/en\/2021\/03\/05\/o-impacto-do-sono-na-aprendizagem\/\" aria-label=\"Read more about O impacto do sono na aprendizagem&lt;br&gt;&lt;span class=&#039;secondary-title&#039;&gt;A import\u00e2ncia de uma boa noite de sono para reter o aprendizado&lt;\/span&gt;\" tabindex=\"-1\" target=\"_blank\">\n\t\t\tver mais \u00bb\t\t<\/a>\n\n\t\t\t\t<\/div>\n\t\t\t\t<\/article>\n\t\t\t\t<article class=\"elementor-post elementor-grid-item post-4991 post type-post status-publish format-standard has-post-thumbnail hentry category-odontologia category-profissional-de-saude tag-apneia-do-sono tag-cansaco tag-imunidade tag-sono tag-vacina\" role=\"listitem\">\n\t\t\t\t<a class=\"elementor-post__thumbnail__link\" href=\"https:\/\/www.biologix.com.br\/en\/2021\/03\/08\/vacina-e-sono\/\" tabindex=\"-1\" target=&quot;_blank&quot;>\n\t\t\t<div class=\"elementor-post__thumbnail\"><img loading=\"lazy\" decoding=\"async\" width=\"300\" height=\"117\" src=\"https:\/\/www.biologix.com.br\/wp-content\/uploads\/2022\/12\/capa-blog-odontologia-vacina-e-sono-300x117.jpg\" class=\"attachment-medium size-medium wp-image-11620\" alt=\"\" srcset=\"https:\/\/www.biologix.com.br\/wp-content\/uploads\/2022\/12\/capa-blog-odontologia-vacina-e-sono-300x117.jpg 300w, https:\/\/www.biologix.com.br\/wp-content\/uploads\/2022\/12\/capa-blog-odontologia-vacina-e-sono-1024x400.jpg 1024w, https:\/\/www.biologix.com.br\/wp-content\/uploads\/2022\/12\/capa-blog-odontologia-vacina-e-sono-768x300.jpg 768w, https:\/\/www.biologix.com.br\/wp-content\/uploads\/2022\/12\/capa-blog-odontologia-vacina-e-sono-18x7.jpg 18w, https:\/\/www.biologix.com.br\/wp-content\/uploads\/2022\/12\/capa-blog-odontologia-vacina-e-sono.jpg 1280w\" sizes=\"(max-width: 300px) 100vw, 300px\" \/><\/div>\n\t\t<\/a>\n\t\t\t\t<div class=\"elementor-post__text\">\n\t\t\t\t<h2 class=\"elementor-post__title\">\n\t\t\t<a href=\"https:\/\/www.biologix.com.br\/en\/2021\/03\/08\/vacina-e-sono\/\" target=&quot;_blank&quot;>\n\t\t\t\tVacina e sono<br><span class='secondary-title'>Entenda esta importante rela\u00e7\u00e3o entre sono e imunizantes<\/span>\t\t\t<\/a>\n\t\t<\/h2>\n\t\t\t\t<div class=\"elementor-post__meta-data\">\n\t\t\t\t\t<span class=\"elementor-post-date\">\n\t\t\t8 de March de 2021\t\t<\/span>\n\t\t\t\t<\/div>\n\t\t\t\t<div class=\"elementor-post__excerpt\">\n\t\t\t<p>Por Dr. Walter Silva Junior Com a chegada da vacina, ainda que lenta, achei interessante retomar esse tema.<\/p>\n\t\t<\/div>\n\t\t\n\t\t<a class=\"elementor-post__read-more\" href=\"https:\/\/www.biologix.com.br\/en\/2021\/03\/08\/vacina-e-sono\/\" aria-label=\"Read more about Vacina e sono&lt;br&gt;&lt;span class=&#039;secondary-title&#039;&gt;Entenda esta importante rela\u00e7\u00e3o entre sono e imunizantes&lt;\/span&gt;\" tabindex=\"-1\" target=\"_blank\">\n\t\t\tver mais \u00bb\t\t<\/a>\n\n\t\t\t\t<\/div>\n\t\t\t\t<\/article>\n\t\t\t\t<article class=\"elementor-post elementor-grid-item post-5022 post type-post status-publish format-standard has-post-thumbnail hentry category-endocrinologia-profissional-de-saude category-profissional-de-saude tag-apneia-do-sono tag-diabetes tag-exame-do-sono tag-hipoglicemia\" role=\"listitem\">\n\t\t\t\t<a class=\"elementor-post__thumbnail__link\" href=\"https:\/\/www.biologix.com.br\/en\/2021\/04\/09\/apneia-do-sono-e-hipoglicemia-na-madrugada\/\" tabindex=\"-1\" target=&quot;_blank&quot;>\n\t\t\t<div class=\"elementor-post__thumbnail\"><img loading=\"lazy\" decoding=\"async\" width=\"300\" height=\"117\" src=\"https:\/\/www.biologix.com.br\/wp-content\/uploads\/2022\/06\/capa-blog-apneia-do-sono-e-hipoglicemia-na-madrugada-300x117.jpg\" class=\"attachment-medium size-medium wp-image-11547\" alt=\"\" srcset=\"https:\/\/www.biologix.com.br\/wp-content\/uploads\/2022\/06\/capa-blog-apneia-do-sono-e-hipoglicemia-na-madrugada-300x117.jpg 300w, https:\/\/www.biologix.com.br\/wp-content\/uploads\/2022\/06\/capa-blog-apneia-do-sono-e-hipoglicemia-na-madrugada-1024x400.jpg 1024w, https:\/\/www.biologix.com.br\/wp-content\/uploads\/2022\/06\/capa-blog-apneia-do-sono-e-hipoglicemia-na-madrugada-768x300.jpg 768w, https:\/\/www.biologix.com.br\/wp-content\/uploads\/2022\/06\/capa-blog-apneia-do-sono-e-hipoglicemia-na-madrugada-18x7.jpg 18w, https:\/\/www.biologix.com.br\/wp-content\/uploads\/2022\/06\/capa-blog-apneia-do-sono-e-hipoglicemia-na-madrugada.jpg 1280w\" sizes=\"(max-width: 300px) 100vw, 300px\" \/><\/div>\n\t\t<\/a>\n\t\t\t\t<div class=\"elementor-post__text\">\n\t\t\t\t<h2 class=\"elementor-post__title\">\n\t\t\t<a href=\"https:\/\/www.biologix.com.br\/en\/2021\/04\/09\/apneia-do-sono-e-hipoglicemia-na-madrugada\/\" target=&quot;_blank&quot;>\n\t\t\t\tApneia do sono e hipoglicemia na madrugada<br><span class='secondary-title'>Saiba qual a rela\u00e7\u00e3o da apneia do sono e hipoglicemia<\/span>\t\t\t<\/a>\n\t\t<\/h2>\n\t\t\t\t<div class=\"elementor-post__meta-data\">\n\t\t\t\t\t<span class=\"elementor-post-date\">\n\t\t\t9 de April de 2021\t\t<\/span>\n\t\t\t\t<\/div>\n\t\t\t\t<div class=\"elementor-post__excerpt\">\n\t\t\t<p>Por Dr. Di\u00f3genes Freire A hipoglicemia \u00e9 caracterizada por um n\u00edvel anormalmente baixo de glicose no sangue, geralmente abaixo de<\/p>\n\t\t<\/div>\n\t\t\n\t\t<a class=\"elementor-post__read-more\" href=\"https:\/\/www.biologix.com.br\/en\/2021\/04\/09\/apneia-do-sono-e-hipoglicemia-na-madrugada\/\" aria-label=\"Read more about Apneia do sono e hipoglicemia na madrugada&lt;br&gt;&lt;span class=&#039;secondary-title&#039;&gt;Saiba qual a rela\u00e7\u00e3o da apneia do sono e hipoglicemia&lt;\/span&gt;\" tabindex=\"-1\" target=\"_blank\">\n\t\t\tver mais \u00bb\t\t<\/a>\n\n\t\t\t\t<\/div>\n\t\t\t\t<\/article>\n\t\t\t\t<article class=\"elementor-post elementor-grid-item post-5041 post type-post status-publish format-standard has-post-thumbnail hentry category-odontologia category-profissional-de-saude tag-aos-2 tag-apneia-do-sono tag-dentista tag-intraoral tag-odontologia tag-oximetria-noturna\" role=\"listitem\">\n\t\t\t\t<a class=\"elementor-post__thumbnail__link\" href=\"https:\/\/www.biologix.com.br\/en\/2021\/04\/22\/sindrome-da-apneia-obstrutiva-do-sono-saos-no-adulto\/\" tabindex=\"-1\" target=&quot;_blank&quot;>\n\t\t\t<div class=\"elementor-post__thumbnail\"><img loading=\"lazy\" decoding=\"async\" width=\"300\" height=\"117\" src=\"https:\/\/www.biologix.com.br\/wp-content\/uploads\/2022\/12\/capa-blog-odontologia-sindrome-da-apneia-obstrutiva-do-sono-saos-no-adulto-300x117.jpg\" class=\"attachment-medium size-medium wp-image-11618\" alt=\"\" srcset=\"https:\/\/www.biologix.com.br\/wp-content\/uploads\/2022\/12\/capa-blog-odontologia-sindrome-da-apneia-obstrutiva-do-sono-saos-no-adulto-300x117.jpg 300w, https:\/\/www.biologix.com.br\/wp-content\/uploads\/2022\/12\/capa-blog-odontologia-sindrome-da-apneia-obstrutiva-do-sono-saos-no-adulto-1024x400.jpg 1024w, https:\/\/www.biologix.com.br\/wp-content\/uploads\/2022\/12\/capa-blog-odontologia-sindrome-da-apneia-obstrutiva-do-sono-saos-no-adulto-768x300.jpg 768w, https:\/\/www.biologix.com.br\/wp-content\/uploads\/2022\/12\/capa-blog-odontologia-sindrome-da-apneia-obstrutiva-do-sono-saos-no-adulto-18x7.jpg 18w, https:\/\/www.biologix.com.br\/wp-content\/uploads\/2022\/12\/capa-blog-odontologia-sindrome-da-apneia-obstrutiva-do-sono-saos-no-adulto.jpg 1280w\" sizes=\"(max-width: 300px) 100vw, 300px\" \/><\/div>\n\t\t<\/a>\n\t\t\t\t<div class=\"elementor-post__text\">\n\t\t\t\t<h2 class=\"elementor-post__title\">\n\t\t\t<a href=\"https:\/\/www.biologix.com.br\/en\/2021\/04\/22\/sindrome-da-apneia-obstrutiva-do-sono-saos-no-adulto\/\" target=&quot;_blank&quot;>\n\t\t\t\tS\u00edndrome da apneia obstrutiva do sono (SAOS) no adulto<br><span class='secondary-title'>Da \"desconfian\u00e7a cl\u00ednica\" ao tratamento<\/span>\t\t\t<\/a>\n\t\t<\/h2>\n\t\t\t\t<div class=\"elementor-post__meta-data\">\n\t\t\t\t\t<span class=\"elementor-post-date\">\n\t\t\t22 de April de 2021\t\t<\/span>\n\t\t\t\t<\/div>\n\t\t\t\t<div class=\"elementor-post__excerpt\">\n\t\t\t<p>Por Dr. Walter Silva J\u00fanior Durante esses tempos dif\u00edceis que estamos vivendo, os problemas de sono aumentaram muito. Dificuldade para<\/p>\n\t\t<\/div>\n\t\t\n\t\t<a class=\"elementor-post__read-more\" href=\"https:\/\/www.biologix.com.br\/en\/2021\/04\/22\/sindrome-da-apneia-obstrutiva-do-sono-saos-no-adulto\/\" aria-label=\"Read more about S\u00edndrome da apneia obstrutiva do sono (SAOS) no adulto&lt;br&gt;&lt;span class=&#039;secondary-title&#039;&gt;Da &quot;desconfian\u00e7a cl\u00ednica&quot; ao tratamento&lt;\/span&gt;\" tabindex=\"-1\" target=\"_blank\">\n\t\t\tver mais \u00bb\t\t<\/a>\n\n\t\t\t\t<\/div>\n\t\t\t\t<\/article>\n\t\t\t\t<article class=\"elementor-post elementor-grid-item post-5076 post type-post status-publish format-standard has-post-thumbnail hentry category-profissional-de-saude tag-apneia-do-sono tag-biologix tag-oximetria-noturna tag-spo2\" role=\"listitem\">\n\t\t\t\t<a class=\"elementor-post__thumbnail__link\" href=\"https:\/\/www.biologix.com.br\/en\/2021\/04\/28\/a-importancia-de-realizar-o-monitoramento-de-spo2-varias-noites-para-diagnostico-de-apneia-do-sono\/\" tabindex=\"-1\" target=&quot;_blank&quot;>\n\t\t\t<div class=\"elementor-post__thumbnail\"><img loading=\"lazy\" decoding=\"async\" width=\"300\" height=\"117\" src=\"https:\/\/www.biologix.com.br\/wp-content\/uploads\/2021\/04\/banner-para-wordpress-2-300x117.png\" class=\"attachment-medium size-medium wp-image-5077\" alt=\"\" srcset=\"https:\/\/www.biologix.com.br\/wp-content\/uploads\/2021\/04\/banner-para-wordpress-2-300x117.png 300w, https:\/\/www.biologix.com.br\/wp-content\/uploads\/2021\/04\/banner-para-wordpress-2-1024x400.png 1024w, https:\/\/www.biologix.com.br\/wp-content\/uploads\/2021\/04\/banner-para-wordpress-2-768x300.png 768w, https:\/\/www.biologix.com.br\/wp-content\/uploads\/2021\/04\/banner-para-wordpress-2.png 1280w\" sizes=\"(max-width: 300px) 100vw, 300px\" \/><\/div>\n\t\t<\/a>\n\t\t\t\t<div class=\"elementor-post__text\">\n\t\t\t\t<h2 class=\"elementor-post__title\">\n\t\t\t<a href=\"https:\/\/www.biologix.com.br\/en\/2021\/04\/28\/a-importancia-de-realizar-o-monitoramento-de-spo2-varias-noites-para-diagnostico-de-apneia-do-sono\/\" target=&quot;_blank&quot;>\n\t\t\t\tA import\u00e2ncia de monitorar o SpO2 v\u00e1rias noites para diagn\u00f3stico da apneia do sono<br><span class='secondary-title'>Oximetria para diagn\u00f3stico de Apneia do Sono<\/span>\t\t\t<\/a>\n\t\t<\/h2>\n\t\t\t\t<div class=\"elementor-post__meta-data\">\n\t\t\t\t\t<span class=\"elementor-post-date\">\n\t\t\t28 de April de 2021\t\t<\/span>\n\t\t\t\t<\/div>\n\t\t\t\t<div class=\"elementor-post__excerpt\">\n\t\t\t<p>A Apneia do Sono \u00e9 o tipo de dist\u00farbio do sono mais comum, afetando cerca de 23,4% das mulheres e<\/p>\n\t\t<\/div>\n\t\t\n\t\t<a class=\"elementor-post__read-more\" href=\"https:\/\/www.biologix.com.br\/en\/2021\/04\/28\/a-importancia-de-realizar-o-monitoramento-de-spo2-varias-noites-para-diagnostico-de-apneia-do-sono\/\" aria-label=\"Read more about A import\u00e2ncia de monitorar o SpO2 v\u00e1rias noites para diagn\u00f3stico da apneia do sono&lt;br&gt;&lt;span class=&#039;secondary-title&#039;&gt;Oximetria para diagn\u00f3stico de Apneia do Sono&lt;\/span&gt;\" tabindex=\"-1\" target=\"_blank\">\n\t\t\tver mais \u00bb\t\t<\/a>\n\n\t\t\t\t<\/div>\n\t\t\t\t<\/article>\n\t\t\t\t<article class=\"elementor-post elementor-grid-item post-5115 post type-post status-publish format-standard has-post-thumbnail hentry category-convidados tag-apneia tag-apneia-do-sono tag-odontologia tag-sono\" role=\"listitem\">\n\t\t\t\t<a class=\"elementor-post__thumbnail__link\" href=\"https:\/\/www.biologix.com.br\/en\/2021\/05\/03\/como-o-acompanhamento-odontologico-ajuda-no-tratamento-do-sono\/\" tabindex=\"-1\" target=&quot;_blank&quot;>\n\t\t\t<div class=\"elementor-post__thumbnail\"><img loading=\"lazy\" decoding=\"async\" width=\"300\" height=\"117\" src=\"https:\/\/www.biologix.com.br\/wp-content\/uploads\/2021\/05\/imagem-wordpress-300x117.png\" class=\"attachment-medium size-medium wp-image-5117\" alt=\"\" srcset=\"https:\/\/www.biologix.com.br\/wp-content\/uploads\/2021\/05\/imagem-wordpress-300x117.png 300w, https:\/\/www.biologix.com.br\/wp-content\/uploads\/2021\/05\/imagem-wordpress-1024x400.png 1024w, https:\/\/www.biologix.com.br\/wp-content\/uploads\/2021\/05\/imagem-wordpress-768x300.png 768w, https:\/\/www.biologix.com.br\/wp-content\/uploads\/2021\/05\/imagem-wordpress.png 1280w\" sizes=\"(max-width: 300px) 100vw, 300px\" \/><\/div>\n\t\t<\/a>\n\t\t\t\t<div class=\"elementor-post__text\">\n\t\t\t\t<h2 class=\"elementor-post__title\">\n\t\t\t<a href=\"https:\/\/www.biologix.com.br\/en\/2021\/05\/03\/como-o-acompanhamento-odontologico-ajuda-no-tratamento-do-sono\/\" target=&quot;_blank&quot;>\n\t\t\t\tComo o acompanhamento odontol\u00f3gico ajuda no tratamento do sono<br><span class='secondary-title'>Saiba como o acompanhamento odontol\u00f3gico pode ajudar com problemas do sono<\/span>\t\t\t<\/a>\n\t\t<\/h2>\n\t\t\t\t<div class=\"elementor-post__meta-data\">\n\t\t\t\t\t<span class=\"elementor-post-date\">\n\t\t\t3 de May de 2021\t\t<\/span>\n\t\t\t\t<\/div>\n\t\t\t\t<div class=\"elementor-post__excerpt\">\n\t\t\t<p>Quem nunca teve problemas para dormir? Passou uma noite em claro e n\u00e3o sabe exatamente o por qu\u00ea. Ou ent\u00e3o<\/p>\n\t\t<\/div>\n\t\t\n\t\t<a class=\"elementor-post__read-more\" href=\"https:\/\/www.biologix.com.br\/en\/2021\/05\/03\/como-o-acompanhamento-odontologico-ajuda-no-tratamento-do-sono\/\" aria-label=\"Read more about Como o acompanhamento odontol\u00f3gico ajuda no tratamento do sono&lt;br&gt;&lt;span class=&#039;secondary-title&#039;&gt;Saiba como o acompanhamento odontol\u00f3gico pode ajudar com problemas do sono&lt;\/span&gt;\" tabindex=\"-1\" target=\"_blank\">\n\t\t\tver mais \u00bb\t\t<\/a>\n\n\t\t\t\t<\/div>\n\t\t\t\t<\/article>\n\t\t\t\t<article class=\"elementor-post elementor-grid-item post-5118 post type-post status-publish format-standard has-post-thumbnail hentry category-fisio category-profissional-de-saude tag-apneia-do-sono tag-covid tag-covid-19 tag-fisioterapia tag-fisioterapia-respiratoria\" role=\"listitem\">\n\t\t\t\t<a class=\"elementor-post__thumbnail__link\" href=\"https:\/\/www.biologix.com.br\/en\/2021\/05\/03\/fisioterapia-respiratoria\/\" tabindex=\"-1\" target=&quot;_blank&quot;>\n\t\t\t<div class=\"elementor-post__thumbnail\"><img loading=\"lazy\" decoding=\"async\" width=\"300\" height=\"117\" src=\"https:\/\/www.biologix.com.br\/wp-content\/uploads\/2021\/05\/capa-blog-fisioterapia-respiratoria-300x117.jpg\" class=\"attachment-medium size-medium wp-image-11542\" alt=\"\" srcset=\"https:\/\/www.biologix.com.br\/wp-content\/uploads\/2021\/05\/capa-blog-fisioterapia-respiratoria-300x117.jpg 300w, https:\/\/www.biologix.com.br\/wp-content\/uploads\/2021\/05\/capa-blog-fisioterapia-respiratoria-1024x400.jpg 1024w, https:\/\/www.biologix.com.br\/wp-content\/uploads\/2021\/05\/capa-blog-fisioterapia-respiratoria-768x300.jpg 768w, https:\/\/www.biologix.com.br\/wp-content\/uploads\/2021\/05\/capa-blog-fisioterapia-respiratoria-18x7.jpg 18w, https:\/\/www.biologix.com.br\/wp-content\/uploads\/2021\/05\/capa-blog-fisioterapia-respiratoria.jpg 1280w\" sizes=\"(max-width: 300px) 100vw, 300px\" \/><\/div>\n\t\t<\/a>\n\t\t\t\t<div class=\"elementor-post__text\">\n\t\t\t\t<h2 class=\"elementor-post__title\">\n\t\t\t<a href=\"https:\/\/www.biologix.com.br\/en\/2021\/05\/03\/fisioterapia-respiratoria\/\" target=&quot;_blank&quot;>\n\t\t\t\tFisioterapia Respirat\u00f3ria<br><span class='secondary-title'>Entenda a import\u00e2ncia da fisioterapia respirat\u00f3ria, segundo a Dra. Vivien Schmeling Piccin<\/span>\t\t\t<\/a>\n\t\t<\/h2>\n\t\t\t\t<div class=\"elementor-post__meta-data\">\n\t\t\t\t\t<span class=\"elementor-post-date\">\n\t\t\t3 de May de 2021\t\t<\/span>\n\t\t\t\t<\/div>\n\t\t\t\t<div class=\"elementor-post__excerpt\">\n\t\t\t<p>Esse v\u00eddeo \u00e9 para voc\u00ea Fisioterapeuta Respirat\u00f3rio que precisa de solu\u00e7\u00f5es inovadoras e funcionais no seu dia a dia!<\/p>\n\t\t<\/div>\n\t\t\n\t\t<a class=\"elementor-post__read-more\" href=\"https:\/\/www.biologix.com.br\/en\/2021\/05\/03\/fisioterapia-respiratoria\/\" aria-label=\"Read more about Fisioterapia Respirat\u00f3ria&lt;br&gt;&lt;span class=&#039;secondary-title&#039;&gt;Entenda a import\u00e2ncia da fisioterapia respirat\u00f3ria, segundo a Dra. Vivien Schmeling Piccin&lt;\/span&gt;\" tabindex=\"-1\" target=\"_blank\">\n\t\t\tver mais \u00bb\t\t<\/a>\n\n\t\t\t\t<\/div>\n\t\t\t\t<\/article>\n\t\t\t\t<article class=\"elementor-post elementor-grid-item post-5104 post type-post status-publish format-standard has-post-thumbnail hentry category-profissional-de-saude tag-apneia-do-sono tag-medicina-do-trafego tag-oximetria tag-sono tag-sonolencia tag-transito\" role=\"listitem\">\n\t\t\t\t<a class=\"elementor-post__thumbnail__link\" href=\"https:\/\/www.biologix.com.br\/en\/2021\/05\/04\/sono-e-transito\/\" tabindex=\"-1\" target=&quot;_blank&quot;>\n\t\t\t<div class=\"elementor-post__thumbnail\"><img loading=\"lazy\" decoding=\"async\" width=\"300\" height=\"117\" src=\"https:\/\/www.biologix.com.br\/wp-content\/uploads\/2021\/05\/banner-para-wordpress-300x117.png\" class=\"attachment-medium size-medium wp-image-5132\" alt=\"\" srcset=\"https:\/\/www.biologix.com.br\/wp-content\/uploads\/2021\/05\/banner-para-wordpress-300x117.png 300w, https:\/\/www.biologix.com.br\/wp-content\/uploads\/2021\/05\/banner-para-wordpress-1024x400.png 1024w, https:\/\/www.biologix.com.br\/wp-content\/uploads\/2021\/05\/banner-para-wordpress-768x300.png 768w, https:\/\/www.biologix.com.br\/wp-content\/uploads\/2021\/05\/banner-para-wordpress.png 1280w\" sizes=\"(max-width: 300px) 100vw, 300px\" \/><\/div>\n\t\t<\/a>\n\t\t\t\t<div class=\"elementor-post__text\">\n\t\t\t\t<h2 class=\"elementor-post__title\">\n\t\t\t<a href=\"https:\/\/www.biologix.com.br\/en\/2021\/05\/04\/sono-e-transito\/\" target=&quot;_blank&quot;>\n\t\t\t\tSono e tr\u00e2nsito: uma combina\u00e7\u00e3o que pode ser fatal<br><span class='secondary-title'>Entenda a combina\u00e7\u00e3o desastrosa entre sono e tr\u00e2nsito<\/span>\t\t\t<\/a>\n\t\t<\/h2>\n\t\t\t\t<div class=\"elementor-post__meta-data\">\n\t\t\t\t\t<span class=\"elementor-post-date\">\n\t\t\t4 de May de 2021\t\t<\/span>\n\t\t\t\t<\/div>\n\t\t\t\t<div class=\"elementor-post__excerpt\">\n\t\t\t<p>J\u00e1 \u00e9 de conhecimento geral que o sono excessivo causa preju\u00edzo nas atividades laborais, sociais, neuropsicol\u00f3gicas e cognitivas, al\u00e9m de<\/p>\n\t\t<\/div>\n\t\t\n\t\t<a class=\"elementor-post__read-more\" href=\"https:\/\/www.biologix.com.br\/en\/2021\/05\/04\/sono-e-transito\/\" aria-label=\"Read more about Sono e tr\u00e2nsito: uma combina\u00e7\u00e3o que pode ser fatal&lt;br&gt;&lt;span class=&#039;secondary-title&#039;&gt;Entenda a combina\u00e7\u00e3o desastrosa entre sono e tr\u00e2nsito&lt;\/span&gt;\" tabindex=\"-1\" target=\"_blank\">\n\t\t\tver mais \u00bb\t\t<\/a>\n\n\t\t\t\t<\/div>\n\t\t\t\t<\/article>\n\t\t\t\t<article class=\"elementor-post elementor-grid-item post-5260 post type-post status-publish format-standard has-post-thumbnail hentry category-profissional-de-saude category-psiquiatria tag-apneia tag-apneia-do-sono tag-depressao tag-exame-do-sono\" role=\"listitem\">\n\t\t\t\t<a class=\"elementor-post__thumbnail__link\" href=\"https:\/\/www.biologix.com.br\/en\/2021\/06\/10\/depressao-e-apneia-obstrutiva-do-sono\/\" tabindex=\"-1\" target=&quot;_blank&quot;>\n\t\t\t<div class=\"elementor-post__thumbnail\"><img loading=\"lazy\" decoding=\"async\" width=\"300\" height=\"117\" src=\"https:\/\/www.biologix.com.br\/wp-content\/uploads\/2021\/06\/capa-blog-depressao-e-apneia-obstrutiva-do-sono-300x117.jpg\" class=\"attachment-medium size-medium wp-image-11540\" alt=\"\" srcset=\"https:\/\/www.biologix.com.br\/wp-content\/uploads\/2021\/06\/capa-blog-depressao-e-apneia-obstrutiva-do-sono-300x117.jpg 300w, https:\/\/www.biologix.com.br\/wp-content\/uploads\/2021\/06\/capa-blog-depressao-e-apneia-obstrutiva-do-sono-1024x400.jpg 1024w, https:\/\/www.biologix.com.br\/wp-content\/uploads\/2021\/06\/capa-blog-depressao-e-apneia-obstrutiva-do-sono-768x300.jpg 768w, https:\/\/www.biologix.com.br\/wp-content\/uploads\/2021\/06\/capa-blog-depressao-e-apneia-obstrutiva-do-sono-18x7.jpg 18w, https:\/\/www.biologix.com.br\/wp-content\/uploads\/2021\/06\/capa-blog-depressao-e-apneia-obstrutiva-do-sono.jpg 1280w\" sizes=\"(max-width: 300px) 100vw, 300px\" \/><\/div>\n\t\t<\/a>\n\t\t\t\t<div class=\"elementor-post__text\">\n\t\t\t\t<h2 class=\"elementor-post__title\">\n\t\t\t<a href=\"https:\/\/www.biologix.com.br\/en\/2021\/06\/10\/depressao-e-apneia-obstrutiva-do-sono\/\" target=&quot;_blank&quot;>\n\t\t\t\tDepress\u00e3o e apneia obstrutiva do sono<br><span class='secondary-title'>Entenda qual a rela\u00e7\u00e3o da depress\u00e3o e apneia do sono<\/span>\t\t\t<\/a>\n\t\t<\/h2>\n\t\t\t\t<div class=\"elementor-post__meta-data\">\n\t\t\t\t\t<span class=\"elementor-post-date\">\n\t\t\t10 de June de 2021\t\t<\/span>\n\t\t\t\t<\/div>\n\t\t\t\t<div class=\"elementor-post__excerpt\">\n\t\t\t<p>Depress\u00e3o \u00e9 um diagn\u00f3stico sindr\u00f4mico, um conjunto de sinais e sintomas que engloba um grupo heterog\u00eaneo de doen\u00e7as.<\/p>\n\t\t<\/div>\n\t\t\n\t\t<a class=\"elementor-post__read-more\" href=\"https:\/\/www.biologix.com.br\/en\/2021\/06\/10\/depressao-e-apneia-obstrutiva-do-sono\/\" aria-label=\"Read more about Depress\u00e3o e apneia obstrutiva do sono&lt;br&gt;&lt;span class=&#039;secondary-title&#039;&gt;Entenda qual a rela\u00e7\u00e3o da depress\u00e3o e apneia do sono&lt;\/span&gt;\" tabindex=\"-1\" target=\"_blank\">\n\t\t\tver mais \u00bb\t\t<\/a>\n\n\t\t\t\t<\/div>\n\t\t\t\t<\/article>\n\t\t\t\t<article class=\"elementor-post elementor-grid-item post-5329 post type-post status-publish format-standard has-post-thumbnail hentry category-profissional-de-saude tag-aos-2 tag-apneia-do-sono tag-menopausa tag-polissonografia tag-sono-na-mulher tag-sonolencia\" role=\"listitem\">\n\t\t\t\t<a class=\"elementor-post__thumbnail__link\" href=\"https:\/\/www.biologix.com.br\/en\/2021\/07\/08\/apneia-do-sono-em-mulheres-e-subdiagnosticada-e-subtratada\/\" tabindex=\"-1\" target=&quot;_blank&quot;>\n\t\t\t<div class=\"elementor-post__thumbnail\"><img loading=\"lazy\" decoding=\"async\" width=\"300\" height=\"117\" src=\"https:\/\/www.biologix.com.br\/wp-content\/uploads\/2021\/07\/banner-wordpress-aos-mulheres-300x117.png\" class=\"attachment-medium size-medium wp-image-5338\" alt=\"\" srcset=\"https:\/\/www.biologix.com.br\/wp-content\/uploads\/2021\/07\/banner-wordpress-aos-mulheres-300x117.png 300w, https:\/\/www.biologix.com.br\/wp-content\/uploads\/2021\/07\/banner-wordpress-aos-mulheres-1024x400.png 1024w, https:\/\/www.biologix.com.br\/wp-content\/uploads\/2021\/07\/banner-wordpress-aos-mulheres-768x300.png 768w, https:\/\/www.biologix.com.br\/wp-content\/uploads\/2021\/07\/banner-wordpress-aos-mulheres-16x6.png 16w, https:\/\/www.biologix.com.br\/wp-content\/uploads\/2021\/07\/banner-wordpress-aos-mulheres.png 1280w\" sizes=\"(max-width: 300px) 100vw, 300px\" \/><\/div>\n\t\t<\/a>\n\t\t\t\t<div class=\"elementor-post__text\">\n\t\t\t\t<h2 class=\"elementor-post__title\">\n\t\t\t<a href=\"https:\/\/www.biologix.com.br\/en\/2021\/07\/08\/apneia-do-sono-em-mulheres-e-subdiagnosticada-e-subtratada\/\" target=&quot;_blank&quot;>\n\t\t\t\tApneia do sono em mulheres \u00e9 subdiagnosticada e subtratada<br><span class='secondary-title'>Saiba como a apneia do sono difere entre homens e mulheres<\/span>\t\t\t<\/a>\n\t\t<\/h2>\n\t\t\t\t<div class=\"elementor-post__meta-data\">\n\t\t\t\t\t<span class=\"elementor-post-date\">\n\t\t\t8 de July de 2021\t\t<\/span>\n\t\t\t\t<\/div>\n\t\t\t\t<div class=\"elementor-post__excerpt\">\n\t\t\t<p>Dos 22 milh\u00f5es de diagn\u00f3sticos de apneia do sono a cada ano nos Estados Unidos, mais da metade \u00e9 em<\/p>\n\t\t<\/div>\n\t\t\n\t\t<a class=\"elementor-post__read-more\" href=\"https:\/\/www.biologix.com.br\/en\/2021\/07\/08\/apneia-do-sono-em-mulheres-e-subdiagnosticada-e-subtratada\/\" aria-label=\"Read more about Apneia do sono em mulheres \u00e9 subdiagnosticada e subtratada&lt;br&gt;&lt;span class=&#039;secondary-title&#039;&gt;Saiba como a apneia do sono difere entre homens e mulheres&lt;\/span&gt;\" tabindex=\"-1\" target=\"_blank\">\n\t\t\tver mais \u00bb\t\t<\/a>\n\n\t\t\t\t<\/div>\n\t\t\t\t<\/article>\n\t\t\t\t<article class=\"elementor-post elementor-grid-item post-5346 post type-post status-publish format-standard has-post-thumbnail hentry category-convidados tag-dentes tag-odontologia tag-oximetria-noturna tag-saude tag-saude-bucal tag-saude-mental\" role=\"listitem\">\n\t\t\t\t<a class=\"elementor-post__thumbnail__link\" href=\"https:\/\/www.biologix.com.br\/en\/2021\/07\/16\/relacao-dos-dentes-com-a-saude-mental\/\" tabindex=\"-1\" target=&quot;_blank&quot;>\n\t\t\t<div class=\"elementor-post__thumbnail\"><img loading=\"lazy\" decoding=\"async\" width=\"300\" height=\"117\" src=\"https:\/\/www.biologix.com.br\/wp-content\/uploads\/2021\/07\/banner-wordpress-300x117.png\" class=\"attachment-medium size-medium wp-image-5348\" alt=\"\" srcset=\"https:\/\/www.biologix.com.br\/wp-content\/uploads\/2021\/07\/banner-wordpress-300x117.png 300w, https:\/\/www.biologix.com.br\/wp-content\/uploads\/2021\/07\/banner-wordpress-1024x400.png 1024w, https:\/\/www.biologix.com.br\/wp-content\/uploads\/2021\/07\/banner-wordpress-768x300.png 768w, https:\/\/www.biologix.com.br\/wp-content\/uploads\/2021\/07\/banner-wordpress-16x6.png 16w, https:\/\/www.biologix.com.br\/wp-content\/uploads\/2021\/07\/banner-wordpress.png 1280w\" sizes=\"(max-width: 300px) 100vw, 300px\" \/><\/div>\n\t\t<\/a>\n\t\t\t\t<div class=\"elementor-post__text\">\n\t\t\t\t<h2 class=\"elementor-post__title\">\n\t\t\t<a href=\"https:\/\/www.biologix.com.br\/en\/2021\/07\/16\/relacao-dos-dentes-com-a-saude-mental\/\" target=&quot;_blank&quot;>\n\t\t\t\tRela\u00e7\u00e3o dos dentes com a sa\u00fade mental<br><span class='secondary-title'>Entenda a conex\u00e3o entre a sa\u00fade bucal e mental<\/span>\t\t\t<\/a>\n\t\t<\/h2>\n\t\t\t\t<div class=\"elementor-post__meta-data\">\n\t\t\t\t\t<span class=\"elementor-post-date\">\n\t\t\t16 de July de 2021\t\t<\/span>\n\t\t\t\t<\/div>\n\t\t\t\t<div class=\"elementor-post__excerpt\">\n\t\t\t<p>A rela\u00e7\u00e3o entre a integridade dos dentes e sa\u00fade mental pode ser mais profunda do que muitos pacientes acreditam. Isso<\/p>\n\t\t<\/div>\n\t\t\n\t\t<a class=\"elementor-post__read-more\" href=\"https:\/\/www.biologix.com.br\/en\/2021\/07\/16\/relacao-dos-dentes-com-a-saude-mental\/\" aria-label=\"Read more about Rela\u00e7\u00e3o dos dentes com a sa\u00fade mental&lt;br&gt;&lt;span class=&#039;secondary-title&#039;&gt;Entenda a conex\u00e3o entre a sa\u00fade bucal e mental&lt;\/span&gt;\" tabindex=\"-1\" target=\"_blank\">\n\t\t\tver mais \u00bb\t\t<\/a>\n\n\t\t\t\t<\/div>\n\t\t\t\t<\/article>\n\t\t\t\t<article class=\"elementor-post elementor-grid-item post-5349 post type-post status-publish format-standard has-post-thumbnail hentry category-odontologia category-profissional-de-saude tag-aos-2 tag-esporte tag-oxigenio tag-problemas-respiratorios tag-sono\" role=\"listitem\">\n\t\t\t\t<a class=\"elementor-post__thumbnail__link\" href=\"https:\/\/www.biologix.com.br\/en\/2021\/07\/16\/sono-e-esporte-uma-relacao-fundamental\/\" tabindex=\"-1\" target=&quot;_blank&quot;>\n\t\t\t<div class=\"elementor-post__thumbnail\"><img loading=\"lazy\" decoding=\"async\" width=\"300\" height=\"117\" src=\"https:\/\/www.biologix.com.br\/wp-content\/uploads\/2022\/12\/capa-blog-odontologia-sono-e-esporte-uma-relacao-fundamental-300x117.jpg\" class=\"attachment-medium size-medium wp-image-11619\" alt=\"\" srcset=\"https:\/\/www.biologix.com.br\/wp-content\/uploads\/2022\/12\/capa-blog-odontologia-sono-e-esporte-uma-relacao-fundamental-300x117.jpg 300w, https:\/\/www.biologix.com.br\/wp-content\/uploads\/2022\/12\/capa-blog-odontologia-sono-e-esporte-uma-relacao-fundamental-1024x400.jpg 1024w, https:\/\/www.biologix.com.br\/wp-content\/uploads\/2022\/12\/capa-blog-odontologia-sono-e-esporte-uma-relacao-fundamental-768x300.jpg 768w, https:\/\/www.biologix.com.br\/wp-content\/uploads\/2022\/12\/capa-blog-odontologia-sono-e-esporte-uma-relacao-fundamental-18x7.jpg 18w, https:\/\/www.biologix.com.br\/wp-content\/uploads\/2022\/12\/capa-blog-odontologia-sono-e-esporte-uma-relacao-fundamental.jpg 1280w\" sizes=\"(max-width: 300px) 100vw, 300px\" \/><\/div>\n\t\t<\/a>\n\t\t\t\t<div class=\"elementor-post__text\">\n\t\t\t\t<h2 class=\"elementor-post__title\">\n\t\t\t<a href=\"https:\/\/www.biologix.com.br\/en\/2021\/07\/16\/sono-e-esporte-uma-relacao-fundamental\/\" target=&quot;_blank&quot;>\n\t\t\t\tSono e esporte, uma rela\u00e7\u00e3o fundamental<br><span class='secondary-title'>A import\u00e2ncia do sono para atletas de alta performance<\/span>\t\t\t<\/a>\n\t\t<\/h2>\n\t\t\t\t<div class=\"elementor-post__meta-data\">\n\t\t\t\t\t<span class=\"elementor-post-date\">\n\t\t\t16 de July de 2021\t\t<\/span>\n\t\t\t\t<\/div>\n\t\t\t\t<div class=\"elementor-post__excerpt\">\n\t\t\t<p>Vamos l\u00e1 &#8211; voc\u00ea \u00e9 um atleta de nata\u00e7\u00e3o de alto rendimento pronto para embarcar para o maior evento esportivo<\/p>\n\t\t<\/div>\n\t\t\n\t\t<a class=\"elementor-post__read-more\" href=\"https:\/\/www.biologix.com.br\/en\/2021\/07\/16\/sono-e-esporte-uma-relacao-fundamental\/\" aria-label=\"Read more about Sono e esporte, uma rela\u00e7\u00e3o fundamental&lt;br&gt;&lt;span class=&#039;secondary-title&#039;&gt;A import\u00e2ncia do sono para atletas de alta performance&lt;\/span&gt;\" tabindex=\"-1\" target=\"_blank\">\n\t\t\tver mais \u00bb\t\t<\/a>\n\n\t\t\t\t<\/div>\n\t\t\t\t<\/article>\n\t\t\t\t<article class=\"elementor-post elementor-grid-item post-5366 post type-post status-publish format-standard has-post-thumbnail hentry category-odontologia category-profissional-de-saude tag-aos-2 tag-dentista tag-exame-do-sono tag-odontologia tag-oximetria-noturna tag-polissonografia tag-sono\" role=\"listitem\">\n\t\t\t\t<a class=\"elementor-post__thumbnail__link\" href=\"https:\/\/www.biologix.com.br\/en\/2021\/07\/16\/brasil-e-seus-milhoes-de-apneicos-diagnostico\/\" tabindex=\"-1\" target=&quot;_blank&quot;>\n\t\t\t<div class=\"elementor-post__thumbnail\"><img loading=\"lazy\" decoding=\"async\" width=\"300\" height=\"117\" src=\"https:\/\/www.biologix.com.br\/wp-content\/uploads\/2022\/12\/capa-blog-odontologia-brasil-e-seus-milhoes-de-apneicos-300x117.jpg\" class=\"attachment-medium size-medium wp-image-11611\" alt=\"\" srcset=\"https:\/\/www.biologix.com.br\/wp-content\/uploads\/2022\/12\/capa-blog-odontologia-brasil-e-seus-milhoes-de-apneicos-300x117.jpg 300w, https:\/\/www.biologix.com.br\/wp-content\/uploads\/2022\/12\/capa-blog-odontologia-brasil-e-seus-milhoes-de-apneicos-1024x400.jpg 1024w, https:\/\/www.biologix.com.br\/wp-content\/uploads\/2022\/12\/capa-blog-odontologia-brasil-e-seus-milhoes-de-apneicos-768x300.jpg 768w, https:\/\/www.biologix.com.br\/wp-content\/uploads\/2022\/12\/capa-blog-odontologia-brasil-e-seus-milhoes-de-apneicos-18x7.jpg 18w, https:\/\/www.biologix.com.br\/wp-content\/uploads\/2022\/12\/capa-blog-odontologia-brasil-e-seus-milhoes-de-apneicos.jpg 1280w\" sizes=\"(max-width: 300px) 100vw, 300px\" \/><\/div>\n\t\t<\/a>\n\t\t\t\t<div class=\"elementor-post__text\">\n\t\t\t\t<h2 class=\"elementor-post__title\">\n\t\t\t<a href=\"https:\/\/www.biologix.com.br\/en\/2021\/07\/16\/brasil-e-seus-milhoes-de-apneicos-diagnostico\/\" target=&quot;_blank&quot;>\n\t\t\t\tBrasil e seus milh\u00f5es de apneicos: diagn\u00f3stico<br><span class='secondary-title'>O diagn\u00f3stico da apneia obstrutiva do sono<\/span>\t\t\t<\/a>\n\t\t<\/h2>\n\t\t\t\t<div class=\"elementor-post__meta-data\">\n\t\t\t\t\t<span class=\"elementor-post-date\">\n\t\t\t16 de July de 2021\t\t<\/span>\n\t\t\t\t<\/div>\n\t\t\t\t<div class=\"elementor-post__excerpt\">\n\t\t\t<p>A Apneia Obstrutiva do Sono (AOS) acomete qualquer etnia, cor, g\u00eanero ou classe social. Est\u00e1 presente em todo o mundo<\/p>\n\t\t<\/div>\n\t\t\n\t\t<a class=\"elementor-post__read-more\" href=\"https:\/\/www.biologix.com.br\/en\/2021\/07\/16\/brasil-e-seus-milhoes-de-apneicos-diagnostico\/\" aria-label=\"Read more about Brasil e seus milh\u00f5es de apneicos: diagn\u00f3stico&lt;br&gt;&lt;span class=&#039;secondary-title&#039;&gt;O diagn\u00f3stico da apneia obstrutiva do sono&lt;\/span&gt;\" tabindex=\"-1\" target=\"_blank\">\n\t\t\tver mais \u00bb\t\t<\/a>\n\n\t\t\t\t<\/div>\n\t\t\t\t<\/article>\n\t\t\t\t<article class=\"elementor-post elementor-grid-item post-5583 post type-post status-publish format-standard has-post-thumbnail hentry category-convidados tag-apneia-do-sono tag-disturbios-do-sono tag-imunidade tag-sono tag-sonolencia tag-vacina\" role=\"listitem\">\n\t\t\t\t<a class=\"elementor-post__thumbnail__link\" href=\"https:\/\/www.biologix.com.br\/en\/2021\/09\/15\/entenda-como-os-disturbios-do-sono-podem-afetar-a-sua-imunidade-e-causar-serias-doencas\/\" tabindex=\"-1\" target=&quot;_blank&quot;>\n\t\t\t<div class=\"elementor-post__thumbnail\"><img loading=\"lazy\" decoding=\"async\" width=\"300\" height=\"117\" src=\"https:\/\/www.biologix.com.br\/wp-content\/uploads\/2021\/09\/banner-wordpress-300x117.jpg\" class=\"attachment-medium size-medium wp-image-5588\" alt=\"\" srcset=\"https:\/\/www.biologix.com.br\/wp-content\/uploads\/2021\/09\/banner-wordpress-300x117.jpg 300w, https:\/\/www.biologix.com.br\/wp-content\/uploads\/2021\/09\/banner-wordpress-1024x400.jpg 1024w, https:\/\/www.biologix.com.br\/wp-content\/uploads\/2021\/09\/banner-wordpress-768x300.jpg 768w, https:\/\/www.biologix.com.br\/wp-content\/uploads\/2021\/09\/banner-wordpress-16x6.jpg 16w, https:\/\/www.biologix.com.br\/wp-content\/uploads\/2021\/09\/banner-wordpress.jpg 1280w\" sizes=\"(max-width: 300px) 100vw, 300px\" \/><\/div>\n\t\t<\/a>\n\t\t\t\t<div class=\"elementor-post__text\">\n\t\t\t\t<h2 class=\"elementor-post__title\">\n\t\t\t<a href=\"https:\/\/www.biologix.com.br\/en\/2021\/09\/15\/entenda-como-os-disturbios-do-sono-podem-afetar-a-sua-imunidade-e-causar-serias-doencas\/\" target=&quot;_blank&quot;>\n\t\t\t\tComo os dist\u00farbios do sono podem afetar a sua imunidade e causar s\u00e9rias doen\u00e7as<br><span class='secondary-title'>Entenda a rela\u00e7\u00e3o entre dist\u00farbios do sono e imunidade<\/span>\t\t\t<\/a>\n\t\t<\/h2>\n\t\t\t\t<div class=\"elementor-post__meta-data\">\n\t\t\t\t\t<span class=\"elementor-post-date\">\n\t\t\t15 de September de 2021\t\t<\/span>\n\t\t\t\t<\/div>\n\t\t\t\t<div class=\"elementor-post__excerpt\">\n\t\t\t<p>S\u00e3o considerados dist\u00farbios do sono todos os problemas que acontecem no per\u00edodo entre o sono e a vig\u00edlia, que impedem<\/p>\n\t\t<\/div>\n\t\t\n\t\t<a class=\"elementor-post__read-more\" href=\"https:\/\/www.biologix.com.br\/en\/2021\/09\/15\/entenda-como-os-disturbios-do-sono-podem-afetar-a-sua-imunidade-e-causar-serias-doencas\/\" aria-label=\"Read more about Como os dist\u00farbios do sono podem afetar a sua imunidade e causar s\u00e9rias doen\u00e7as&lt;br&gt;&lt;span class=&#039;secondary-title&#039;&gt;Entenda a rela\u00e7\u00e3o entre dist\u00farbios do sono e imunidade&lt;\/span&gt;\" tabindex=\"-1\" target=\"_blank\">\n\t\t\tver mais \u00bb\t\t<\/a>\n\n\t\t\t\t<\/div>\n\t\t\t\t<\/article>\n\t\t\t\t<article class=\"elementor-post elementor-grid-item post-5706 post type-post status-publish format-standard has-post-thumbnail hentry category-paciente tag-apneia-do-sono tag-divorcio-do-sono tag-exame-do-sono tag-relacionamento tag-roncar tag-ronco tag-ronco-alto-e-frequente tag-sono tag-sono-de-qualidade\" role=\"listitem\">\n\t\t\t\t<a class=\"elementor-post__thumbnail__link\" href=\"https:\/\/www.biologix.com.br\/en\/2021\/11\/13\/divorcio-do-sono\/\" tabindex=\"-1\" target=&quot;_blank&quot;>\n\t\t\t<div class=\"elementor-post__thumbnail\"><img loading=\"lazy\" decoding=\"async\" width=\"300\" height=\"117\" src=\"https:\/\/www.biologix.com.br\/wp-content\/uploads\/2021\/11\/banner-divorciodosono-300x117.png\" class=\"attachment-medium size-medium wp-image-5714\" alt=\"\" srcset=\"https:\/\/www.biologix.com.br\/wp-content\/uploads\/2021\/11\/banner-divorciodosono-300x117.png 300w, https:\/\/www.biologix.com.br\/wp-content\/uploads\/2021\/11\/banner-divorciodosono-1024x400.png 1024w, https:\/\/www.biologix.com.br\/wp-content\/uploads\/2021\/11\/banner-divorciodosono-768x300.png 768w, https:\/\/www.biologix.com.br\/wp-content\/uploads\/2021\/11\/banner-divorciodosono-16x6.png 16w, https:\/\/www.biologix.com.br\/wp-content\/uploads\/2021\/11\/banner-divorciodosono.png 1280w\" sizes=\"(max-width: 300px) 100vw, 300px\" \/><\/div>\n\t\t<\/a>\n\t\t\t\t<div class=\"elementor-post__text\">\n\t\t\t\t<h2 class=\"elementor-post__title\">\n\t\t\t<a href=\"https:\/\/www.biologix.com.br\/en\/2021\/11\/13\/divorcio-do-sono\/\" target=&quot;_blank&quot;>\n\t\t\t\tDiv\u00f3rcio do sono: como o ronco pode afetar a vida dos casais?<br><span class='secondary-title'>Saiba mais sobre o efeito do ronco nos relacionamentos<\/span>\t\t\t<\/a>\n\t\t<\/h2>\n\t\t\t\t<div class=\"elementor-post__meta-data\">\n\t\t\t\t\t<span class=\"elementor-post-date\">\n\t\t\t13 de November de 2021\t\t<\/span>\n\t\t\t\t<\/div>\n\t\t\t\t<div class=\"elementor-post__excerpt\">\n\t\t\t<p>Com a pandemia de COVID-19 mantendo os casais trancados juntos em suas casas indefinidamente, n\u00e3o \u00e9 de se admirar que<\/p>\n\t\t<\/div>\n\t\t\n\t\t<a class=\"elementor-post__read-more\" href=\"https:\/\/www.biologix.com.br\/en\/2021\/11\/13\/divorcio-do-sono\/\" aria-label=\"Read more about Div\u00f3rcio do sono: como o ronco pode afetar a vida dos casais?&lt;br&gt;&lt;span class=&#039;secondary-title&#039;&gt;Saiba mais sobre o efeito do ronco nos relacionamentos&lt;\/span&gt;\" tabindex=\"-1\" target=\"_blank\">\n\t\t\tver mais \u00bb\t\t<\/a>\n\n\t\t\t\t<\/div>\n\t\t\t\t<\/article>\n\t\t\t\t<article class=\"elementor-post elementor-grid-item post-5746 post type-post status-publish format-standard has-post-thumbnail hentry category-cardiologia category-profissional-de-saude tag-apneia-do-sono tag-arritmia tag-avc-2 tag-cpap tag-doencas-cardiovasculares tag-exame-do-sono tag-infarto tag-insuficiencia-cardiaca tag-obesidade-2 tag-privacao-de-sono\" role=\"listitem\">\n\t\t\t\t<a class=\"elementor-post__thumbnail__link\" href=\"https:\/\/www.biologix.com.br\/en\/2021\/12\/03\/a-apneia-do-sono-piora-as-doencas-cardiacas-na-maioria-das-vezes-nao-tratada\/\" tabindex=\"-1\" target=&quot;_blank&quot;>\n\t\t\t<div class=\"elementor-post__thumbnail\"><img loading=\"lazy\" decoding=\"async\" width=\"300\" height=\"117\" src=\"https:\/\/www.biologix.com.br\/wp-content\/uploads\/2020\/02\/capa-blog-a-apneia-do-sono-piora-as-doencas-cardiacas-na-maioria-das-vezes-nao-tratada-300x117.jpg\" class=\"attachment-medium size-medium wp-image-11520\" alt=\"\" srcset=\"https:\/\/www.biologix.com.br\/wp-content\/uploads\/2020\/02\/capa-blog-a-apneia-do-sono-piora-as-doencas-cardiacas-na-maioria-das-vezes-nao-tratada-300x117.jpg 300w, https:\/\/www.biologix.com.br\/wp-content\/uploads\/2020\/02\/capa-blog-a-apneia-do-sono-piora-as-doencas-cardiacas-na-maioria-das-vezes-nao-tratada-1024x400.jpg 1024w, https:\/\/www.biologix.com.br\/wp-content\/uploads\/2020\/02\/capa-blog-a-apneia-do-sono-piora-as-doencas-cardiacas-na-maioria-das-vezes-nao-tratada-768x300.jpg 768w, https:\/\/www.biologix.com.br\/wp-content\/uploads\/2020\/02\/capa-blog-a-apneia-do-sono-piora-as-doencas-cardiacas-na-maioria-das-vezes-nao-tratada-18x7.jpg 18w, https:\/\/www.biologix.com.br\/wp-content\/uploads\/2020\/02\/capa-blog-a-apneia-do-sono-piora-as-doencas-cardiacas-na-maioria-das-vezes-nao-tratada.jpg 1280w\" sizes=\"(max-width: 300px) 100vw, 300px\" \/><\/div>\n\t\t<\/a>\n\t\t\t\t<div class=\"elementor-post__text\">\n\t\t\t\t<h2 class=\"elementor-post__title\">\n\t\t\t<a href=\"https:\/\/www.biologix.com.br\/en\/2021\/12\/03\/a-apneia-do-sono-piora-as-doencas-cardiacas-na-maioria-das-vezes-nao-tratada\/\" target=&quot;_blank&quot;>\n\t\t\t\tA apneia do sono piora as doen\u00e7as cardiovasculares, na maioria das vezes n\u00e3o tratadas<br><span class='secondary-title'>Confira a declara\u00e7\u00e3o cient\u00edfica da American Heart Association<\/span>\t\t\t<\/a>\n\t\t<\/h2>\n\t\t\t\t<div class=\"elementor-post__meta-data\">\n\t\t\t\t\t<span class=\"elementor-post-date\">\n\t\t\t3 de December de 2021\t\t<\/span>\n\t\t\t\t<\/div>\n\t\t\t\t<div class=\"elementor-post__excerpt\">\n\t\t\t<p>A apneia obstrutiva do sono (AOS) ocorre em 40% a 80% das pessoas com doen\u00e7as cardiovasculares, mas \u00e9 pouco reconhecida<\/p>\n\t\t<\/div>\n\t\t\n\t\t<a class=\"elementor-post__read-more\" href=\"https:\/\/www.biologix.com.br\/en\/2021\/12\/03\/a-apneia-do-sono-piora-as-doencas-cardiacas-na-maioria-das-vezes-nao-tratada\/\" aria-label=\"Read more about A apneia do sono piora as doen\u00e7as cardiovasculares, na maioria das vezes n\u00e3o tratadas&lt;br&gt;&lt;span class=&#039;secondary-title&#039;&gt;Confira a declara\u00e7\u00e3o cient\u00edfica da American Heart Association&lt;\/span&gt;\" tabindex=\"-1\" target=\"_blank\">\n\t\t\tver mais \u00bb\t\t<\/a>\n\n\t\t\t\t<\/div>\n\t\t\t\t<\/article>\n\t\t\t\t<article class=\"elementor-post elementor-grid-item post-5780 post type-post status-publish format-standard has-post-thumbnail hentry category-odontologia category-profissional-de-saude tag-aio tag-aos-2 tag-apneia-do-sono tag-cardiologia tag-dcv tag-doencas-cardiovasculares tag-intraoral tag-odontologia-do-sono tag-oximetria-noturna\" role=\"listitem\">\n\t\t\t\t<a class=\"elementor-post__thumbnail__link\" href=\"https:\/\/www.biologix.com.br\/en\/2022\/01\/24\/aparelho-intraoral-aio-na-prevencao-e-reducao-de-doencas-cardiovasculares-dcv\/\" tabindex=\"-1\" target=&quot;_blank&quot;>\n\t\t\t<div class=\"elementor-post__thumbnail\"><img loading=\"lazy\" decoding=\"async\" width=\"300\" height=\"117\" src=\"https:\/\/www.biologix.com.br\/wp-content\/uploads\/2022\/12\/capa-blog-odontologia-aparelho-intraoral-aio-na-prevencao-e-reducao-de-doencas-cardiovasculares-dcv-300x117.jpg\" class=\"attachment-medium size-medium wp-image-11609\" alt=\"\" srcset=\"https:\/\/www.biologix.com.br\/wp-content\/uploads\/2022\/12\/capa-blog-odontologia-aparelho-intraoral-aio-na-prevencao-e-reducao-de-doencas-cardiovasculares-dcv-300x117.jpg 300w, https:\/\/www.biologix.com.br\/wp-content\/uploads\/2022\/12\/capa-blog-odontologia-aparelho-intraoral-aio-na-prevencao-e-reducao-de-doencas-cardiovasculares-dcv-1024x400.jpg 1024w, https:\/\/www.biologix.com.br\/wp-content\/uploads\/2022\/12\/capa-blog-odontologia-aparelho-intraoral-aio-na-prevencao-e-reducao-de-doencas-cardiovasculares-dcv-768x300.jpg 768w, https:\/\/www.biologix.com.br\/wp-content\/uploads\/2022\/12\/capa-blog-odontologia-aparelho-intraoral-aio-na-prevencao-e-reducao-de-doencas-cardiovasculares-dcv-18x7.jpg 18w, https:\/\/www.biologix.com.br\/wp-content\/uploads\/2022\/12\/capa-blog-odontologia-aparelho-intraoral-aio-na-prevencao-e-reducao-de-doencas-cardiovasculares-dcv.jpg 1280w\" sizes=\"(max-width: 300px) 100vw, 300px\" \/><\/div>\n\t\t<\/a>\n\t\t\t\t<div class=\"elementor-post__text\">\n\t\t\t\t<h2 class=\"elementor-post__title\">\n\t\t\t<a href=\"https:\/\/www.biologix.com.br\/en\/2022\/01\/24\/aparelho-intraoral-aio-na-prevencao-e-reducao-de-doencas-cardiovasculares-dcv\/\" target=&quot;_blank&quot;>\n\t\t\t\tAparelho intraoral (AIO) na preven\u00e7\u00e3o e redu\u00e7\u00e3o de doen\u00e7as cardiovasculares (DCV)<br><span class='secondary-title'>Aten\u00e7\u00e3o, cardiologistas!<\/span>\t\t\t<\/a>\n\t\t<\/h2>\n\t\t\t\t<div class=\"elementor-post__meta-data\">\n\t\t\t\t\t<span class=\"elementor-post-date\">\n\t\t\t24 de January de 2022\t\t<\/span>\n\t\t\t\t<\/div>\n\t\t\t\t<div class=\"elementor-post__excerpt\">\n\t\t\t<p>O alerta vem de um artigo de revis\u00e3o conduzido por respeitado grupo de pesquisadores da Austr\u00e1lia e Singapura. Nesse paper,<\/p>\n\t\t<\/div>\n\t\t\n\t\t<a class=\"elementor-post__read-more\" href=\"https:\/\/www.biologix.com.br\/en\/2022\/01\/24\/aparelho-intraoral-aio-na-prevencao-e-reducao-de-doencas-cardiovasculares-dcv\/\" aria-label=\"Read more about Aparelho intraoral (AIO) na preven\u00e7\u00e3o e redu\u00e7\u00e3o de doen\u00e7as cardiovasculares (DCV)&lt;br&gt;&lt;span class=&#039;secondary-title&#039;&gt;Aten\u00e7\u00e3o, cardiologistas!&lt;\/span&gt;\" tabindex=\"-1\" target=\"_blank\">\n\t\t\tver mais \u00bb\t\t<\/a>\n\n\t\t\t\t<\/div>\n\t\t\t\t<\/article>\n\t\t\t\t<article class=\"elementor-post elementor-grid-item post-6424 post type-post status-publish format-standard has-post-thumbnail hentry category-odontologia category-profissional-de-saude tag-aio tag-apneia-do-sono tag-apneia-obstrutiva-do-sono tag-intraoral tag-odontologia-do-sono\" role=\"listitem\">\n\t\t\t\t<a class=\"elementor-post__thumbnail__link\" href=\"https:\/\/www.biologix.com.br\/en\/2022\/02\/20\/aparelho-intraoral-aioe-eficaz-na-apneia-posicional-ap\/\" tabindex=\"-1\" target=&quot;_blank&quot;>\n\t\t\t<div class=\"elementor-post__thumbnail\"><img loading=\"lazy\" decoding=\"async\" width=\"300\" height=\"117\" src=\"https:\/\/www.biologix.com.br\/wp-content\/uploads\/2022\/12\/capa-blog-odontologia-aparelho-intraoral-aioe-eficaz-na-apneia-posicional-ap-300x117.jpg\" class=\"attachment-medium size-medium wp-image-11608\" alt=\"\" srcset=\"https:\/\/www.biologix.com.br\/wp-content\/uploads\/2022\/12\/capa-blog-odontologia-aparelho-intraoral-aioe-eficaz-na-apneia-posicional-ap-300x117.jpg 300w, https:\/\/www.biologix.com.br\/wp-content\/uploads\/2022\/12\/capa-blog-odontologia-aparelho-intraoral-aioe-eficaz-na-apneia-posicional-ap-1024x400.jpg 1024w, https:\/\/www.biologix.com.br\/wp-content\/uploads\/2022\/12\/capa-blog-odontologia-aparelho-intraoral-aioe-eficaz-na-apneia-posicional-ap-768x300.jpg 768w, https:\/\/www.biologix.com.br\/wp-content\/uploads\/2022\/12\/capa-blog-odontologia-aparelho-intraoral-aioe-eficaz-na-apneia-posicional-ap-18x7.jpg 18w, https:\/\/www.biologix.com.br\/wp-content\/uploads\/2022\/12\/capa-blog-odontologia-aparelho-intraoral-aioe-eficaz-na-apneia-posicional-ap.jpg 1280w\" sizes=\"(max-width: 300px) 100vw, 300px\" \/><\/div>\n\t\t<\/a>\n\t\t\t\t<div class=\"elementor-post__text\">\n\t\t\t\t<h2 class=\"elementor-post__title\">\n\t\t\t<a href=\"https:\/\/www.biologix.com.br\/en\/2022\/02\/20\/aparelho-intraoral-aioe-eficaz-na-apneia-posicional-ap\/\" target=&quot;_blank&quot;>\n\t\t\t\tAparelho intraoral (AIO) \u00e9 eficaz na apneia posicional (AP)?<br><span class='secondary-title'>Quando devo associ\u00e1-lo com faixa posicional (FP)?<\/span>\t\t\t<\/a>\n\t\t<\/h2>\n\t\t\t\t<div class=\"elementor-post__meta-data\">\n\t\t\t\t\t<span class=\"elementor-post-date\">\n\t\t\t20 de February de 2022\t\t<\/span>\n\t\t\t\t<\/div>\n\t\t\t\t<div class=\"elementor-post__excerpt\">\n\t\t\t<p>A escolha de um tratamento deve ser guiada por v\u00e1rias informa\u00e7\u00f5es; fatores preditivos como IMC, satura\u00e7\u00e3o de oxihemoglobina, IAH e<\/p>\n\t\t<\/div>\n\t\t\n\t\t<a class=\"elementor-post__read-more\" href=\"https:\/\/www.biologix.com.br\/en\/2022\/02\/20\/aparelho-intraoral-aioe-eficaz-na-apneia-posicional-ap\/\" aria-label=\"Read more about Aparelho intraoral (AIO) \u00e9 eficaz na apneia posicional (AP)?&lt;br&gt;&lt;span class=&#039;secondary-title&#039;&gt;Quando devo associ\u00e1-lo com faixa posicional (FP)?&lt;\/span&gt;\" tabindex=\"-1\" target=\"_blank\">\n\t\t\tver mais \u00bb\t\t<\/a>\n\n\t\t\t\t<\/div>\n\t\t\t\t<\/article>\n\t\t\t\t<article class=\"elementor-post elementor-grid-item post-6856 post type-post status-publish format-standard has-post-thumbnail hentry category-profissional-de-saude tag-apneia-do-sono tag-dormir tag-semana-do-sono tag-semana-do-sono-2022 tag-sono\" role=\"listitem\">\n\t\t\t\t<a class=\"elementor-post__thumbnail__link\" href=\"https:\/\/www.biologix.com.br\/en\/2022\/03\/20\/marco-mes-de-conscientizacao-sobre-o-sono\/\" tabindex=\"-1\" target=&quot;_blank&quot;>\n\t\t\t<div class=\"elementor-post__thumbnail\"><img loading=\"lazy\" decoding=\"async\" width=\"300\" height=\"117\" src=\"https:\/\/www.biologix.com.br\/wp-content\/uploads\/2022\/03\/banner-wordpress-1-300x117.png\" class=\"attachment-medium size-medium wp-image-6858\" alt=\"\" srcset=\"https:\/\/www.biologix.com.br\/wp-content\/uploads\/2022\/03\/banner-wordpress-1-300x117.png 300w, https:\/\/www.biologix.com.br\/wp-content\/uploads\/2022\/03\/banner-wordpress-1-1024x400.png 1024w, https:\/\/www.biologix.com.br\/wp-content\/uploads\/2022\/03\/banner-wordpress-1-768x300.png 768w, https:\/\/www.biologix.com.br\/wp-content\/uploads\/2022\/03\/banner-wordpress-1-18x7.png 18w, https:\/\/www.biologix.com.br\/wp-content\/uploads\/2022\/03\/banner-wordpress-1.png 1280w\" sizes=\"(max-width: 300px) 100vw, 300px\" \/><\/div>\n\t\t<\/a>\n\t\t\t\t<div class=\"elementor-post__text\">\n\t\t\t\t<h2 class=\"elementor-post__title\">\n\t\t\t<a href=\"https:\/\/www.biologix.com.br\/en\/2022\/03\/20\/marco-mes-de-conscientizacao-sobre-o-sono\/\" target=&quot;_blank&quot;>\n\t\t\t\tMar\u00e7o, m\u00eas de conscientiza\u00e7\u00e3o sobre o sono<br><span class='secondary-title'>Acorde para esse problema<\/span>\t\t\t<\/a>\n\t\t<\/h2>\n\t\t\t\t<div class=\"elementor-post__meta-data\">\n\t\t\t\t\t<span class=\"elementor-post-date\">\n\t\t\t20 de March de 2022\t\t<\/span>\n\t\t\t\t<\/div>\n\t\t\t\t<div class=\"elementor-post__excerpt\">\n\t\t\t<p>Mar\u00e7o \u00e9 designado como o M\u00eas Mundial de Conscientiza\u00e7\u00e3o do Sono, o que nos oferece a oportunidade de analisar al\u00e9m<\/p>\n\t\t<\/div>\n\t\t\n\t\t<a class=\"elementor-post__read-more\" href=\"https:\/\/www.biologix.com.br\/en\/2022\/03\/20\/marco-mes-de-conscientizacao-sobre-o-sono\/\" aria-label=\"Read more about Mar\u00e7o, m\u00eas de conscientiza\u00e7\u00e3o sobre o sono&lt;br&gt;&lt;span class=&#039;secondary-title&#039;&gt;Acorde para esse problema&lt;\/span&gt;\" tabindex=\"-1\" target=\"_blank\">\n\t\t\tver mais \u00bb\t\t<\/a>\n\n\t\t\t\t<\/div>\n\t\t\t\t<\/article>\n\t\t\t\t<article class=\"elementor-post elementor-grid-item post-6888 post type-post status-publish format-standard has-post-thumbnail hentry category-convidados tag-apneia tag-apneia-do-sono tag-dor-de-cabeca tag-saude-bucal tag-sono tag-sonolencia\" role=\"listitem\">\n\t\t\t\t<a class=\"elementor-post__thumbnail__link\" href=\"https:\/\/www.biologix.com.br\/en\/2022\/04\/18\/como-a-apneia-do-sono-causa-doencas-periodontais\/\" tabindex=\"-1\" target=&quot;_blank&quot;>\n\t\t\t<div class=\"elementor-post__thumbnail\"><img loading=\"lazy\" decoding=\"async\" width=\"300\" height=\"117\" src=\"https:\/\/www.biologix.com.br\/wp-content\/uploads\/2022\/04\/banner-wordpress-como-a-apneia-do-sono-causa-doencas-periodontais-300x117.png\" class=\"attachment-medium size-medium wp-image-6895\" alt=\"\" srcset=\"https:\/\/www.biologix.com.br\/wp-content\/uploads\/2022\/04\/banner-wordpress-como-a-apneia-do-sono-causa-doencas-periodontais-300x117.png 300w, https:\/\/www.biologix.com.br\/wp-content\/uploads\/2022\/04\/banner-wordpress-como-a-apneia-do-sono-causa-doencas-periodontais-1024x400.png 1024w, https:\/\/www.biologix.com.br\/wp-content\/uploads\/2022\/04\/banner-wordpress-como-a-apneia-do-sono-causa-doencas-periodontais-768x300.png 768w, https:\/\/www.biologix.com.br\/wp-content\/uploads\/2022\/04\/banner-wordpress-como-a-apneia-do-sono-causa-doencas-periodontais-18x7.png 18w, https:\/\/www.biologix.com.br\/wp-content\/uploads\/2022\/04\/banner-wordpress-como-a-apneia-do-sono-causa-doencas-periodontais.png 1280w\" sizes=\"(max-width: 300px) 100vw, 300px\" \/><\/div>\n\t\t<\/a>\n\t\t\t\t<div class=\"elementor-post__text\">\n\t\t\t\t<h2 class=\"elementor-post__title\">\n\t\t\t<a href=\"https:\/\/www.biologix.com.br\/en\/2022\/04\/18\/como-a-apneia-do-sono-causa-doencas-periodontais\/\" target=&quot;_blank&quot;>\n\t\t\t\tComo a apneia do sono causa doen\u00e7as periodontais?<br><span class='secondary-title'>Entenda como a apneia do sono pode afetar a sa\u00fade bucal<\/span>\t\t\t<\/a>\n\t\t<\/h2>\n\t\t\t\t<div class=\"elementor-post__meta-data\">\n\t\t\t\t\t<span class=\"elementor-post-date\">\n\t\t\t18 de April de 2022\t\t<\/span>\n\t\t\t\t<\/div>\n\t\t\t\t<div class=\"elementor-post__excerpt\">\n\t\t\t<p>A S\u00edndrome da Apneia Obstrutiva do Sono (SAOS), tamb\u00e9m conhecida pelo seu nome mais curto, apneia do sono ou apneia<\/p>\n\t\t<\/div>\n\t\t\n\t\t<a class=\"elementor-post__read-more\" href=\"https:\/\/www.biologix.com.br\/en\/2022\/04\/18\/como-a-apneia-do-sono-causa-doencas-periodontais\/\" aria-label=\"Read more about Como a apneia do sono causa doen\u00e7as periodontais?&lt;br&gt;&lt;span class=&#039;secondary-title&#039;&gt;Entenda como a apneia do sono pode afetar a sa\u00fade bucal&lt;\/span&gt;\" tabindex=\"-1\" target=\"_blank\">\n\t\t\tver mais \u00bb\t\t<\/a>\n\n\t\t\t\t<\/div>\n\t\t\t\t<\/article>\n\t\t\t\t<article class=\"elementor-post elementor-grid-item post-6890 post type-post status-publish format-standard has-post-thumbnail hentry category-convidados tag-apneia tag-apneia-do-sono tag-apneia-obstrutiva-do-sono tag-saude-bucal\" role=\"listitem\">\n\t\t\t\t<a class=\"elementor-post__thumbnail__link\" href=\"https:\/\/www.biologix.com.br\/en\/2022\/04\/18\/a-saude-bucal-pode-afetar-a-qualidade-do-seu-sono\/\" tabindex=\"-1\" target=&quot;_blank&quot;>\n\t\t\t<div class=\"elementor-post__thumbnail\"><img loading=\"lazy\" decoding=\"async\" width=\"300\" height=\"117\" src=\"https:\/\/www.biologix.com.br\/wp-content\/uploads\/2022\/04\/banner-wordpress-a-saude-bucal-pode-afetar-a-qualidade-do-seu-sono-300x117.png\" class=\"attachment-medium size-medium wp-image-6896\" alt=\"\" srcset=\"https:\/\/www.biologix.com.br\/wp-content\/uploads\/2022\/04\/banner-wordpress-a-saude-bucal-pode-afetar-a-qualidade-do-seu-sono-300x117.png 300w, https:\/\/www.biologix.com.br\/wp-content\/uploads\/2022\/04\/banner-wordpress-a-saude-bucal-pode-afetar-a-qualidade-do-seu-sono-1024x400.png 1024w, https:\/\/www.biologix.com.br\/wp-content\/uploads\/2022\/04\/banner-wordpress-a-saude-bucal-pode-afetar-a-qualidade-do-seu-sono-768x300.png 768w, https:\/\/www.biologix.com.br\/wp-content\/uploads\/2022\/04\/banner-wordpress-a-saude-bucal-pode-afetar-a-qualidade-do-seu-sono-18x7.png 18w, https:\/\/www.biologix.com.br\/wp-content\/uploads\/2022\/04\/banner-wordpress-a-saude-bucal-pode-afetar-a-qualidade-do-seu-sono.png 1280w\" sizes=\"(max-width: 300px) 100vw, 300px\" \/><\/div>\n\t\t<\/a>\n\t\t\t\t<div class=\"elementor-post__text\">\n\t\t\t\t<h2 class=\"elementor-post__title\">\n\t\t\t<a href=\"https:\/\/www.biologix.com.br\/en\/2022\/04\/18\/a-saude-bucal-pode-afetar-a-qualidade-do-seu-sono\/\" target=&quot;_blank&quot;>\n\t\t\t\tA sa\u00fade bucal pode afetar a qualidade do seu sono?<br><span class='secondary-title'>Entenda como os problemas bucais podem afetar sua noite de descanso<\/span>\t\t\t<\/a>\n\t\t<\/h2>\n\t\t\t\t<div class=\"elementor-post__meta-data\">\n\t\t\t\t\t<span class=\"elementor-post-date\">\n\t\t\t18 de April de 2022\t\t<\/span>\n\t\t\t\t<\/div>\n\t\t\t\t<div class=\"elementor-post__excerpt\">\n\t\t\t<p>Um bom tempo de sono di\u00e1rio \u00e9 essencial para a sa\u00fade f\u00edsica e mental. Hoje vamos conferir como a sa\u00fade<\/p>\n\t\t<\/div>\n\t\t\n\t\t<a class=\"elementor-post__read-more\" href=\"https:\/\/www.biologix.com.br\/en\/2022\/04\/18\/a-saude-bucal-pode-afetar-a-qualidade-do-seu-sono\/\" aria-label=\"Read more about A sa\u00fade bucal pode afetar a qualidade do seu sono?&lt;br&gt;&lt;span class=&#039;secondary-title&#039;&gt;Entenda como os problemas bucais podem afetar sua noite de descanso&lt;\/span&gt;\" tabindex=\"-1\" target=\"_blank\">\n\t\t\tver mais \u00bb\t\t<\/a>\n\n\t\t\t\t<\/div>\n\t\t\t\t<\/article>\n\t\t\t\t<article class=\"elementor-post elementor-grid-item post-6899 post type-post status-publish format-standard has-post-thumbnail hentry category-endocrinologia-profissional-de-saude category-profissional-de-saude\" role=\"listitem\">\n\t\t\t\t<a class=\"elementor-post__thumbnail__link\" href=\"https:\/\/www.biologix.com.br\/en\/2022\/05\/26\/disturbios-do-sono-e-microbiota-intestinal\/\" tabindex=\"-1\" target=&quot;_blank&quot;>\n\t\t\t<div class=\"elementor-post__thumbnail\"><img loading=\"lazy\" decoding=\"async\" width=\"300\" height=\"117\" src=\"https:\/\/www.biologix.com.br\/wp-content\/uploads\/2022\/06\/capa-blog-disturbios-do-sono-e-microbiota-intestinal-300x117.jpg\" class=\"attachment-medium size-medium wp-image-11553\" alt=\"\" srcset=\"https:\/\/www.biologix.com.br\/wp-content\/uploads\/2022\/06\/capa-blog-disturbios-do-sono-e-microbiota-intestinal-300x117.jpg 300w, https:\/\/www.biologix.com.br\/wp-content\/uploads\/2022\/06\/capa-blog-disturbios-do-sono-e-microbiota-intestinal-1024x400.jpg 1024w, https:\/\/www.biologix.com.br\/wp-content\/uploads\/2022\/06\/capa-blog-disturbios-do-sono-e-microbiota-intestinal-768x300.jpg 768w, https:\/\/www.biologix.com.br\/wp-content\/uploads\/2022\/06\/capa-blog-disturbios-do-sono-e-microbiota-intestinal-18x7.jpg 18w, https:\/\/www.biologix.com.br\/wp-content\/uploads\/2022\/06\/capa-blog-disturbios-do-sono-e-microbiota-intestinal.jpg 1280w\" sizes=\"(max-width: 300px) 100vw, 300px\" \/><\/div>\n\t\t<\/a>\n\t\t\t\t<div class=\"elementor-post__text\">\n\t\t\t\t<h2 class=\"elementor-post__title\">\n\t\t\t<a href=\"https:\/\/www.biologix.com.br\/en\/2022\/05\/26\/disturbios-do-sono-e-microbiota-intestinal\/\" target=&quot;_blank&quot;>\n\t\t\t\tDist\u00farbios do sono e microbiota intestinal<br><span class='secondary-title'>Entenda qual a conex\u00e3o da apneia do sono e a microbiota intestinal.<\/span>\t\t\t<\/a>\n\t\t<\/h2>\n\t\t\t\t<div class=\"elementor-post__meta-data\">\n\t\t\t\t\t<span class=\"elementor-post-date\">\n\t\t\t26 de May de 2022\t\t<\/span>\n\t\t\t\t<\/div>\n\t\t\t\t<div class=\"elementor-post__excerpt\">\n\t\t\t<p>O comportamento do sono \u00e9 regulado por processos homeost\u00e1ticos e circadianos, o \u00faltimo parece estar relacionado \u00e0 composi\u00e7\u00e3o do microbioma<\/p>\n\t\t<\/div>\n\t\t\n\t\t<a class=\"elementor-post__read-more\" href=\"https:\/\/www.biologix.com.br\/en\/2022\/05\/26\/disturbios-do-sono-e-microbiota-intestinal\/\" aria-label=\"Read more about Dist\u00farbios do sono e microbiota intestinal&lt;br&gt;&lt;span class=&#039;secondary-title&#039;&gt;Entenda qual a conex\u00e3o da apneia do sono e a microbiota intestinal.&lt;\/span&gt;\" tabindex=\"-1\" target=\"_blank\">\n\t\t\tver mais \u00bb\t\t<\/a>\n\n\t\t\t\t<\/div>\n\t\t\t\t<\/article>\n\t\t\t\t<article class=\"elementor-post elementor-grid-item post-7119 post type-post status-publish format-standard hentry category-endocrinologia-profissional-de-saude category-profissional-de-saude tag-apneia-do-sono tag-apneia-obstrutiva-do-sono tag-atleta tag-disturbios-do-sono tag-obesidade-2 tag-performance tag-ronco tag-sono\" role=\"listitem\">\n\t\t\t\t<div class=\"elementor-post__text\">\n\t\t\t\t<h2 class=\"elementor-post__title\">\n\t\t\t<a href=\"https:\/\/www.biologix.com.br\/en\/2022\/06\/19\/apneia-obstrutiva-do-sono-e-performance-do-atleta\/\" target=&quot;_blank&quot;>\n\t\t\t\tApneia obstrutiva do sono e performance do atleta<br><span class='secondary-title'>O sono \u00e9 essencial para a prepara\u00e7\u00e3o do atleta<\/span>\t\t\t<\/a>\n\t\t<\/h2>\n\t\t\t\t<div class=\"elementor-post__meta-data\">\n\t\t\t\t\t<span class=\"elementor-post-date\">\n\t\t\t19 de June de 2022\t\t<\/span>\n\t\t\t\t<\/div>\n\t\t\t\t<div class=\"elementor-post__excerpt\">\n\t\t\t<p>O sono \u00e9 reconhecido como um componente essencial para a prepara\u00e7\u00e3o do atleta e \u00e9 sugerido como a melhor estrat\u00e9gia<\/p>\n\t\t<\/div>\n\t\t\n\t\t<a class=\"elementor-post__read-more\" href=\"https:\/\/www.biologix.com.br\/en\/2022\/06\/19\/apneia-obstrutiva-do-sono-e-performance-do-atleta\/\" aria-label=\"Read more about Apneia obstrutiva do sono e performance do atleta&lt;br&gt;&lt;span class=&#039;secondary-title&#039;&gt;O sono \u00e9 essencial para a prepara\u00e7\u00e3o do atleta&lt;\/span&gt;\" tabindex=\"-1\" target=\"_blank\">\n\t\t\tver mais \u00bb\t\t<\/a>\n\n\t\t\t\t<\/div>\n\t\t\t\t<\/article>\n\t\t\t\t<article class=\"elementor-post elementor-grid-item post-7123 post type-post status-publish format-standard has-post-thumbnail hentry category-endocrinologia-profissional-de-saude category-profissional-de-saude tag-a-sindrome-dos-ovarios-policisticos tag-apneia-do-sono tag-exame-do-sono tag-ronco tag-sono tag-sop\" role=\"listitem\">\n\t\t\t\t<a class=\"elementor-post__thumbnail__link\" href=\"https:\/\/www.biologix.com.br\/en\/2022\/06\/19\/sindrome-dos-ovarios-policisticos-e-apneia-obstrutiva-do-sono\/\" tabindex=\"-1\" target=&quot;_blank&quot;>\n\t\t\t<div class=\"elementor-post__thumbnail\"><img loading=\"lazy\" decoding=\"async\" width=\"300\" height=\"117\" src=\"https:\/\/www.biologix.com.br\/wp-content\/uploads\/2022\/06\/capa-blog-sindrome-dos-ovarios-policisticos-e-apneia-obstrutiva-do-sono-300x117.jpg\" class=\"attachment-medium size-medium wp-image-11557\" alt=\"\" srcset=\"https:\/\/www.biologix.com.br\/wp-content\/uploads\/2022\/06\/capa-blog-sindrome-dos-ovarios-policisticos-e-apneia-obstrutiva-do-sono-300x117.jpg 300w, https:\/\/www.biologix.com.br\/wp-content\/uploads\/2022\/06\/capa-blog-sindrome-dos-ovarios-policisticos-e-apneia-obstrutiva-do-sono-1024x400.jpg 1024w, https:\/\/www.biologix.com.br\/wp-content\/uploads\/2022\/06\/capa-blog-sindrome-dos-ovarios-policisticos-e-apneia-obstrutiva-do-sono-768x300.jpg 768w, https:\/\/www.biologix.com.br\/wp-content\/uploads\/2022\/06\/capa-blog-sindrome-dos-ovarios-policisticos-e-apneia-obstrutiva-do-sono-18x7.jpg 18w, https:\/\/www.biologix.com.br\/wp-content\/uploads\/2022\/06\/capa-blog-sindrome-dos-ovarios-policisticos-e-apneia-obstrutiva-do-sono.jpg 1280w\" sizes=\"(max-width: 300px) 100vw, 300px\" \/><\/div>\n\t\t<\/a>\n\t\t\t\t<div class=\"elementor-post__text\">\n\t\t\t\t<h2 class=\"elementor-post__title\">\n\t\t\t<a href=\"https:\/\/www.biologix.com.br\/en\/2022\/06\/19\/sindrome-dos-ovarios-policisticos-e-apneia-obstrutiva-do-sono\/\" target=&quot;_blank&quot;>\n\t\t\t\tS\u00edndrome dos ov\u00e1rios polic\u00edsticos e apneia obstrutiva do sono<br><span class='secondary-title'>Causa ou associa\u00e7\u00e3o?<\/span>\t\t\t<\/a>\n\t\t<\/h2>\n\t\t\t\t<div class=\"elementor-post__meta-data\">\n\t\t\t\t\t<span class=\"elementor-post-date\">\n\t\t\t19 de June de 2022\t\t<\/span>\n\t\t\t\t<\/div>\n\t\t\t\t<div class=\"elementor-post__excerpt\">\n\t\t\t<p>A s\u00edndrome dos ov\u00e1rios polic\u00edsticos (SOP) \u00e9 um dos dist\u00farbios end\u00f3crinos mais frequentes em mulheres em idade reprodutiva, afetando cerca<\/p>\n\t\t<\/div>\n\t\t\n\t\t<a class=\"elementor-post__read-more\" href=\"https:\/\/www.biologix.com.br\/en\/2022\/06\/19\/sindrome-dos-ovarios-policisticos-e-apneia-obstrutiva-do-sono\/\" aria-label=\"Read more about S\u00edndrome dos ov\u00e1rios polic\u00edsticos e apneia obstrutiva do sono&lt;br&gt;&lt;span class=&#039;secondary-title&#039;&gt;Causa ou associa\u00e7\u00e3o?&lt;\/span&gt;\" tabindex=\"-1\" target=\"_blank\">\n\t\t\tver mais \u00bb\t\t<\/a>\n\n\t\t\t\t<\/div>\n\t\t\t\t<\/article>\n\t\t\t\t<article class=\"elementor-post elementor-grid-item post-7209 post type-post status-publish format-standard has-post-thumbnail hentry category-cardiologia category-profissional-de-saude tag-apneia-do-sono tag-avc-2 tag-cardiovascular tag-coracao tag-saude tag-sono\" role=\"listitem\">\n\t\t\t\t<a class=\"elementor-post__thumbnail__link\" href=\"https:\/\/www.biologix.com.br\/en\/2022\/09\/02\/o-sono-desempenha-um-papel-importante-na-saude-do-coracao\/\" tabindex=\"-1\" target=&quot;_blank&quot;>\n\t\t\t<div class=\"elementor-post__thumbnail\"><img loading=\"lazy\" decoding=\"async\" width=\"300\" height=\"117\" src=\"https:\/\/www.biologix.com.br\/wp-content\/uploads\/2020\/02\/capa-blog-o-sono-desempenha-um-papel-importante-na-saude-do-coracao-300x117.jpg\" class=\"attachment-medium size-medium wp-image-11524\" alt=\"\" srcset=\"https:\/\/www.biologix.com.br\/wp-content\/uploads\/2020\/02\/capa-blog-o-sono-desempenha-um-papel-importante-na-saude-do-coracao-300x117.jpg 300w, https:\/\/www.biologix.com.br\/wp-content\/uploads\/2020\/02\/capa-blog-o-sono-desempenha-um-papel-importante-na-saude-do-coracao-1024x400.jpg 1024w, https:\/\/www.biologix.com.br\/wp-content\/uploads\/2020\/02\/capa-blog-o-sono-desempenha-um-papel-importante-na-saude-do-coracao-768x300.jpg 768w, https:\/\/www.biologix.com.br\/wp-content\/uploads\/2020\/02\/capa-blog-o-sono-desempenha-um-papel-importante-na-saude-do-coracao-18x7.jpg 18w, https:\/\/www.biologix.com.br\/wp-content\/uploads\/2020\/02\/capa-blog-o-sono-desempenha-um-papel-importante-na-saude-do-coracao.jpg 1280w\" sizes=\"(max-width: 300px) 100vw, 300px\" \/><\/div>\n\t\t<\/a>\n\t\t\t\t<div class=\"elementor-post__text\">\n\t\t\t\t<h2 class=\"elementor-post__title\">\n\t\t\t<a href=\"https:\/\/www.biologix.com.br\/en\/2022\/09\/02\/o-sono-desempenha-um-papel-importante-na-saude-do-coracao\/\" target=&quot;_blank&quot;>\n\t\t\t\tO sono desempenha um papel importante na sa\u00fade do cora\u00e7\u00e3o<br><span class='secondary-title'>American Heart Association adiciona sono \u00e0 lista de verifica\u00e7\u00e3o de sa\u00fade cardiovascular<\/span>\t\t\t<\/a>\n\t\t<\/h2>\n\t\t\t\t<div class=\"elementor-post__meta-data\">\n\t\t\t\t\t<span class=\"elementor-post-date\">\n\t\t\t2 de September de 2022\t\t<\/span>\n\t\t\t\t<\/div>\n\t\t\t\t<div class=\"elementor-post__excerpt\">\n\t\t\t<p>H\u00e1 mais para manter o cora\u00e7\u00e3o saud\u00e1vel do que apenas comer direito e se exercitar regularmente, tamb\u00e9m \u00e9 preciso dormir<\/p>\n\t\t<\/div>\n\t\t\n\t\t<a class=\"elementor-post__read-more\" href=\"https:\/\/www.biologix.com.br\/en\/2022\/09\/02\/o-sono-desempenha-um-papel-importante-na-saude-do-coracao\/\" aria-label=\"Read more about O sono desempenha um papel importante na sa\u00fade do cora\u00e7\u00e3o&lt;br&gt;&lt;span class=&#039;secondary-title&#039;&gt;American Heart Association adiciona sono \u00e0 lista de verifica\u00e7\u00e3o de sa\u00fade cardiovascular&lt;\/span&gt;\" tabindex=\"-1\" target=\"_blank\">\n\t\t\tver mais \u00bb\t\t<\/a>\n\n\t\t\t\t<\/div>\n\t\t\t\t<\/article>\n\t\t\t\t<article class=\"elementor-post elementor-grid-item post-8023 post type-post status-publish format-standard has-post-thumbnail hentry category-profissional-de-saude tag-apneia tag-apneia-do-sono tag-dessaturacao tag-exame-do-sono tag-oxigenio-no-sangue tag-oximetria-noturna tag-ronco tag-sono\" role=\"listitem\">\n\t\t\t\t<a class=\"elementor-post__thumbnail__link\" href=\"https:\/\/www.biologix.com.br\/en\/2022\/11\/11\/diagnostico-de-apneia-do-sono-e-efeitos-da-dessaturacao-de-oxigenio\/\" tabindex=\"-1\" target=&quot;_blank&quot;>\n\t\t\t<div class=\"elementor-post__thumbnail\"><img loading=\"lazy\" decoding=\"async\" width=\"300\" height=\"117\" src=\"https:\/\/www.biologix.com.br\/wp-content\/uploads\/2022\/11\/banner-wordpress-6-300x117.png\" class=\"attachment-medium size-medium wp-image-8024\" alt=\"\" srcset=\"https:\/\/www.biologix.com.br\/wp-content\/uploads\/2022\/11\/banner-wordpress-6-300x117.png 300w, https:\/\/www.biologix.com.br\/wp-content\/uploads\/2022\/11\/banner-wordpress-6-1024x400.png 1024w, https:\/\/www.biologix.com.br\/wp-content\/uploads\/2022\/11\/banner-wordpress-6-768x300.png 768w, https:\/\/www.biologix.com.br\/wp-content\/uploads\/2022\/11\/banner-wordpress-6-18x7.png 18w, https:\/\/www.biologix.com.br\/wp-content\/uploads\/2022\/11\/banner-wordpress-6.png 1280w\" sizes=\"(max-width: 300px) 100vw, 300px\" \/><\/div>\n\t\t<\/a>\n\t\t\t\t<div class=\"elementor-post__text\">\n\t\t\t\t<h2 class=\"elementor-post__title\">\n\t\t\t<a href=\"https:\/\/www.biologix.com.br\/en\/2022\/11\/11\/diagnostico-de-apneia-do-sono-e-efeitos-da-dessaturacao-de-oxigenio\/\" target=&quot;_blank&quot;>\n\t\t\t\tDiagn\u00f3stico de apneia do sono e efeitos da dessatura\u00e7\u00e3o de oxig\u00eanio<br><span class='secondary-title'>Todos os m\u00e9dicos podem detectar a apneia em seus pacientes<\/span>\t\t\t<\/a>\n\t\t<\/h2>\n\t\t\t\t<div class=\"elementor-post__meta-data\">\n\t\t\t\t\t<span class=\"elementor-post-date\">\n\t\t\t11 de November de 2022\t\t<\/span>\n\t\t\t\t<\/div>\n\t\t\t\t<div class=\"elementor-post__excerpt\">\n\t\t\t<p>Acordar de manh\u00e3 e se preparar para ir ao trabalho ou \u00e0 escola pode ser dif\u00edcil quando se&nbsp; est\u00e1 privado<\/p>\n\t\t<\/div>\n\t\t\n\t\t<a class=\"elementor-post__read-more\" href=\"https:\/\/www.biologix.com.br\/en\/2022\/11\/11\/diagnostico-de-apneia-do-sono-e-efeitos-da-dessaturacao-de-oxigenio\/\" aria-label=\"Read more about Diagn\u00f3stico de apneia do sono e efeitos da dessatura\u00e7\u00e3o de oxig\u00eanio&lt;br&gt;&lt;span class=&#039;secondary-title&#039;&gt;Todos os m\u00e9dicos podem detectar a apneia em seus pacientes&lt;\/span&gt;\" tabindex=\"-1\" target=\"_blank\">\n\t\t\tver mais \u00bb\t\t<\/a>\n\n\t\t\t\t<\/div>\n\t\t\t\t<\/article>\n\t\t\t\t<article class=\"elementor-post elementor-grid-item post-8052 post type-post status-publish format-standard has-post-thumbnail hentry category-odontologia category-profissional-de-saude tag-apneia-do-sono tag-dq tag-exame-do-sono tag-odontologia tag-oximetria-noturna tag-polissonografia tag-ronco tag-sono\" role=\"listitem\">\n\t\t\t\t<a class=\"elementor-post__thumbnail__link\" href=\"https:\/\/www.biologix.com.br\/en\/2022\/12\/05\/odontologia-do-sono-baseada-nas-melhores-praticas\/\" tabindex=\"-1\" target=&quot;_blank&quot;>\n\t\t\t<div class=\"elementor-post__thumbnail\"><img loading=\"lazy\" decoding=\"async\" width=\"300\" height=\"117\" src=\"https:\/\/www.biologix.com.br\/wp-content\/uploads\/2022\/12\/capa-blog-odontologia-odontologia-do-sono-baseada-nas-melhores-praticas-300x117.jpg\" class=\"attachment-medium size-medium wp-image-11613\" alt=\"\" srcset=\"https:\/\/www.biologix.com.br\/wp-content\/uploads\/2022\/12\/capa-blog-odontologia-odontologia-do-sono-baseada-nas-melhores-praticas-300x117.jpg 300w, https:\/\/www.biologix.com.br\/wp-content\/uploads\/2022\/12\/capa-blog-odontologia-odontologia-do-sono-baseada-nas-melhores-praticas-1024x400.jpg 1024w, https:\/\/www.biologix.com.br\/wp-content\/uploads\/2022\/12\/capa-blog-odontologia-odontologia-do-sono-baseada-nas-melhores-praticas-768x300.jpg 768w, https:\/\/www.biologix.com.br\/wp-content\/uploads\/2022\/12\/capa-blog-odontologia-odontologia-do-sono-baseada-nas-melhores-praticas-18x7.jpg 18w, https:\/\/www.biologix.com.br\/wp-content\/uploads\/2022\/12\/capa-blog-odontologia-odontologia-do-sono-baseada-nas-melhores-praticas.jpg 1280w\" sizes=\"(max-width: 300px) 100vw, 300px\" \/><\/div>\n\t\t<\/a>\n\t\t\t\t<div class=\"elementor-post__text\">\n\t\t\t\t<h2 class=\"elementor-post__title\">\n\t\t\t<a href=\"https:\/\/www.biologix.com.br\/en\/2022\/12\/05\/odontologia-do-sono-baseada-nas-melhores-praticas\/\" target=&quot;_blank&quot;>\n\t\t\t\tOdontologia do sono baseada nas melhores pr\u00e1ticas<br><span class='secondary-title'>A import\u00e2ncia do dentista qualificado (DQ)<\/span>\t\t\t<\/a>\n\t\t<\/h2>\n\t\t\t\t<div class=\"elementor-post__meta-data\">\n\t\t\t\t\t<span class=\"elementor-post-date\">\n\t\t\t5 de December de 2022\t\t<\/span>\n\t\t\t\t<\/div>\n\t\t\t\t<div class=\"elementor-post__excerpt\">\n\t\t\t<p>Vivemos uma pandemia. Se voc\u00ea pensou no Covid-19, errou! Essa est\u00e1 sob controle, gra\u00e7as \u00e0 ci\u00eancia que criou vacinas e<\/p>\n\t\t<\/div>\n\t\t\n\t\t<a class=\"elementor-post__read-more\" href=\"https:\/\/www.biologix.com.br\/en\/2022\/12\/05\/odontologia-do-sono-baseada-nas-melhores-praticas\/\" aria-label=\"Read more about Odontologia do sono baseada nas melhores pr\u00e1ticas&lt;br&gt;&lt;span class=&#039;secondary-title&#039;&gt;A import\u00e2ncia do dentista qualificado (DQ)&lt;\/span&gt;\" tabindex=\"-1\" target=\"_blank\">\n\t\t\tver mais \u00bb\t\t<\/a>\n\n\t\t\t\t<\/div>\n\t\t\t\t<\/article>\n\t\t\t\t<article class=\"elementor-post elementor-grid-item post-8062 post type-post status-publish format-standard has-post-thumbnail hentry category-profissional-de-saude tag-apneia-do-sono tag-biologix tag-exame-do-sono tag-oximetria-noturna tag-polissonografia tag-ronco tag-sono\" role=\"listitem\">\n\t\t\t\t<a class=\"elementor-post__thumbnail__link\" href=\"https:\/\/www.biologix.com.br\/en\/2022\/12\/11\/a-tecnologia-pode-resolver-o-problema-de-subdiagnostico-e-tratamento-da-apneia-do-sono\/\" tabindex=\"-1\" target=&quot;_blank&quot;>\n\t\t\t<div class=\"elementor-post__thumbnail\"><img loading=\"lazy\" decoding=\"async\" width=\"300\" height=\"117\" src=\"https:\/\/www.biologix.com.br\/wp-content\/uploads\/2022\/12\/banner-wordpress-300x117.png\" class=\"attachment-medium size-medium wp-image-8063\" alt=\"\" srcset=\"https:\/\/www.biologix.com.br\/wp-content\/uploads\/2022\/12\/banner-wordpress-300x117.png 300w, https:\/\/www.biologix.com.br\/wp-content\/uploads\/2022\/12\/banner-wordpress-1024x400.png 1024w, https:\/\/www.biologix.com.br\/wp-content\/uploads\/2022\/12\/banner-wordpress-768x300.png 768w, https:\/\/www.biologix.com.br\/wp-content\/uploads\/2022\/12\/banner-wordpress-18x7.png 18w, https:\/\/www.biologix.com.br\/wp-content\/uploads\/2022\/12\/banner-wordpress.png 1280w\" sizes=\"(max-width: 300px) 100vw, 300px\" \/><\/div>\n\t\t<\/a>\n\t\t\t\t<div class=\"elementor-post__text\">\n\t\t\t\t<h2 class=\"elementor-post__title\">\n\t\t\t<a href=\"https:\/\/www.biologix.com.br\/en\/2022\/12\/11\/a-tecnologia-pode-resolver-o-problema-de-subdiagnostico-e-tratamento-da-apneia-do-sono\/\" target=&quot;_blank&quot;>\n\t\t\t\tA tecnologia pode resolver os problemas de subdiagn\u00f3stico e tratamento da apneia do sono<br><span class='secondary-title'>Desenvolvimentos tecnol\u00f3gicos para o tratamento dos dist\u00farbios do sono<\/span>\t\t\t<\/a>\n\t\t<\/h2>\n\t\t\t\t<div class=\"elementor-post__meta-data\">\n\t\t\t\t\t<span class=\"elementor-post-date\">\n\t\t\t11 de December de 2022\t\t<\/span>\n\t\t\t\t<\/div>\n\t\t\t\t<div class=\"elementor-post__excerpt\">\n\t\t\t<p>O sono inadequado e os dist\u00farbios do sono s\u00e3o grandes problemas de sa\u00fade global, contribuindo, por exemplo, para a redu\u00e7\u00e3o<\/p>\n\t\t<\/div>\n\t\t\n\t\t<a class=\"elementor-post__read-more\" href=\"https:\/\/www.biologix.com.br\/en\/2022\/12\/11\/a-tecnologia-pode-resolver-o-problema-de-subdiagnostico-e-tratamento-da-apneia-do-sono\/\" aria-label=\"Read more about A tecnologia pode resolver os problemas de subdiagn\u00f3stico e tratamento da apneia do sono&lt;br&gt;&lt;span class=&#039;secondary-title&#039;&gt;Desenvolvimentos tecnol\u00f3gicos para o tratamento dos dist\u00farbios do sono&lt;\/span&gt;\" tabindex=\"-1\" target=\"_blank\">\n\t\t\tver mais \u00bb\t\t<\/a>\n\n\t\t\t\t<\/div>\n\t\t\t\t<\/article>\n\t\t\t\t<article class=\"elementor-post elementor-grid-item post-8084 post type-post status-publish format-standard has-post-thumbnail hentry category-cardiologia category-profissional-de-saude tag-apneia-do-sono tag-cardiologia tag-doencas-cardiovasculares tag-exame-do-sono tag-odontologia tag-oximetria-noturna tag-polissonografia tag-sono\" role=\"listitem\">\n\t\t\t\t<a class=\"elementor-post__thumbnail__link\" href=\"https:\/\/www.biologix.com.br\/en\/2023\/02\/01\/apneia-obstrutiva-do-sono-e-doenca-cardiovascular\/\" tabindex=\"-1\" target=&quot;_blank&quot;>\n\t\t\t<div class=\"elementor-post__thumbnail\"><img loading=\"lazy\" decoding=\"async\" width=\"300\" height=\"117\" src=\"https:\/\/www.biologix.com.br\/wp-content\/uploads\/2020\/02\/capa-blog-apneia-do-sono-1280x500-1-300x117.jpg\" class=\"attachment-medium size-medium wp-image-11521\" alt=\"\" srcset=\"https:\/\/www.biologix.com.br\/wp-content\/uploads\/2020\/02\/capa-blog-apneia-do-sono-1280x500-1-300x117.jpg 300w, https:\/\/www.biologix.com.br\/wp-content\/uploads\/2020\/02\/capa-blog-apneia-do-sono-1280x500-1-1024x400.jpg 1024w, https:\/\/www.biologix.com.br\/wp-content\/uploads\/2020\/02\/capa-blog-apneia-do-sono-1280x500-1-768x300.jpg 768w, https:\/\/www.biologix.com.br\/wp-content\/uploads\/2020\/02\/capa-blog-apneia-do-sono-1280x500-1-18x7.jpg 18w, https:\/\/www.biologix.com.br\/wp-content\/uploads\/2020\/02\/capa-blog-apneia-do-sono-1280x500-1.jpg 1280w\" sizes=\"(max-width: 300px) 100vw, 300px\" \/><\/div>\n\t\t<\/a>\n\t\t\t\t<div class=\"elementor-post__text\">\n\t\t\t\t<h2 class=\"elementor-post__title\">\n\t\t\t<a href=\"https:\/\/www.biologix.com.br\/en\/2023\/02\/01\/apneia-obstrutiva-do-sono-e-doenca-cardiovascular\/\" target=&quot;_blank&quot;>\n\t\t\t\tApneia obstrutiva do sono e doen\u00e7a cardiovascular<br><span class='secondary-title'>Uma declara\u00e7\u00e3o cient\u00edfica da American Heart Association<\/span>\t\t\t<\/a>\n\t\t<\/h2>\n\t\t\t\t<div class=\"elementor-post__meta-data\">\n\t\t\t\t\t<span class=\"elementor-post-date\">\n\t\t\t1 de February de 2023\t\t<\/span>\n\t\t\t\t<\/div>\n\t\t\t\t<div class=\"elementor-post__excerpt\">\n\t\t\t<p>A apneia obstrutiva do sono (AOS) ocorre em 40% a 80% das pessoas com doen\u00e7as cardiovasculares, mas \u00e9 pouco reconhecida<\/p>\n\t\t<\/div>\n\t\t\n\t\t<a class=\"elementor-post__read-more\" href=\"https:\/\/www.biologix.com.br\/en\/2023\/02\/01\/apneia-obstrutiva-do-sono-e-doenca-cardiovascular\/\" aria-label=\"Read more about Apneia obstrutiva do sono e doen\u00e7a cardiovascular&lt;br&gt;&lt;span class=&#039;secondary-title&#039;&gt;Uma declara\u00e7\u00e3o cient\u00edfica da American Heart Association&lt;\/span&gt;\" tabindex=\"-1\" target=\"_blank\">\n\t\t\tver mais \u00bb\t\t<\/a>\n\n\t\t\t\t<\/div>\n\t\t\t\t<\/article>\n\t\t\t\t<article class=\"elementor-post elementor-grid-item post-8671 post type-post status-publish format-standard hentry category-profissional-de-saude tag-apneia-do-sono tag-dia-mundial-do-sono tag-exame-do-sono tag-oximetria-noturna tag-polissonografia tag-sono\" role=\"listitem\">\n\t\t\t\t<div class=\"elementor-post__text\">\n\t\t\t\t<h2 class=\"elementor-post__title\">\n\t\t\t<a href=\"https:\/\/www.biologix.com.br\/en\/2023\/03\/13\/profissional-de-saude-ja-avaliou-a-qualidade-do-sono-de-seus-pacientes-hoje\/\" target=&quot;_blank&quot;>\n\t\t\t\tSemana do Sono 2023: uma campanha de conscientiza\u00e7\u00e3o sobre a import\u00e2ncia do sono<br><span class='secondary-title'>Profissional de sa\u00fade, j\u00e1 avaliou a qualidade do sono de seus pacientes hoje?<\/span>\t\t\t<\/a>\n\t\t<\/h2>\n\t\t\t\t<div class=\"elementor-post__meta-data\">\n\t\t\t\t\t<span class=\"elementor-post-date\">\n\t\t\t13 de March de 2023\t\t<\/span>\n\t\t\t\t<\/div>\n\t\t\t\t<div class=\"elementor-post__excerpt\">\n\t\t\t<p>Todos os anos, entidades e profissionais ligados \u00e0 sa\u00fade do sono promovem, no m\u00eas de mar\u00e7o, a Semana do Sono<\/p>\n\t\t<\/div>\n\t\t\n\t\t<a class=\"elementor-post__read-more\" href=\"https:\/\/www.biologix.com.br\/en\/2023\/03\/13\/profissional-de-saude-ja-avaliou-a-qualidade-do-sono-de-seus-pacientes-hoje\/\" aria-label=\"Read more about Semana do Sono 2023: uma campanha de conscientiza\u00e7\u00e3o sobre a import\u00e2ncia do sono&lt;br&gt;&lt;span class=&#039;secondary-title&#039;&gt;Profissional de sa\u00fade, j\u00e1 avaliou a qualidade do sono de seus pacientes hoje?&lt;\/span&gt;\" tabindex=\"-1\" target=\"_blank\">\n\t\t\tver mais \u00bb\t\t<\/a>\n\n\t\t\t\t<\/div>\n\t\t\t\t<\/article>\n\t\t\t\t<article class=\"elementor-post elementor-grid-item post-9021 post type-post status-publish format-standard has-post-thumbnail hentry category-profissional-de-saude category-psiquiatria tag-apneia tag-apneia-do-sono tag-exame-do-sono tag-oximetria-noturna tag-polissonografia tag-ronco\" role=\"listitem\">\n\t\t\t\t<a class=\"elementor-post__thumbnail__link\" href=\"https:\/\/www.biologix.com.br\/en\/2023\/06\/12\/apneia-do-sono-pode-aumentar-o-risco-de-doenca-de-alzheimer-e-derrame-mostra-estudo\/\" tabindex=\"-1\" target=&quot;_blank&quot;>\n\t\t\t<div class=\"elementor-post__thumbnail\"><img loading=\"lazy\" decoding=\"async\" width=\"300\" height=\"117\" src=\"https:\/\/www.biologix.com.br\/wp-content\/uploads\/2021\/06\/capa-blog-apneia-do-sono-pode-aumentar-o-risco-de-doenca-de-alzheimer-e-derrame-mostra-estudo-300x117.jpg\" class=\"attachment-medium size-medium wp-image-11539\" alt=\"\" srcset=\"https:\/\/www.biologix.com.br\/wp-content\/uploads\/2021\/06\/capa-blog-apneia-do-sono-pode-aumentar-o-risco-de-doenca-de-alzheimer-e-derrame-mostra-estudo-300x117.jpg 300w, https:\/\/www.biologix.com.br\/wp-content\/uploads\/2021\/06\/capa-blog-apneia-do-sono-pode-aumentar-o-risco-de-doenca-de-alzheimer-e-derrame-mostra-estudo-1024x400.jpg 1024w, https:\/\/www.biologix.com.br\/wp-content\/uploads\/2021\/06\/capa-blog-apneia-do-sono-pode-aumentar-o-risco-de-doenca-de-alzheimer-e-derrame-mostra-estudo-768x300.jpg 768w, https:\/\/www.biologix.com.br\/wp-content\/uploads\/2021\/06\/capa-blog-apneia-do-sono-pode-aumentar-o-risco-de-doenca-de-alzheimer-e-derrame-mostra-estudo-18x7.jpg 18w, https:\/\/www.biologix.com.br\/wp-content\/uploads\/2021\/06\/capa-blog-apneia-do-sono-pode-aumentar-o-risco-de-doenca-de-alzheimer-e-derrame-mostra-estudo.jpg 1280w\" sizes=\"(max-width: 300px) 100vw, 300px\" \/><\/div>\n\t\t<\/a>\n\t\t\t\t<div class=\"elementor-post__text\">\n\t\t\t\t<h2 class=\"elementor-post__title\">\n\t\t\t<a href=\"https:\/\/www.biologix.com.br\/en\/2023\/06\/12\/apneia-do-sono-pode-aumentar-o-risco-de-doenca-de-alzheimer-e-derrame-mostra-estudo\/\" target=&quot;_blank&quot;>\n\t\t\t\tApneia do sono pode aumentar o risco de doen\u00e7a de Alzheimer e derrame, mostra estudo<br><span class='secondary-title'>Como diagnosticar a apneia do sono em seus pacientes<\/span>\t\t\t<\/a>\n\t\t<\/h2>\n\t\t\t\t<div class=\"elementor-post__meta-data\">\n\t\t\t\t\t<span class=\"elementor-post-date\">\n\t\t\t12 de June de 2023\t\t<\/span>\n\t\t\t\t<\/div>\n\t\t\t\t<div class=\"elementor-post__excerpt\">\n\t\t\t<p>A apneia do sono \u00e9 um dist\u00farbio do sono caracterizado pela respira\u00e7\u00e3o interrompida durante o sono, muitas vezes levando a<\/p>\n\t\t<\/div>\n\t\t\n\t\t<a class=\"elementor-post__read-more\" href=\"https:\/\/www.biologix.com.br\/en\/2023\/06\/12\/apneia-do-sono-pode-aumentar-o-risco-de-doenca-de-alzheimer-e-derrame-mostra-estudo\/\" aria-label=\"Read more about Apneia do sono pode aumentar o risco de doen\u00e7a de Alzheimer e derrame, mostra estudo&lt;br&gt;&lt;span class=&#039;secondary-title&#039;&gt;Como diagnosticar a apneia do sono em seus pacientes&lt;\/span&gt;\" tabindex=\"-1\" target=\"_blank\">\n\t\t\tver mais \u00bb\t\t<\/a>\n\n\t\t\t\t<\/div>\n\t\t\t\t<\/article>\n\t\t\t\t<article class=\"elementor-post elementor-grid-item post-9186 post type-post status-publish format-standard has-post-thumbnail hentry category-profissional-de-saude tag-apneia tag-apneia-do-sono tag-apneia-obstrutiva-do-sono tag-exame-do-sono tag-oximetria-noturna tag-polissonografia tag-ronco tag-sono\" role=\"listitem\">\n\t\t\t\t<a class=\"elementor-post__thumbnail__link\" href=\"https:\/\/www.biologix.com.br\/en\/2023\/07\/17\/diagnostico-da-apneia-do-sono-sem-fios-em-casa\/\" tabindex=\"-1\" target=&quot;_blank&quot;>\n\t\t\t<div class=\"elementor-post__thumbnail\"><img loading=\"lazy\" decoding=\"async\" width=\"300\" height=\"117\" src=\"https:\/\/www.biologix.com.br\/wp-content\/uploads\/2023\/07\/banner-wordpress-10-300x117.png\" class=\"attachment-medium size-medium wp-image-9187\" alt=\"\" srcset=\"https:\/\/www.biologix.com.br\/wp-content\/uploads\/2023\/07\/banner-wordpress-10-300x117.png 300w, https:\/\/www.biologix.com.br\/wp-content\/uploads\/2023\/07\/banner-wordpress-10-1024x400.png 1024w, https:\/\/www.biologix.com.br\/wp-content\/uploads\/2023\/07\/banner-wordpress-10-768x300.png 768w, https:\/\/www.biologix.com.br\/wp-content\/uploads\/2023\/07\/banner-wordpress-10-18x7.png 18w, https:\/\/www.biologix.com.br\/wp-content\/uploads\/2023\/07\/banner-wordpress-10.png 1280w\" sizes=\"(max-width: 300px) 100vw, 300px\" \/><\/div>\n\t\t<\/a>\n\t\t\t\t<div class=\"elementor-post__text\">\n\t\t\t\t<h2 class=\"elementor-post__title\">\n\t\t\t<a href=\"https:\/\/www.biologix.com.br\/en\/2023\/07\/17\/diagnostico-da-apneia-do-sono-sem-fios-em-casa\/\" target=&quot;_blank&quot;>\n\t\t\t\tDiagn\u00f3stico da apneia do sono sem fios em casa<br><span class='secondary-title'>Quais os desafios para o diagn\u00f3stico da apneia do sono?<\/span>\t\t\t<\/a>\n\t\t<\/h2>\n\t\t\t\t<div class=\"elementor-post__meta-data\">\n\t\t\t\t\t<span class=\"elementor-post-date\">\n\t\t\t17 de July de 2023\t\t<\/span>\n\t\t\t\t<\/div>\n\t\t\t\t<div class=\"elementor-post__excerpt\">\n\t\t\t<p>O sono \u00e9 parte integrante do ciclo de vida humano, e sua qualidade e dura\u00e7\u00e3o desempenham um papel cr\u00edtico na<\/p>\n\t\t<\/div>\n\t\t\n\t\t<a class=\"elementor-post__read-more\" href=\"https:\/\/www.biologix.com.br\/en\/2023\/07\/17\/diagnostico-da-apneia-do-sono-sem-fios-em-casa\/\" aria-label=\"Read more about Diagn\u00f3stico da apneia do sono sem fios em casa&lt;br&gt;&lt;span class=&#039;secondary-title&#039;&gt;Quais os desafios para o diagn\u00f3stico da apneia do sono?&lt;\/span&gt;\" tabindex=\"-1\" target=\"_blank\">\n\t\t\tver mais \u00bb\t\t<\/a>\n\n\t\t\t\t<\/div>\n\t\t\t\t<\/article>\n\t\t\t\t<article class=\"elementor-post elementor-grid-item post-9697 post type-post status-publish format-standard has-post-thumbnail hentry category-cardiologia category-clinico-geral category-medicina-do-sono-profissional-de-saude category-odontologia category-paciente tag-apneia-do-sono tag-cardiologia tag-doencas-cardiovasculares tag-exame-do-sono tag-obesidade-2 tag-sono\" role=\"listitem\">\n\t\t\t\t<a class=\"elementor-post__thumbnail__link\" href=\"https:\/\/www.biologix.com.br\/en\/2024\/03\/04\/sedentarismo-e-obesidade\/\" tabindex=\"-1\" target=&quot;_blank&quot;>\n\t\t\t<div class=\"elementor-post__thumbnail\"><img loading=\"lazy\" decoding=\"async\" width=\"300\" height=\"117\" src=\"https:\/\/www.biologix.com.br\/wp-content\/uploads\/2020\/02\/clinica-geral-obesidade-300x117.jpg\" class=\"attachment-medium size-medium wp-image-11527\" alt=\"\" srcset=\"https:\/\/www.biologix.com.br\/wp-content\/uploads\/2020\/02\/clinica-geral-obesidade-300x117.jpg 300w, https:\/\/www.biologix.com.br\/wp-content\/uploads\/2020\/02\/clinica-geral-obesidade-1024x400.jpg 1024w, https:\/\/www.biologix.com.br\/wp-content\/uploads\/2020\/02\/clinica-geral-obesidade-768x300.jpg 768w, https:\/\/www.biologix.com.br\/wp-content\/uploads\/2020\/02\/clinica-geral-obesidade-18x7.jpg 18w, https:\/\/www.biologix.com.br\/wp-content\/uploads\/2020\/02\/clinica-geral-obesidade.jpg 1280w\" sizes=\"(max-width: 300px) 100vw, 300px\" \/><\/div>\n\t\t<\/a>\n\t\t\t\t<div class=\"elementor-post__text\">\n\t\t\t\t<h2 class=\"elementor-post__title\">\n\t\t\t<a href=\"https:\/\/www.biologix.com.br\/en\/2024\/03\/04\/sedentarismo-e-obesidade\/\" target=&quot;_blank&quot;>\n\t\t\t\tSedentarismo e obesidade: uma combina\u00e7\u00e3o perigosa para a sa\u00fade do sono<br><span class='secondary-title'>Como o comportamento sedent\u00e1rio afeta o sono?<\/span>\t\t\t<\/a>\n\t\t<\/h2>\n\t\t\t\t<div class=\"elementor-post__meta-data\">\n\t\t\t\t\t<span class=\"elementor-post-date\">\n\t\t\t4 de March de 2024\t\t<\/span>\n\t\t\t\t<\/div>\n\t\t\t\t<div class=\"elementor-post__excerpt\">\n\t\t\t<p>A obesidade \u00e9 um dos principais fatores de risco para v\u00e1rias doen\u00e7as, inclusive para a Apneia do Sono.<br \/>\nEm nosso Blog est\u00e1 dispon\u00edvel um novo artigo sobre Obesidade, Sono e como est\u00e3o relacionados.<br \/>\nLeia o artigo completo em nosso Blog!<\/p>\n\t\t<\/div>\n\t\t\n\t\t<a class=\"elementor-post__read-more\" href=\"https:\/\/www.biologix.com.br\/en\/2024\/03\/04\/sedentarismo-e-obesidade\/\" aria-label=\"Read more about Sedentarismo e obesidade: uma combina\u00e7\u00e3o perigosa para a sa\u00fade do sono&lt;br&gt;&lt;span class=&#039;secondary-title&#039;&gt;Como o comportamento sedent\u00e1rio afeta o sono?&lt;\/span&gt;\" tabindex=\"-1\" target=\"_blank\">\n\t\t\tver mais \u00bb\t\t<\/a>\n\n\t\t\t\t<\/div>\n\t\t\t\t<\/article>\n\t\t\t\t<article class=\"elementor-post elementor-grid-item post-4228 post type-post status-publish format-standard has-post-thumbnail hentry category-paciente tag-apneia-do-sono tag-biologix tag-cpap tag-polissonografia tag-ronco tag-sono tag-sono-na-mulher\" role=\"listitem\">\n\t\t\t\t<a class=\"elementor-post__thumbnail__link\" href=\"https:\/\/www.biologix.com.br\/en\/2024\/03\/06\/sono-na-mulher\/\" tabindex=\"-1\" target=&quot;_blank&quot;>\n\t\t\t<div class=\"elementor-post__thumbnail\"><img loading=\"lazy\" decoding=\"async\" width=\"300\" height=\"117\" src=\"https:\/\/www.biologix.com.br\/wp-content\/uploads\/2020\/10\/banner-wordpress-1-300x117.png\" class=\"attachment-medium size-medium wp-image-9730\" alt=\"\" srcset=\"https:\/\/www.biologix.com.br\/wp-content\/uploads\/2020\/10\/banner-wordpress-1-300x117.png 300w, https:\/\/www.biologix.com.br\/wp-content\/uploads\/2020\/10\/banner-wordpress-1-1024x400.png 1024w, https:\/\/www.biologix.com.br\/wp-content\/uploads\/2020\/10\/banner-wordpress-1-768x300.png 768w, https:\/\/www.biologix.com.br\/wp-content\/uploads\/2020\/10\/banner-wordpress-1-18x7.png 18w, https:\/\/www.biologix.com.br\/wp-content\/uploads\/2020\/10\/banner-wordpress-1.png 1280w\" sizes=\"(max-width: 300px) 100vw, 300px\" \/><\/div>\n\t\t<\/a>\n\t\t\t\t<div class=\"elementor-post__text\">\n\t\t\t\t<h2 class=\"elementor-post__title\">\n\t\t\t<a href=\"https:\/\/www.biologix.com.br\/en\/2024\/03\/06\/sono-na-mulher\/\" target=&quot;_blank&quot;>\n\t\t\t\tSono na mulher: entenda as particularidades<br><span class='secondary-title'>Saiba mais sobre as particularidades do sono na mulher<\/span>\t\t\t<\/a>\n\t\t<\/h2>\n\t\t\t\t<div class=\"elementor-post__meta-data\">\n\t\t\t\t\t<span class=\"elementor-post-date\">\n\t\t\t6 de March de 2024\t\t<\/span>\n\t\t\t\t<\/div>\n\t\t\t\t<div class=\"elementor-post__excerpt\">\n\t\t\t<p>O sono na mulher, e em qualquer indiv\u00edduo, afeta diretamente a qualidade de vida, a sa\u00fade e o desempenho para<\/p>\n\t\t<\/div>\n\t\t\n\t\t<a class=\"elementor-post__read-more\" href=\"https:\/\/www.biologix.com.br\/en\/2024\/03\/06\/sono-na-mulher\/\" aria-label=\"Read more about Sono na mulher: entenda as particularidades&lt;br&gt;&lt;span class=&#039;secondary-title&#039;&gt;Saiba mais sobre as particularidades do sono na mulher&lt;\/span&gt;\" tabindex=\"-1\" target=\"_blank\">\n\t\t\tver mais \u00bb\t\t<\/a>\n\n\t\t\t\t<\/div>\n\t\t\t\t<\/article>\n\t\t\t\t<article class=\"elementor-post elementor-grid-item post-11116 post type-post status-publish format-standard has-post-thumbnail hentry category-cardiologia category-odontologia category-profissional-de-saude tag-apneia-obstrutiva-do-sono tag-colapsabilidade-faringea tag-exame-do-sono tag-exames-de-polissonografia tag-obesidade-2 tag-odontologia tag-pratica-clinica tag-ronco\" role=\"listitem\">\n\t\t\t\t<a class=\"elementor-post__thumbnail__link\" href=\"https:\/\/www.biologix.com.br\/en\/2024\/06\/20\/apneia-obstrutiva-do-sono-aos-alem-dos-fatores-anatomicos-fenotipos-envolvidos\/\" tabindex=\"-1\" target=&quot;_blank&quot;>\n\t\t\t<div class=\"elementor-post__thumbnail\"><img loading=\"lazy\" decoding=\"async\" width=\"300\" height=\"117\" src=\"https:\/\/www.biologix.com.br\/wp-content\/uploads\/2020\/02\/capa-blog-apneia-obstrutiva-do-sono-alem-dos-1280x500-1-300x117.jpg\" class=\"attachment-medium size-medium wp-image-11522\" alt=\"\" srcset=\"https:\/\/www.biologix.com.br\/wp-content\/uploads\/2020\/02\/capa-blog-apneia-obstrutiva-do-sono-alem-dos-1280x500-1-300x117.jpg 300w, https:\/\/www.biologix.com.br\/wp-content\/uploads\/2020\/02\/capa-blog-apneia-obstrutiva-do-sono-alem-dos-1280x500-1-1024x400.jpg 1024w, https:\/\/www.biologix.com.br\/wp-content\/uploads\/2020\/02\/capa-blog-apneia-obstrutiva-do-sono-alem-dos-1280x500-1-768x300.jpg 768w, https:\/\/www.biologix.com.br\/wp-content\/uploads\/2020\/02\/capa-blog-apneia-obstrutiva-do-sono-alem-dos-1280x500-1-18x7.jpg 18w, https:\/\/www.biologix.com.br\/wp-content\/uploads\/2020\/02\/capa-blog-apneia-obstrutiva-do-sono-alem-dos-1280x500-1.jpg 1280w\" sizes=\"(max-width: 300px) 100vw, 300px\" \/><\/div>\n\t\t<\/a>\n\t\t\t\t<div class=\"elementor-post__text\">\n\t\t\t\t<h2 class=\"elementor-post__title\">\n\t\t\t<a href=\"https:\/\/www.biologix.com.br\/en\/2024\/06\/20\/apneia-obstrutiva-do-sono-aos-alem-dos-fatores-anatomicos-fenotipos-envolvidos\/\" target=&quot;_blank&quot;>\n\t\t\t\tApneia obstrutiva do sono (AOS) al\u00e9m dos fatores anat\u00f4micos: fen\u00f3tipos envolvidos<br><span class='secondary-title'>Os principais end\u00f3tipos em pacientes apneicos<\/span>\t\t\t<\/a>\n\t\t<\/h2>\n\t\t\t\t<div class=\"elementor-post__meta-data\">\n\t\t\t\t\t<span class=\"elementor-post-date\">\n\t\t\t20 de June de 2024\t\t<\/span>\n\t\t\t\t<\/div>\n\t\t\t\t<div class=\"elementor-post__excerpt\">\n\t\t\t<p>Est\u00e1 dispon\u00edvel  mais um artigo incr\u00edvel \u201cApneia Obstrutiva do Sono: Al\u00e9m dos fatores anat\u00f4micos: Fen\u00f3tipos envolvidos\u201d, escrito pelo Dr. Walter Silva Junior, um dos pioneiros em Odontologia do Sono no Brasil. <\/p>\n<p>Dr. Walter Silva Jr explora as causas mais comuns das AOS que envolvem caracter\u00edsticas anat\u00f4micas e qual a preval\u00eancia dos principais end\u00f3tipos em pacientes apneicos.<\/p>\n\t\t<\/div>\n\t\t\n\t\t<a class=\"elementor-post__read-more\" href=\"https:\/\/www.biologix.com.br\/en\/2024\/06\/20\/apneia-obstrutiva-do-sono-aos-alem-dos-fatores-anatomicos-fenotipos-envolvidos\/\" aria-label=\"Read more about Apneia obstrutiva do sono (AOS) al\u00e9m dos fatores anat\u00f4micos: fen\u00f3tipos envolvidos&lt;br&gt;&lt;span class=&#039;secondary-title&#039;&gt;Os principais end\u00f3tipos em pacientes apneicos&lt;\/span&gt;\" tabindex=\"-1\" target=\"_blank\">\n\t\t\tver mais \u00bb\t\t<\/a>\n\n\t\t\t\t<\/div>\n\t\t\t\t<\/article>\n\t\t\t\t<article class=\"elementor-post elementor-grid-item post-11168 post type-post status-publish format-standard has-post-thumbnail hentry category-paciente\" role=\"listitem\">\n\t\t\t\t<a class=\"elementor-post__thumbnail__link\" href=\"https:\/\/www.biologix.com.br\/en\/2024\/07\/19\/redes-neurais-uma-vertente-da-inteligencia-artificial-inspirada-no-funcionamento-do-cerebro-humano\/\" tabindex=\"-1\" target=&quot;_blank&quot;>\n\t\t\t<div class=\"elementor-post__thumbnail\"><img loading=\"lazy\" decoding=\"async\" width=\"300\" height=\"117\" src=\"https:\/\/www.biologix.com.br\/wp-content\/uploads\/2024\/07\/redes-neurais-artificiais-cerebro-humano-300x117.png\" class=\"attachment-medium size-medium wp-image-11171\" alt=\"c\u00e9rebro humano conectado a redes neurais artificiais\" srcset=\"https:\/\/www.biologix.com.br\/wp-content\/uploads\/2024\/07\/redes-neurais-artificiais-cerebro-humano-300x117.png 300w, https:\/\/www.biologix.com.br\/wp-content\/uploads\/2024\/07\/redes-neurais-artificiais-cerebro-humano-1024x400.png 1024w, https:\/\/www.biologix.com.br\/wp-content\/uploads\/2024\/07\/redes-neurais-artificiais-cerebro-humano-768x300.png 768w, https:\/\/www.biologix.com.br\/wp-content\/uploads\/2024\/07\/redes-neurais-artificiais-cerebro-humano-18x7.png 18w, https:\/\/www.biologix.com.br\/wp-content\/uploads\/2024\/07\/redes-neurais-artificiais-cerebro-humano.png 1280w\" sizes=\"(max-width: 300px) 100vw, 300px\" \/><\/div>\n\t\t<\/a>\n\t\t\t\t<div class=\"elementor-post__text\">\n\t\t\t\t<h2 class=\"elementor-post__title\">\n\t\t\t<a href=\"https:\/\/www.biologix.com.br\/en\/2024\/07\/19\/redes-neurais-uma-vertente-da-inteligencia-artificial-inspirada-no-funcionamento-do-cerebro-humano\/\" target=&quot;_blank&quot;>\n\t\t\t\tRedes Neurais: uma vertente da IA inspirada no funcionamento do c\u00e9rebro humano<br><span class='secondary-title'>Entenda a rela\u00e7\u00e3o entre redes neurais artificiais e o c\u00e9rebro humano<\/span>\t\t\t<\/a>\n\t\t<\/h2>\n\t\t\t\t<div class=\"elementor-post__meta-data\">\n\t\t\t\t\t<span class=\"elementor-post-date\">\n\t\t\t19 de July de 2024\t\t<\/span>\n\t\t\t\t<\/div>\n\t\t\t\t<div class=\"elementor-post__excerpt\">\n\t\t\t<p>Inspiradas na organiza\u00e7\u00e3o dos neur\u00f4nios biol\u00f3gicos e no funcionamento do c\u00e9rebro humano, as Redes Neurais s\u00e3o ferramentas computacionais que se baseiam em fen\u00f4menos naturais para criar uma IA.<\/p>\n\t\t<\/div>\n\t\t\n\t\t<a class=\"elementor-post__read-more\" href=\"https:\/\/www.biologix.com.br\/en\/2024\/07\/19\/redes-neurais-uma-vertente-da-inteligencia-artificial-inspirada-no-funcionamento-do-cerebro-humano\/\" aria-label=\"Read more about Redes Neurais: uma vertente da IA inspirada no funcionamento do c\u00e9rebro humano&lt;br&gt;&lt;span class=&#039;secondary-title&#039;&gt;Entenda a rela\u00e7\u00e3o entre redes neurais artificiais e o c\u00e9rebro humano&lt;\/span&gt;\" tabindex=\"-1\" target=\"_blank\">\n\t\t\tver mais \u00bb\t\t<\/a>\n\n\t\t\t\t<\/div>\n\t\t\t\t<\/article>\n\t\t\t\t<article class=\"elementor-post elementor-grid-item post-11285 post type-post status-publish format-standard has-post-thumbnail hentry category-odontologia tag-aparelho-intraoral tag-apneia-do-sono tag-biologix tag-exame-do-sono tag-odontologia-do-sono\" role=\"listitem\">\n\t\t\t\t<a class=\"elementor-post__thumbnail__link\" href=\"https:\/\/www.biologix.com.br\/en\/2024\/08\/23\/aparelho-intraoral-aio-fatores-associados-a-adesao\/\" tabindex=\"-1\" target=&quot;_blank&quot;>\n\t\t\t<div class=\"elementor-post__thumbnail\"><img loading=\"lazy\" decoding=\"async\" width=\"300\" height=\"117\" src=\"https:\/\/www.biologix.com.br\/wp-content\/uploads\/2022\/12\/capa-blog-aparelho-intraoral-fatores-associados-a-adesao-1280x500-1-300x117.jpg\" class=\"attachment-medium size-medium wp-image-11605\" alt=\"\" srcset=\"https:\/\/www.biologix.com.br\/wp-content\/uploads\/2022\/12\/capa-blog-aparelho-intraoral-fatores-associados-a-adesao-1280x500-1-300x117.jpg 300w, https:\/\/www.biologix.com.br\/wp-content\/uploads\/2022\/12\/capa-blog-aparelho-intraoral-fatores-associados-a-adesao-1280x500-1-1024x400.jpg 1024w, https:\/\/www.biologix.com.br\/wp-content\/uploads\/2022\/12\/capa-blog-aparelho-intraoral-fatores-associados-a-adesao-1280x500-1-768x300.jpg 768w, https:\/\/www.biologix.com.br\/wp-content\/uploads\/2022\/12\/capa-blog-aparelho-intraoral-fatores-associados-a-adesao-1280x500-1-18x7.jpg 18w, https:\/\/www.biologix.com.br\/wp-content\/uploads\/2022\/12\/capa-blog-aparelho-intraoral-fatores-associados-a-adesao-1280x500-1.jpg 1280w\" sizes=\"(max-width: 300px) 100vw, 300px\" \/><\/div>\n\t\t<\/a>\n\t\t\t\t<div class=\"elementor-post__text\">\n\t\t\t\t<h2 class=\"elementor-post__title\">\n\t\t\t<a href=\"https:\/\/www.biologix.com.br\/en\/2024\/08\/23\/aparelho-intraoral-aio-fatores-associados-a-adesao\/\" target=&quot;_blank&quot;>\n\t\t\t\tAparelho intraoral (AIO): fatores associados \u00e0 ades\u00e3o<br><span class='secondary-title'>Conhe\u00e7a os principais fatores relacionados \u00e0 ades\u00e3o ao AIO<\/span>\t\t\t<\/a>\n\t\t<\/h2>\n\t\t\t\t<div class=\"elementor-post__meta-data\">\n\t\t\t\t\t<span class=\"elementor-post-date\">\n\t\t\t23 de August de 2024\t\t<\/span>\n\t\t\t\t<\/div>\n\t\t\t\t<div class=\"elementor-post__excerpt\">\n\t\t\t<p>Este artigo retrata os principais fatores associados \u00e0 ades\u00e3o ao Aparelho Intraoral, condi\u00e7\u00e3o fundamental ao sucesso terap\u00eautico.<\/p>\n\t\t<\/div>\n\t\t\n\t\t<a class=\"elementor-post__read-more\" href=\"https:\/\/www.biologix.com.br\/en\/2024\/08\/23\/aparelho-intraoral-aio-fatores-associados-a-adesao\/\" aria-label=\"Read more about Aparelho intraoral (AIO): fatores associados \u00e0 ades\u00e3o&lt;br&gt;&lt;span class=&#039;secondary-title&#039;&gt;Conhe\u00e7a os principais fatores relacionados \u00e0 ades\u00e3o ao AIO&lt;\/span&gt;\" tabindex=\"-1\" target=\"_blank\">\n\t\t\tver mais \u00bb\t\t<\/a>\n\n\t\t\t\t<\/div>\n\t\t\t\t<\/article>\n\t\t\t\t<article class=\"elementor-post elementor-grid-item post-11353 post type-post status-publish format-standard has-post-thumbnail hentry category-cardiologia category-paciente category-profissional-de-saude\" role=\"listitem\">\n\t\t\t\t<a class=\"elementor-post__thumbnail__link\" href=\"https:\/\/www.biologix.com.br\/en\/2024\/09\/16\/fibrilacao-atrial-e-a-relacao-com-apneia-obstrutiva-do-sono\/\" tabindex=\"-1\" target=&quot;_blank&quot;>\n\t\t\t<div class=\"elementor-post__thumbnail\"><img loading=\"lazy\" decoding=\"async\" width=\"300\" height=\"117\" src=\"https:\/\/www.biologix.com.br\/wp-content\/uploads\/2020\/02\/capa-blog-fibrilacao-atrial-300x117.jpg\" class=\"attachment-medium size-medium wp-image-11523\" alt=\"profissional sa\u00fade analisa eletrocardiograma detec\u00e7\u00e3o Fibrila\u00e7\u00e3o Atrial\" srcset=\"https:\/\/www.biologix.com.br\/wp-content\/uploads\/2020\/02\/capa-blog-fibrilacao-atrial-300x117.jpg 300w, https:\/\/www.biologix.com.br\/wp-content\/uploads\/2020\/02\/capa-blog-fibrilacao-atrial-1024x400.jpg 1024w, https:\/\/www.biologix.com.br\/wp-content\/uploads\/2020\/02\/capa-blog-fibrilacao-atrial-768x300.jpg 768w, https:\/\/www.biologix.com.br\/wp-content\/uploads\/2020\/02\/capa-blog-fibrilacao-atrial-18x7.jpg 18w, https:\/\/www.biologix.com.br\/wp-content\/uploads\/2020\/02\/capa-blog-fibrilacao-atrial.jpg 1280w\" sizes=\"(max-width: 300px) 100vw, 300px\" \/><\/div>\n\t\t<\/a>\n\t\t\t\t<div class=\"elementor-post__text\">\n\t\t\t\t<h2 class=\"elementor-post__title\">\n\t\t\t<a href=\"https:\/\/www.biologix.com.br\/en\/2024\/09\/16\/fibrilacao-atrial-e-a-relacao-com-apneia-obstrutiva-do-sono\/\" target=&quot;_blank&quot;>\n\t\t\t\tO que \u00e9 fibrila\u00e7\u00e3o atrial e qual a rela\u00e7\u00e3o com apneia do sono<br><span class='secondary-title'>Entenda a conex\u00e3o existente entre fibrila\u00e7\u00e3o atrial e apneia do sono<\/span>\t\t\t<\/a>\n\t\t<\/h2>\n\t\t\t\t<div class=\"elementor-post__meta-data\">\n\t\t\t\t\t<span class=\"elementor-post-date\">\n\t\t\t16 de September de 2024\t\t<\/span>\n\t\t\t\t<\/div>\n\t\t\t\t<div class=\"elementor-post__excerpt\">\n\t\t\t<p>A fibrila\u00e7\u00e3o atrial (FA) \u00e9 a forma mais comum de arritmia card\u00edaca com import\u00e2ncia cl\u00ednica, caracterizada pela completa desorganiza\u00e7\u00e3o da<\/p>\n\t\t<\/div>\n\t\t\n\t\t<a class=\"elementor-post__read-more\" href=\"https:\/\/www.biologix.com.br\/en\/2024\/09\/16\/fibrilacao-atrial-e-a-relacao-com-apneia-obstrutiva-do-sono\/\" aria-label=\"Read more about O que \u00e9 fibrila\u00e7\u00e3o atrial e qual a rela\u00e7\u00e3o com apneia do sono&lt;br&gt;&lt;span class=&#039;secondary-title&#039;&gt;Entenda a conex\u00e3o existente entre fibrila\u00e7\u00e3o atrial e apneia do sono&lt;\/span&gt;\" tabindex=\"-1\" target=\"_blank\">\n\t\t\tver mais \u00bb\t\t<\/a>\n\n\t\t\t\t<\/div>\n\t\t\t\t<\/article>\n\t\t\t\t<article class=\"elementor-post elementor-grid-item post-12385 post type-post status-publish format-standard has-post-thumbnail hentry category-paciente category-profissional-de-saude\" role=\"listitem\">\n\t\t\t\t<a class=\"elementor-post__thumbnail__link\" href=\"https:\/\/www.biologix.com.br\/en\/2024\/10\/29\/tudo-sobre-o-teste-do-ronco-biologix\/\" tabindex=\"-1\" target=&quot;_blank&quot;>\n\t\t\t<div class=\"elementor-post__thumbnail\"><img loading=\"lazy\" decoding=\"async\" width=\"300\" height=\"117\" src=\"https:\/\/www.biologix.com.br\/wp-content\/uploads\/2024\/10\/teste-ronco-biologix-aplicativo-celular-300x117.png\" class=\"attachment-medium size-medium wp-image-12388\" alt=\"Dois celulares com o aplicativo Biologix aberto no teste do ronco\" srcset=\"https:\/\/www.biologix.com.br\/wp-content\/uploads\/2024\/10\/teste-ronco-biologix-aplicativo-celular-300x117.png 300w, https:\/\/www.biologix.com.br\/wp-content\/uploads\/2024\/10\/teste-ronco-biologix-aplicativo-celular-1024x400.png 1024w, https:\/\/www.biologix.com.br\/wp-content\/uploads\/2024\/10\/teste-ronco-biologix-aplicativo-celular-768x300.png 768w, https:\/\/www.biologix.com.br\/wp-content\/uploads\/2024\/10\/teste-ronco-biologix-aplicativo-celular-18x7.png 18w, https:\/\/www.biologix.com.br\/wp-content\/uploads\/2024\/10\/teste-ronco-biologix-aplicativo-celular.png 1280w\" sizes=\"(max-width: 300px) 100vw, 300px\" \/><\/div>\n\t\t<\/a>\n\t\t\t\t<div class=\"elementor-post__text\">\n\t\t\t\t<h2 class=\"elementor-post__title\">\n\t\t\t<a href=\"https:\/\/www.biologix.com.br\/en\/2024\/10\/29\/tudo-sobre-o-teste-do-ronco-biologix\/\" target=&quot;_blank&quot;>\n\t\t\t\tTudo sobre o Teste do Ronco Biologix\u00ae<br><span class='secondary-title'>Descubra como a Biologix est\u00e1 revolucionando o diagn\u00f3stico do ronco<\/span>\t\t\t<\/a>\n\t\t<\/h2>\n\t\t\t\t<div class=\"elementor-post__meta-data\">\n\t\t\t\t\t<span class=\"elementor-post-date\">\n\t\t\t29 de October de 2024\t\t<\/span>\n\t\t\t\t<\/div>\n\t\t\t\t<div class=\"elementor-post__excerpt\">\n\t\t\t<p>A solu\u00e7\u00e3o Biologix representa um avan\u00e7o significativo na detec\u00e7\u00e3o de intensidade do ronco. Com o aux\u00edlio da intelig\u00eancia artificial, o<\/p>\n\t\t<\/div>\n\t\t\n\t\t<a class=\"elementor-post__read-more\" href=\"https:\/\/www.biologix.com.br\/en\/2024\/10\/29\/tudo-sobre-o-teste-do-ronco-biologix\/\" aria-label=\"Read more about Tudo sobre o Teste do Ronco Biologix\u00ae&lt;br&gt;&lt;span class=&#039;secondary-title&#039;&gt;Descubra como a Biologix est\u00e1 revolucionando o diagn\u00f3stico do ronco&lt;\/span&gt;\" tabindex=\"-1\" target=\"_blank\">\n\t\t\tver mais \u00bb\t\t<\/a>\n\n\t\t\t\t<\/div>\n\t\t\t\t<\/article>\n\t\t\t\t<article class=\"elementor-post elementor-grid-item post-12651 post type-post status-publish format-standard has-post-thumbnail hentry category-cardiologia category-profissional-de-saude tag-apneia-do-sono tag-consequencias-cardiovasculares tag-doencas-cardiovasculares tag-saude-cardiovascular tag-saude-do-homem\" role=\"listitem\">\n\t\t\t\t<a class=\"elementor-post__thumbnail__link\" href=\"https:\/\/www.biologix.com.br\/en\/2024\/11\/19\/consequencias-cardiovasculares-da-apneia-do-sono-em-homens-de-meia-idade\/\" tabindex=\"-1\" target=&quot;_blank&quot;>\n\t\t\t<div class=\"elementor-post__thumbnail\"><img loading=\"lazy\" decoding=\"async\" width=\"300\" height=\"117\" src=\"https:\/\/www.biologix.com.br\/wp-content\/uploads\/2024\/11\/medica-avaliando-consequencias-cardiovasculares-da-aos-em-paciente-homem-de-meia-idade-300x117.png\" class=\"attachment-medium size-medium wp-image-12652\" alt=\"M\u00e9dica examinando paciente com estetosc\u00f3pio em ambiente cl\u00ednico, destacando a import\u00e2ncia do atendimento m\u00e9dico\" srcset=\"https:\/\/www.biologix.com.br\/wp-content\/uploads\/2024\/11\/medica-avaliando-consequencias-cardiovasculares-da-aos-em-paciente-homem-de-meia-idade-300x117.png 300w, https:\/\/www.biologix.com.br\/wp-content\/uploads\/2024\/11\/medica-avaliando-consequencias-cardiovasculares-da-aos-em-paciente-homem-de-meia-idade-1024x400.png 1024w, https:\/\/www.biologix.com.br\/wp-content\/uploads\/2024\/11\/medica-avaliando-consequencias-cardiovasculares-da-aos-em-paciente-homem-de-meia-idade-768x300.png 768w, https:\/\/www.biologix.com.br\/wp-content\/uploads\/2024\/11\/medica-avaliando-consequencias-cardiovasculares-da-aos-em-paciente-homem-de-meia-idade-18x7.png 18w, https:\/\/www.biologix.com.br\/wp-content\/uploads\/2024\/11\/medica-avaliando-consequencias-cardiovasculares-da-aos-em-paciente-homem-de-meia-idade.png 1280w\" sizes=\"(max-width: 300px) 100vw, 300px\" \/><\/div>\n\t\t<\/a>\n\t\t\t\t<div class=\"elementor-post__text\">\n\t\t\t\t<h2 class=\"elementor-post__title\">\n\t\t\t<a href=\"https:\/\/www.biologix.com.br\/en\/2024\/11\/19\/consequencias-cardiovasculares-da-apneia-do-sono-em-homens-de-meia-idade\/\" target=&quot;_blank&quot;>\n\t\t\t\tConsequ\u00eancias cardiovasculares da apneia do sono em homens de meia-idade<br><span class='secondary-title'>Entenda como a apneia do sono n\u00e3o tratada configura um risco acentuado para homens de meia-idade<\/span>\t\t\t<\/a>\n\t\t<\/h2>\n\t\t\t\t<div class=\"elementor-post__meta-data\">\n\t\t\t\t\t<span class=\"elementor-post-date\">\n\t\t\t19 de November de 2024\t\t<\/span>\n\t\t\t\t<\/div>\n\t\t\t\t<div class=\"elementor-post__excerpt\">\n\t\t\t<p>A apneia do sono \u00e9 uma condi\u00e7\u00e3o que afeta milh\u00f5es de pessoas ao redor do mundo e, quando n\u00e3o tratada,<\/p>\n\t\t<\/div>\n\t\t\n\t\t<a class=\"elementor-post__read-more\" href=\"https:\/\/www.biologix.com.br\/en\/2024\/11\/19\/consequencias-cardiovasculares-da-apneia-do-sono-em-homens-de-meia-idade\/\" aria-label=\"Read more about Consequ\u00eancias cardiovasculares da apneia do sono em homens de meia-idade&lt;br&gt;&lt;span class=&#039;secondary-title&#039;&gt;Entenda como a apneia do sono n\u00e3o tratada configura um risco acentuado para homens de meia-idade&lt;\/span&gt;\" tabindex=\"-1\" target=\"_blank\">\n\t\t\tver mais \u00bb\t\t<\/a>\n\n\t\t\t\t<\/div>\n\t\t\t\t<\/article>\n\t\t\t\t<article class=\"elementor-post elementor-grid-item post-12908 post type-post status-publish format-standard has-post-thumbnail hentry category-endocrinologia-profissional-de-saude\" role=\"listitem\">\n\t\t\t\t<a class=\"elementor-post__thumbnail__link\" href=\"https:\/\/www.biologix.com.br\/en\/2024\/12\/19\/apneia-do-sono-e-resistencia-a-insulina-em-mulheres-na-pos-menopausa\/\" tabindex=\"-1\" target=&quot;_blank&quot;>\n\t\t\t<div class=\"elementor-post__thumbnail\"><img loading=\"lazy\" decoding=\"async\" width=\"300\" height=\"117\" src=\"https:\/\/www.biologix.com.br\/wp-content\/uploads\/2024\/12\/apneia-do-sono-nao-tratada-progressao-resistencia-insulina-mulheres-pos-menopausa-300x117.jpg\" class=\"attachment-medium size-medium wp-image-12909\" alt=\"Aparelho para medir glicose\" srcset=\"https:\/\/www.biologix.com.br\/wp-content\/uploads\/2024\/12\/apneia-do-sono-nao-tratada-progressao-resistencia-insulina-mulheres-pos-menopausa-300x117.jpg 300w, https:\/\/www.biologix.com.br\/wp-content\/uploads\/2024\/12\/apneia-do-sono-nao-tratada-progressao-resistencia-insulina-mulheres-pos-menopausa-1024x400.jpg 1024w, https:\/\/www.biologix.com.br\/wp-content\/uploads\/2024\/12\/apneia-do-sono-nao-tratada-progressao-resistencia-insulina-mulheres-pos-menopausa-768x300.jpg 768w, https:\/\/www.biologix.com.br\/wp-content\/uploads\/2024\/12\/apneia-do-sono-nao-tratada-progressao-resistencia-insulina-mulheres-pos-menopausa-18x7.jpg 18w, https:\/\/www.biologix.com.br\/wp-content\/uploads\/2024\/12\/apneia-do-sono-nao-tratada-progressao-resistencia-insulina-mulheres-pos-menopausa.jpg 1280w\" sizes=\"(max-width: 300px) 100vw, 300px\" \/><\/div>\n\t\t<\/a>\n\t\t\t\t<div class=\"elementor-post__text\">\n\t\t\t\t<h2 class=\"elementor-post__title\">\n\t\t\t<a href=\"https:\/\/www.biologix.com.br\/en\/2024\/12\/19\/apneia-do-sono-e-resistencia-a-insulina-em-mulheres-na-pos-menopausa\/\" target=&quot;_blank&quot;>\n\t\t\t\tApneia do sono e resist\u00eancia \u00e0 insulina em mulheres na p\u00f3s-menopausa<br><span class='secondary-title'>Entenda como a apneia do sono n\u00e3o tratada pode acelerar a progress\u00e3o da resist\u00eancia \u00e0 insulina em mulheres na p\u00f3s-menopausa<\/span>\t\t\t<\/a>\n\t\t<\/h2>\n\t\t\t\t<div class=\"elementor-post__meta-data\">\n\t\t\t\t\t<span class=\"elementor-post-date\">\n\t\t\t19 de December de 2024\t\t<\/span>\n\t\t\t\t<\/div>\n\t\t\t\t<div class=\"elementor-post__excerpt\">\n\t\t\t<p>Voc\u00ea sabia que a apneia do sono n\u00e3o tratada pode acelerar a progress\u00e3o da resist\u00eancia \u00e0 insulina em mulheres na<\/p>\n\t\t<\/div>\n\t\t\n\t\t<a class=\"elementor-post__read-more\" href=\"https:\/\/www.biologix.com.br\/en\/2024\/12\/19\/apneia-do-sono-e-resistencia-a-insulina-em-mulheres-na-pos-menopausa\/\" aria-label=\"Read more about Apneia do sono e resist\u00eancia \u00e0 insulina em mulheres na p\u00f3s-menopausa&lt;br&gt;&lt;span class=&#039;secondary-title&#039;&gt;Entenda como a apneia do sono n\u00e3o tratada pode acelerar a progress\u00e3o da resist\u00eancia \u00e0 insulina em mulheres na p\u00f3s-menopausa&lt;\/span&gt;\" tabindex=\"-1\" target=\"_blank\">\n\t\t\tver mais \u00bb\t\t<\/a>\n\n\t\t\t\t<\/div>\n\t\t\t\t<\/article>\n\t\t\t\t<article class=\"elementor-post elementor-grid-item post-13165 post type-post status-publish format-standard has-post-thumbnail hentry category-odontologia\" role=\"listitem\">\n\t\t\t\t<a class=\"elementor-post__thumbnail__link\" href=\"https:\/\/www.biologix.com.br\/en\/2025\/01\/16\/adesao-ao-tratamento-da-apneia-obstrutiva-do-sono-aos-com-aparelho-intraoral-aio-a-relevancia-dos-primeiros-dias\/\" tabindex=\"-1\" target=&quot;_blank&quot;>\n\t\t\t<div class=\"elementor-post__thumbnail\"><img loading=\"lazy\" decoding=\"async\" width=\"300\" height=\"117\" src=\"https:\/\/www.biologix.com.br\/wp-content\/uploads\/2025\/01\/capa-blog-adesao-ao-tratamento-da-apneia-obstrutiva-do-sono-aos-com-aparelho-intraoral-aio-a-relevancia-dos-primeiros-dias-300x117.png\" class=\"attachment-medium size-medium wp-image-13166\" alt=\"Aparelho Intraoral transparente\" srcset=\"https:\/\/www.biologix.com.br\/wp-content\/uploads\/2025\/01\/capa-blog-adesao-ao-tratamento-da-apneia-obstrutiva-do-sono-aos-com-aparelho-intraoral-aio-a-relevancia-dos-primeiros-dias-300x117.png 300w, https:\/\/www.biologix.com.br\/wp-content\/uploads\/2025\/01\/capa-blog-adesao-ao-tratamento-da-apneia-obstrutiva-do-sono-aos-com-aparelho-intraoral-aio-a-relevancia-dos-primeiros-dias-1024x400.png 1024w, https:\/\/www.biologix.com.br\/wp-content\/uploads\/2025\/01\/capa-blog-adesao-ao-tratamento-da-apneia-obstrutiva-do-sono-aos-com-aparelho-intraoral-aio-a-relevancia-dos-primeiros-dias-768x300.png 768w, https:\/\/www.biologix.com.br\/wp-content\/uploads\/2025\/01\/capa-blog-adesao-ao-tratamento-da-apneia-obstrutiva-do-sono-aos-com-aparelho-intraoral-aio-a-relevancia-dos-primeiros-dias-18x7.png 18w, https:\/\/www.biologix.com.br\/wp-content\/uploads\/2025\/01\/capa-blog-adesao-ao-tratamento-da-apneia-obstrutiva-do-sono-aos-com-aparelho-intraoral-aio-a-relevancia-dos-primeiros-dias.png 1280w\" sizes=\"(max-width: 300px) 100vw, 300px\" \/><\/div>\n\t\t<\/a>\n\t\t\t\t<div class=\"elementor-post__text\">\n\t\t\t\t<h2 class=\"elementor-post__title\">\n\t\t\t<a href=\"https:\/\/www.biologix.com.br\/en\/2025\/01\/16\/adesao-ao-tratamento-da-apneia-obstrutiva-do-sono-aos-com-aparelho-intraoral-aio-a-relevancia-dos-primeiros-dias\/\" target=&quot;_blank&quot;>\n\t\t\t\tAdes\u00e3o ao tratamento da apneia obstrutiva do sono (AOS) com aparelho intraoral (AIO): a relev\u00e2ncia dos primeiros dias<br><span class='secondary-title'>Entenda a relev\u00e2ncia dos primeiros dias para o tratamento da AOS com AIO<\/span>\t\t\t<\/a>\n\t\t<\/h2>\n\t\t\t\t<div class=\"elementor-post__meta-data\">\n\t\t\t\t\t<span class=\"elementor-post-date\">\n\t\t\t16 de January de 2025\t\t<\/span>\n\t\t\t\t<\/div>\n\t\t\t\t<div class=\"elementor-post__excerpt\">\n\t\t\t<p>As principais terapias para a AOS \u2013 CPAP e AIO \u2013 necessitam do uso cont\u00ednuo durante o sono; entre as<\/p>\n\t\t<\/div>\n\t\t\n\t\t<a class=\"elementor-post__read-more\" href=\"https:\/\/www.biologix.com.br\/en\/2025\/01\/16\/adesao-ao-tratamento-da-apneia-obstrutiva-do-sono-aos-com-aparelho-intraoral-aio-a-relevancia-dos-primeiros-dias\/\" aria-label=\"Read more about Ades\u00e3o ao tratamento da apneia obstrutiva do sono (AOS) com aparelho intraoral (AIO): a relev\u00e2ncia dos primeiros dias&lt;br&gt;&lt;span class=&#039;secondary-title&#039;&gt;Entenda a relev\u00e2ncia dos primeiros dias para o tratamento da AOS com AIO&lt;\/span&gt;\" tabindex=\"-1\" target=\"_blank\">\n\t\t\tver mais \u00bb\t\t<\/a>\n\n\t\t\t\t<\/div>\n\t\t\t\t<\/article>\n\t\t\t\t<article class=\"elementor-post elementor-grid-item post-13174 post type-post status-publish format-standard has-post-thumbnail hentry category-odontologia\" role=\"listitem\">\n\t\t\t\t<a class=\"elementor-post__thumbnail__link\" href=\"https:\/\/www.biologix.com.br\/en\/2025\/01\/27\/como-melhorar-os-resultados-do-aparelho-intraoral-aio-para-o-tratamento-da-apneia-obstrutiva-do-sono-aos\/\" tabindex=\"-1\" target=&quot;_blank&quot;>\n\t\t\t<div class=\"elementor-post__thumbnail\"><img loading=\"lazy\" decoding=\"async\" width=\"300\" height=\"117\" src=\"https:\/\/www.biologix.com.br\/wp-content\/uploads\/2025\/01\/capa-blog-como-melhorar-os-resultados-do-aparelho-intraoral-aio-para-o-tratamento-da-apneia-obstrutiva-do-sono-aos-300x117.png\" class=\"attachment-medium size-medium wp-image-13180\" alt=\"Aparelho Intraoral verde transparente\" srcset=\"https:\/\/www.biologix.com.br\/wp-content\/uploads\/2025\/01\/capa-blog-como-melhorar-os-resultados-do-aparelho-intraoral-aio-para-o-tratamento-da-apneia-obstrutiva-do-sono-aos-300x117.png 300w, https:\/\/www.biologix.com.br\/wp-content\/uploads\/2025\/01\/capa-blog-como-melhorar-os-resultados-do-aparelho-intraoral-aio-para-o-tratamento-da-apneia-obstrutiva-do-sono-aos-1024x400.png 1024w, https:\/\/www.biologix.com.br\/wp-content\/uploads\/2025\/01\/capa-blog-como-melhorar-os-resultados-do-aparelho-intraoral-aio-para-o-tratamento-da-apneia-obstrutiva-do-sono-aos-768x300.png 768w, https:\/\/www.biologix.com.br\/wp-content\/uploads\/2025\/01\/capa-blog-como-melhorar-os-resultados-do-aparelho-intraoral-aio-para-o-tratamento-da-apneia-obstrutiva-do-sono-aos-18x7.png 18w, https:\/\/www.biologix.com.br\/wp-content\/uploads\/2025\/01\/capa-blog-como-melhorar-os-resultados-do-aparelho-intraoral-aio-para-o-tratamento-da-apneia-obstrutiva-do-sono-aos.png 1280w\" sizes=\"(max-width: 300px) 100vw, 300px\" \/><\/div>\n\t\t<\/a>\n\t\t\t\t<div class=\"elementor-post__text\">\n\t\t\t\t<h2 class=\"elementor-post__title\">\n\t\t\t<a href=\"https:\/\/www.biologix.com.br\/en\/2025\/01\/27\/como-melhorar-os-resultados-do-aparelho-intraoral-aio-para-o-tratamento-da-apneia-obstrutiva-do-sono-aos\/\" target=&quot;_blank&quot;>\n\t\t\t\tComo melhorar os resultados do aparelho intraoral (AIO) para o tratamento da apneia obstrutiva do sono (AOS)<br><span class='secondary-title'>Entenda a evolu\u00e7\u00e3o do aparelho intraoral e como ele ajuda no tratamento da AOS<\/span>\t\t\t<\/a>\n\t\t<\/h2>\n\t\t\t\t<div class=\"elementor-post__meta-data\">\n\t\t\t\t\t<span class=\"elementor-post-date\">\n\t\t\t27 de January de 2025\t\t<\/span>\n\t\t\t\t<\/div>\n\t\t\t\t<div class=\"elementor-post__excerpt\">\n\t\t\t<p>Se voc\u00ea deseja saber como melhorar os resultados do aparelho intraoral (AIO) durante o tratamento da apneia obstrutiva do sono<\/p>\n\t\t<\/div>\n\t\t\n\t\t<a class=\"elementor-post__read-more\" href=\"https:\/\/www.biologix.com.br\/en\/2025\/01\/27\/como-melhorar-os-resultados-do-aparelho-intraoral-aio-para-o-tratamento-da-apneia-obstrutiva-do-sono-aos\/\" aria-label=\"Read more about Como melhorar os resultados do aparelho intraoral (AIO) para o tratamento da apneia obstrutiva do sono (AOS)&lt;br&gt;&lt;span class=&#039;secondary-title&#039;&gt;Entenda a evolu\u00e7\u00e3o do aparelho intraoral e como ele ajuda no tratamento da AOS&lt;\/span&gt;\" tabindex=\"-1\" target=\"_blank\">\n\t\t\tver mais \u00bb\t\t<\/a>\n\n\t\t\t\t<\/div>\n\t\t\t\t<\/article>\n\t\t\t\t<article class=\"elementor-post elementor-grid-item post-13199 post type-post status-publish format-standard has-post-thumbnail hentry category-oncologia category-profissional-de-saude\" role=\"listitem\">\n\t\t\t\t<a class=\"elementor-post__thumbnail__link\" href=\"https:\/\/www.biologix.com.br\/en\/2025\/02\/05\/o-sono-como-aliado-contra-o-cancer\/\" tabindex=\"-1\" target=&quot;_blank&quot;>\n\t\t\t<div class=\"elementor-post__thumbnail\"><img loading=\"lazy\" decoding=\"async\" width=\"300\" height=\"117\" src=\"https:\/\/www.biologix.com.br\/wp-content\/uploads\/2025\/02\/sono-aliado-combate-cancer-300x117.png\" class=\"attachment-medium size-medium wp-image-13200\" alt=\"Mulher jovem portadora de c\u00e2ncer com len\u00e7o na cabe\u00e7a sentada no sof\u00e1 com olhar fixo no horizonte\" srcset=\"https:\/\/www.biologix.com.br\/wp-content\/uploads\/2025\/02\/sono-aliado-combate-cancer-300x117.png 300w, https:\/\/www.biologix.com.br\/wp-content\/uploads\/2025\/02\/sono-aliado-combate-cancer-1024x400.png 1024w, https:\/\/www.biologix.com.br\/wp-content\/uploads\/2025\/02\/sono-aliado-combate-cancer-768x300.png 768w, https:\/\/www.biologix.com.br\/wp-content\/uploads\/2025\/02\/sono-aliado-combate-cancer-18x7.png 18w, https:\/\/www.biologix.com.br\/wp-content\/uploads\/2025\/02\/sono-aliado-combate-cancer.png 1280w\" sizes=\"(max-width: 300px) 100vw, 300px\" \/><\/div>\n\t\t<\/a>\n\t\t\t\t<div class=\"elementor-post__text\">\n\t\t\t\t<h2 class=\"elementor-post__title\">\n\t\t\t<a href=\"https:\/\/www.biologix.com.br\/en\/2025\/02\/05\/o-sono-como-aliado-contra-o-cancer\/\" target=&quot;_blank&quot;>\n\t\t\t\tO sono como aliado contra o c\u00e2ncer<br><span class='secondary-title'>Entenda a rela\u00e7\u00e3o entre sono e c\u00e2ncer<\/span>\t\t\t<\/a>\n\t\t<\/h2>\n\t\t\t\t<div class=\"elementor-post__meta-data\">\n\t\t\t\t\t<span class=\"elementor-post-date\">\n\t\t\t5 de February de 2025\t\t<\/span>\n\t\t\t\t<\/div>\n\t\t\t\t<div class=\"elementor-post__excerpt\">\n\t\t\t<p>Segundo o Instituto Nacional de C\u00e2ncer (INCA), entre 2023 e 2025, estima-se que no Brasil haja 704 mil casos de<\/p>\n\t\t<\/div>\n\t\t\n\t\t<a class=\"elementor-post__read-more\" href=\"https:\/\/www.biologix.com.br\/en\/2025\/02\/05\/o-sono-como-aliado-contra-o-cancer\/\" aria-label=\"Read more about O sono como aliado contra o c\u00e2ncer&lt;br&gt;&lt;span class=&#039;secondary-title&#039;&gt;Entenda a rela\u00e7\u00e3o entre sono e c\u00e2ncer&lt;\/span&gt;\" tabindex=\"-1\" target=\"_blank\">\n\t\t\tver mais \u00bb\t\t<\/a>\n\n\t\t\t\t<\/div>\n\t\t\t\t<\/article>\n\t\t\t\t<article class=\"elementor-post elementor-grid-item post-13304 post type-post status-publish format-standard has-post-thumbnail hentry category-odontologia category-profissional-de-saude\" role=\"listitem\">\n\t\t\t\t<a class=\"elementor-post__thumbnail__link\" href=\"https:\/\/www.biologix.com.br\/en\/2025\/02\/14\/o-que-os-movimentos-mandibulares-mm-durante-o-sono-podem-indicar\/\" tabindex=\"-1\" target=&quot;_blank&quot;>\n\t\t\t<div class=\"elementor-post__thumbnail\"><img loading=\"lazy\" decoding=\"async\" width=\"300\" height=\"117\" src=\"https:\/\/www.biologix.com.br\/wp-content\/uploads\/2025\/02\/movimentos-mandibulares-durante-sono-300x117.png\" class=\"attachment-medium size-medium wp-image-13303\" alt=\"mulher rangendo os dentes durante o sono\" srcset=\"https:\/\/www.biologix.com.br\/wp-content\/uploads\/2025\/02\/movimentos-mandibulares-durante-sono-300x117.png 300w, https:\/\/www.biologix.com.br\/wp-content\/uploads\/2025\/02\/movimentos-mandibulares-durante-sono-1024x400.png 1024w, https:\/\/www.biologix.com.br\/wp-content\/uploads\/2025\/02\/movimentos-mandibulares-durante-sono-768x300.png 768w, https:\/\/www.biologix.com.br\/wp-content\/uploads\/2025\/02\/movimentos-mandibulares-durante-sono-18x7.png 18w, https:\/\/www.biologix.com.br\/wp-content\/uploads\/2025\/02\/movimentos-mandibulares-durante-sono.png 1280w\" sizes=\"(max-width: 300px) 100vw, 300px\" \/><\/div>\n\t\t<\/a>\n\t\t\t\t<div class=\"elementor-post__text\">\n\t\t\t\t<h2 class=\"elementor-post__title\">\n\t\t\t<a href=\"https:\/\/www.biologix.com.br\/en\/2025\/02\/14\/o-que-os-movimentos-mandibulares-mm-durante-o-sono-podem-indicar\/\" target=&quot;_blank&quot;>\n\t\t\t\tO que os movimentos mandibulares (MM) durante o sono podem indicar?<br><span class='secondary-title'>Estudo acerca das caracter\u00edsticas dos movimentos mandibulares durante o sono busca ampliar o diagn\u00f3stico da apneia do sono<\/span>\t\t\t<\/a>\n\t\t<\/h2>\n\t\t\t\t<div class=\"elementor-post__meta-data\">\n\t\t\t\t\t<span class=\"elementor-post-date\">\n\t\t\t14 de February de 2025\t\t<\/span>\n\t\t\t\t<\/div>\n\t\t\t\t<div class=\"elementor-post__excerpt\">\n\t\t\t<p>Muitas pesquisas est\u00e3o sendo feitas para ampliar o diagn\u00f3stico da Apneia Obstrutiva do Sono (AOS). Grupos espalhados por todo o<\/p>\n\t\t<\/div>\n\t\t\n\t\t<a class=\"elementor-post__read-more\" href=\"https:\/\/www.biologix.com.br\/en\/2025\/02\/14\/o-que-os-movimentos-mandibulares-mm-durante-o-sono-podem-indicar\/\" aria-label=\"Read more about O que os movimentos mandibulares (MM) durante o sono podem indicar?&lt;br&gt;&lt;span class=&#039;secondary-title&#039;&gt;Estudo acerca das caracter\u00edsticas dos movimentos mandibulares durante o sono busca ampliar o diagn\u00f3stico da apneia do sono&lt;\/span&gt;\" tabindex=\"-1\" target=\"_blank\">\n\t\t\tver mais \u00bb\t\t<\/a>\n\n\t\t\t\t<\/div>\n\t\t\t\t<\/article>\n\t\t\t\t<article class=\"elementor-post elementor-grid-item post-13336 post type-post status-publish format-standard has-post-thumbnail hentry category-paciente\" role=\"listitem\">\n\t\t\t\t<a class=\"elementor-post__thumbnail__link\" href=\"https:\/\/www.biologix.com.br\/en\/2025\/02\/28\/apneia-obstrutiva-do-sono-aos-e-sua-correlacao-com-a-disfuncao-temporomandibular-dtm\/\" tabindex=\"-1\" target=&quot;_blank&quot;>\n\t\t\t<div class=\"elementor-post__thumbnail\"><img loading=\"lazy\" decoding=\"async\" width=\"300\" height=\"117\" src=\"https:\/\/www.biologix.com.br\/wp-content\/uploads\/2025\/02\/apneia-do-sono-disfuncao-temporomandibular-300x117.png\" class=\"attachment-medium size-medium wp-image-13337\" alt=\"Mulher com express\u00e3o de dor tocando a mand\u00edbula\" srcset=\"https:\/\/www.biologix.com.br\/wp-content\/uploads\/2025\/02\/apneia-do-sono-disfuncao-temporomandibular-300x117.png 300w, https:\/\/www.biologix.com.br\/wp-content\/uploads\/2025\/02\/apneia-do-sono-disfuncao-temporomandibular-1024x400.png 1024w, https:\/\/www.biologix.com.br\/wp-content\/uploads\/2025\/02\/apneia-do-sono-disfuncao-temporomandibular-768x300.png 768w, https:\/\/www.biologix.com.br\/wp-content\/uploads\/2025\/02\/apneia-do-sono-disfuncao-temporomandibular-18x7.png 18w, https:\/\/www.biologix.com.br\/wp-content\/uploads\/2025\/02\/apneia-do-sono-disfuncao-temporomandibular.png 1280w\" sizes=\"(max-width: 300px) 100vw, 300px\" \/><\/div>\n\t\t<\/a>\n\t\t\t\t<div class=\"elementor-post__text\">\n\t\t\t\t<h2 class=\"elementor-post__title\">\n\t\t\t<a href=\"https:\/\/www.biologix.com.br\/en\/2025\/02\/28\/apneia-obstrutiva-do-sono-aos-e-sua-correlacao-com-a-disfuncao-temporomandibular-dtm\/\" target=&quot;_blank&quot;>\n\t\t\t\tApneia obstrutiva do sono (AOS) e sua correla\u00e7\u00e3o com a disfun\u00e7\u00e3o t\u00eamporomandibular (DTM)<br><span class='secondary-title'>Estudo avalia pacientes com bruxismo, DTM e apneia obstrutiva do sono<\/span>\t\t\t<\/a>\n\t\t<\/h2>\n\t\t\t\t<div class=\"elementor-post__meta-data\">\n\t\t\t\t\t<span class=\"elementor-post-date\">\n\t\t\t28 de February de 2025\t\t<\/span>\n\t\t\t\t<\/div>\n\t\t\t\t<div class=\"elementor-post__excerpt\">\n\t\t\t<p>O sono reparador tem papel fundamental na dor. A produ\u00e7\u00e3o de endorfina, o reparo muscular e a redu\u00e7\u00e3o da s\u00edntese<\/p>\n\t\t<\/div>\n\t\t\n\t\t<a class=\"elementor-post__read-more\" href=\"https:\/\/www.biologix.com.br\/en\/2025\/02\/28\/apneia-obstrutiva-do-sono-aos-e-sua-correlacao-com-a-disfuncao-temporomandibular-dtm\/\" aria-label=\"Read more about Apneia obstrutiva do sono (AOS) e sua correla\u00e7\u00e3o com a disfun\u00e7\u00e3o t\u00eamporomandibular (DTM)&lt;br&gt;&lt;span class=&#039;secondary-title&#039;&gt;Estudo avalia pacientes com bruxismo, DTM e apneia obstrutiva do sono&lt;\/span&gt;\" tabindex=\"-1\" target=\"_blank\">\n\t\t\tver mais \u00bb\t\t<\/a>\n\n\t\t\t\t<\/div>\n\t\t\t\t<\/article>\n\t\t\t\t<article class=\"elementor-post elementor-grid-item post-13349 post type-post status-publish format-standard has-post-thumbnail hentry category-odontologia\" role=\"listitem\">\n\t\t\t\t<a class=\"elementor-post__thumbnail__link\" href=\"https:\/\/www.biologix.com.br\/en\/2025\/03\/28\/dormir-com-dentadura-altera-a-qualidade-do-sono\/\" tabindex=\"-1\" target=&quot;_blank&quot;>\n\t\t\t<div class=\"elementor-post__thumbnail\"><img loading=\"lazy\" decoding=\"async\" width=\"300\" height=\"117\" src=\"https:\/\/www.biologix.com.br\/wp-content\/uploads\/2025\/03\/senhor-com-dentadura-dormindo-cama-casal-300x117.png\" class=\"attachment-medium size-medium wp-image-13350\" alt=\"Senhor dormindo em cama de casal\" srcset=\"https:\/\/www.biologix.com.br\/wp-content\/uploads\/2025\/03\/senhor-com-dentadura-dormindo-cama-casal-300x117.png 300w, https:\/\/www.biologix.com.br\/wp-content\/uploads\/2025\/03\/senhor-com-dentadura-dormindo-cama-casal-1024x400.png 1024w, https:\/\/www.biologix.com.br\/wp-content\/uploads\/2025\/03\/senhor-com-dentadura-dormindo-cama-casal-768x300.png 768w, https:\/\/www.biologix.com.br\/wp-content\/uploads\/2025\/03\/senhor-com-dentadura-dormindo-cama-casal-18x7.png 18w, https:\/\/www.biologix.com.br\/wp-content\/uploads\/2025\/03\/senhor-com-dentadura-dormindo-cama-casal.png 1280w\" sizes=\"(max-width: 300px) 100vw, 300px\" \/><\/div>\n\t\t<\/a>\n\t\t\t\t<div class=\"elementor-post__text\">\n\t\t\t\t<h2 class=\"elementor-post__title\">\n\t\t\t<a href=\"https:\/\/www.biologix.com.br\/en\/2025\/03\/28\/dormir-com-dentadura-altera-a-qualidade-do-sono\/\" target=&quot;_blank&quot;>\n\t\t\t\tDormir com dentadura altera a qualidade do sono?<br><span class='secondary-title'>Estudo analisa o impacto do uso de Pr\u00f3tese Total (PT) na qualidade do sono<\/span>\t\t\t<\/a>\n\t\t<\/h2>\n\t\t\t\t<div class=\"elementor-post__meta-data\">\n\t\t\t\t\t<span class=\"elementor-post-date\">\n\t\t\t28 de March de 2025\t\t<\/span>\n\t\t\t\t<\/div>\n\t\t\t\t<div class=\"elementor-post__excerpt\">\n\t\t\t<p>Com os avan\u00e7os da medicina, a popula\u00e7\u00e3o est\u00e1 vivendo mais. Assim, novos desafios surgem para melhorar a qualidade de vida.<\/p>\n\t\t<\/div>\n\t\t\n\t\t<a class=\"elementor-post__read-more\" href=\"https:\/\/www.biologix.com.br\/en\/2025\/03\/28\/dormir-com-dentadura-altera-a-qualidade-do-sono\/\" aria-label=\"Read more about Dormir com dentadura altera a qualidade do sono?&lt;br&gt;&lt;span class=&#039;secondary-title&#039;&gt;Estudo analisa o impacto do uso de Pr\u00f3tese Total (PT) na qualidade do sono&lt;\/span&gt;\" tabindex=\"-1\" target=\"_blank\">\n\t\t\tver mais \u00bb\t\t<\/a>\n\n\t\t\t\t<\/div>\n\t\t\t\t<\/article>\n\t\t\t\t<article class=\"elementor-post elementor-grid-item post-13930 post type-post status-publish format-standard has-post-thumbnail hentry category-paciente\" role=\"listitem\">\n\t\t\t\t<a class=\"elementor-post__thumbnail__link\" href=\"https:\/\/www.biologix.com.br\/en\/2025\/10\/22\/sono-e-avc-como-um-sono-ruim-pode-agravar-a-chance-de-um-acidente-vascular-cerebral\/\" tabindex=\"-1\" target=&quot;_blank&quot;>\n\t\t\t<div class=\"elementor-post__thumbnail\"><img loading=\"lazy\" decoding=\"async\" width=\"300\" height=\"117\" src=\"https:\/\/www.biologix.com.br\/wp-content\/uploads\/2025\/10\/relacao-sono-avc-300x117.jpg\" class=\"attachment-medium size-medium wp-image-13931\" alt=\"Homem de meia idade, com cabelo grisalho, dormindo, com aparente sono conturbado\" srcset=\"https:\/\/www.biologix.com.br\/wp-content\/uploads\/2025\/10\/relacao-sono-avc-300x117.jpg 300w, https:\/\/www.biologix.com.br\/wp-content\/uploads\/2025\/10\/relacao-sono-avc-1024x400.jpg 1024w, https:\/\/www.biologix.com.br\/wp-content\/uploads\/2025\/10\/relacao-sono-avc-768x300.jpg 768w, https:\/\/www.biologix.com.br\/wp-content\/uploads\/2025\/10\/relacao-sono-avc-18x7.jpg 18w, https:\/\/www.biologix.com.br\/wp-content\/uploads\/2025\/10\/relacao-sono-avc.jpg 1280w\" sizes=\"(max-width: 300px) 100vw, 300px\" \/><\/div>\n\t\t<\/a>\n\t\t\t\t<div class=\"elementor-post__text\">\n\t\t\t\t<h2 class=\"elementor-post__title\">\n\t\t\t<a href=\"https:\/\/www.biologix.com.br\/en\/2025\/10\/22\/sono-e-avc-como-um-sono-ruim-pode-agravar-a-chance-de-um-acidente-vascular-cerebral\/\" target=&quot;_blank&quot;>\n\t\t\t\tSono e AVC: como um sono ruim pode agravar a chance de um Acidente Vascular Cerebral<br><span class='secondary-title'>Voc\u00ea sabia que a m\u00e1 qualidade do sono pode aumentar o risco de AVC?<\/span>\t\t\t<\/a>\n\t\t<\/h2>\n\t\t\t\t<div class=\"elementor-post__meta-data\">\n\t\t\t\t\t<span class=\"elementor-post-date\">\n\t\t\t22 de October de 2025\t\t<\/span>\n\t\t\t\t<\/div>\n\t\t\t\t<div class=\"elementor-post__excerpt\">\n\t\t\t<p>O Acidente Vascular Cerebral, popularmente conhecido como AVC ou derrame cerebral, ocorre quando o fluxo de oxig\u00eanio e nutrientes para<\/p>\n\t\t<\/div>\n\t\t\n\t\t<a class=\"elementor-post__read-more\" href=\"https:\/\/www.biologix.com.br\/en\/2025\/10\/22\/sono-e-avc-como-um-sono-ruim-pode-agravar-a-chance-de-um-acidente-vascular-cerebral\/\" aria-label=\"Read more about Sono e AVC: como um sono ruim pode agravar a chance de um Acidente Vascular Cerebral&lt;br&gt;&lt;span class=&#039;secondary-title&#039;&gt;Voc\u00ea sabia que a m\u00e1 qualidade do sono pode aumentar o risco de AVC?&lt;\/span&gt;\" tabindex=\"-1\" target=\"_blank\">\n\t\t\tver mais \u00bb\t\t<\/a>\n\n\t\t\t\t<\/div>\n\t\t\t\t<\/article>\n\t\t\t\t<article class=\"elementor-post elementor-grid-item post-13957 post type-post status-publish format-standard has-post-thumbnail hentry category-paciente category-profissional-de-saude\" role=\"listitem\">\n\t\t\t\t<a class=\"elementor-post__thumbnail__link\" href=\"https:\/\/www.biologix.com.br\/en\/2025\/10\/29\/mounjaro-e-liberado-pela-anvisa-para-tratar-apneia-obstrutiva-do-sono-aos\/\" tabindex=\"-1\" target=&quot;_blank&quot;>\n\t\t\t<div class=\"elementor-post__thumbnail\"><img loading=\"lazy\" decoding=\"async\" width=\"300\" height=\"117\" src=\"https:\/\/www.biologix.com.br\/wp-content\/uploads\/2025\/10\/mounjaro-tratamento-aos-300x117.jpg\" class=\"attachment-medium size-medium wp-image-13958\" alt=\"Aplica\u00e7\u00e3o do Mounjaro para tratamento da AOS\" srcset=\"https:\/\/www.biologix.com.br\/wp-content\/uploads\/2025\/10\/mounjaro-tratamento-aos-300x117.jpg 300w, https:\/\/www.biologix.com.br\/wp-content\/uploads\/2025\/10\/mounjaro-tratamento-aos-1024x400.jpg 1024w, https:\/\/www.biologix.com.br\/wp-content\/uploads\/2025\/10\/mounjaro-tratamento-aos-768x300.jpg 768w, https:\/\/www.biologix.com.br\/wp-content\/uploads\/2025\/10\/mounjaro-tratamento-aos-18x7.jpg 18w, https:\/\/www.biologix.com.br\/wp-content\/uploads\/2025\/10\/mounjaro-tratamento-aos.jpg 1280w\" sizes=\"(max-width: 300px) 100vw, 300px\" \/><\/div>\n\t\t<\/a>\n\t\t\t\t<div class=\"elementor-post__text\">\n\t\t\t\t<h2 class=\"elementor-post__title\">\n\t\t\t<a href=\"https:\/\/www.biologix.com.br\/en\/2025\/10\/29\/mounjaro-e-liberado-pela-anvisa-para-tratar-apneia-obstrutiva-do-sono-aos\/\" target=&quot;_blank&quot;>\n\t\t\t\tMounjaro \u00e9 liberado pela Anvisa para tratar apneia obstrutiva do sono (AOS)<br><span class='secondary-title'>Evid\u00eancias apontam melhora significativa no IAH e redu\u00e7\u00e3o de at\u00e9 20% do peso corporal<\/span>\t\t\t<\/a>\n\t\t<\/h2>\n\t\t\t\t<div class=\"elementor-post__meta-data\">\n\t\t\t\t\t<span class=\"elementor-post-date\">\n\t\t\t29 de October de 2025\t\t<\/span>\n\t\t\t\t<\/div>\n\t\t\t\t<div class=\"elementor-post__excerpt\">\n\t\t\t<p>A Ag\u00eancia Nacional de Vigil\u00e2ncia Sanit\u00e1ria (Anvisa) aprovou no dia 20 de outubro de 2025 o uso do Mounjaro, cujo<\/p>\n\t\t<\/div>\n\t\t\n\t\t<a class=\"elementor-post__read-more\" href=\"https:\/\/www.biologix.com.br\/en\/2025\/10\/29\/mounjaro-e-liberado-pela-anvisa-para-tratar-apneia-obstrutiva-do-sono-aos\/\" aria-label=\"Read more about Mounjaro \u00e9 liberado pela Anvisa para tratar apneia obstrutiva do sono (AOS)&lt;br&gt;&lt;span class=&#039;secondary-title&#039;&gt;Evid\u00eancias apontam melhora significativa no IAH e redu\u00e7\u00e3o de at\u00e9 20% do peso corporal&lt;\/span&gt;\" tabindex=\"-1\" target=\"_blank\">\n\t\t\tver mais \u00bb\t\t<\/a>\n\n\t\t\t\t<\/div>\n\t\t\t\t<\/article>\n\t\t\t\t<\/div>\n\t\t\t\t\t<span class=\"e-load-more-spinner\">\n\t\t\t\t<svg aria-hidden=\"true\" class=\"e-font-icon-svg e-fas-spinner\" viewBox=\"0 0 512 512\" xmlns=\"http:\/\/www.w3.org\/2000\/svg\"><path d=\"M304 48c0 26.51-21.49 48-48 48s-48-21.49-48-48 21.49-48 48-48 48 21.49 48 48zm-48 368c-26.51 0-48 21.49-48 48s21.49 48 48 48 48-21.49 48-48-21.49-48-48-48zm208-208c-26.51 0-48 21.49-48 48s21.49 48 48 48 48-21.49 48-48-21.49-48-48-48zM96 256c0-26.51-21.49-48-48-48S0 229.49 0 256s21.49 48 48 48 48-21.49 48-48zm12.922 99.078c-26.51 0-48 21.49-48 48s21.49 48 48 48 48-21.49 48-48c0-26.509-21.491-48-48-48zm294.156 0c-26.51 0-48 21.49-48 48s21.49 48 48 48 48-21.49 48-48c0-26.509-21.49-48-48-48zM108.922 60.922c-26.51 0-48 21.49-48 48s21.49 48 48 48 48-21.49 48-48-21.491-48-48-48z\"><\/path><\/svg>\t\t\t<\/span>\n\t\t\n\t\t\t\t\t\t<\/div>\n\t\t\t\t<\/div>\n\t\t\t\t\t<\/div>\n\t\t<\/div>\n\t\t\t\t\t<\/div>\n\t\t<\/section>\n\t\t\t\t<section class=\"elementor-section elementor-top-section elementor-element elementor-element-51cc6db elementor-section-boxed elementor-section-height-default elementor-section-height-default\" data-id=\"51cc6db\" data-element_type=\"section\" data-e-type=\"section\">\n\t\t\t\t\t\t<div class=\"elementor-container elementor-column-gap-no\">\n\t\t\t\t\t<div class=\"elementor-column elementor-col-100 elementor-top-column elementor-element elementor-element-8ffb072\" data-id=\"8ffb072\" data-element_type=\"column\" data-e-type=\"column\">\n\t\t\t<div class=\"elementor-widget-wrap elementor-element-populated\">\n\t\t\t\t\t\t<div class=\"elementor-element elementor-element-0f37473 elementor-widget elementor-widget-menu-anchor\" data-id=\"0f37473\" data-element_type=\"widget\" data-e-type=\"widget\" data-widget_type=\"menu-anchor.default\">\n\t\t\t\t<div class=\"elementor-widget-container\">\n\t\t\t\t\t\t\t<div class=\"elementor-menu-anchor\" id=\"vdeos\"><\/div>\n\t\t\t\t\t\t<\/div>\n\t\t\t\t<\/div>\n\t\t\t\t<div class=\"elementor-element elementor-element-162cc6b elementor-widget elementor-widget-menu-anchor\" data-id=\"162cc6b\" data-element_type=\"widget\" data-e-type=\"widget\" data-widget_type=\"menu-anchor.default\">\n\t\t\t\t<div class=\"elementor-widget-container\">\n\t\t\t\t\t\t\t<div class=\"elementor-menu-anchor\" id=\"videos\"><\/div>\n\t\t\t\t\t\t<\/div>\n\t\t\t\t<\/div>\n\t\t\t\t<div class=\"elementor-element elementor-element-5de0590 elementor-widget elementor-widget-text-editor\" data-id=\"5de0590\" data-element_type=\"widget\" data-e-type=\"widget\" data-widget_type=\"text-editor.default\">\n\t\t\t\t<div class=\"elementor-widget-container\">\n\t\t\t\t\t\t\t\t\t<h2>V\u00eddeos<\/h2>\t\t\t\t\t\t\t\t<\/div>\n\t\t\t\t<\/div>\n\t\t\t\t<section class=\"elementor-section elementor-inner-section elementor-element elementor-element-d5f28bc elementor-section-boxed elementor-section-height-default elementor-section-height-default\" data-id=\"d5f28bc\" data-element_type=\"section\" data-e-type=\"section\">\n\t\t\t\t\t\t<div class=\"elementor-container elementor-column-gap-default\">\n\t\t\t\t\t<div class=\"elementor-column elementor-col-33 elementor-inner-column elementor-element elementor-element-d08c88a\" data-id=\"d08c88a\" data-element_type=\"column\" data-e-type=\"column\">\n\t\t\t<div class=\"elementor-widget-wrap elementor-element-populated\">\n\t\t\t\t\t\t<div class=\"elementor-element elementor-element-70f688e elementor-widget elementor-widget-video\" data-id=\"70f688e\" data-element_type=\"widget\" data-e-type=\"widget\" data-settings=\"{&quot;youtube_url&quot;:&quot;https:\\\/\\\/www.youtube.com\\\/watch?v=3Dr4s9jxcJI&quot;,&quot;video_type&quot;:&quot;youtube&quot;,&quot;controls&quot;:&quot;yes&quot;}\" data-widget_type=\"video.default\">\n\t\t\t\t<div class=\"elementor-widget-container\">\n\t\t\t\t\t\t\t<div class=\"elementor-wrapper elementor-open-inline\">\n\t\t\t<div class=\"elementor-video\"><\/div>\t\t<\/div>\n\t\t\t\t\t\t<\/div>\n\t\t\t\t<\/div>\n\t\t\t\t\t<\/div>\n\t\t<\/div>\n\t\t\t\t<div class=\"elementor-column elementor-col-33 elementor-inner-column elementor-element elementor-element-e8685c9\" data-id=\"e8685c9\" data-element_type=\"column\" data-e-type=\"column\">\n\t\t\t<div class=\"elementor-widget-wrap elementor-element-populated\">\n\t\t\t\t\t\t<div class=\"elementor-element elementor-element-616055f elementor-widget elementor-widget-video\" data-id=\"616055f\" data-element_type=\"widget\" data-e-type=\"widget\" data-settings=\"{&quot;youtube_url&quot;:&quot;https:\\\/\\\/www.youtube.com\\\/watch?v=ly7F2JbRVAw&quot;,&quot;video_type&quot;:&quot;youtube&quot;,&quot;controls&quot;:&quot;yes&quot;}\" data-widget_type=\"video.default\">\n\t\t\t\t<div class=\"elementor-widget-container\">\n\t\t\t\t\t\t\t<div class=\"elementor-wrapper elementor-open-inline\">\n\t\t\t<div class=\"elementor-video\"><\/div>\t\t<\/div>\n\t\t\t\t\t\t<\/div>\n\t\t\t\t<\/div>\n\t\t\t\t\t<\/div>\n\t\t<\/div>\n\t\t\t\t<div class=\"elementor-column elementor-col-33 elementor-inner-column elementor-element elementor-element-5c1239a\" data-id=\"5c1239a\" data-element_type=\"column\" data-e-type=\"column\">\n\t\t\t<div class=\"elementor-widget-wrap elementor-element-populated\">\n\t\t\t\t\t\t<div class=\"elementor-element elementor-element-676af84 elementor-widget elementor-widget-video\" data-id=\"676af84\" data-element_type=\"widget\" data-e-type=\"widget\" data-settings=\"{&quot;youtube_url&quot;:&quot;https:\\\/\\\/www.youtube.com\\\/watch?v=XHOmBV4js_E&quot;,&quot;video_type&quot;:&quot;youtube&quot;,&quot;controls&quot;:&quot;yes&quot;}\" data-widget_type=\"video.default\">\n\t\t\t\t<div class=\"elementor-widget-container\">\n\t\t\t\t\t\t\t<div class=\"elementor-wrapper elementor-open-inline\">\n\t\t\t<div class=\"elementor-video\"><\/div>\t\t<\/div>\n\t\t\t\t\t\t<\/div>\n\t\t\t\t<\/div>\n\t\t\t\t\t<\/div>\n\t\t<\/div>\n\t\t\t\t\t<\/div>\n\t\t<\/section>\n\t\t\t\t<section class=\"elementor-section elementor-inner-section elementor-element elementor-element-3a5c64f elementor-section-boxed elementor-section-height-default elementor-section-height-default\" data-id=\"3a5c64f\" data-element_type=\"section\" data-e-type=\"section\">\n\t\t\t\t\t\t<div class=\"elementor-container elementor-column-gap-default\">\n\t\t\t\t\t<div class=\"elementor-column elementor-col-33 elementor-inner-column elementor-element elementor-element-a17476a\" data-id=\"a17476a\" data-element_type=\"column\" data-e-type=\"column\">\n\t\t\t<div class=\"elementor-widget-wrap elementor-element-populated\">\n\t\t\t\t\t\t<div class=\"elementor-element elementor-element-1589271 elementor-widget elementor-widget-video\" data-id=\"1589271\" data-element_type=\"widget\" data-e-type=\"widget\" data-settings=\"{&quot;youtube_url&quot;:&quot;https:\\\/\\\/www.youtube.com\\\/watch?v=2XjmbCmXZQ0&quot;,&quot;video_type&quot;:&quot;youtube&quot;,&quot;controls&quot;:&quot;yes&quot;}\" data-widget_type=\"video.default\">\n\t\t\t\t<div class=\"elementor-widget-container\">\n\t\t\t\t\t\t\t<div class=\"elementor-wrapper elementor-open-inline\">\n\t\t\t<div class=\"elementor-video\"><\/div>\t\t<\/div>\n\t\t\t\t\t\t<\/div>\n\t\t\t\t<\/div>\n\t\t\t\t\t<\/div>\n\t\t<\/div>\n\t\t\t\t<div class=\"elementor-column elementor-col-33 elementor-inner-column elementor-element elementor-element-75ddf38\" data-id=\"75ddf38\" data-element_type=\"column\" data-e-type=\"column\">\n\t\t\t<div class=\"elementor-widget-wrap elementor-element-populated\">\n\t\t\t\t\t\t<div class=\"elementor-element elementor-element-540b706 elementor-widget elementor-widget-video\" data-id=\"540b706\" data-element_type=\"widget\" data-e-type=\"widget\" data-settings=\"{&quot;youtube_url&quot;:&quot;https:\\\/\\\/www.youtube.com\\\/watch?v=f86DTLuroAg&quot;,&quot;video_type&quot;:&quot;youtube&quot;,&quot;controls&quot;:&quot;yes&quot;}\" data-widget_type=\"video.default\">\n\t\t\t\t<div class=\"elementor-widget-container\">\n\t\t\t\t\t\t\t<div class=\"elementor-wrapper elementor-open-inline\">\n\t\t\t<div class=\"elementor-video\"><\/div>\t\t<\/div>\n\t\t\t\t\t\t<\/div>\n\t\t\t\t<\/div>\n\t\t\t\t\t<\/div>\n\t\t<\/div>\n\t\t\t\t<div class=\"elementor-column elementor-col-33 elementor-inner-column elementor-element elementor-element-7ef094b\" data-id=\"7ef094b\" data-element_type=\"column\" data-e-type=\"column\">\n\t\t\t<div class=\"elementor-widget-wrap elementor-element-populated\">\n\t\t\t\t\t\t<div class=\"elementor-element elementor-element-989f9d6 elementor-widget elementor-widget-video\" data-id=\"989f9d6\" data-element_type=\"widget\" data-e-type=\"widget\" data-settings=\"{&quot;youtube_url&quot;:&quot;https:\\\/\\\/www.youtube.com\\\/watch?v=isXUsP1U3Sw&quot;,&quot;video_type&quot;:&quot;youtube&quot;,&quot;controls&quot;:&quot;yes&quot;}\" data-widget_type=\"video.default\">\n\t\t\t\t<div class=\"elementor-widget-container\">\n\t\t\t\t\t\t\t<div class=\"elementor-wrapper elementor-open-inline\">\n\t\t\t<div class=\"elementor-video\"><\/div>\t\t<\/div>\n\t\t\t\t\t\t<\/div>\n\t\t\t\t<\/div>\n\t\t\t\t\t<\/div>\n\t\t<\/div>\n\t\t\t\t\t<\/div>\n\t\t<\/section>\n\t\t\t\t<section class=\"elementor-section elementor-inner-section elementor-element elementor-element-8c7be70 elementor-section-boxed elementor-section-height-default elementor-section-height-default\" data-id=\"8c7be70\" data-element_type=\"section\" data-e-type=\"section\">\n\t\t\t\t\t\t<div class=\"elementor-container elementor-column-gap-default\">\n\t\t\t\t\t<div class=\"elementor-column elementor-col-33 elementor-inner-column elementor-element elementor-element-fcedd9a\" data-id=\"fcedd9a\" data-element_type=\"column\" data-e-type=\"column\">\n\t\t\t<div class=\"elementor-widget-wrap elementor-element-populated\">\n\t\t\t\t\t\t<div class=\"elementor-element elementor-element-1aa53cd elementor-widget elementor-widget-video\" data-id=\"1aa53cd\" data-element_type=\"widget\" data-e-type=\"widget\" data-settings=\"{&quot;youtube_url&quot;:&quot;https:\\\/\\\/www.youtube.com\\\/watch?v=nbAoTZ4N4Gc&quot;,&quot;video_type&quot;:&quot;youtube&quot;,&quot;controls&quot;:&quot;yes&quot;}\" data-widget_type=\"video.default\">\n\t\t\t\t<div class=\"elementor-widget-container\">\n\t\t\t\t\t\t\t<div class=\"elementor-wrapper elementor-open-inline\">\n\t\t\t<div class=\"elementor-video\"><\/div>\t\t<\/div>\n\t\t\t\t\t\t<\/div>\n\t\t\t\t<\/div>\n\t\t\t\t\t<\/div>\n\t\t<\/div>\n\t\t\t\t<div class=\"elementor-column elementor-col-33 elementor-inner-column elementor-element elementor-element-1fc393f\" data-id=\"1fc393f\" data-element_type=\"column\" data-e-type=\"column\">\n\t\t\t<div class=\"elementor-widget-wrap elementor-element-populated\">\n\t\t\t\t\t\t<div class=\"elementor-element elementor-element-5c53c4b elementor-widget elementor-widget-video\" data-id=\"5c53c4b\" data-element_type=\"widget\" data-e-type=\"widget\" data-settings=\"{&quot;youtube_url&quot;:&quot;https:\\\/\\\/www.youtube.com\\\/watch?v=mSn206HlT-M&quot;,&quot;video_type&quot;:&quot;youtube&quot;,&quot;controls&quot;:&quot;yes&quot;}\" data-widget_type=\"video.default\">\n\t\t\t\t<div class=\"elementor-widget-container\">\n\t\t\t\t\t\t\t<div class=\"elementor-wrapper elementor-open-inline\">\n\t\t\t<div class=\"elementor-video\"><\/div>\t\t<\/div>\n\t\t\t\t\t\t<\/div>\n\t\t\t\t<\/div>\n\t\t\t\t\t<\/div>\n\t\t<\/div>\n\t\t\t\t<div class=\"elementor-column elementor-col-33 elementor-inner-column elementor-element elementor-element-caa0451\" data-id=\"caa0451\" data-element_type=\"column\" data-e-type=\"column\">\n\t\t\t<div class=\"elementor-widget-wrap elementor-element-populated\">\n\t\t\t\t\t\t<div class=\"elementor-element elementor-element-8c4be23 elementor-widget elementor-widget-video\" data-id=\"8c4be23\" data-element_type=\"widget\" data-e-type=\"widget\" data-settings=\"{&quot;youtube_url&quot;:&quot;https:\\\/\\\/www.youtube.com\\\/watch?v=XZPAl2EpnP0&quot;,&quot;video_type&quot;:&quot;youtube&quot;,&quot;controls&quot;:&quot;yes&quot;}\" data-widget_type=\"video.default\">\n\t\t\t\t<div class=\"elementor-widget-container\">\n\t\t\t\t\t\t\t<div class=\"elementor-wrapper elementor-open-inline\">\n\t\t\t<div class=\"elementor-video\"><\/div>\t\t<\/div>\n\t\t\t\t\t\t<\/div>\n\t\t\t\t<\/div>\n\t\t\t\t\t<\/div>\n\t\t<\/div>\n\t\t\t\t\t<\/div>\n\t\t<\/section>\n\t\t\t\t<section class=\"elementor-section elementor-inner-section elementor-element elementor-element-988d563 elementor-section-boxed elementor-section-height-default elementor-section-height-default\" data-id=\"988d563\" data-element_type=\"section\" data-e-type=\"section\">\n\t\t\t\t\t\t<div class=\"elementor-container elementor-column-gap-default\">\n\t\t\t\t\t<div class=\"elementor-column elementor-col-33 elementor-inner-column elementor-element elementor-element-59c109f\" data-id=\"59c109f\" data-element_type=\"column\" data-e-type=\"column\">\n\t\t\t<div class=\"elementor-widget-wrap elementor-element-populated\">\n\t\t\t\t\t\t<div class=\"elementor-element elementor-element-c231280 elementor-widget elementor-widget-video\" data-id=\"c231280\" data-element_type=\"widget\" data-e-type=\"widget\" data-settings=\"{&quot;youtube_url&quot;:&quot;https:\\\/\\\/www.youtube.com\\\/watch?v=beFw6A3XGFI&quot;,&quot;video_type&quot;:&quot;youtube&quot;,&quot;controls&quot;:&quot;yes&quot;}\" data-widget_type=\"video.default\">\n\t\t\t\t<div class=\"elementor-widget-container\">\n\t\t\t\t\t\t\t<div class=\"elementor-wrapper elementor-open-inline\">\n\t\t\t<div class=\"elementor-video\"><\/div>\t\t<\/div>\n\t\t\t\t\t\t<\/div>\n\t\t\t\t<\/div>\n\t\t\t\t\t<\/div>\n\t\t<\/div>\n\t\t\t\t<div class=\"elementor-column elementor-col-33 elementor-inner-column elementor-element elementor-element-b7fffc5\" data-id=\"b7fffc5\" data-element_type=\"column\" data-e-type=\"column\">\n\t\t\t<div class=\"elementor-widget-wrap elementor-element-populated\">\n\t\t\t\t\t\t<div class=\"elementor-element elementor-element-ffb0731 elementor-widget elementor-widget-video\" data-id=\"ffb0731\" data-element_type=\"widget\" data-e-type=\"widget\" data-settings=\"{&quot;youtube_url&quot;:&quot;https:\\\/\\\/www.youtube.com\\\/watch?v=PFudJry6pxk&quot;,&quot;video_type&quot;:&quot;youtube&quot;,&quot;controls&quot;:&quot;yes&quot;}\" data-widget_type=\"video.default\">\n\t\t\t\t<div class=\"elementor-widget-container\">\n\t\t\t\t\t\t\t<div class=\"elementor-wrapper elementor-open-inline\">\n\t\t\t<div class=\"elementor-video\"><\/div>\t\t<\/div>\n\t\t\t\t\t\t<\/div>\n\t\t\t\t<\/div>\n\t\t\t\t\t<\/div>\n\t\t<\/div>\n\t\t\t\t<div class=\"elementor-column elementor-col-33 elementor-inner-column elementor-element elementor-element-bb27fde\" data-id=\"bb27fde\" data-element_type=\"column\" data-e-type=\"column\">\n\t\t\t<div class=\"elementor-widget-wrap elementor-element-populated\">\n\t\t\t\t\t\t<div class=\"elementor-element elementor-element-ae6a3dd elementor-widget elementor-widget-video\" data-id=\"ae6a3dd\" data-element_type=\"widget\" data-e-type=\"widget\" data-settings=\"{&quot;youtube_url&quot;:&quot;https:\\\/\\\/www.youtube.com\\\/watch?v=lHh61nLAtlc&quot;,&quot;video_type&quot;:&quot;youtube&quot;,&quot;controls&quot;:&quot;yes&quot;}\" data-widget_type=\"video.default\">\n\t\t\t\t<div class=\"elementor-widget-container\">\n\t\t\t\t\t\t\t<div class=\"elementor-wrapper elementor-open-inline\">\n\t\t\t<div class=\"elementor-video\"><\/div>\t\t<\/div>\n\t\t\t\t\t\t<\/div>\n\t\t\t\t<\/div>\n\t\t\t\t\t<\/div>\n\t\t<\/div>\n\t\t\t\t\t<\/div>\n\t\t<\/section>\n\t\t\t\t<section class=\"elementor-section elementor-inner-section elementor-element elementor-element-33fb371 elementor-section-boxed elementor-section-height-default elementor-section-height-default\" data-id=\"33fb371\" data-element_type=\"section\" data-e-type=\"section\">\n\t\t\t\t\t\t<div class=\"elementor-container elementor-column-gap-default\">\n\t\t\t\t\t<div class=\"elementor-column elementor-col-33 elementor-inner-column elementor-element elementor-element-62869a6\" data-id=\"62869a6\" data-element_type=\"column\" data-e-type=\"column\">\n\t\t\t<div class=\"elementor-widget-wrap elementor-element-populated\">\n\t\t\t\t\t\t<div class=\"elementor-element elementor-element-45c0302 elementor-widget elementor-widget-video\" data-id=\"45c0302\" data-element_type=\"widget\" data-e-type=\"widget\" data-settings=\"{&quot;youtube_url&quot;:&quot;https:\\\/\\\/www.youtube.com\\\/watch?v=CBvdcDuZVXo&quot;,&quot;video_type&quot;:&quot;youtube&quot;,&quot;controls&quot;:&quot;yes&quot;}\" data-widget_type=\"video.default\">\n\t\t\t\t<div class=\"elementor-widget-container\">\n\t\t\t\t\t\t\t<div class=\"elementor-wrapper elementor-open-inline\">\n\t\t\t<div class=\"elementor-video\"><\/div>\t\t<\/div>\n\t\t\t\t\t\t<\/div>\n\t\t\t\t<\/div>\n\t\t\t\t\t<\/div>\n\t\t<\/div>\n\t\t\t\t<div class=\"elementor-column elementor-col-33 elementor-inner-column elementor-element elementor-element-a26e470\" data-id=\"a26e470\" data-element_type=\"column\" data-e-type=\"column\">\n\t\t\t<div class=\"elementor-widget-wrap elementor-element-populated\">\n\t\t\t\t\t\t<div class=\"elementor-element elementor-element-ec9bb01 elementor-widget elementor-widget-video\" data-id=\"ec9bb01\" data-element_type=\"widget\" data-e-type=\"widget\" data-settings=\"{&quot;youtube_url&quot;:&quot;https:\\\/\\\/www.youtube.com\\\/watch?v=5TT0vP0w6JU&quot;,&quot;video_type&quot;:&quot;youtube&quot;,&quot;controls&quot;:&quot;yes&quot;}\" data-widget_type=\"video.default\">\n\t\t\t\t<div class=\"elementor-widget-container\">\n\t\t\t\t\t\t\t<div class=\"elementor-wrapper elementor-open-inline\">\n\t\t\t<div class=\"elementor-video\"><\/div>\t\t<\/div>\n\t\t\t\t\t\t<\/div>\n\t\t\t\t<\/div>\n\t\t\t\t\t<\/div>\n\t\t<\/div>\n\t\t\t\t<div class=\"elementor-column elementor-col-33 elementor-inner-column elementor-element elementor-element-c398fb1\" data-id=\"c398fb1\" data-element_type=\"column\" data-e-type=\"column\">\n\t\t\t<div class=\"elementor-widget-wrap elementor-element-populated\">\n\t\t\t\t\t\t<div class=\"elementor-element elementor-element-b982b32 elementor-widget elementor-widget-video\" data-id=\"b982b32\" data-element_type=\"widget\" data-e-type=\"widget\" data-settings=\"{&quot;youtube_url&quot;:&quot;https:\\\/\\\/www.youtube.com\\\/watch?v=lxa_ZmmiVZY&quot;,&quot;video_type&quot;:&quot;youtube&quot;,&quot;controls&quot;:&quot;yes&quot;}\" data-widget_type=\"video.default\">\n\t\t\t\t<div class=\"elementor-widget-container\">\n\t\t\t\t\t\t\t<div class=\"elementor-wrapper elementor-open-inline\">\n\t\t\t<div class=\"elementor-video\"><\/div>\t\t<\/div>\n\t\t\t\t\t\t<\/div>\n\t\t\t\t<\/div>\n\t\t\t\t\t<\/div>\n\t\t<\/div>\n\t\t\t\t\t<\/div>\n\t\t<\/section>\n\t\t\t\t<section class=\"elementor-section elementor-inner-section elementor-element elementor-element-e5a4214 elementor-section-boxed elementor-section-height-default elementor-section-height-default\" data-id=\"e5a4214\" data-element_type=\"section\" data-e-type=\"section\">\n\t\t\t\t\t\t<div class=\"elementor-container elementor-column-gap-default\">\n\t\t\t\t\t<div class=\"elementor-column elementor-col-33 elementor-inner-column elementor-element elementor-element-5f99093\" data-id=\"5f99093\" data-element_type=\"column\" data-e-type=\"column\">\n\t\t\t<div class=\"elementor-widget-wrap elementor-element-populated\">\n\t\t\t\t\t\t<div class=\"elementor-element elementor-element-415d15f elementor-widget elementor-widget-video\" data-id=\"415d15f\" data-element_type=\"widget\" data-e-type=\"widget\" data-settings=\"{&quot;youtube_url&quot;:&quot;https:\\\/\\\/www.youtube.com\\\/watch?v=EZ81s2Yy0Bc&quot;,&quot;video_type&quot;:&quot;youtube&quot;,&quot;controls&quot;:&quot;yes&quot;}\" data-widget_type=\"video.default\">\n\t\t\t\t<div class=\"elementor-widget-container\">\n\t\t\t\t\t\t\t<div class=\"elementor-wrapper elementor-open-inline\">\n\t\t\t<div class=\"elementor-video\"><\/div>\t\t<\/div>\n\t\t\t\t\t\t<\/div>\n\t\t\t\t<\/div>\n\t\t\t\t\t<\/div>\n\t\t<\/div>\n\t\t\t\t<div class=\"elementor-column elementor-col-33 elementor-inner-column elementor-element elementor-element-3a3a1e4\" data-id=\"3a3a1e4\" data-element_type=\"column\" data-e-type=\"column\">\n\t\t\t<div class=\"elementor-widget-wrap elementor-element-populated\">\n\t\t\t\t\t\t<div class=\"elementor-element elementor-element-65ba583 elementor-widget elementor-widget-video\" data-id=\"65ba583\" data-element_type=\"widget\" data-e-type=\"widget\" data-settings=\"{&quot;youtube_url&quot;:&quot;https:\\\/\\\/www.youtube.com\\\/watch?v=D8j-8S-bcr0&quot;,&quot;video_type&quot;:&quot;youtube&quot;,&quot;controls&quot;:&quot;yes&quot;}\" data-widget_type=\"video.default\">\n\t\t\t\t<div class=\"elementor-widget-container\">\n\t\t\t\t\t\t\t<div class=\"elementor-wrapper elementor-open-inline\">\n\t\t\t<div class=\"elementor-video\"><\/div>\t\t<\/div>\n\t\t\t\t\t\t<\/div>\n\t\t\t\t<\/div>\n\t\t\t\t\t<\/div>\n\t\t<\/div>\n\t\t\t\t<div class=\"elementor-column elementor-col-33 elementor-inner-column elementor-element elementor-element-4e766a2\" data-id=\"4e766a2\" data-element_type=\"column\" data-e-type=\"column\">\n\t\t\t<div class=\"elementor-widget-wrap elementor-element-populated\">\n\t\t\t\t\t\t<div class=\"elementor-element elementor-element-dfb9bde elementor-widget elementor-widget-video\" data-id=\"dfb9bde\" data-element_type=\"widget\" data-e-type=\"widget\" data-settings=\"{&quot;youtube_url&quot;:&quot;https:\\\/\\\/www.youtube.com\\\/watch?v=wAr6XdPG0wk&quot;,&quot;video_type&quot;:&quot;youtube&quot;,&quot;controls&quot;:&quot;yes&quot;}\" data-widget_type=\"video.default\">\n\t\t\t\t<div class=\"elementor-widget-container\">\n\t\t\t\t\t\t\t<div class=\"elementor-wrapper elementor-open-inline\">\n\t\t\t<div class=\"elementor-video\"><\/div>\t\t<\/div>\n\t\t\t\t\t\t<\/div>\n\t\t\t\t<\/div>\n\t\t\t\t\t<\/div>\n\t\t<\/div>\n\t\t\t\t\t<\/div>\n\t\t<\/section>\n\t\t\t\t<section class=\"elementor-section elementor-inner-section elementor-element elementor-element-1dbb443 elementor-section-boxed elementor-section-height-default elementor-section-height-default\" data-id=\"1dbb443\" data-element_type=\"section\" data-e-type=\"section\">\n\t\t\t\t\t\t<div class=\"elementor-container elementor-column-gap-default\">\n\t\t\t\t\t<div class=\"elementor-column elementor-col-33 elementor-inner-column elementor-element elementor-element-8768791\" data-id=\"8768791\" data-element_type=\"column\" data-e-type=\"column\">\n\t\t\t<div class=\"elementor-widget-wrap elementor-element-populated\">\n\t\t\t\t\t\t<div class=\"elementor-element elementor-element-a7f1aa7 elementor-widget elementor-widget-video\" data-id=\"a7f1aa7\" data-element_type=\"widget\" data-e-type=\"widget\" data-settings=\"{&quot;youtube_url&quot;:&quot;https:\\\/\\\/www.youtube.com\\\/watch?v=QHhSBv3Iwpk&quot;,&quot;video_type&quot;:&quot;youtube&quot;,&quot;controls&quot;:&quot;yes&quot;}\" data-widget_type=\"video.default\">\n\t\t\t\t<div class=\"elementor-widget-container\">\n\t\t\t\t\t\t\t<div class=\"elementor-wrapper elementor-open-inline\">\n\t\t\t<div class=\"elementor-video\"><\/div>\t\t<\/div>\n\t\t\t\t\t\t<\/div>\n\t\t\t\t<\/div>\n\t\t\t\t\t<\/div>\n\t\t<\/div>\n\t\t\t\t<div class=\"elementor-column elementor-col-33 elementor-inner-column elementor-element elementor-element-97a04d6\" data-id=\"97a04d6\" data-element_type=\"column\" data-e-type=\"column\">\n\t\t\t<div class=\"elementor-widget-wrap elementor-element-populated\">\n\t\t\t\t\t\t<div class=\"elementor-element elementor-element-75bb248 elementor-widget elementor-widget-video\" data-id=\"75bb248\" data-element_type=\"widget\" data-e-type=\"widget\" data-settings=\"{&quot;youtube_url&quot;:&quot;https:\\\/\\\/www.youtube.com\\\/watch?v=lETgrJ20CNg&quot;,&quot;video_type&quot;:&quot;youtube&quot;,&quot;controls&quot;:&quot;yes&quot;}\" data-widget_type=\"video.default\">\n\t\t\t\t<div class=\"elementor-widget-container\">\n\t\t\t\t\t\t\t<div class=\"elementor-wrapper elementor-open-inline\">\n\t\t\t<div class=\"elementor-video\"><\/div>\t\t<\/div>\n\t\t\t\t\t\t<\/div>\n\t\t\t\t<\/div>\n\t\t\t\t\t<\/div>\n\t\t<\/div>\n\t\t\t\t<div class=\"elementor-column elementor-col-33 elementor-inner-column elementor-element elementor-element-84c354c\" data-id=\"84c354c\" data-element_type=\"column\" data-e-type=\"column\">\n\t\t\t<div class=\"elementor-widget-wrap elementor-element-populated\">\n\t\t\t\t\t\t<div class=\"elementor-element elementor-element-6f39033 elementor-widget elementor-widget-video\" data-id=\"6f39033\" data-element_type=\"widget\" data-e-type=\"widget\" data-settings=\"{&quot;youtube_url&quot;:&quot;https:\\\/\\\/www.youtube.com\\\/watch?v=op16rBT-DpM&quot;,&quot;video_type&quot;:&quot;youtube&quot;,&quot;controls&quot;:&quot;yes&quot;}\" data-widget_type=\"video.default\">\n\t\t\t\t<div class=\"elementor-widget-container\">\n\t\t\t\t\t\t\t<div class=\"elementor-wrapper elementor-open-inline\">\n\t\t\t<div class=\"elementor-video\"><\/div>\t\t<\/div>\n\t\t\t\t\t\t<\/div>\n\t\t\t\t<\/div>\n\t\t\t\t\t<\/div>\n\t\t<\/div>\n\t\t\t\t\t<\/div>\n\t\t<\/section>\n\t\t\t\t<section class=\"elementor-section elementor-inner-section elementor-element elementor-element-d92010b elementor-section-boxed elementor-section-height-default elementor-section-height-default\" data-id=\"d92010b\" data-element_type=\"section\" data-e-type=\"section\">\n\t\t\t\t\t\t<div class=\"elementor-container elementor-column-gap-default\">\n\t\t\t\t\t<div class=\"elementor-column elementor-col-33 elementor-inner-column elementor-element elementor-element-e0715a1\" data-id=\"e0715a1\" data-element_type=\"column\" data-e-type=\"column\">\n\t\t\t<div class=\"elementor-widget-wrap elementor-element-populated\">\n\t\t\t\t\t\t<div class=\"elementor-element elementor-element-fe58218 elementor-widget elementor-widget-video\" data-id=\"fe58218\" data-element_type=\"widget\" data-e-type=\"widget\" data-settings=\"{&quot;youtube_url&quot;:&quot;https:\\\/\\\/www.youtube.com\\\/watch?v=OBh84cg3lsQ&quot;,&quot;video_type&quot;:&quot;youtube&quot;,&quot;controls&quot;:&quot;yes&quot;}\" data-widget_type=\"video.default\">\n\t\t\t\t<div class=\"elementor-widget-container\">\n\t\t\t\t\t\t\t<div class=\"elementor-wrapper elementor-open-inline\">\n\t\t\t<div class=\"elementor-video\"><\/div>\t\t<\/div>\n\t\t\t\t\t\t<\/div>\n\t\t\t\t<\/div>\n\t\t\t\t\t<\/div>\n\t\t<\/div>\n\t\t\t\t<div class=\"elementor-column elementor-col-33 elementor-inner-column elementor-element elementor-element-9b7e0d0\" data-id=\"9b7e0d0\" data-element_type=\"column\" data-e-type=\"column\">\n\t\t\t<div class=\"elementor-widget-wrap elementor-element-populated\">\n\t\t\t\t\t\t<div class=\"elementor-element elementor-element-851a1dc elementor-widget elementor-widget-video\" data-id=\"851a1dc\" data-element_type=\"widget\" data-e-type=\"widget\" data-settings=\"{&quot;youtube_url&quot;:&quot;https:\\\/\\\/www.youtube.com\\\/watch?v=SohGqTD2WsU&quot;,&quot;video_type&quot;:&quot;youtube&quot;,&quot;controls&quot;:&quot;yes&quot;}\" data-widget_type=\"video.default\">\n\t\t\t\t<div class=\"elementor-widget-container\">\n\t\t\t\t\t\t\t<div class=\"elementor-wrapper elementor-open-inline\">\n\t\t\t<div class=\"elementor-video\"><\/div>\t\t<\/div>\n\t\t\t\t\t\t<\/div>\n\t\t\t\t<\/div>\n\t\t\t\t\t<\/div>\n\t\t<\/div>\n\t\t\t\t<div class=\"elementor-column elementor-col-33 elementor-inner-column elementor-element elementor-element-3eadd04\" data-id=\"3eadd04\" data-element_type=\"column\" data-e-type=\"column\">\n\t\t\t<div class=\"elementor-widget-wrap elementor-element-populated\">\n\t\t\t\t\t\t<div class=\"elementor-element elementor-element-10fe735 elementor-widget elementor-widget-video\" data-id=\"10fe735\" data-element_type=\"widget\" data-e-type=\"widget\" data-settings=\"{&quot;youtube_url&quot;:&quot;https:\\\/\\\/www.youtube.com\\\/watch?v=F12UWH1YRHc&quot;,&quot;video_type&quot;:&quot;youtube&quot;,&quot;controls&quot;:&quot;yes&quot;}\" data-widget_type=\"video.default\">\n\t\t\t\t<div class=\"elementor-widget-container\">\n\t\t\t\t\t\t\t<div class=\"elementor-wrapper elementor-open-inline\">\n\t\t\t<div class=\"elementor-video\"><\/div>\t\t<\/div>\n\t\t\t\t\t\t<\/div>\n\t\t\t\t<\/div>\n\t\t\t\t\t<\/div>\n\t\t<\/div>\n\t\t\t\t\t<\/div>\n\t\t<\/section>\n\t\t\t\t<section class=\"elementor-section elementor-inner-section elementor-element elementor-element-5c6e211 elementor-section-boxed elementor-section-height-default elementor-section-height-default\" data-id=\"5c6e211\" data-element_type=\"section\" data-e-type=\"section\">\n\t\t\t\t\t\t<div class=\"elementor-container elementor-column-gap-default\">\n\t\t\t\t\t<div class=\"elementor-column elementor-col-33 elementor-inner-column elementor-element elementor-element-489310e\" data-id=\"489310e\" data-element_type=\"column\" data-e-type=\"column\">\n\t\t\t<div class=\"elementor-widget-wrap elementor-element-populated\">\n\t\t\t\t\t\t<div class=\"elementor-element elementor-element-a2f3896 elementor-widget elementor-widget-video\" data-id=\"a2f3896\" data-element_type=\"widget\" data-e-type=\"widget\" data-settings=\"{&quot;youtube_url&quot;:&quot;https:\\\/\\\/www.youtube.com\\\/watch?v=xD9V2F59B_8&quot;,&quot;video_type&quot;:&quot;youtube&quot;,&quot;controls&quot;:&quot;yes&quot;}\" data-widget_type=\"video.default\">\n\t\t\t\t<div class=\"elementor-widget-container\">\n\t\t\t\t\t\t\t<div class=\"elementor-wrapper elementor-open-inline\">\n\t\t\t<div class=\"elementor-video\"><\/div>\t\t<\/div>\n\t\t\t\t\t\t<\/div>\n\t\t\t\t<\/div>\n\t\t\t\t\t<\/div>\n\t\t<\/div>\n\t\t\t\t<div class=\"elementor-column elementor-col-33 elementor-inner-column elementor-element elementor-element-a316889\" data-id=\"a316889\" data-element_type=\"column\" data-e-type=\"column\">\n\t\t\t<div class=\"elementor-widget-wrap elementor-element-populated\">\n\t\t\t\t\t\t<div class=\"elementor-element elementor-element-f5424fe elementor-widget elementor-widget-video\" data-id=\"f5424fe\" data-element_type=\"widget\" data-e-type=\"widget\" data-settings=\"{&quot;youtube_url&quot;:&quot;https:\\\/\\\/www.youtube.com\\\/watch?v=85rtA111Qdo&quot;,&quot;video_type&quot;:&quot;youtube&quot;,&quot;controls&quot;:&quot;yes&quot;}\" data-widget_type=\"video.default\">\n\t\t\t\t<div class=\"elementor-widget-container\">\n\t\t\t\t\t\t\t<div class=\"elementor-wrapper elementor-open-inline\">\n\t\t\t<div class=\"elementor-video\"><\/div>\t\t<\/div>\n\t\t\t\t\t\t<\/div>\n\t\t\t\t<\/div>\n\t\t\t\t\t<\/div>\n\t\t<\/div>\n\t\t\t\t<div class=\"elementor-column elementor-col-33 elementor-inner-column elementor-element elementor-element-6864d47\" data-id=\"6864d47\" data-element_type=\"column\" data-e-type=\"column\">\n\t\t\t<div class=\"elementor-widget-wrap elementor-element-populated\">\n\t\t\t\t\t\t<div class=\"elementor-element elementor-element-b1ebfe5 elementor-widget elementor-widget-video\" data-id=\"b1ebfe5\" data-element_type=\"widget\" data-e-type=\"widget\" data-settings=\"{&quot;youtube_url&quot;:&quot;https:\\\/\\\/www.youtube.com\\\/watch?v=68_-9I6H30A&quot;,&quot;video_type&quot;:&quot;youtube&quot;,&quot;controls&quot;:&quot;yes&quot;}\" data-widget_type=\"video.default\">\n\t\t\t\t<div class=\"elementor-widget-container\">\n\t\t\t\t\t\t\t<div class=\"elementor-wrapper elementor-open-inline\">\n\t\t\t<div class=\"elementor-video\"><\/div>\t\t<\/div>\n\t\t\t\t\t\t<\/div>\n\t\t\t\t<\/div>\n\t\t\t\t\t<\/div>\n\t\t<\/div>\n\t\t\t\t\t<\/div>\n\t\t<\/section>\n\t\t\t\t<section class=\"elementor-section elementor-inner-section elementor-element elementor-element-2762e77 elementor-section-boxed elementor-section-height-default elementor-section-height-default\" data-id=\"2762e77\" data-element_type=\"section\" data-e-type=\"section\">\n\t\t\t\t\t\t<div class=\"elementor-container elementor-column-gap-default\">\n\t\t\t\t\t<div class=\"elementor-column elementor-col-33 elementor-inner-column elementor-element elementor-element-c9682d3\" data-id=\"c9682d3\" data-element_type=\"column\" data-e-type=\"column\">\n\t\t\t<div class=\"elementor-widget-wrap elementor-element-populated\">\n\t\t\t\t\t\t<div class=\"elementor-element elementor-element-65f1f31 elementor-widget elementor-widget-video\" data-id=\"65f1f31\" data-element_type=\"widget\" data-e-type=\"widget\" data-settings=\"{&quot;youtube_url&quot;:&quot;https:\\\/\\\/www.youtube.com\\\/watch?v=_zT-43P4J5s&quot;,&quot;video_type&quot;:&quot;youtube&quot;,&quot;controls&quot;:&quot;yes&quot;}\" data-widget_type=\"video.default\">\n\t\t\t\t<div class=\"elementor-widget-container\">\n\t\t\t\t\t\t\t<div class=\"elementor-wrapper elementor-open-inline\">\n\t\t\t<div class=\"elementor-video\"><\/div>\t\t<\/div>\n\t\t\t\t\t\t<\/div>\n\t\t\t\t<\/div>\n\t\t\t\t\t<\/div>\n\t\t<\/div>\n\t\t\t\t<div class=\"elementor-column elementor-col-33 elementor-inner-column elementor-element elementor-element-17832d7\" data-id=\"17832d7\" data-element_type=\"column\" data-e-type=\"column\">\n\t\t\t<div class=\"elementor-widget-wrap elementor-element-populated\">\n\t\t\t\t\t\t<div class=\"elementor-element elementor-element-10fefec elementor-widget elementor-widget-video\" data-id=\"10fefec\" data-element_type=\"widget\" data-e-type=\"widget\" data-settings=\"{&quot;youtube_url&quot;:&quot;https:\\\/\\\/www.youtube.com\\\/watch?v=IJbumKBsD0Q&quot;,&quot;video_type&quot;:&quot;youtube&quot;,&quot;controls&quot;:&quot;yes&quot;}\" data-widget_type=\"video.default\">\n\t\t\t\t<div class=\"elementor-widget-container\">\n\t\t\t\t\t\t\t<div class=\"elementor-wrapper elementor-open-inline\">\n\t\t\t<div class=\"elementor-video\"><\/div>\t\t<\/div>\n\t\t\t\t\t\t<\/div>\n\t\t\t\t<\/div>\n\t\t\t\t\t<\/div>\n\t\t<\/div>\n\t\t\t\t<div class=\"elementor-column elementor-col-33 elementor-inner-column elementor-element elementor-element-9852713\" data-id=\"9852713\" data-element_type=\"column\" data-e-type=\"column\">\n\t\t\t<div class=\"elementor-widget-wrap elementor-element-populated\">\n\t\t\t\t\t\t<div class=\"elementor-element elementor-element-6fe19fc elementor-widget elementor-widget-video\" data-id=\"6fe19fc\" data-element_type=\"widget\" data-e-type=\"widget\" data-settings=\"{&quot;youtube_url&quot;:&quot;https:\\\/\\\/www.youtube.com\\\/watch?v=XLj-evT8ebM&quot;,&quot;video_type&quot;:&quot;youtube&quot;,&quot;controls&quot;:&quot;yes&quot;}\" data-widget_type=\"video.default\">\n\t\t\t\t<div class=\"elementor-widget-container\">\n\t\t\t\t\t\t\t<div class=\"elementor-wrapper elementor-open-inline\">\n\t\t\t<div class=\"elementor-video\"><\/div>\t\t<\/div>\n\t\t\t\t\t\t<\/div>\n\t\t\t\t<\/div>\n\t\t\t\t\t<\/div>\n\t\t<\/div>\n\t\t\t\t\t<\/div>\n\t\t<\/section>\n\t\t\t\t<section class=\"elementor-section elementor-inner-section elementor-element elementor-element-c36c9d9 elementor-section-boxed elementor-section-height-default elementor-section-height-default\" data-id=\"c36c9d9\" data-element_type=\"section\" data-e-type=\"section\">\n\t\t\t\t\t\t<div class=\"elementor-container elementor-column-gap-default\">\n\t\t\t\t\t<div class=\"elementor-column elementor-col-33 elementor-inner-column elementor-element elementor-element-3b95bfe\" data-id=\"3b95bfe\" data-element_type=\"column\" data-e-type=\"column\">\n\t\t\t<div class=\"elementor-widget-wrap elementor-element-populated\">\n\t\t\t\t\t\t<div class=\"elementor-element elementor-element-09626fe elementor-widget elementor-widget-video\" data-id=\"09626fe\" data-element_type=\"widget\" data-e-type=\"widget\" data-settings=\"{&quot;youtube_url&quot;:&quot;https:\\\/\\\/www.youtube.com\\\/watch?v=pcOQZHbv9NI&quot;,&quot;video_type&quot;:&quot;youtube&quot;,&quot;controls&quot;:&quot;yes&quot;}\" data-widget_type=\"video.default\">\n\t\t\t\t<div class=\"elementor-widget-container\">\n\t\t\t\t\t\t\t<div class=\"elementor-wrapper elementor-open-inline\">\n\t\t\t<div class=\"elementor-video\"><\/div>\t\t<\/div>\n\t\t\t\t\t\t<\/div>\n\t\t\t\t<\/div>\n\t\t\t\t\t<\/div>\n\t\t<\/div>\n\t\t\t\t<div class=\"elementor-column elementor-col-33 elementor-inner-column elementor-element elementor-element-21bca22\" data-id=\"21bca22\" data-element_type=\"column\" data-e-type=\"column\">\n\t\t\t<div class=\"elementor-widget-wrap elementor-element-populated\">\n\t\t\t\t\t\t<div class=\"elementor-element elementor-element-d2683ff elementor-widget elementor-widget-video\" data-id=\"d2683ff\" data-element_type=\"widget\" data-e-type=\"widget\" data-settings=\"{&quot;youtube_url&quot;:&quot;https:\\\/\\\/www.youtube.com\\\/watch?v=Leyw_IKMBvI&quot;,&quot;video_type&quot;:&quot;youtube&quot;,&quot;controls&quot;:&quot;yes&quot;}\" data-widget_type=\"video.default\">\n\t\t\t\t<div class=\"elementor-widget-container\">\n\t\t\t\t\t\t\t<div class=\"elementor-wrapper elementor-open-inline\">\n\t\t\t<div class=\"elementor-video\"><\/div>\t\t<\/div>\n\t\t\t\t\t\t<\/div>\n\t\t\t\t<\/div>\n\t\t\t\t\t<\/div>\n\t\t<\/div>\n\t\t\t\t<div class=\"elementor-column elementor-col-33 elementor-inner-column elementor-element elementor-element-2eb2adb\" data-id=\"2eb2adb\" data-element_type=\"column\" data-e-type=\"column\">\n\t\t\t<div class=\"elementor-widget-wrap elementor-element-populated\">\n\t\t\t\t\t\t<div class=\"elementor-element elementor-element-ecbf5c2 elementor-widget elementor-widget-video\" data-id=\"ecbf5c2\" data-element_type=\"widget\" data-e-type=\"widget\" data-settings=\"{&quot;youtube_url&quot;:&quot;https:\\\/\\\/www.youtube.com\\\/watch?v=N5Gk9xb89Yk&quot;,&quot;video_type&quot;:&quot;youtube&quot;,&quot;controls&quot;:&quot;yes&quot;}\" data-widget_type=\"video.default\">\n\t\t\t\t<div class=\"elementor-widget-container\">\n\t\t\t\t\t\t\t<div class=\"elementor-wrapper elementor-open-inline\">\n\t\t\t<div class=\"elementor-video\"><\/div>\t\t<\/div>\n\t\t\t\t\t\t<\/div>\n\t\t\t\t<\/div>\n\t\t\t\t\t<\/div>\n\t\t<\/div>\n\t\t\t\t\t<\/div>\n\t\t<\/section>\n\t\t\t\t<section class=\"elementor-section elementor-inner-section elementor-element elementor-element-4ce6b13 elementor-section-boxed elementor-section-height-default elementor-section-height-default\" data-id=\"4ce6b13\" data-element_type=\"section\" data-e-type=\"section\">\n\t\t\t\t\t\t<div class=\"elementor-container elementor-column-gap-default\">\n\t\t\t\t\t<div class=\"elementor-column elementor-col-33 elementor-inner-column elementor-element elementor-element-3b67bc5\" data-id=\"3b67bc5\" data-element_type=\"column\" data-e-type=\"column\">\n\t\t\t<div class=\"elementor-widget-wrap elementor-element-populated\">\n\t\t\t\t\t\t<div class=\"elementor-element elementor-element-0ca8e2f elementor-widget elementor-widget-video\" data-id=\"0ca8e2f\" data-element_type=\"widget\" data-e-type=\"widget\" data-settings=\"{&quot;youtube_url&quot;:&quot;https:\\\/\\\/www.youtube.com\\\/watch?v=vm-AM5mDZqk&quot;,&quot;video_type&quot;:&quot;youtube&quot;,&quot;controls&quot;:&quot;yes&quot;}\" data-widget_type=\"video.default\">\n\t\t\t\t<div class=\"elementor-widget-container\">\n\t\t\t\t\t\t\t<div class=\"elementor-wrapper elementor-open-inline\">\n\t\t\t<div class=\"elementor-video\"><\/div>\t\t<\/div>\n\t\t\t\t\t\t<\/div>\n\t\t\t\t<\/div>\n\t\t\t\t\t<\/div>\n\t\t<\/div>\n\t\t\t\t<div class=\"elementor-column elementor-col-33 elementor-inner-column elementor-element elementor-element-f0a3f98\" data-id=\"f0a3f98\" data-element_type=\"column\" data-e-type=\"column\">\n\t\t\t<div class=\"elementor-widget-wrap elementor-element-populated\">\n\t\t\t\t\t\t<div class=\"elementor-element elementor-element-afaea2a elementor-widget elementor-widget-video\" data-id=\"afaea2a\" data-element_type=\"widget\" data-e-type=\"widget\" data-settings=\"{&quot;youtube_url&quot;:&quot;https:\\\/\\\/www.youtube.com\\\/watch?v=iK5XbU-UWBQ&quot;,&quot;video_type&quot;:&quot;youtube&quot;,&quot;controls&quot;:&quot;yes&quot;}\" data-widget_type=\"video.default\">\n\t\t\t\t<div class=\"elementor-widget-container\">\n\t\t\t\t\t\t\t<div class=\"elementor-wrapper elementor-open-inline\">\n\t\t\t<div class=\"elementor-video\"><\/div>\t\t<\/div>\n\t\t\t\t\t\t<\/div>\n\t\t\t\t<\/div>\n\t\t\t\t\t<\/div>\n\t\t<\/div>\n\t\t\t\t<div class=\"elementor-column elementor-col-33 elementor-inner-column elementor-element elementor-element-3fc0bac\" data-id=\"3fc0bac\" data-element_type=\"column\" data-e-type=\"column\">\n\t\t\t<div class=\"elementor-widget-wrap elementor-element-populated\">\n\t\t\t\t\t\t<div class=\"elementor-element elementor-element-03f0592 elementor-widget elementor-widget-video\" data-id=\"03f0592\" data-element_type=\"widget\" data-e-type=\"widget\" data-settings=\"{&quot;youtube_url&quot;:&quot;https:\\\/\\\/www.youtube.com\\\/watch?v=xDdYfO8Zabs&quot;,&quot;video_type&quot;:&quot;youtube&quot;,&quot;controls&quot;:&quot;yes&quot;}\" data-widget_type=\"video.default\">\n\t\t\t\t<div class=\"elementor-widget-container\">\n\t\t\t\t\t\t\t<div class=\"elementor-wrapper elementor-open-inline\">\n\t\t\t<div class=\"elementor-video\"><\/div>\t\t<\/div>\n\t\t\t\t\t\t<\/div>\n\t\t\t\t<\/div>\n\t\t\t\t\t<\/div>\n\t\t<\/div>\n\t\t\t\t\t<\/div>\n\t\t<\/section>\n\t\t\t\t<section class=\"elementor-section elementor-inner-section elementor-element elementor-element-74c803e elementor-section-boxed elementor-section-height-default elementor-section-height-default\" data-id=\"74c803e\" data-element_type=\"section\" data-e-type=\"section\">\n\t\t\t\t\t\t<div class=\"elementor-container elementor-column-gap-default\">\n\t\t\t\t\t<div class=\"elementor-column elementor-col-33 elementor-inner-column elementor-element elementor-element-6d7d5e3\" data-id=\"6d7d5e3\" data-element_type=\"column\" data-e-type=\"column\">\n\t\t\t<div class=\"elementor-widget-wrap elementor-element-populated\">\n\t\t\t\t\t\t<div class=\"elementor-element elementor-element-d623659 elementor-widget elementor-widget-video\" data-id=\"d623659\" data-element_type=\"widget\" data-e-type=\"widget\" data-settings=\"{&quot;youtube_url&quot;:&quot;https:\\\/\\\/www.youtube.com\\\/watch?v=BTnyzm5G_0s&quot;,&quot;video_type&quot;:&quot;youtube&quot;,&quot;controls&quot;:&quot;yes&quot;}\" data-widget_type=\"video.default\">\n\t\t\t\t<div class=\"elementor-widget-container\">\n\t\t\t\t\t\t\t<div class=\"elementor-wrapper elementor-open-inline\">\n\t\t\t<div class=\"elementor-video\"><\/div>\t\t<\/div>\n\t\t\t\t\t\t<\/div>\n\t\t\t\t<\/div>\n\t\t\t\t\t<\/div>\n\t\t<\/div>\n\t\t\t\t<div class=\"elementor-column elementor-col-33 elementor-inner-column elementor-element elementor-element-71608d9\" data-id=\"71608d9\" data-element_type=\"column\" data-e-type=\"column\">\n\t\t\t<div class=\"elementor-widget-wrap elementor-element-populated\">\n\t\t\t\t\t\t<div class=\"elementor-element elementor-element-e950589 elementor-widget elementor-widget-video\" data-id=\"e950589\" data-element_type=\"widget\" data-e-type=\"widget\" data-settings=\"{&quot;youtube_url&quot;:&quot;https:\\\/\\\/www.youtube.com\\\/watch?v=Iasm27lfIHw&quot;,&quot;video_type&quot;:&quot;youtube&quot;,&quot;controls&quot;:&quot;yes&quot;}\" data-widget_type=\"video.default\">\n\t\t\t\t<div class=\"elementor-widget-container\">\n\t\t\t\t\t\t\t<div class=\"elementor-wrapper elementor-open-inline\">\n\t\t\t<div class=\"elementor-video\"><\/div>\t\t<\/div>\n\t\t\t\t\t\t<\/div>\n\t\t\t\t<\/div>\n\t\t\t\t\t<\/div>\n\t\t<\/div>\n\t\t\t\t<div class=\"elementor-column elementor-col-33 elementor-inner-column elementor-element elementor-element-8cd0902\" data-id=\"8cd0902\" data-element_type=\"column\" data-e-type=\"column\">\n\t\t\t<div class=\"elementor-widget-wrap elementor-element-populated\">\n\t\t\t\t\t\t<div class=\"elementor-element elementor-element-8d2857d elementor-widget elementor-widget-video\" data-id=\"8d2857d\" data-element_type=\"widget\" data-e-type=\"widget\" data-settings=\"{&quot;youtube_url&quot;:&quot;https:\\\/\\\/www.youtube.com\\\/watch?v=CTSXb-tx1QI&quot;,&quot;video_type&quot;:&quot;youtube&quot;,&quot;controls&quot;:&quot;yes&quot;}\" data-widget_type=\"video.default\">\n\t\t\t\t<div class=\"elementor-widget-container\">\n\t\t\t\t\t\t\t<div class=\"elementor-wrapper elementor-open-inline\">\n\t\t\t<div class=\"elementor-video\"><\/div>\t\t<\/div>\n\t\t\t\t\t\t<\/div>\n\t\t\t\t<\/div>\n\t\t\t\t\t<\/div>\n\t\t<\/div>\n\t\t\t\t\t<\/div>\n\t\t<\/section>\n\t\t\t\t<section class=\"elementor-section elementor-inner-section elementor-element elementor-element-c218263 elementor-section-boxed elementor-section-height-default elementor-section-height-default\" data-id=\"c218263\" data-element_type=\"section\" data-e-type=\"section\">\n\t\t\t\t\t\t<div class=\"elementor-container elementor-column-gap-default\">\n\t\t\t\t\t<div class=\"elementor-column elementor-col-33 elementor-inner-column elementor-element elementor-element-cd93334\" data-id=\"cd93334\" data-element_type=\"column\" data-e-type=\"column\">\n\t\t\t<div class=\"elementor-widget-wrap elementor-element-populated\">\n\t\t\t\t\t\t<div class=\"elementor-element elementor-element-e4f4a7d elementor-widget elementor-widget-video\" data-id=\"e4f4a7d\" data-element_type=\"widget\" data-e-type=\"widget\" data-settings=\"{&quot;youtube_url&quot;:&quot;https:\\\/\\\/www.youtube.com\\\/watch?v=4Y_ClbKG3TY&quot;,&quot;video_type&quot;:&quot;youtube&quot;,&quot;controls&quot;:&quot;yes&quot;}\" data-widget_type=\"video.default\">\n\t\t\t\t<div class=\"elementor-widget-container\">\n\t\t\t\t\t\t\t<div class=\"elementor-wrapper elementor-open-inline\">\n\t\t\t<div class=\"elementor-video\"><\/div>\t\t<\/div>\n\t\t\t\t\t\t<\/div>\n\t\t\t\t<\/div>\n\t\t\t\t\t<\/div>\n\t\t<\/div>\n\t\t\t\t<div class=\"elementor-column elementor-col-33 elementor-inner-column elementor-element elementor-element-f86dd9a\" data-id=\"f86dd9a\" data-element_type=\"column\" data-e-type=\"column\">\n\t\t\t<div class=\"elementor-widget-wrap elementor-element-populated\">\n\t\t\t\t\t\t<div class=\"elementor-element elementor-element-c004036 elementor-widget elementor-widget-video\" data-id=\"c004036\" data-element_type=\"widget\" data-e-type=\"widget\" data-settings=\"{&quot;youtube_url&quot;:&quot;https:\\\/\\\/www.youtube.com\\\/watch?v=SiqE_KpuXxI&quot;,&quot;video_type&quot;:&quot;youtube&quot;,&quot;controls&quot;:&quot;yes&quot;}\" data-widget_type=\"video.default\">\n\t\t\t\t<div class=\"elementor-widget-container\">\n\t\t\t\t\t\t\t<div class=\"elementor-wrapper elementor-open-inline\">\n\t\t\t<div class=\"elementor-video\"><\/div>\t\t<\/div>\n\t\t\t\t\t\t<\/div>\n\t\t\t\t<\/div>\n\t\t\t\t\t<\/div>\n\t\t<\/div>\n\t\t\t\t<div class=\"elementor-column elementor-col-33 elementor-inner-column elementor-element elementor-element-34f34e3\" data-id=\"34f34e3\" data-element_type=\"column\" data-e-type=\"column\">\n\t\t\t<div class=\"elementor-widget-wrap elementor-element-populated\">\n\t\t\t\t\t\t<div class=\"elementor-element elementor-element-24a419a elementor-widget elementor-widget-video\" data-id=\"24a419a\" data-element_type=\"widget\" data-e-type=\"widget\" data-settings=\"{&quot;youtube_url&quot;:&quot;https:\\\/\\\/www.youtube.com\\\/watch?v=qCAPBU0ecD0&quot;,&quot;video_type&quot;:&quot;youtube&quot;,&quot;controls&quot;:&quot;yes&quot;}\" data-widget_type=\"video.default\">\n\t\t\t\t<div class=\"elementor-widget-container\">\n\t\t\t\t\t\t\t<div class=\"elementor-wrapper elementor-open-inline\">\n\t\t\t<div class=\"elementor-video\"><\/div>\t\t<\/div>\n\t\t\t\t\t\t<\/div>\n\t\t\t\t<\/div>\n\t\t\t\t\t<\/div>\n\t\t<\/div>\n\t\t\t\t\t<\/div>\n\t\t<\/section>\n\t\t\t\t<section class=\"elementor-section elementor-inner-section elementor-element elementor-element-8eb9181 elementor-section-boxed elementor-section-height-default elementor-section-height-default\" data-id=\"8eb9181\" data-element_type=\"section\" data-e-type=\"section\">\n\t\t\t\t\t\t<div class=\"elementor-container elementor-column-gap-default\">\n\t\t\t\t\t<div class=\"elementor-column elementor-col-33 elementor-inner-column elementor-element elementor-element-b1cc597\" data-id=\"b1cc597\" data-element_type=\"column\" data-e-type=\"column\">\n\t\t\t<div class=\"elementor-widget-wrap elementor-element-populated\">\n\t\t\t\t\t\t<div class=\"elementor-element elementor-element-8a312f6 elementor-widget elementor-widget-video\" data-id=\"8a312f6\" data-element_type=\"widget\" data-e-type=\"widget\" data-settings=\"{&quot;youtube_url&quot;:&quot;https:\\\/\\\/www.youtube.com\\\/watch?v=_-Q_Rlwjxu4&quot;,&quot;video_type&quot;:&quot;youtube&quot;,&quot;controls&quot;:&quot;yes&quot;}\" data-widget_type=\"video.default\">\n\t\t\t\t<div class=\"elementor-widget-container\">\n\t\t\t\t\t\t\t<div class=\"elementor-wrapper elementor-open-inline\">\n\t\t\t<div class=\"elementor-video\"><\/div>\t\t<\/div>\n\t\t\t\t\t\t<\/div>\n\t\t\t\t<\/div>\n\t\t\t\t\t<\/div>\n\t\t<\/div>\n\t\t\t\t<div class=\"elementor-column elementor-col-33 elementor-inner-column elementor-element elementor-element-e3590bb\" data-id=\"e3590bb\" data-element_type=\"column\" data-e-type=\"column\">\n\t\t\t<div class=\"elementor-widget-wrap elementor-element-populated\">\n\t\t\t\t\t\t<div class=\"elementor-element elementor-element-e9f6750 elementor-widget elementor-widget-video\" data-id=\"e9f6750\" data-element_type=\"widget\" data-e-type=\"widget\" data-settings=\"{&quot;youtube_url&quot;:&quot;https:\\\/\\\/www.youtube.com\\\/watch?v=9vl37ZHm5_A&quot;,&quot;video_type&quot;:&quot;youtube&quot;,&quot;controls&quot;:&quot;yes&quot;}\" data-widget_type=\"video.default\">\n\t\t\t\t<div class=\"elementor-widget-container\">\n\t\t\t\t\t\t\t<div class=\"elementor-wrapper elementor-open-inline\">\n\t\t\t<div class=\"elementor-video\"><\/div>\t\t<\/div>\n\t\t\t\t\t\t<\/div>\n\t\t\t\t<\/div>\n\t\t\t\t\t<\/div>\n\t\t<\/div>\n\t\t\t\t<div class=\"elementor-column elementor-col-33 elementor-inner-column elementor-element elementor-element-9439873\" data-id=\"9439873\" data-element_type=\"column\" data-e-type=\"column\">\n\t\t\t<div class=\"elementor-widget-wrap elementor-element-populated\">\n\t\t\t\t\t\t<div class=\"elementor-element elementor-element-75199a1 elementor-widget elementor-widget-video\" data-id=\"75199a1\" data-element_type=\"widget\" data-e-type=\"widget\" data-settings=\"{&quot;youtube_url&quot;:&quot;https:\\\/\\\/www.youtube.com\\\/watch?v=W9HHo2BC670&quot;,&quot;video_type&quot;:&quot;youtube&quot;,&quot;controls&quot;:&quot;yes&quot;}\" data-widget_type=\"video.default\">\n\t\t\t\t<div class=\"elementor-widget-container\">\n\t\t\t\t\t\t\t<div class=\"elementor-wrapper elementor-open-inline\">\n\t\t\t<div class=\"elementor-video\"><\/div>\t\t<\/div>\n\t\t\t\t\t\t<\/div>\n\t\t\t\t<\/div>\n\t\t\t\t\t<\/div>\n\t\t<\/div>\n\t\t\t\t\t<\/div>\n\t\t<\/section>\n\t\t\t\t<section class=\"elementor-section elementor-inner-section elementor-element elementor-element-0470d83 elementor-section-boxed elementor-section-height-default elementor-section-height-default\" data-id=\"0470d83\" data-element_type=\"section\" data-e-type=\"section\">\n\t\t\t\t\t\t<div class=\"elementor-container elementor-column-gap-default\">\n\t\t\t\t\t<div class=\"elementor-column elementor-col-33 elementor-inner-column elementor-element elementor-element-d50d763\" data-id=\"d50d763\" data-element_type=\"column\" data-e-type=\"column\">\n\t\t\t<div class=\"elementor-widget-wrap elementor-element-populated\">\n\t\t\t\t\t\t<div class=\"elementor-element elementor-element-10323f8 elementor-widget elementor-widget-video\" data-id=\"10323f8\" data-element_type=\"widget\" data-e-type=\"widget\" data-settings=\"{&quot;youtube_url&quot;:&quot;https:\\\/\\\/www.youtube.com\\\/watch?v=1ts5zZ3v7zw&quot;,&quot;video_type&quot;:&quot;youtube&quot;,&quot;controls&quot;:&quot;yes&quot;}\" data-widget_type=\"video.default\">\n\t\t\t\t<div class=\"elementor-widget-container\">\n\t\t\t\t\t\t\t<div class=\"elementor-wrapper elementor-open-inline\">\n\t\t\t<div class=\"elementor-video\"><\/div>\t\t<\/div>\n\t\t\t\t\t\t<\/div>\n\t\t\t\t<\/div>\n\t\t\t\t\t<\/div>\n\t\t<\/div>\n\t\t\t\t<div class=\"elementor-column elementor-col-33 elementor-inner-column elementor-element elementor-element-4f78e11\" data-id=\"4f78e11\" data-element_type=\"column\" data-e-type=\"column\">\n\t\t\t<div class=\"elementor-widget-wrap elementor-element-populated\">\n\t\t\t\t\t\t<div class=\"elementor-element elementor-element-509b161 elementor-widget elementor-widget-video\" data-id=\"509b161\" data-element_type=\"widget\" data-e-type=\"widget\" data-settings=\"{&quot;youtube_url&quot;:&quot;https:\\\/\\\/www.youtube.com\\\/watch?v=y0kfaoMqTFs&quot;,&quot;video_type&quot;:&quot;youtube&quot;,&quot;controls&quot;:&quot;yes&quot;}\" data-widget_type=\"video.default\">\n\t\t\t\t<div class=\"elementor-widget-container\">\n\t\t\t\t\t\t\t<div class=\"elementor-wrapper elementor-open-inline\">\n\t\t\t<div class=\"elementor-video\"><\/div>\t\t<\/div>\n\t\t\t\t\t\t<\/div>\n\t\t\t\t<\/div>\n\t\t\t\t\t<\/div>\n\t\t<\/div>\n\t\t\t\t<div class=\"elementor-column elementor-col-33 elementor-inner-column elementor-element elementor-element-55210c9\" data-id=\"55210c9\" data-element_type=\"column\" data-e-type=\"column\">\n\t\t\t<div class=\"elementor-widget-wrap elementor-element-populated\">\n\t\t\t\t\t\t<div class=\"elementor-element elementor-element-03a8fa0 elementor-widget elementor-widget-video\" data-id=\"03a8fa0\" data-element_type=\"widget\" data-e-type=\"widget\" data-settings=\"{&quot;youtube_url&quot;:&quot;https:\\\/\\\/www.youtube.com\\\/watch?v=yZfEbJQhoFs&quot;,&quot;video_type&quot;:&quot;youtube&quot;,&quot;controls&quot;:&quot;yes&quot;}\" data-widget_type=\"video.default\">\n\t\t\t\t<div class=\"elementor-widget-container\">\n\t\t\t\t\t\t\t<div class=\"elementor-wrapper elementor-open-inline\">\n\t\t\t<div class=\"elementor-video\"><\/div>\t\t<\/div>\n\t\t\t\t\t\t<\/div>\n\t\t\t\t<\/div>\n\t\t\t\t\t<\/div>\n\t\t<\/div>\n\t\t\t\t\t<\/div>\n\t\t<\/section>\n\t\t\t\t<section class=\"elementor-section elementor-inner-section elementor-element elementor-element-70cb3ee elementor-section-boxed elementor-section-height-default elementor-section-height-default\" data-id=\"70cb3ee\" data-element_type=\"section\" data-e-type=\"section\">\n\t\t\t\t\t\t<div class=\"elementor-container elementor-column-gap-default\">\n\t\t\t\t\t<div class=\"elementor-column elementor-col-33 elementor-inner-column elementor-element elementor-element-79bbd95\" data-id=\"79bbd95\" data-element_type=\"column\" data-e-type=\"column\">\n\t\t\t<div class=\"elementor-widget-wrap elementor-element-populated\">\n\t\t\t\t\t\t<div class=\"elementor-element elementor-element-f45019f elementor-widget elementor-widget-video\" data-id=\"f45019f\" data-element_type=\"widget\" data-e-type=\"widget\" data-settings=\"{&quot;youtube_url&quot;:&quot;https:\\\/\\\/www.youtube.com\\\/watch?v=99OuH59PvhI&quot;,&quot;video_type&quot;:&quot;youtube&quot;,&quot;controls&quot;:&quot;yes&quot;}\" data-widget_type=\"video.default\">\n\t\t\t\t<div class=\"elementor-widget-container\">\n\t\t\t\t\t\t\t<div class=\"elementor-wrapper elementor-open-inline\">\n\t\t\t<div class=\"elementor-video\"><\/div>\t\t<\/div>\n\t\t\t\t\t\t<\/div>\n\t\t\t\t<\/div>\n\t\t\t\t\t<\/div>\n\t\t<\/div>\n\t\t\t\t<div class=\"elementor-column elementor-col-33 elementor-inner-column elementor-element elementor-element-4d3ffb8\" data-id=\"4d3ffb8\" data-element_type=\"column\" data-e-type=\"column\">\n\t\t\t<div class=\"elementor-widget-wrap elementor-element-populated\">\n\t\t\t\t\t\t<div class=\"elementor-element elementor-element-016af17 elementor-widget elementor-widget-video\" data-id=\"016af17\" data-element_type=\"widget\" data-e-type=\"widget\" data-settings=\"{&quot;youtube_url&quot;:&quot;https:\\\/\\\/www.youtube.com\\\/watch?v=o-7HDoffwN4&quot;,&quot;video_type&quot;:&quot;youtube&quot;,&quot;controls&quot;:&quot;yes&quot;}\" data-widget_type=\"video.default\">\n\t\t\t\t<div class=\"elementor-widget-container\">\n\t\t\t\t\t\t\t<div class=\"elementor-wrapper elementor-open-inline\">\n\t\t\t<div class=\"elementor-video\"><\/div>\t\t<\/div>\n\t\t\t\t\t\t<\/div>\n\t\t\t\t<\/div>\n\t\t\t\t\t<\/div>\n\t\t<\/div>\n\t\t\t\t<div class=\"elementor-column elementor-col-33 elementor-inner-column elementor-element elementor-element-7a6bf66\" data-id=\"7a6bf66\" data-element_type=\"column\" data-e-type=\"column\">\n\t\t\t<div class=\"elementor-widget-wrap elementor-element-populated\">\n\t\t\t\t\t\t<div class=\"elementor-element elementor-element-9edc71c elementor-widget elementor-widget-video\" data-id=\"9edc71c\" data-element_type=\"widget\" data-e-type=\"widget\" data-settings=\"{&quot;youtube_url&quot;:&quot;https:\\\/\\\/www.youtube.com\\\/watch?v=NYGl5fHaRTo&quot;,&quot;video_type&quot;:&quot;youtube&quot;,&quot;controls&quot;:&quot;yes&quot;}\" data-widget_type=\"video.default\">\n\t\t\t\t<div class=\"elementor-widget-container\">\n\t\t\t\t\t\t\t<div class=\"elementor-wrapper elementor-open-inline\">\n\t\t\t<div class=\"elementor-video\"><\/div>\t\t<\/div>\n\t\t\t\t\t\t<\/div>\n\t\t\t\t<\/div>\n\t\t\t\t\t<\/div>\n\t\t<\/div>\n\t\t\t\t\t<\/div>\n\t\t<\/section>\n\t\t\t\t<section class=\"elementor-section elementor-inner-section elementor-element elementor-element-d5993ff elementor-section-boxed elementor-section-height-default elementor-section-height-default\" data-id=\"d5993ff\" data-element_type=\"section\" data-e-type=\"section\">\n\t\t\t\t\t\t<div class=\"elementor-container elementor-column-gap-default\">\n\t\t\t\t\t<div class=\"elementor-column elementor-col-33 elementor-inner-column elementor-element elementor-element-acd60dc\" data-id=\"acd60dc\" data-element_type=\"column\" data-e-type=\"column\">\n\t\t\t<div class=\"elementor-widget-wrap elementor-element-populated\">\n\t\t\t\t\t\t<div class=\"elementor-element elementor-element-a1b567b elementor-widget elementor-widget-video\" data-id=\"a1b567b\" data-element_type=\"widget\" data-e-type=\"widget\" data-settings=\"{&quot;youtube_url&quot;:&quot;https:\\\/\\\/www.youtube.com\\\/watch?v=uF-Rj43vLxQ&quot;,&quot;video_type&quot;:&quot;youtube&quot;,&quot;controls&quot;:&quot;yes&quot;}\" data-widget_type=\"video.default\">\n\t\t\t\t<div class=\"elementor-widget-container\">\n\t\t\t\t\t\t\t<div class=\"elementor-wrapper elementor-open-inline\">\n\t\t\t<div class=\"elementor-video\"><\/div>\t\t<\/div>\n\t\t\t\t\t\t<\/div>\n\t\t\t\t<\/div>\n\t\t\t\t\t<\/div>\n\t\t<\/div>\n\t\t\t\t<div class=\"elementor-column elementor-col-33 elementor-inner-column elementor-element elementor-element-94f69d3\" data-id=\"94f69d3\" data-element_type=\"column\" data-e-type=\"column\">\n\t\t\t<div class=\"elementor-widget-wrap elementor-element-populated\">\n\t\t\t\t\t\t<div class=\"elementor-element elementor-element-48dcaaf elementor-widget elementor-widget-video\" data-id=\"48dcaaf\" data-element_type=\"widget\" data-e-type=\"widget\" data-settings=\"{&quot;youtube_url&quot;:&quot;https:\\\/\\\/www.youtube.com\\\/watch?v=OulqqEn6ZqE&quot;,&quot;video_type&quot;:&quot;youtube&quot;,&quot;controls&quot;:&quot;yes&quot;}\" data-widget_type=\"video.default\">\n\t\t\t\t<div class=\"elementor-widget-container\">\n\t\t\t\t\t\t\t<div class=\"elementor-wrapper elementor-open-inline\">\n\t\t\t<div class=\"elementor-video\"><\/div>\t\t<\/div>\n\t\t\t\t\t\t<\/div>\n\t\t\t\t<\/div>\n\t\t\t\t\t<\/div>\n\t\t<\/div>\n\t\t\t\t<div class=\"elementor-column elementor-col-33 elementor-inner-column elementor-element elementor-element-e11f847\" data-id=\"e11f847\" data-element_type=\"column\" data-e-type=\"column\">\n\t\t\t<div class=\"elementor-widget-wrap elementor-element-populated\">\n\t\t\t\t\t\t<div class=\"elementor-element elementor-element-73eacbb elementor-widget elementor-widget-video\" data-id=\"73eacbb\" data-element_type=\"widget\" data-e-type=\"widget\" data-settings=\"{&quot;youtube_url&quot;:&quot;https:\\\/\\\/www.youtube.com\\\/watch?v=wgnJtr54gc8&quot;,&quot;video_type&quot;:&quot;youtube&quot;,&quot;controls&quot;:&quot;yes&quot;}\" data-widget_type=\"video.default\">\n\t\t\t\t<div class=\"elementor-widget-container\">\n\t\t\t\t\t\t\t<div class=\"elementor-wrapper elementor-open-inline\">\n\t\t\t<div class=\"elementor-video\"><\/div>\t\t<\/div>\n\t\t\t\t\t\t<\/div>\n\t\t\t\t<\/div>\n\t\t\t\t\t<\/div>\n\t\t<\/div>\n\t\t\t\t\t<\/div>\n\t\t<\/section>\n\t\t\t\t<section class=\"elementor-section elementor-inner-section elementor-element elementor-element-7eb6950 elementor-section-boxed elementor-section-height-default elementor-section-height-default\" data-id=\"7eb6950\" data-element_type=\"section\" data-e-type=\"section\">\n\t\t\t\t\t\t<div class=\"elementor-container elementor-column-gap-default\">\n\t\t\t\t\t<div class=\"elementor-column elementor-col-33 elementor-inner-column elementor-element elementor-element-e6c2346\" data-id=\"e6c2346\" data-element_type=\"column\" data-e-type=\"column\">\n\t\t\t<div class=\"elementor-widget-wrap elementor-element-populated\">\n\t\t\t\t\t\t<div class=\"elementor-element elementor-element-fbcda0c elementor-widget elementor-widget-video\" data-id=\"fbcda0c\" data-element_type=\"widget\" data-e-type=\"widget\" data-settings=\"{&quot;youtube_url&quot;:&quot;https:\\\/\\\/www.youtube.com\\\/watch?v=JtBL7A_GDh0&quot;,&quot;video_type&quot;:&quot;youtube&quot;,&quot;controls&quot;:&quot;yes&quot;}\" data-widget_type=\"video.default\">\n\t\t\t\t<div class=\"elementor-widget-container\">\n\t\t\t\t\t\t\t<div class=\"elementor-wrapper elementor-open-inline\">\n\t\t\t<div class=\"elementor-video\"><\/div>\t\t<\/div>\n\t\t\t\t\t\t<\/div>\n\t\t\t\t<\/div>\n\t\t\t\t\t<\/div>\n\t\t<\/div>\n\t\t\t\t<div class=\"elementor-column elementor-col-33 elementor-inner-column elementor-element elementor-element-0b8bde2\" data-id=\"0b8bde2\" data-element_type=\"column\" data-e-type=\"column\">\n\t\t\t<div class=\"elementor-widget-wrap elementor-element-populated\">\n\t\t\t\t\t\t<div class=\"elementor-element elementor-element-c9c7867 elementor-widget elementor-widget-video\" data-id=\"c9c7867\" data-element_type=\"widget\" data-e-type=\"widget\" data-settings=\"{&quot;youtube_url&quot;:&quot;https:\\\/\\\/www.youtube.com\\\/watch?v=iFhtZqOcmVA&quot;,&quot;video_type&quot;:&quot;youtube&quot;,&quot;controls&quot;:&quot;yes&quot;}\" data-widget_type=\"video.default\">\n\t\t\t\t<div class=\"elementor-widget-container\">\n\t\t\t\t\t\t\t<div class=\"elementor-wrapper elementor-open-inline\">\n\t\t\t<div class=\"elementor-video\"><\/div>\t\t<\/div>\n\t\t\t\t\t\t<\/div>\n\t\t\t\t<\/div>\n\t\t\t\t\t<\/div>\n\t\t<\/div>\n\t\t\t\t<div class=\"elementor-column elementor-col-33 elementor-inner-column elementor-element elementor-element-0c7d5f9\" data-id=\"0c7d5f9\" data-element_type=\"column\" data-e-type=\"column\">\n\t\t\t<div class=\"elementor-widget-wrap elementor-element-populated\">\n\t\t\t\t\t\t<div class=\"elementor-element elementor-element-b7c33ae elementor-widget elementor-widget-video\" data-id=\"b7c33ae\" data-element_type=\"widget\" data-e-type=\"widget\" data-settings=\"{&quot;youtube_url&quot;:&quot;https:\\\/\\\/www.youtube.com\\\/watch?v=uF9xG-0cjx8&quot;,&quot;video_type&quot;:&quot;youtube&quot;,&quot;controls&quot;:&quot;yes&quot;}\" data-widget_type=\"video.default\">\n\t\t\t\t<div class=\"elementor-widget-container\">\n\t\t\t\t\t\t\t<div class=\"elementor-wrapper elementor-open-inline\">\n\t\t\t<div class=\"elementor-video\"><\/div>\t\t<\/div>\n\t\t\t\t\t\t<\/div>\n\t\t\t\t<\/div>\n\t\t\t\t\t<\/div>\n\t\t<\/div>\n\t\t\t\t\t<\/div>\n\t\t<\/section>\n\t\t\t\t\t<\/div>\n\t\t<\/div>\n\t\t\t\t\t<\/div>\n\t\t<\/section>\n\t\t\t\t<section class=\"elementor-section elementor-top-section elementor-element elementor-element-4663736 elementor-section-boxed elementor-section-height-default elementor-section-height-default\" data-id=\"4663736\" data-element_type=\"section\" data-e-type=\"section\">\n\t\t\t\t\t\t<div class=\"elementor-container elementor-column-gap-default\">\n\t\t\t\t\t<div class=\"elementor-column elementor-col-100 elementor-top-column elementor-element elementor-element-4d6beab\" data-id=\"4d6beab\" data-element_type=\"column\" data-e-type=\"column\">\n\t\t\t<div class=\"elementor-widget-wrap elementor-element-populated\">\n\t\t\t\t\t\t<div class=\"elementor-element elementor-element-7e49f6e elementor-widget elementor-widget-menu-anchor\" data-id=\"7e49f6e\" data-element_type=\"widget\" data-e-type=\"widget\" data-widget_type=\"menu-anchor.default\">\n\t\t\t\t<div class=\"elementor-widget-container\">\n\t\t\t\t\t\t\t<div class=\"elementor-menu-anchor\" id=\"material-gratuito\"><\/div>\n\t\t\t\t\t\t<\/div>\n\t\t\t\t<\/div>\n\t\t\t\t<div class=\"elementor-element elementor-element-ba23411 elementor-widget elementor-widget-menu-anchor\" data-id=\"ba23411\" data-element_type=\"widget\" data-e-type=\"widget\" data-widget_type=\"menu-anchor.default\">\n\t\t\t\t<div class=\"elementor-widget-container\">\n\t\t\t\t\t\t\t<div class=\"elementor-menu-anchor\" id=\"ebooks\"><\/div>\n\t\t\t\t\t\t<\/div>\n\t\t\t\t<\/div>\n\t\t\t\t<div class=\"elementor-element elementor-element-7ae92b7 elementor-widget elementor-widget-text-editor\" data-id=\"7ae92b7\" data-element_type=\"widget\" data-e-type=\"widget\" data-widget_type=\"text-editor.default\">\n\t\t\t\t<div class=\"elementor-widget-container\">\n\t\t\t\t\t\t\t\t\t<h2>E-books<\/h2>\t\t\t\t\t\t\t\t<\/div>\n\t\t\t\t<\/div>\n\t\t\t\t<section class=\"elementor-section elementor-inner-section elementor-element elementor-element-c157900 elementor-section-boxed elementor-section-height-default elementor-section-height-default\" data-id=\"c157900\" data-element_type=\"section\" data-e-type=\"section\">\n\t\t\t\t\t\t<div class=\"elementor-container elementor-column-gap-default\">\n\t\t\t\t\t<div class=\"elementor-column elementor-col-25 elementor-inner-column elementor-element elementor-element-94be945\" data-id=\"94be945\" data-element_type=\"column\" data-e-type=\"column\">\n\t\t\t<div class=\"elementor-widget-wrap elementor-element-populated\">\n\t\t\t\t\t\t<div class=\"elementor-element elementor-element-aa6337f elementor-widget elementor-widget-image\" data-id=\"aa6337f\" data-element_type=\"widget\" data-e-type=\"widget\" data-widget_type=\"image.default\">\n\t\t\t\t<div class=\"elementor-widget-container\">\n\t\t\t\t\t\t\t\t\t\t\t\t\t\t\t\t<a href=\"https:\/\/materiais.biologix.com.br\/ebook-passo-a-passo-avaliacao\">\n\t\t\t\t\t\t\t<img decoding=\"async\" src=\"https:\/\/www.biologix.com.br\/wp-content\/plugins\/elementor\/assets\/images\/placeholder.png\" title=\"\" alt=\"\" class=\"elementor-animation-grow\" loading=\"lazy\" \/>\t\t\t\t\t\t\t\t<\/a>\n\t\t\t\t\t\t\t\t\t\t\t\t\t\t\t<\/div>\n\t\t\t\t<\/div>\n\t\t\t\t<div class=\"elementor-element elementor-element-478e08f elementor-widget elementor-widget-text-editor\" data-id=\"478e08f\" data-element_type=\"widget\" data-e-type=\"widget\" data-widget_type=\"text-editor.default\">\n\t\t\t\t<div class=\"elementor-widget-container\">\n\t\t\t\t\t\t\t\t\t<h3><a href=\"https:\/\/materiais.biologix.com.br\/ebook-passo-a-passo-avaliacao\">Passo a passo da avalia\u00e7\u00e3o da AOS em seu consult\u00f3rio<\/a><\/h3>\t\t\t\t\t\t\t\t<\/div>\n\t\t\t\t<\/div>\n\t\t\t\t\t<\/div>\n\t\t<\/div>\n\t\t\t\t<div class=\"elementor-column elementor-col-25 elementor-inner-column elementor-element elementor-element-443cc8d\" data-id=\"443cc8d\" data-element_type=\"column\" data-e-type=\"column\">\n\t\t\t<div class=\"elementor-widget-wrap elementor-element-populated\">\n\t\t\t\t\t\t<div class=\"elementor-element elementor-element-2ee8e39 elementor-widget elementor-widget-image\" data-id=\"2ee8e39\" data-element_type=\"widget\" data-e-type=\"widget\" data-widget_type=\"image.default\">\n\t\t\t\t<div class=\"elementor-widget-container\">\n\t\t\t\t\t\t\t\t\t\t\t\t\t\t\t<img decoding=\"async\" src=\"https:\/\/www.biologix.com.br\/wp-content\/plugins\/elementor\/assets\/images\/placeholder.png\" title=\"\" alt=\"\" class=\"elementor-animation-grow\" loading=\"lazy\" \/>\t\t\t\t\t\t\t\t\t\t\t\t\t\t\t<\/div>\n\t\t\t\t<\/div>\n\t\t\t\t<div class=\"elementor-element elementor-element-d1b5f83 elementor-widget elementor-widget-text-editor\" data-id=\"d1b5f83\" data-element_type=\"widget\" data-e-type=\"widget\" data-widget_type=\"text-editor.default\">\n\t\t\t\t<div class=\"elementor-widget-container\">\n\t\t\t\t\t\t\t\t\t<h3><a href=\"https:\/\/materiais.biologix.com.br\/ebook-oferecer-exame-biologix\">Como oferecer o exame que pode mudar a vida do seu paciente<\/a><\/h3>\t\t\t\t\t\t\t\t<\/div>\n\t\t\t\t<\/div>\n\t\t\t\t\t<\/div>\n\t\t<\/div>\n\t\t\t\t<div class=\"elementor-column elementor-col-25 elementor-inner-column elementor-element elementor-element-7b099f2\" data-id=\"7b099f2\" data-element_type=\"column\" data-e-type=\"column\">\n\t\t\t<div class=\"elementor-widget-wrap elementor-element-populated\">\n\t\t\t\t\t\t<div class=\"elementor-element elementor-element-2a07382 elementor-widget elementor-widget-image\" data-id=\"2a07382\" data-element_type=\"widget\" data-e-type=\"widget\" data-widget_type=\"image.default\">\n\t\t\t\t<div class=\"elementor-widget-container\">\n\t\t\t\t\t\t\t\t\t\t\t\t\t\t\t\t<a href=\"https:\/\/materiais.biologix.com.br\/ebook-dicas-faturamento\">\n\t\t\t\t\t\t\t<img decoding=\"async\" src=\"https:\/\/www.biologix.com.br\/wp-content\/plugins\/elementor\/assets\/images\/placeholder.png\" title=\"\" alt=\"\" class=\"elementor-animation-grow\" loading=\"lazy\" \/>\t\t\t\t\t\t\t\t<\/a>\n\t\t\t\t\t\t\t\t\t\t\t\t\t\t\t<\/div>\n\t\t\t\t<\/div>\n\t\t\t\t<div class=\"elementor-element elementor-element-00ab6ca elementor-widget elementor-widget-text-editor\" data-id=\"00ab6ca\" data-element_type=\"widget\" data-e-type=\"widget\" data-widget_type=\"text-editor.default\">\n\t\t\t\t<div class=\"elementor-widget-container\">\n\t\t\t\t\t\t\t\t\t<h3><a href=\"https:\/\/materiais.biologix.com.br\/ebook-dicas-faturamento\">6 dicas para aumentar o faturamento do seu consult\u00f3rio<\/a><\/h3>\t\t\t\t\t\t\t\t<\/div>\n\t\t\t\t<\/div>\n\t\t\t\t\t<\/div>\n\t\t<\/div>\n\t\t\t\t<div class=\"elementor-column elementor-col-25 elementor-inner-column elementor-element elementor-element-5a5a3c3\" data-id=\"5a5a3c3\" data-element_type=\"column\" data-e-type=\"column\">\n\t\t\t<div class=\"elementor-widget-wrap elementor-element-populated\">\n\t\t\t\t\t\t<div class=\"elementor-element elementor-element-1b18be0 elementor-widget elementor-widget-image\" data-id=\"1b18be0\" data-element_type=\"widget\" data-e-type=\"widget\" data-widget_type=\"image.default\">\n\t\t\t\t<div class=\"elementor-widget-container\">\n\t\t\t\t\t\t\t\t\t\t\t\t\t\t\t\t<a href=\"https:\/\/materiais.biologix.com.br\/ebook-apneia-na-pratica\">\n\t\t\t\t\t\t\t<img decoding=\"async\" src=\"https:\/\/www.biologix.com.br\/wp-content\/plugins\/elementor\/assets\/images\/placeholder.png\" title=\"\" alt=\"\" class=\"elementor-animation-grow\" loading=\"lazy\" \/>\t\t\t\t\t\t\t\t<\/a>\n\t\t\t\t\t\t\t\t\t\t\t\t\t\t\t<\/div>\n\t\t\t\t<\/div>\n\t\t\t\t<div class=\"elementor-element elementor-element-1cce2eb elementor-widget elementor-widget-text-editor\" data-id=\"1cce2eb\" data-element_type=\"widget\" data-e-type=\"widget\" data-widget_type=\"text-editor.default\">\n\t\t\t\t<div class=\"elementor-widget-container\">\n\t\t\t\t\t\t\t\t\t<h3><a href=\"https:\/\/materiais.biologix.com.br\/ebook-apneia-na-pratica\">Apneia do sono na pr\u00e1tica<\/a><\/h3>\t\t\t\t\t\t\t\t<\/div>\n\t\t\t\t<\/div>\n\t\t\t\t\t<\/div>\n\t\t<\/div>\n\t\t\t\t\t<\/div>\n\t\t<\/section>\n\t\t\t\t\t<\/div>\n\t\t<\/div>\n\t\t\t\t\t<\/div>\n\t\t<\/section>\n\t\t\t\t<section class=\"elementor-section elementor-top-section elementor-element elementor-element-7bc1e8c elementor-section-boxed elementor-section-height-default elementor-section-height-default\" data-id=\"7bc1e8c\" data-element_type=\"section\" data-e-type=\"section\">\n\t\t\t\t\t\t<div class=\"elementor-container elementor-column-gap-default\">\n\t\t\t\t\t<div class=\"elementor-column elementor-col-100 elementor-top-column elementor-element elementor-element-9307c7d\" data-id=\"9307c7d\" data-element_type=\"column\" data-e-type=\"column\">\n\t\t\t<div class=\"elementor-widget-wrap elementor-element-populated\">\n\t\t\t\t\t\t<div class=\"elementor-element elementor-element-5d84e97 elementor-widget elementor-widget-menu-anchor\" data-id=\"5d84e97\" data-element_type=\"widget\" data-e-type=\"widget\" data-widget_type=\"menu-anchor.default\">\n\t\t\t\t<div class=\"elementor-widget-container\">\n\t\t\t\t\t\t\t<div class=\"elementor-menu-anchor\" id=\"material-gratuito\"><\/div>\n\t\t\t\t\t\t<\/div>\n\t\t\t\t<\/div>\n\t\t\t\t<div class=\"elementor-element elementor-element-70f72fd elementor-widget elementor-widget-menu-anchor\" data-id=\"70f72fd\" data-element_type=\"widget\" data-e-type=\"widget\" data-widget_type=\"menu-anchor.default\">\n\t\t\t\t<div class=\"elementor-widget-container\">\n\t\t\t\t\t\t\t<div class=\"elementor-menu-anchor\" id=\"materiais\"><\/div>\n\t\t\t\t\t\t<\/div>\n\t\t\t\t<\/div>\n\t\t\t\t<div class=\"elementor-element elementor-element-e81d47b elementor-widget elementor-widget-text-editor\" data-id=\"e81d47b\" data-element_type=\"widget\" data-e-type=\"widget\" data-widget_type=\"text-editor.default\">\n\t\t\t\t<div class=\"elementor-widget-container\">\n\t\t\t\t\t\t\t\t\t<h2>Materiais de apoio<\/h2>\t\t\t\t\t\t\t\t<\/div>\n\t\t\t\t<\/div>\n\t\t\t\t<section class=\"elementor-section elementor-inner-section elementor-element elementor-element-22ac446 elementor-section-boxed elementor-section-height-default elementor-section-height-default\" data-id=\"22ac446\" data-element_type=\"section\" data-e-type=\"section\">\n\t\t\t\t\t\t<div class=\"elementor-container elementor-column-gap-default\">\n\t\t\t\t\t<div class=\"elementor-column elementor-col-25 elementor-inner-column elementor-element elementor-element-9303d0b\" data-id=\"9303d0b\" data-element_type=\"column\" data-e-type=\"column\">\n\t\t\t<div class=\"elementor-widget-wrap\">\n\t\t\t\t\t\t\t<\/div>\n\t\t<\/div>\n\t\t\t\t<div class=\"elementor-column elementor-col-25 elementor-inner-column elementor-element elementor-element-4e31a64\" data-id=\"4e31a64\" data-element_type=\"column\" data-e-type=\"column\">\n\t\t\t<div class=\"elementor-widget-wrap\">\n\t\t\t\t\t\t\t<\/div>\n\t\t<\/div>\n\t\t\t\t<div class=\"elementor-column elementor-col-25 elementor-inner-column elementor-element elementor-element-da7f430\" data-id=\"da7f430\" data-element_type=\"column\" data-e-type=\"column\">\n\t\t\t<div class=\"elementor-widget-wrap elementor-element-populated\">\n\t\t\t\t\t\t<div class=\"elementor-element elementor-element-8c91b16 elementor-widget elementor-widget-image\" data-id=\"8c91b16\" data-element_type=\"widget\" data-e-type=\"widget\" data-widget_type=\"image.default\">\n\t\t\t\t<div class=\"elementor-widget-container\">\n\t\t\t\t\t\t\t\t\t\t\t\t\t\t\t<img decoding=\"async\" src=\"https:\/\/www.biologix.com.br\/wp-content\/plugins\/elementor\/assets\/images\/placeholder.png\" title=\"\" alt=\"\" class=\"elementor-animation-grow\" loading=\"lazy\" \/>\t\t\t\t\t\t\t\t\t\t\t\t\t\t\t<\/div>\n\t\t\t\t<\/div>\n\t\t\t\t<div class=\"elementor-element elementor-element-ac4d3f9 elementor-widget elementor-widget-text-editor\" data-id=\"ac4d3f9\" data-element_type=\"widget\" data-e-type=\"widget\" data-widget_type=\"text-editor.default\">\n\t\t\t\t<div class=\"elementor-widget-container\">\n\t\t\t\t\t\t\t\t\t<h3>Masterclass | Apneia do sono no consult\u00f3rio m\u00e9dico<br \/>por Dr. Geraldo Lorenzi Filho<\/h3>\t\t\t\t\t\t\t\t<\/div>\n\t\t\t\t<\/div>\n\t\t\t\t\t<\/div>\n\t\t<\/div>\n\t\t\t\t<div class=\"elementor-column elementor-col-25 elementor-inner-column elementor-element elementor-element-345292e\" data-id=\"345292e\" data-element_type=\"column\" data-e-type=\"column\">\n\t\t\t<div class=\"elementor-widget-wrap elementor-element-populated\">\n\t\t\t\t\t\t<div class=\"elementor-element elementor-element-fed3dd7 elementor-widget elementor-widget-image\" data-id=\"fed3dd7\" data-element_type=\"widget\" data-e-type=\"widget\" data-widget_type=\"image.default\">\n\t\t\t\t<div class=\"elementor-widget-container\">\n\t\t\t\t\t\t\t\t\t\t\t\t\t\t\t\t<a href=\"https:\/\/materiais.biologix.com.br\/kit-essencial\">\n\t\t\t\t\t\t\t<img loading=\"lazy\" decoding=\"async\" width=\"500\" height=\"334\" src=\"https:\/\/www.biologix.com.br\/wp-content\/uploads\/2022\/02\/shutterstock-593367161.jpg\" class=\"elementor-animation-grow attachment-large size-large wp-image-6405\" alt=\"\" srcset=\"https:\/\/www.biologix.com.br\/wp-content\/uploads\/2022\/02\/shutterstock-593367161.jpg 500w, https:\/\/www.biologix.com.br\/wp-content\/uploads\/2022\/02\/shutterstock-593367161-300x200.jpg 300w, https:\/\/www.biologix.com.br\/wp-content\/uploads\/2022\/02\/shutterstock-593367161-18x12.jpg 18w\" sizes=\"(max-width: 500px) 100vw, 500px\" \/>\t\t\t\t\t\t\t\t<\/a>\n\t\t\t\t\t\t\t\t\t\t\t\t\t\t\t<\/div>\n\t\t\t\t<\/div>\n\t\t\t\t<div class=\"elementor-element elementor-element-7009a48 elementor-widget elementor-widget-text-editor\" data-id=\"7009a48\" data-element_type=\"widget\" data-e-type=\"widget\" data-widget_type=\"text-editor.default\">\n\t\t\t\t<div class=\"elementor-widget-container\">\n\t\t\t\t\t\t\t\t\t<h3><a href=\"https:\/\/materiais.biologix.com.br\/kit-essencial\">Kit essencial:\u00a0 Biologix no seu consult\u00f3rio<\/a><\/h3>\t\t\t\t\t\t\t\t<\/div>\n\t\t\t\t<\/div>\n\t\t\t\t\t<\/div>\n\t\t<\/div>\n\t\t\t\t\t<\/div>\n\t\t<\/section>\n\t\t\t\t<section class=\"elementor-section elementor-inner-section elementor-element elementor-element-8ae9cfa elementor-section-boxed elementor-section-height-default elementor-section-height-default\" data-id=\"8ae9cfa\" data-element_type=\"section\" data-e-type=\"section\">\n\t\t\t\t\t\t<div class=\"elementor-container elementor-column-gap-default\">\n\t\t\t\t\t<div class=\"elementor-column elementor-col-25 elementor-inner-column elementor-element elementor-element-1ebe3e7\" data-id=\"1ebe3e7\" data-element_type=\"column\" data-e-type=\"column\">\n\t\t\t<div class=\"elementor-widget-wrap elementor-element-populated\">\n\t\t\t\t\t\t<div class=\"elementor-element elementor-element-eb3cb74 elementor-widget elementor-widget-image\" data-id=\"eb3cb74\" data-element_type=\"widget\" data-e-type=\"widget\" data-widget_type=\"image.default\">\n\t\t\t\t<div class=\"elementor-widget-container\">\n\t\t\t\t\t\t\t\t\t\t\t\t\t\t\t\t<a href=\"https:\/\/materiais.biologix.com.br\/questionario-stop-bang\">\n\t\t\t\t\t\t\t<img loading=\"lazy\" decoding=\"async\" width=\"500\" height=\"333\" src=\"https:\/\/www.biologix.com.br\/wp-content\/uploads\/2022\/02\/shutterstock-753157075.jpg\" class=\"elementor-animation-grow attachment-large size-large wp-image-6406\" alt=\"\" srcset=\"https:\/\/www.biologix.com.br\/wp-content\/uploads\/2022\/02\/shutterstock-753157075.jpg 500w, https:\/\/www.biologix.com.br\/wp-content\/uploads\/2022\/02\/shutterstock-753157075-300x200.jpg 300w, https:\/\/www.biologix.com.br\/wp-content\/uploads\/2022\/02\/shutterstock-753157075-18x12.jpg 18w\" sizes=\"(max-width: 500px) 100vw, 500px\" \/>\t\t\t\t\t\t\t\t<\/a>\n\t\t\t\t\t\t\t\t\t\t\t\t\t\t\t<\/div>\n\t\t\t\t<\/div>\n\t\t\t\t<div class=\"elementor-element elementor-element-e650e28 elementor-widget elementor-widget-text-editor\" data-id=\"e650e28\" data-element_type=\"widget\" data-e-type=\"widget\" data-widget_type=\"text-editor.default\">\n\t\t\t\t<div class=\"elementor-widget-container\">\n\t\t\t\t\t\t\t\t\t<h3><a href=\"https:\/\/materiais.biologix.com.br\/questionario-stop-bang\">Question\u00e1rio Stop Bang<\/a><\/h3>\t\t\t\t\t\t\t\t<\/div>\n\t\t\t\t<\/div>\n\t\t\t\t\t<\/div>\n\t\t<\/div>\n\t\t\t\t<div class=\"elementor-column elementor-col-25 elementor-inner-column elementor-element elementor-element-c8c9c0e\" data-id=\"c8c9c0e\" data-element_type=\"column\" data-e-type=\"column\">\n\t\t\t<div class=\"elementor-widget-wrap elementor-element-populated\">\n\t\t\t\t\t\t<div class=\"elementor-element elementor-element-bf88081 elementor-widget elementor-widget-image\" data-id=\"bf88081\" data-element_type=\"widget\" data-e-type=\"widget\" data-widget_type=\"image.default\">\n\t\t\t\t<div class=\"elementor-widget-container\">\n\t\t\t\t\t\t\t\t\t\t\t\t\t\t\t\t<a href=\"https:\/\/materiais.biologix.com.br\/questionario-berlim\">\n\t\t\t\t\t\t\t<img loading=\"lazy\" decoding=\"async\" width=\"843\" height=\"562\" src=\"https:\/\/www.biologix.com.br\/wp-content\/uploads\/2022\/02\/berlim-1024x683.jpg\" class=\"elementor-animation-grow attachment-large size-large wp-image-6404\" alt=\"\" srcset=\"https:\/\/www.biologix.com.br\/wp-content\/uploads\/2022\/02\/berlim-1024x683.jpg 1024w, https:\/\/www.biologix.com.br\/wp-content\/uploads\/2022\/02\/berlim-300x200.jpg 300w, https:\/\/www.biologix.com.br\/wp-content\/uploads\/2022\/02\/berlim-768x512.jpg 768w, https:\/\/www.biologix.com.br\/wp-content\/uploads\/2022\/02\/berlim-1536x1024.jpg 1536w, https:\/\/www.biologix.com.br\/wp-content\/uploads\/2022\/02\/berlim-18x12.jpg 18w, https:\/\/www.biologix.com.br\/wp-content\/uploads\/2022\/02\/berlim.jpg 1920w\" sizes=\"(max-width: 843px) 100vw, 843px\" \/>\t\t\t\t\t\t\t\t<\/a>\n\t\t\t\t\t\t\t\t\t\t\t\t\t\t\t<\/div>\n\t\t\t\t<\/div>\n\t\t\t\t<div class=\"elementor-element elementor-element-e7f2739 elementor-widget elementor-widget-text-editor\" data-id=\"e7f2739\" data-element_type=\"widget\" data-e-type=\"widget\" data-widget_type=\"text-editor.default\">\n\t\t\t\t<div class=\"elementor-widget-container\">\n\t\t\t\t\t\t\t\t\t<h3><a href=\"https:\/\/materiais.biologix.com.br\/questionario-berlim\">Question\u00e1rio de Berlim<\/a><\/h3>\t\t\t\t\t\t\t\t<\/div>\n\t\t\t\t<\/div>\n\t\t\t\t\t<\/div>\n\t\t<\/div>\n\t\t\t\t<div class=\"elementor-column elementor-col-25 elementor-inner-column elementor-element elementor-element-f0d3b4f\" data-id=\"f0d3b4f\" data-element_type=\"column\" data-e-type=\"column\">\n\t\t\t<div class=\"elementor-widget-wrap elementor-element-populated\">\n\t\t\t\t\t\t<div class=\"elementor-element elementor-element-8e0db76 elementor-widget elementor-widget-image\" data-id=\"8e0db76\" data-element_type=\"widget\" data-e-type=\"widget\" data-widget_type=\"image.default\">\n\t\t\t\t<div class=\"elementor-widget-container\">\n\t\t\t\t\t\t\t\t\t\t\t\t\t\t\t\t<a href=\"https:\/\/materiais.biologix.com.br\/calculadora-rendimentos\">\n\t\t\t\t\t\t\t<img loading=\"lazy\" decoding=\"async\" width=\"500\" height=\"333\" src=\"https:\/\/www.biologix.com.br\/wp-content\/uploads\/2022\/02\/calculadora-rendimentos.jpg\" class=\"elementor-animation-grow attachment-large size-large wp-image-6401\" alt=\"\" srcset=\"https:\/\/www.biologix.com.br\/wp-content\/uploads\/2022\/02\/calculadora-rendimentos.jpg 500w, https:\/\/www.biologix.com.br\/wp-content\/uploads\/2022\/02\/calculadora-rendimentos-300x200.jpg 300w, https:\/\/www.biologix.com.br\/wp-content\/uploads\/2022\/02\/calculadora-rendimentos-18x12.jpg 18w\" sizes=\"(max-width: 500px) 100vw, 500px\" \/>\t\t\t\t\t\t\t\t<\/a>\n\t\t\t\t\t\t\t\t\t\t\t\t\t\t\t<\/div>\n\t\t\t\t<\/div>\n\t\t\t\t<div class=\"elementor-element elementor-element-e5d0bb6 elementor-widget elementor-widget-text-editor\" data-id=\"e5d0bb6\" data-element_type=\"widget\" data-e-type=\"widget\" data-widget_type=\"text-editor.default\">\n\t\t\t\t<div class=\"elementor-widget-container\">\n\t\t\t\t\t\t\t\t\t<h3><a href=\"https:\/\/materiais.biologix.com.br\/calculadora-rendimentos\">Calculadora de rendimentos Biologix<\/a><\/h3>\t\t\t\t\t\t\t\t<\/div>\n\t\t\t\t<\/div>\n\t\t\t\t\t<\/div>\n\t\t<\/div>\n\t\t\t\t<div class=\"elementor-column elementor-col-25 elementor-inner-column elementor-element elementor-element-d4e9c6a\" data-id=\"d4e9c6a\" data-element_type=\"column\" data-e-type=\"column\">\n\t\t\t<div class=\"elementor-widget-wrap elementor-element-populated\">\n\t\t\t\t\t\t<div class=\"elementor-element elementor-element-9d52f46 elementor-widget elementor-widget-image\" data-id=\"9d52f46\" data-element_type=\"widget\" data-e-type=\"widget\" data-widget_type=\"image.default\">\n\t\t\t\t<div class=\"elementor-widget-container\">\n\t\t\t\t\t\t\t\t\t\t\t\t\t\t\t\t<a href=\"https:\/\/materiais.biologix.com.br\/escala-epworth\">\n\t\t\t\t\t\t\t<img loading=\"lazy\" decoding=\"async\" width=\"843\" height=\"558\" src=\"https:\/\/www.biologix.com.br\/wp-content\/uploads\/2022\/02\/escala-epworth-1024x678.jpg\" class=\"elementor-animation-grow attachment-large size-large wp-image-6403\" alt=\"\" srcset=\"https:\/\/www.biologix.com.br\/wp-content\/uploads\/2022\/02\/escala-epworth-1024x678.jpg 1024w, https:\/\/www.biologix.com.br\/wp-content\/uploads\/2022\/02\/escala-epworth-300x199.jpg 300w, https:\/\/www.biologix.com.br\/wp-content\/uploads\/2022\/02\/escala-epworth-768x509.jpg 768w, https:\/\/www.biologix.com.br\/wp-content\/uploads\/2022\/02\/escala-epworth-1536x1018.jpg 1536w, https:\/\/www.biologix.com.br\/wp-content\/uploads\/2022\/02\/escala-epworth-18x12.jpg 18w, https:\/\/www.biologix.com.br\/wp-content\/uploads\/2022\/02\/escala-epworth.jpg 1920w\" sizes=\"(max-width: 843px) 100vw, 843px\" \/>\t\t\t\t\t\t\t\t<\/a>\n\t\t\t\t\t\t\t\t\t\t\t\t\t\t\t<\/div>\n\t\t\t\t<\/div>\n\t\t\t\t<div class=\"elementor-element elementor-element-dc39ea1 elementor-widget elementor-widget-text-editor\" data-id=\"dc39ea1\" data-element_type=\"widget\" data-e-type=\"widget\" data-widget_type=\"text-editor.default\">\n\t\t\t\t<div class=\"elementor-widget-container\">\n\t\t\t\t\t\t\t\t\t<h3><a href=\"https:\/\/materiais.biologix.com.br\/escala-epworth\">Escala de Epworth<\/a><\/h3>\t\t\t\t\t\t\t\t<\/div>\n\t\t\t\t<\/div>\n\t\t\t\t\t<\/div>\n\t\t<\/div>\n\t\t\t\t\t<\/div>\n\t\t<\/section>\n\t\t\t\t\t<\/div>\n\t\t<\/div>\n\t\t\t\t\t<\/div>\n\t\t<\/section>\n\t\t\t\t<\/div>\n\t\t","protected":false},"excerpt":{"rendered":"<p>Conte\u00fado Blog | V\u00eddeos | Ebooks | Materiais Blog V\u00eddeos https:\/\/www.youtube.com\/watch?v=3Dr4s9jxcJIhttps:\/\/www.youtube.com\/watch?v=ly7F2JbRVAwhttps:\/\/www.youtube.com\/watch?v=XHOmBV4js_Ehttps:\/\/www.youtube.com\/watch?v=2XjmbCmXZQ0https:\/\/www.youtube.com\/watch?v=f86DTLuroAghttps:\/\/www.youtube.com\/watch?v=isXUsP1U3Swhttps:\/\/www.youtube.com\/watch?v=nbAoTZ4N4Gchttps:\/\/www.youtube.com\/watch?v=mSn206HlT-Mhttps:\/\/www.youtube.com\/watch?v=XZPAl2EpnP0https:\/\/www.youtube.com\/watch?v=beFw6A3XGFIhttps:\/\/www.youtube.com\/watch?v=PFudJry6pxkhttps:\/\/www.youtube.com\/watch?v=lHh61nLAtlchttps:\/\/www.youtube.com\/watch?v=CBvdcDuZVXohttps:\/\/www.youtube.com\/watch?v=5TT0vP0w6JUhttps:\/\/www.youtube.com\/watch?v=lxa_ZmmiVZYhttps:\/\/www.youtube.com\/watch?v=EZ81s2Yy0Bchttps:\/\/www.youtube.com\/watch?v=D8j-8S-bcr0https:\/\/www.youtube.com\/watch?v=wAr6XdPG0wkhttps:\/\/www.youtube.com\/watch?v=QHhSBv3Iwpkhttps:\/\/www.youtube.com\/watch?v=lETgrJ20CNghttps:\/\/www.youtube.com\/watch?v=op16rBT-DpMhttps:\/\/www.youtube.com\/watch?v=OBh84cg3lsQhttps:\/\/www.youtube.com\/watch?v=SohGqTD2WsUhttps:\/\/www.youtube.com\/watch?v=F12UWH1YRHchttps:\/\/www.youtube.com\/watch?v=xD9V2F59B_8https:\/\/www.youtube.com\/watch?v=85rtA111Qdohttps:\/\/www.youtube.com\/watch?v=68_-9I6H30Ahttps:\/\/www.youtube.com\/watch?v=_zT-43P4J5shttps:\/\/www.youtube.com\/watch?v=IJbumKBsD0Qhttps:\/\/www.youtube.com\/watch?v=XLj-evT8ebMhttps:\/\/www.youtube.com\/watch?v=pcOQZHbv9NIhttps:\/\/www.youtube.com\/watch?v=Leyw_IKMBvIhttps:\/\/www.youtube.com\/watch?v=N5Gk9xb89Ykhttps:\/\/www.youtube.com\/watch?v=vm-AM5mDZqkhttps:\/\/www.youtube.com\/watch?v=iK5XbU-UWBQhttps:\/\/www.youtube.com\/watch?v=xDdYfO8Zabshttps:\/\/www.youtube.com\/watch?v=BTnyzm5G_0shttps:\/\/www.youtube.com\/watch?v=Iasm27lfIHwhttps:\/\/www.youtube.com\/watch?v=CTSXb-tx1QIhttps:\/\/www.youtube.com\/watch?v=4Y_ClbKG3TYhttps:\/\/www.youtube.com\/watch?v=SiqE_KpuXxIhttps:\/\/www.youtube.com\/watch?v=qCAPBU0ecD0https:\/\/www.youtube.com\/watch?v=_-Q_Rlwjxu4https:\/\/www.youtube.com\/watch?v=9vl37ZHm5_Ahttps:\/\/www.youtube.com\/watch?v=W9HHo2BC670https:\/\/www.youtube.com\/watch?v=1ts5zZ3v7zwhttps:\/\/www.youtube.com\/watch?v=y0kfaoMqTFshttps:\/\/www.youtube.com\/watch?v=yZfEbJQhoFshttps:\/\/www.youtube.com\/watch?v=99OuH59PvhIhttps:\/\/www.youtube.com\/watch?v=o-7HDoffwN4https:\/\/www.youtube.com\/watch?v=NYGl5fHaRTohttps:\/\/www.youtube.com\/watch?v=uF-Rj43vLxQhttps:\/\/www.youtube.com\/watch?v=OulqqEn6ZqEhttps:\/\/www.youtube.com\/watch?v=wgnJtr54gc8https:\/\/www.youtube.com\/watch?v=JtBL7A_GDh0https:\/\/www.youtube.com\/watch?v=iFhtZqOcmVAhttps:\/\/www.youtube.com\/watch?v=uF9xG-0cjx8 E-books Passo a passo da avalia\u00e7\u00e3o da AOS em seu consult\u00f3rio Como oferecer o&hellip;<\/p>","protected":false},"author":2,"featured_media":0,"parent":0,"menu_order":0,"comment_status":"closed","ping_status":"closed","template":"","meta":{"footnotes":""},"class_list":["post-6303","page","type-page","status-publish","hentry"],"aioseo_notices":[],"_links":{"self":[{"href":"https:\/\/www.biologix.com.br\/en\/wp-json\/wp\/v2\/pages\/6303","targetHints":{"allow":["GET"]}}],"collection":[{"href":"https:\/\/www.biologix.com.br\/en\/wp-json\/wp\/v2\/pages"}],"about":[{"href":"https:\/\/www.biologix.com.br\/en\/wp-json\/wp\/v2\/types\/page"}],"author":[{"embeddable":true,"href":"https:\/\/www.biologix.com.br\/en\/wp-json\/wp\/v2\/users\/2"}],"replies":[{"embeddable":true,"href":"https:\/\/www.biologix.com.br\/en\/wp-json\/wp\/v2\/comments?post=6303"}],"version-history":[{"count":87,"href":"https:\/\/www.biologix.com.br\/en\/wp-json\/wp\/v2\/pages\/6303\/revisions"}],"predecessor-version":[{"id":6435,"href":"https:\/\/www.biologix.com.br\/en\/wp-json\/wp\/v2\/pages\/6303\/revisions\/6435"}],"wp:attachment":[{"href":"https:\/\/www.biologix.com.br\/en\/wp-json\/wp\/v2\/media?parent=6303"}],"curies":[{"name":"wp","href":"https:\/\/api.w.org\/{rel}","templated":true}]}}