{"id":6133,"date":"2022-02-09T20:41:52","date_gmt":"2022-02-09T23:41:52","guid":{"rendered":"https:\/\/www.biologix.com.br\/?page_id=6133"},"modified":"2022-08-26T15:05:15","modified_gmt":"2022-08-26T18:05:15","slug":"psiquiatria","status":"publish","type":"page","link":"https:\/\/www.biologix.com.br\/es\/psiquiatria\/","title":{"rendered":"Especialidade: psiquiatria"},"content":{"rendered":"\t\t<div data-elementor-type=\"wp-page\" data-elementor-id=\"6133\" class=\"elementor elementor-6133\" data-elementor-post-type=\"page\">\n\t\t\t\t\t\t<section class=\"elementor-section elementor-top-section elementor-element elementor-element-33693c6 elementor-section-stretched elementor-section-boxed elementor-section-height-default elementor-section-height-default\" data-id=\"33693c6\" data-element_type=\"section\" data-e-type=\"section\" data-settings=\"{&quot;stretch_section&quot;:&quot;section-stretched&quot;,&quot;background_background&quot;:&quot;classic&quot;}\">\n\t\t\t\t\t\t<div class=\"elementor-container elementor-column-gap-no\">\n\t\t\t\t\t<div class=\"elementor-column elementor-col-100 elementor-top-column elementor-element elementor-element-f8f2e24\" data-id=\"f8f2e24\" data-element_type=\"column\" data-e-type=\"column\">\n\t\t\t<div class=\"elementor-widget-wrap elementor-element-populated\">\n\t\t\t\t\t\t<div class=\"elementor-element elementor-element-8a19728 elementor--h-position-center elementor--v-position-middle elementor-arrows-position-inside elementor-pagination-position-inside elementor-widget elementor-widget-slides\" data-id=\"8a19728\" data-element_type=\"widget\" data-e-type=\"widget\" data-settings=\"{&quot;motion_fx_motion_fx_scrolling&quot;:&quot;yes&quot;,&quot;navigation&quot;:&quot;both&quot;,&quot;autoplay&quot;:&quot;yes&quot;,&quot;pause_on_hover&quot;:&quot;yes&quot;,&quot;pause_on_interaction&quot;:&quot;yes&quot;,&quot;autoplay_speed&quot;:5000,&quot;infinite&quot;:&quot;yes&quot;,&quot;transition&quot;:&quot;slide&quot;,&quot;transition_speed&quot;:500,&quot;motion_fx_devices&quot;:[&quot;desktop&quot;,&quot;tablet&quot;,&quot;mobile&quot;]}\" data-widget_type=\"slides.default\">\n\t\t\t\t<div class=\"elementor-widget-container\">\n\t\t\t\t\t\t\t\t\t<div class=\"elementor-swiper\">\n\t\t\t\t\t<div class=\"elementor-slides-wrapper elementor-main-swiper swiper\" role=\"region\" aria-roledescription=\"carousel\" aria-label=\"Slides\" dir=\"ltr\" data-animation=\"fadeInUp\">\n\t\t\t\t<div class=\"swiper-wrapper elementor-slides\">\n\t\t\t\t\t\t\t\t\t\t<div class=\"elementor-repeater-item-c13cf7e swiper-slide\" role=\"group\" aria-roledescription=\"slide\"><div class=\"swiper-slide-bg\"><\/div><div class=\"swiper-slide-inner\" ><div class=\"swiper-slide-contents\"><div class=\"elementor-slide-heading\">Psiquiatria<\/div><div class=\"elementor-slide-description\">Altera\u00e7\u00f5es do sono s\u00e3o evidentes na maioria dos transtornos psiqui\u00e1tricos. Os transtornos mais comuns que apresentam altera\u00e7\u00f5es do sono s\u00e3o depress\u00e3o, transtorno ansioso generalizado, transtorno do p\u00e2nico, estresse p\u00f3s-traum\u00e1tico, esquizofrenia e Alzheimer. As queixas de sono mais frequentemente observadas na maioria dos transtornos psiqui\u00e1tricos dizem respeito \u00e0 dificuldade para iniciar e manter o sono (ins\u00f4nia inicial e de manuten\u00e7\u00e3o, respectivamente), sono n\u00e3o reparador e interrompido.<\/div><\/div><\/div><\/div>\t\t\t\t<\/div>\n\t\t\t\t\t\t\t<\/div>\n\t\t\t\t<\/div>\n\t\t\t\t\t\t\t\t<\/div>\n\t\t\t\t<\/div>\n\t\t\t\t\t<\/div>\n\t\t<\/div>\n\t\t\t\t\t<\/div>\n\t\t<\/section>\n\t\t\t\t<section class=\"elementor-section elementor-top-section elementor-element elementor-element-86f55be elementor-section-stretched elementor-section-boxed elementor-section-height-default elementor-section-height-default\" data-id=\"86f55be\" data-element_type=\"section\" data-e-type=\"section\" data-settings=\"{&quot;stretch_section&quot;:&quot;section-stretched&quot;,&quot;background_background&quot;:&quot;classic&quot;}\">\n\t\t\t\t\t\t<div class=\"elementor-container elementor-column-gap-default\">\n\t\t\t\t\t<div class=\"elementor-column elementor-col-100 elementor-top-column elementor-element elementor-element-25d62f4\" data-id=\"25d62f4\" data-element_type=\"column\" data-e-type=\"column\">\n\t\t\t<div class=\"elementor-widget-wrap elementor-element-populated\">\n\t\t\t\t\t\t<div class=\"elementor-element elementor-element-3d86f93 elementor-widget elementor-widget-text-editor\" data-id=\"3d86f93\" data-element_type=\"widget\" data-e-type=\"widget\" data-widget_type=\"text-editor.default\">\n\t\t\t\t<div class=\"elementor-widget-container\">\n\t\t\t\t\t\t\t\t\t<h2>Nossos artigos sobre Psiquiatria &amp; Sono:<\/h2>\t\t\t\t\t\t\t\t<\/div>\n\t\t\t\t<\/div>\n\t\t\t\t<div class=\"elementor-element elementor-element-312ca25 elementor-grid-4 elementor-posts--align-left elementor-grid-tablet-2 elementor-grid-mobile-1 elementor-posts--thumbnail-top elementor-widget elementor-widget-posts\" data-id=\"312ca25\" data-element_type=\"widget\" data-e-type=\"widget\" data-settings=\"{&quot;classic_columns&quot;:&quot;4&quot;,&quot;classic_row_gap&quot;:{&quot;unit&quot;:&quot;px&quot;,&quot;size&quot;:0,&quot;sizes&quot;:[]},&quot;classic_columns_tablet&quot;:&quot;2&quot;,&quot;classic_columns_mobile&quot;:&quot;1&quot;,&quot;classic_row_gap_tablet&quot;:{&quot;unit&quot;:&quot;px&quot;,&quot;size&quot;:&quot;&quot;,&quot;sizes&quot;:[]},&quot;classic_row_gap_mobile&quot;:{&quot;unit&quot;:&quot;px&quot;,&quot;size&quot;:&quot;&quot;,&quot;sizes&quot;:[]}}\" data-widget_type=\"posts.classic\">\n\t\t\t\t<div class=\"elementor-widget-container\">\n\t\t\t\t\t\t\t<div class=\"elementor-posts-container elementor-posts elementor-posts--skin-classic elementor-grid\" role=\"list\">\n\t\t\t\t<article class=\"elementor-post elementor-grid-item post-9021 post type-post status-publish format-standard has-post-thumbnail hentry category-profissional-de-saude category-psiquiatria tag-apneia tag-apneia-do-sono tag-exame-do-sono tag-oximetria-noturna tag-polissonografia tag-ronco\" role=\"listitem\">\n\t\t\t\t<a class=\"elementor-post__thumbnail__link\" href=\"https:\/\/www.biologix.com.br\/es\/2023\/06\/12\/apneia-do-sono-pode-aumentar-o-risco-de-doenca-de-alzheimer-e-derrame-mostra-estudo\/\" tabindex=\"-1\" target=&quot;_blank&quot;>\n\t\t\t<div class=\"elementor-post__thumbnail\"><img decoding=\"async\" width=\"300\" height=\"117\" src=\"https:\/\/www.biologix.com.br\/wp-content\/uploads\/2021\/06\/capa-blog-apneia-do-sono-pode-aumentar-o-risco-de-doenca-de-alzheimer-e-derrame-mostra-estudo-300x117.jpg\" class=\"attachment-medium size-medium wp-image-11539\" alt=\"\" srcset=\"https:\/\/www.biologix.com.br\/wp-content\/uploads\/2021\/06\/capa-blog-apneia-do-sono-pode-aumentar-o-risco-de-doenca-de-alzheimer-e-derrame-mostra-estudo-300x117.jpg 300w, https:\/\/www.biologix.com.br\/wp-content\/uploads\/2021\/06\/capa-blog-apneia-do-sono-pode-aumentar-o-risco-de-doenca-de-alzheimer-e-derrame-mostra-estudo-1024x400.jpg 1024w, https:\/\/www.biologix.com.br\/wp-content\/uploads\/2021\/06\/capa-blog-apneia-do-sono-pode-aumentar-o-risco-de-doenca-de-alzheimer-e-derrame-mostra-estudo-768x300.jpg 768w, https:\/\/www.biologix.com.br\/wp-content\/uploads\/2021\/06\/capa-blog-apneia-do-sono-pode-aumentar-o-risco-de-doenca-de-alzheimer-e-derrame-mostra-estudo-18x7.jpg 18w, https:\/\/www.biologix.com.br\/wp-content\/uploads\/2021\/06\/capa-blog-apneia-do-sono-pode-aumentar-o-risco-de-doenca-de-alzheimer-e-derrame-mostra-estudo.jpg 1280w\" sizes=\"(max-width: 300px) 100vw, 300px\" \/><\/div>\n\t\t<\/a>\n\t\t\t\t<div class=\"elementor-post__text\">\n\t\t\t\t<h3 class=\"elementor-post__title\">\n\t\t\t<a href=\"https:\/\/www.biologix.com.br\/es\/2023\/06\/12\/apneia-do-sono-pode-aumentar-o-risco-de-doenca-de-alzheimer-e-derrame-mostra-estudo\/\" target=&quot;_blank&quot;>\n\t\t\t\tApneia do sono pode aumentar o risco de doen\u00e7a de Alzheimer e derrame, mostra estudo<br><span class='secondary-title'>Como diagnosticar a apneia do sono em seus pacientes<\/span>\t\t\t<\/a>\n\t\t<\/h3>\n\t\t\t\t<\/div>\n\t\t\t\t<\/article>\n\t\t\t\t<article class=\"elementor-post elementor-grid-item post-5260 post type-post status-publish format-standard has-post-thumbnail hentry category-profissional-de-saude category-psiquiatria tag-apneia tag-apneia-do-sono tag-depressao tag-exame-do-sono\" role=\"listitem\">\n\t\t\t\t<a class=\"elementor-post__thumbnail__link\" href=\"https:\/\/www.biologix.com.br\/es\/2021\/06\/10\/depressao-e-apneia-obstrutiva-do-sono\/\" tabindex=\"-1\" target=&quot;_blank&quot;>\n\t\t\t<div class=\"elementor-post__thumbnail\"><img decoding=\"async\" width=\"300\" height=\"117\" src=\"https:\/\/www.biologix.com.br\/wp-content\/uploads\/2021\/06\/capa-blog-depressao-e-apneia-obstrutiva-do-sono-300x117.jpg\" class=\"attachment-medium size-medium wp-image-11540\" alt=\"\" srcset=\"https:\/\/www.biologix.com.br\/wp-content\/uploads\/2021\/06\/capa-blog-depressao-e-apneia-obstrutiva-do-sono-300x117.jpg 300w, https:\/\/www.biologix.com.br\/wp-content\/uploads\/2021\/06\/capa-blog-depressao-e-apneia-obstrutiva-do-sono-1024x400.jpg 1024w, https:\/\/www.biologix.com.br\/wp-content\/uploads\/2021\/06\/capa-blog-depressao-e-apneia-obstrutiva-do-sono-768x300.jpg 768w, https:\/\/www.biologix.com.br\/wp-content\/uploads\/2021\/06\/capa-blog-depressao-e-apneia-obstrutiva-do-sono-18x7.jpg 18w, https:\/\/www.biologix.com.br\/wp-content\/uploads\/2021\/06\/capa-blog-depressao-e-apneia-obstrutiva-do-sono.jpg 1280w\" sizes=\"(max-width: 300px) 100vw, 300px\" \/><\/div>\n\t\t<\/a>\n\t\t\t\t<div class=\"elementor-post__text\">\n\t\t\t\t<h3 class=\"elementor-post__title\">\n\t\t\t<a href=\"https:\/\/www.biologix.com.br\/es\/2021\/06\/10\/depressao-e-apneia-obstrutiva-do-sono\/\" target=&quot;_blank&quot;>\n\t\t\t\tDepress\u00e3o e apneia obstrutiva do sono<br><span class='secondary-title'>Entenda qual a rela\u00e7\u00e3o da depress\u00e3o e apneia do sono<\/span>\t\t\t<\/a>\n\t\t<\/h3>\n\t\t\t\t<\/div>\n\t\t\t\t<\/article>\n\t\t\t\t<\/div>\n\t\t\n\t\t\t\t\t\t<\/div>\n\t\t\t\t<\/div>\n\t\t\t\t\t<\/div>\n\t\t<\/div>\n\t\t\t\t\t<\/div>\n\t\t<\/section>\n\t\t\t\t<section class=\"elementor-section elementor-top-section elementor-element elementor-element-ba52e1c elementor-section-boxed elementor-section-height-default elementor-section-height-default\" data-id=\"ba52e1c\" data-element_type=\"section\" data-e-type=\"section\">\n\t\t\t\t\t\t<div class=\"elementor-container elementor-column-gap-default\">\n\t\t\t\t\t<div class=\"elementor-column elementor-col-100 elementor-top-column elementor-element elementor-element-2c4c77f\" data-id=\"2c4c77f\" data-element_type=\"column\" data-e-type=\"column\">\n\t\t\t<div class=\"elementor-widget-wrap elementor-element-populated\">\n\t\t\t\t\t\t<div class=\"elementor-element elementor-element-b0218c4 e-tabs-view-vertical elementor-layout-end elementor-widget elementor-widget-video-playlist\" data-id=\"b0218c4\" data-element_type=\"widget\" data-e-type=\"widget\" data-settings=\"{&quot;playlist_title&quot;:&quot;Psiquiatria&quot;,&quot;tabs&quot;:[{&quot;title&quot;:&quot;Apneia do sono e a sa\\u00fade mental&quot;,&quot;youtube_url&quot;:&quot;https:\\\/\\\/www.youtube.com\\\/watch?v=iK5XbU-UWBQ&quot;,&quot;duration&quot;:&quot;0:16&quot;,&quot;thumbnail&quot;:{&quot;url&quot;:&quot;&quot;,&quot;id&quot;:&quot;&quot;,&quot;size&quot;:&quot;&quot;},&quot;_id&quot;:&quot;f7db8d9&quot;,&quot;vimeo_url&quot;:null,&quot;type&quot;:&quot;youtube&quot;,&quot;is_external_url&quot;:null,&quot;hosted_url&quot;:null,&quot;external_url&quot;:null,&quot;section_html_tag&quot;:null,&quot;video_html_tag&quot;:&quot;h4&quot;,&quot;inner_tab_is_content_visible&quot;:&quot;&quot;,&quot;inner_tab_content_1&quot;:null,&quot;inner_tab_content_2&quot;:null},{&quot;_id&quot;:&quot;09b0479&quot;,&quot;youtube_url&quot;:&quot;https:\\\/\\\/www.youtube.com\\\/watch?v=EZ81s2Yy0Bc&quot;,&quot;vimeo_url&quot;:null,&quot;title&quot;:&quot;Estresse e Apneia do Sono&quot;,&quot;type&quot;:&quot;youtube&quot;,&quot;is_external_url&quot;:null,&quot;hosted_url&quot;:null,&quot;external_url&quot;:null,&quot;section_html_tag&quot;:null,&quot;video_html_tag&quot;:&quot;h4&quot;,&quot;duration&quot;:&quot;&quot;,&quot;thumbnail&quot;:{&quot;url&quot;:&quot;https:\\\/\\\/www.biologix.com.br\\\/wp-content\\\/plugins\\\/elementor\\\/assets\\\/images\\\/placeholder.png&quot;,&quot;id&quot;:&quot;&quot;,&quot;size&quot;:&quot;&quot;},&quot;inner_tab_is_content_visible&quot;:&quot;&quot;,&quot;inner_tab_content_1&quot;:null,&quot;inner_tab_content_2&quot;:null}],&quot;inner_tab_title_1&quot;:&quot;Tab #1&quot;,&quot;inner_tab_title_2&quot;:&quot;Tab #2&quot;}\" data-widget_type=\"video-playlist.default\">\n\t\t\t\t<div class=\"elementor-widget-container\">\n\t\t\t\t\t\n\t\t<div class=\"e-tabs\" role=\"region\" aria-labelledby=\"e-playlist-b0218c4\">\n\t\t\t<div class=\"e-tabs-main-area\">\n\t\t\t\t<div class=\"e-tabs-wrapper\">\n\t\t\t\t\t<div class=\"e-tabs-header\">\n\t\t\t\t\t\t<h2 class=\"e-tabs-title\" id=\"e-playlist-b0218c4\">Psiquiatria<\/h2>\n\t\t\t\t\t\t<div class=\"e-tabs-header-right-side\">\n\t\t\t\t\t\t\t\t\t\t\t\t\t\t\t<span class=\"e-tabs-videos-count\">2 V\u00eddeos<\/span>\n\t\t\t\t\t\t\t\t\t\t\t\t\t\t<svg aria-hidden=\"true\" class=\"e-tabs-toggle-videos-display-button rotate-down e-font-icon-svg e-eicon-caret-down\" viewBox=\"0 0 571.4 571.4\" xmlns=\"http:\/\/www.w3.org\/2000\/svg\"><path d=\"M571 393Q571 407 561 418L311 668Q300 679 286 679T261 668L11 418Q0 407 0 393T11 368 36 357H536Q550 357 561 368T571 393Z\"><\/path><\/svg>\t\t\t\t\t\t<\/div>\n\t\t\t\t\t<\/div>\n\t\t\t\t\t<div class=\"e-tabs-items-wrapper\">\n\t\t\t\t\t\t<div class=\"e-tabs-items\" role=\"tablist\">\n\t\t\t\t\t\t\t\t\t\t\t\t\t\t\t\t\t\t\t\t\t\t\t\t<div id=\"e-tab-title-1841\" class=\"e-tab-title e-tab-desktop-title\" aria-selected=\"true\" data-tab=\"1\" role=\"tab\" tabindex=\"0\" aria-controls=\"e-tab-content-1841\">\n\t\t\t\t\t\t\t\t\t\t\t\t\t\t\t\t\t\t\t\t\t<div class=\"e-tab-thumbnail\">\n\t\t\t\t\t\t\t\t\t\t\t\t\t\t\t\t\t\t\t\t\t\t\t\t<span class=\"icon-play\"><svg aria-hidden=\"true\" class=\"e-font-icon-svg e-fas-play-circle\" viewBox=\"0 0 512 512\" xmlns=\"http:\/\/www.w3.org\/2000\/svg\"><path d=\"M256 8C119 8 8 119 8 256s111 248 248 248 248-111 248-248S393 8 256 8zm115.7 272l-176 101c-15.8 8.8-35.7-2.5-35.7-21V152c0-18.4 19.8-29.8 35.7-21l176 107c16.4 9.2 16.4 32.9 0 42z\"><\/path><\/svg><\/span>\n\t\t\t\t\t\t\t\t\t\t\t\t<span class=\"icon-watched\"><svg aria-hidden=\"true\" class=\"e-font-icon-svg e-fas-check-circle\" viewBox=\"0 0 512 512\" xmlns=\"http:\/\/www.w3.org\/2000\/svg\"><path d=\"M504 256c0 136.967-111.033 248-248 248S8 392.967 8 256 119.033 8 256 8s248 111.033 248 248zM227.314 387.314l184-184c6.248-6.248 6.248-16.379 0-22.627l-22.627-22.627c-6.248-6.249-16.379-6.249-22.628 0L216 308.118l-70.059-70.059c-6.248-6.248-16.379-6.248-22.628 0l-22.627 22.627c-6.248 6.248-6.248 16.379 0 22.627l104 104c6.249 6.249 16.379 6.249 22.628.001z\"><\/path><\/svg><\/span>\n\t\t\t\t\t\t\t\t\t\t\t<\/div>\n\t\t\t\t\t\t\t\t\t\t\t\t\t\t\t\t\t\t\t\t<h4 class=\"e-tab-title-text\">\n\t\t\t\t\t\t\t\t\t\t\t<button type=\"button\">Apneia do sono e a sa\u00fade mental<\/button>\n\t\t\t\t\t\t\t\t\t\t<\/h4>\n\t\t\t\t\t\t\t\t\t\t\t\t\t\t\t\t\t\t\t\t\t<span class=\"e-tab-duration\">0:16<\/span>\n\t\t\t\t\t\t\t\t\t\t\t\t\t\t\t\t\t\t\t<\/div>\n\t\t\t\t\t\t\t\t\t\t\t\t\t\t\t\t\t\t\t\t\t\t\t\t\t\t\t\t\t\t\t\t<div id=\"e-tab-title-1842\" class=\"e-tab-title e-tab-desktop-title\" aria-selected=\"false\" data-tab=\"2\" role=\"tab\" tabindex=\"-1\" aria-controls=\"e-tab-content-1842\">\n\t\t\t\t\t\t\t\t\t\t\t\t\t\t\t\t\t\t\t\t\t<div class=\"e-tab-thumbnail\">\n\t\t\t\t\t\t\t\t\t\t\t\t\t\t\t\t\t\t\t\t\t\t\t\t\t<img decoding=\"async\" src=\"https:\/\/www.biologix.com.br\/wp-content\/plugins\/elementor\/assets\/images\/placeholder.png\" alt=\"Estresse e Apneia do Sono\" loading=\"lazy\" \/>\n\t\t\t\t\t\t\t\t\t\t\t\t\t\t\t\t\t\t\t\t\t\t\t\t<span class=\"icon-play\"><svg aria-hidden=\"true\" class=\"e-font-icon-svg e-fas-play-circle\" viewBox=\"0 0 512 512\" xmlns=\"http:\/\/www.w3.org\/2000\/svg\"><path d=\"M256 8C119 8 8 119 8 256s111 248 248 248 248-111 248-248S393 8 256 8zm115.7 272l-176 101c-15.8 8.8-35.7-2.5-35.7-21V152c0-18.4 19.8-29.8 35.7-21l176 107c16.4 9.2 16.4 32.9 0 42z\"><\/path><\/svg><\/span>\n\t\t\t\t\t\t\t\t\t\t\t\t<span class=\"icon-watched\"><svg aria-hidden=\"true\" class=\"e-font-icon-svg e-fas-check-circle\" viewBox=\"0 0 512 512\" xmlns=\"http:\/\/www.w3.org\/2000\/svg\"><path d=\"M504 256c0 136.967-111.033 248-248 248S8 392.967 8 256 119.033 8 256 8s248 111.033 248 248zM227.314 387.314l184-184c6.248-6.248 6.248-16.379 0-22.627l-22.627-22.627c-6.248-6.249-16.379-6.249-22.628 0L216 308.118l-70.059-70.059c-6.248-6.248-16.379-6.248-22.628 0l-22.627 22.627c-6.248 6.248-6.248 16.379 0 22.627l104 104c6.249 6.249 16.379 6.249 22.628.001z\"><\/path><\/svg><\/span>\n\t\t\t\t\t\t\t\t\t\t\t<\/div>\n\t\t\t\t\t\t\t\t\t\t\t\t\t\t\t\t\t\t\t\t<h4 class=\"e-tab-title-text\">\n\t\t\t\t\t\t\t\t\t\t\t<button type=\"button\">Estresse e Apneia do Sono<\/button>\n\t\t\t\t\t\t\t\t\t\t<\/h4>\n\t\t\t\t\t\t\t\t\t\t\t\t\t\t\t\t\t\t\t<\/div>\n\t\t\t\t\t\t\t\t\t\t\t\t\t\t\t\t\t\t\t\t\t<\/div>\n\t\t\t\t\t\t<div class=\"shadow shadow-top\" aria-hidden=\"true\"><\/div>\n\t\t\t\t\t\t<div class=\"shadow shadow-bottom\" aria-hidden=\"true\"><\/div>\n\t\t\t\t\t<\/div>\n\t\t\t\t<\/div>\n\n\t\t\t\t<div class=\"e-tabs-content-wrapper\" role=\"tablist\" aria-orientation=\"vertical\">\n\t\t\t\t\t\t\t\t\t\t\t<div id=\"e-tab-content-1841\" class=\"e-tab-content elementor-clearfix\" data-tab=\"1\" role=\"tabpanel\" aria-labelledby=\"e-tab-title-1841\" tabindex=\"0\" data-video-url=\"https:\/\/www.youtube.com\/watch?v=iK5XbU-UWBQ\" data-video-type=\"youtube\" data-video-title=\"Apneia do sono e a sa\u00fade mental\" data-video-duration=\"0:16\">\n\t\t\t\t\t\t\t<div><\/div>\n\t\t\t\t\t\t\t\t\t\t\t\t\t<\/div>\n\t\t\t\t\t\t\t\t\t\t\t<div id=\"e-tab-content-1842\" class=\"e-tab-content elementor-clearfix\" data-tab=\"2\" role=\"tabpanel\" aria-labelledby=\"e-tab-title-1842\" tabindex=\"0\" data-video-url=\"https:\/\/www.youtube.com\/watch?v=EZ81s2Yy0Bc\" data-video-type=\"youtube\" data-video-title=\"Estresse e Apneia do Sono\" data-video-duration=\"\" hidden=\"hidden\">\n\t\t\t\t\t\t\t<div><\/div>\n\t\t\t\t\t\t\t\t\t\t\t\t\t<\/div>\n\t\t\t\t\t\t\t\t\t<\/div>\n\t\t\t<\/div>\n\n\t\t\t<div class=\"e-tabs-inner-tabs\" >\n\t\t\t\t\t\t\t\t\t\t\t\t\t\t\t\t\t\t\t\t\t\t\t\t\t<\/div>\n\t\t<\/div>\n\t\t\t\t\t\t<\/div>\n\t\t\t\t<\/div>\n\t\t\t\t\t<\/div>\n\t\t<\/div>\n\t\t\t\t\t<\/div>\n\t\t<\/section>\n\t\t\t\t<section class=\"elementor-section elementor-top-section elementor-element elementor-element-47abbd1 elementor-section-stretched elementor-section-boxed elementor-section-height-default elementor-section-height-default\" data-id=\"47abbd1\" data-element_type=\"section\" data-e-type=\"section\" data-settings=\"{&quot;stretch_section&quot;:&quot;section-stretched&quot;,&quot;background_background&quot;:&quot;classic&quot;}\">\n\t\t\t\t\t\t<div class=\"elementor-container elementor-column-gap-default\">\n\t\t\t\t\t<div class=\"elementor-column elementor-col-100 elementor-top-column elementor-element elementor-element-68fb4cf\" data-id=\"68fb4cf\" data-element_type=\"column\" data-e-type=\"column\">\n\t\t\t<div class=\"elementor-widget-wrap elementor-element-populated\">\n\t\t\t\t\t\t<div class=\"elementor-element elementor-element-54bce0f elementor-widget elementor-widget-text-editor\" data-id=\"54bce0f\" data-element_type=\"widget\" data-e-type=\"widget\" data-widget_type=\"text-editor.default\">\n\t\t\t\t<div class=\"elementor-widget-container\">\n\t\t\t\t\t\t\t\t\t<h2>Receba outros conte\u00fados gratuitos em seu e-mail!<\/h2>\t\t\t\t\t\t\t\t<\/div>\n\t\t\t\t<\/div>\n\t\t\t\t<div class=\"elementor-element elementor-element-9e5ee14 elementor-widget elementor-widget-html\" data-id=\"9e5ee14\" data-element_type=\"widget\" data-e-type=\"widget\" data-widget_type=\"html.default\">\n\t\t\t\t<div class=\"elementor-widget-container\">\n\t\t\t\t\t<div role=\"main\" id=\"newsletter-d535fadbc314f3ee4ee4\"><\/div><script type=\"text\/javascript\" src=\"https:\/\/d335luupugsy2.cloudfront.net\/js\/rdstation-forms\/stable\/rdstation-forms.min.js\"><\/script><script type=\"text\/javascript\"> new RDStationForms('newsletter-d535fadbc314f3ee4ee4', 'UA-128422573-1').createForm();<\/script>\t\t\t\t<\/div>\n\t\t\t\t<\/div>\n\t\t\t\t\t<\/div>\n\t\t<\/div>\n\t\t\t\t\t<\/div>\n\t\t<\/section>\n\t\t\t\t<\/div>\n\t\t","protected":false},"excerpt":{"rendered":"<p>PsiquiatriaAltera\u00e7\u00f5es do sono s\u00e3o evidentes na maioria dos transtornos psiqui\u00e1tricos. Os transtornos mais comuns que apresentam altera\u00e7\u00f5es do sono s\u00e3o depress\u00e3o, transtorno ansioso generalizado, transtorno<\/p>","protected":false},"author":2,"featured_media":0,"parent":0,"menu_order":0,"comment_status":"closed","ping_status":"closed","template":"","meta":{"footnotes":""},"class_list":["post-6133","page","type-page","status-publish","hentry"],"aioseo_notices":[],"_links":{"self":[{"href":"https:\/\/www.biologix.com.br\/es\/wp-json\/wp\/v2\/pages\/6133","targetHints":{"allow":["GET"]}}],"collection":[{"href":"https:\/\/www.biologix.com.br\/es\/wp-json\/wp\/v2\/pages"}],"about":[{"href":"https:\/\/www.biologix.com.br\/es\/wp-json\/wp\/v2\/types\/page"}],"author":[{"embeddable":true,"href":"https:\/\/www.biologix.com.br\/es\/wp-json\/wp\/v2\/users\/2"}],"replies":[{"embeddable":true,"href":"https:\/\/www.biologix.com.br\/es\/wp-json\/wp\/v2\/comments?post=6133"}],"version-history":[{"count":16,"href":"https:\/\/www.biologix.com.br\/es\/wp-json\/wp\/v2\/pages\/6133\/revisions"}],"predecessor-version":[{"id":7204,"href":"https:\/\/www.biologix.com.br\/es\/wp-json\/wp\/v2\/pages\/6133\/revisions\/7204"}],"wp:attachment":[{"href":"https:\/\/www.biologix.com.br\/es\/wp-json\/wp\/v2\/media?parent=6133"}],"curies":[{"name":"wp","href":"https:\/\/api.w.org\/{rel}","templated":true}]}}